{"id":6,"date":"2023-12-18T05:23:16","date_gmt":"2023-12-18T05:23:16","guid":{"rendered":"https:\/\/newsreader.codesupply.co\/news\/?page_id=6"},"modified":"2026-08-19T11:54:02","modified_gmt":"2026-08-19T09:54:02","slug":"homepage","status":"publish","type":"page","link":"https:\/\/globalportalnews.com\/es\/","title":{"rendered":"Homepage"},"content":{"rendered":"\t\t<div data-elementor-type=\"wp-page\" data-elementor-id=\"6\" class=\"elementor elementor-6\">\n\t\t\t\t<div class=\"elementor-element elementor-element-208a063 e-flex e-con-boxed e-con e-parent\" data-id=\"208a063\" data-element_type=\"container\" data-e-type=\"container\">\n\t\t\t\t\t<div class=\"e-con-inner\">\n\t\t<div class=\"elementor-element elementor-element-e87457b e-con-full e-flex e-con e-child\" data-id=\"e87457b\" data-element_type=\"container\" data-e-type=\"container\">\n\t\t<div class=\"elementor-element elementor-element-545ec35 e-con-full e-flex e-con e-child\" data-id=\"545ec35\" data-element_type=\"container\" data-e-type=\"container\">\n\t\t\t\t<div class=\"elementor-element elementor-element-ba93e5e elementor-widget elementor-widget-cs-heading\" data-id=\"ba93e5e\" data-element_type=\"widget\" data-e-type=\"widget\" data-widget_type=\"cs-heading.default\">\n\t\t\t\t<div class=\"elementor-widget-container\">\n\t\t\t\t\t\t\t\t\t\t<section class=\"cs-heading cs-heading-accent\">\r\n\t\t\t\t<div class=\"cs-heading__container \">\r\n\t\t\t\t\t<h2 class=\"cs-heading__content\">\r\n\t\t\t\t\t\t\u00daltimas Noticias\t\t\t\t\t<\/h2>\r\n\r\n\t\t\t\t\t\t\t\t\t<\/div>\r\n\t\t\t<\/section>\r\n\t\t\t\t\t\t\t\t<\/div>\n\t\t\t\t<\/div>\n\t\t\t\t<div class=\"elementor-element elementor-element-35d1c1c elementor-widget elementor-widget-cs-posts\" data-id=\"35d1c1c\" data-element_type=\"widget\" data-e-type=\"widget\" data-widget_type=\"cs-posts.default\">\n\t\t\t\t<div class=\"elementor-widget-container\">\n\t\t\t\t\t\t\t\t<section class=\"cs-posts cs-posts__standard\">\r\n\t\t\t\t\t\t\t\t\t\t<div class=\"cs-posts-area cs-posts-area-elementor \" data-posts-area=\"\">\r\n\t\t\t\t\t\t\t<div class=\"cs-posts-area__outer\">\r\n\t\t\t\t\t\t\t\t<div\r\n\t\t\t\t\t\t\t\tclass=\"cs-posts-area__main\"\r\n\t\t\t\t\t\t\t\tdata-pc=\"1\"\r\n\t\t\t\t\t\t\t\tdata-lt=\"1\"\r\n\t\t\t\t\t\t\t\tdata-tb=\"1\"\r\n\t\t\t\t\t\t\t\tdata-mb=\"1\"\r\n\t\t\t\t\t\t\t\t>\r\n\t\t\t\t\t\t\t\t\t\r\n<article class=\"post-5809 post type-post status-publish format-standard has-post-thumbnail category-noticias-politica-uk cs-entry cs-video-wrap\">\r\n\t<div class=\"cs-entry__outer\">\r\n\t\t\t\t\t<div class=\"cs-entry__inner cs-entry__overlay cs-entry__thumbnail cs-overlay-ratio cs-ratio-landscape-16-9\">\r\n\r\n\t\t\t\t<div class=\"cs-overlay-background\">\r\n\t\t\t\t\t<img fetchpriority=\"high\" decoding=\"async\" width=\"332\" height=\"187\" src=\"https:\/\/globalportalnews.com\/es\/wp-content\/uploads\/sites\/2\/2026\/08\/Prime_Minister_Andy_Burnham_arrives_at_10_Downing_Street_55405577972-332x187.webp\" class=\"attachment-csco-thumbnail-uncropped size-csco-thumbnail-uncropped wp-post-image\" alt=\"El Primer Ministro Andy Burnham llegando al 10 de Downing Street\" srcset=\"https:\/\/globalportalnews.com\/es\/wp-content\/uploads\/sites\/2\/2026\/08\/Prime_Minister_Andy_Burnham_arrives_at_10_Downing_Street_55405577972-332x187.webp 332w, https:\/\/globalportalnews.com\/es\/wp-content\/uploads\/sites\/2\/2026\/08\/Prime_Minister_Andy_Burnham_arrives_at_10_Downing_Street_55405577972-300x169.webp 300w, https:\/\/globalportalnews.com\/es\/wp-content\/uploads\/sites\/2\/2026\/08\/Prime_Minister_Andy_Burnham_arrives_at_10_Downing_Street_55405577972-1024x576.webp 1024w, https:\/\/globalportalnews.com\/es\/wp-content\/uploads\/sites\/2\/2026\/08\/Prime_Minister_Andy_Burnham_arrives_at_10_Downing_Street_55405577972-768x432.webp 768w, https:\/\/globalportalnews.com\/es\/wp-content\/uploads\/sites\/2\/2026\/08\/Prime_Minister_Andy_Burnham_arrives_at_10_Downing_Street_55405577972-1536x864.webp 1536w, https:\/\/globalportalnews.com\/es\/wp-content\/uploads\/sites\/2\/2026\/08\/Prime_Minister_Andy_Burnham_arrives_at_10_Downing_Street_55405577972-664x374.webp 664w, https:\/\/globalportalnews.com\/es\/wp-content\/uploads\/sites\/2\/2026\/08\/Prime_Minister_Andy_Burnham_arrives_at_10_Downing_Street_55405577972-688x387.webp 688w, https:\/\/globalportalnews.com\/es\/wp-content\/uploads\/sites\/2\/2026\/08\/Prime_Minister_Andy_Burnham_arrives_at_10_Downing_Street_55405577972-1376x774.webp 1376w, https:\/\/globalportalnews.com\/es\/wp-content\/uploads\/sites\/2\/2026\/08\/Prime_Minister_Andy_Burnham_arrives_at_10_Downing_Street_55405577972-1044x587.webp 1044w, https:\/\/globalportalnews.com\/es\/wp-content\/uploads\/sites\/2\/2026\/08\/Prime_Minister_Andy_Burnham_arrives_at_10_Downing_Street_55405577972-1400x788.webp 1400w, https:\/\/globalportalnews.com\/es\/wp-content\/uploads\/sites\/2\/2026\/08\/Prime_Minister_Andy_Burnham_arrives_at_10_Downing_Street_55405577972.webp 1920w\" sizes=\"(max-width: 332px) 100vw, 332px\" \/>\t\t\t\t\t<img decoding=\"async\" width=\"688\" height=\"387\" src=\"https:\/\/globalportalnews.com\/es\/wp-content\/uploads\/sites\/2\/2026\/08\/Prime_Minister_Andy_Burnham_arrives_at_10_Downing_Street_55405577972-688x387.webp\" class=\"attachment-csco-medium size-csco-medium wp-post-image\" alt=\"El Primer Ministro Andy Burnham llegando al 10 de Downing Street\" srcset=\"https:\/\/globalportalnews.com\/es\/wp-content\/uploads\/sites\/2\/2026\/08\/Prime_Minister_Andy_Burnham_arrives_at_10_Downing_Street_55405577972-688x387.webp 688w, https:\/\/globalportalnews.com\/es\/wp-content\/uploads\/sites\/2\/2026\/08\/Prime_Minister_Andy_Burnham_arrives_at_10_Downing_Street_55405577972-300x169.webp 300w, https:\/\/globalportalnews.com\/es\/wp-content\/uploads\/sites\/2\/2026\/08\/Prime_Minister_Andy_Burnham_arrives_at_10_Downing_Street_55405577972-1024x576.webp 1024w, https:\/\/globalportalnews.com\/es\/wp-content\/uploads\/sites\/2\/2026\/08\/Prime_Minister_Andy_Burnham_arrives_at_10_Downing_Street_55405577972-768x432.webp 768w, https:\/\/globalportalnews.com\/es\/wp-content\/uploads\/sites\/2\/2026\/08\/Prime_Minister_Andy_Burnham_arrives_at_10_Downing_Street_55405577972-1536x864.webp 1536w, https:\/\/globalportalnews.com\/es\/wp-content\/uploads\/sites\/2\/2026\/08\/Prime_Minister_Andy_Burnham_arrives_at_10_Downing_Street_55405577972-332x187.webp 332w, https:\/\/globalportalnews.com\/es\/wp-content\/uploads\/sites\/2\/2026\/08\/Prime_Minister_Andy_Burnham_arrives_at_10_Downing_Street_55405577972-664x374.webp 664w, https:\/\/globalportalnews.com\/es\/wp-content\/uploads\/sites\/2\/2026\/08\/Prime_Minister_Andy_Burnham_arrives_at_10_Downing_Street_55405577972-1376x774.webp 1376w, https:\/\/globalportalnews.com\/es\/wp-content\/uploads\/sites\/2\/2026\/08\/Prime_Minister_Andy_Burnham_arrives_at_10_Downing_Street_55405577972-1044x587.webp 1044w, https:\/\/globalportalnews.com\/es\/wp-content\/uploads\/sites\/2\/2026\/08\/Prime_Minister_Andy_Burnham_arrives_at_10_Downing_Street_55405577972-1400x788.webp 1400w, https:\/\/globalportalnews.com\/es\/wp-content\/uploads\/sites\/2\/2026\/08\/Prime_Minister_Andy_Burnham_arrives_at_10_Downing_Street_55405577972.webp 1920w\" sizes=\"(max-width: 688px) 100vw, 688px\" \/>\t\t\t\t<\/div>\r\n\r\n\t\t\t\t\r\n\t\t\t\t\r\n\t\t\t\t<a href=\"https:\/\/globalportalnews.com\/es\/noticias-politica-uk\/andy-burnham-sinhogarismo-inglaterra-navidad\/\" class=\"cs-overlay-link\" title=\"Andy Burnham promete acabar con el sinhogarismo en Inglaterra antes de Navidad con 442 millones de libras\"><\/a>\r\n\t\t\t<\/div>\r\n\t\t\r\n\t\t<div class=\"cs-entry__inner cs-entry__content\">\r\n\r\n\t\t\t<div class=\"cs-entry__post-meta\" ><div class=\"cs-meta-category\"><ul class=\"post-categories\">\n\t<li><a href=\"https:\/\/globalportalnews.com\/es\/.\/noticias-politica-uk\/\" rel=\"category tag\">Pol\u00edtica del Reino Unido<\/a><\/li><\/ul><\/div><\/div>\r\n\t\t\t<h2 class=\"cs-entry__title\"><a href=\"https:\/\/globalportalnews.com\/es\/noticias-politica-uk\/andy-burnham-sinhogarismo-inglaterra-navidad\/\">Andy Burnham promete acabar con el sinhogarismo en Inglaterra antes de Navidad con 442 millones de libras<\/a><\/h2>\r\n\t\t\t\r\n\t\t\t<div class=\"cs-entry__post-meta\" ><div class=\"cs-meta-author\"><span class=\"cs-meta-author-by\">by<\/span><a class=\"cs-meta-author-link url fn n\" href=\"https:\/\/globalportalnews.com\/es\/author\/globalportalnewsgmail-com\/\"><span class=\"cs-meta-author-name\">Global Portal News<\/span><\/a><\/div><div class=\"cs-meta-date\">19 de agosto de 2026<\/div><\/div>\t\t<\/div>\r\n\t<\/div>\r\n<\/article>\r\n\t\t\t\t\t\t\t\t<\/div>\r\n\t\t\t\t\t\t\t<\/div>\r\n\t\t\t\t\t\t<\/div>\r\n\t\t\t\t\t\t\t\t<\/section>\r\n\t\t\t\t\t\t<\/div>\n\t\t\t\t<\/div>\n\t\t\t\t<div class=\"elementor-element elementor-element-1ebb3d0 cs-dividerhorizontal cs-divider-laptophorizontal cs-divider-tablethorizontal cs-divider-mobilehorizontal elementor-widget elementor-widget-cs-divider\" data-id=\"1ebb3d0\" data-element_type=\"widget\" data-e-type=\"widget\" data-widget_type=\"cs-divider.default\">\n\t\t\t\t<div class=\"elementor-widget-container\">\n\t\t\t\t\t\t\t<section class=\"cs-divider cs-divider-horizontal\"><\/section>\r\n\t\t\t\t\t\t<\/div>\n\t\t\t\t<\/div>\n\t\t\t\t<div class=\"elementor-element elementor-element-7e1f0cd elementor-widget elementor-widget-cs-posts\" data-id=\"7e1f0cd\" data-element_type=\"widget\" data-e-type=\"widget\" data-widget_type=\"cs-posts.default\">\n\t\t\t\t<div class=\"elementor-widget-container\">\n\t\t\t\t\t\t\t\t<section class=\"cs-posts cs-posts__horizontal\">\r\n\t\t\t\t\t\t\t\t\t\t<div class=\"cs-posts-area cs-posts-area-elementor \" data-posts-area=\"\">\r\n\t\t\t\t\t\t\t<div class=\"cs-posts-area__outer\">\r\n\t\t\t\t\t\t\t\t<div\r\n\t\t\t\t\t\t\t\tclass=\"cs-posts-area__main cs-posts-area__main-divider\"\r\n\t\t\t\t\t\t\t\tdata-pc=\"1\"\r\n\t\t\t\t\t\t\t\tdata-lt=\"2\"\r\n\t\t\t\t\t\t\t\tdata-tb=\"1\"\r\n\t\t\t\t\t\t\t\tdata-mb=\"1\"\r\n\t\t\t\t\t\t\t\t>\r\n\t\t\t\t\t\t\t\t\t\r\n<article class=\"post-5798 post type-post status-publish format-standard has-post-thumbnail category-noticias-politica-uk cs-entry cs-video-wrap\">\r\n\t<div class=\"cs-entry__outer cs-entry__outer-small cs-entry__outer-thumbnail-left\">\r\n\t\t\t\t\t<div class=\"cs-entry__inner cs-entry__overlay cs-entry__thumbnail cs-overlay-ratio cs-ratio-square\">\r\n\r\n\t\t\t\t<div class=\"cs-overlay-background\">\r\n\t\t\t\t\t<img decoding=\"async\" width=\"332\" height=\"187\" src=\"https:\/\/globalportalnews.com\/es\/wp-content\/uploads\/sites\/2\/2026\/08\/Prime_Minsters_Andy_Burnham_meets_Ukrainian_President_Zelenskyy_55423459316-332x187.webp\" class=\"attachment-csco-thumbnail-uncropped size-csco-thumbnail-uncropped wp-post-image\" alt=\"El Primer Minstro Andy Burnham y el Presidente de Ucrania Zelenskyy\" srcset=\"https:\/\/globalportalnews.com\/es\/wp-content\/uploads\/sites\/2\/2026\/08\/Prime_Minsters_Andy_Burnham_meets_Ukrainian_President_Zelenskyy_55423459316-332x187.webp 332w, https:\/\/globalportalnews.com\/es\/wp-content\/uploads\/sites\/2\/2026\/08\/Prime_Minsters_Andy_Burnham_meets_Ukrainian_President_Zelenskyy_55423459316-300x169.webp 300w, https:\/\/globalportalnews.com\/es\/wp-content\/uploads\/sites\/2\/2026\/08\/Prime_Minsters_Andy_Burnham_meets_Ukrainian_President_Zelenskyy_55423459316-1024x576.webp 1024w, https:\/\/globalportalnews.com\/es\/wp-content\/uploads\/sites\/2\/2026\/08\/Prime_Minsters_Andy_Burnham_meets_Ukrainian_President_Zelenskyy_55423459316-768x432.webp 768w, https:\/\/globalportalnews.com\/es\/wp-content\/uploads\/sites\/2\/2026\/08\/Prime_Minsters_Andy_Burnham_meets_Ukrainian_President_Zelenskyy_55423459316-1536x864.webp 1536w, https:\/\/globalportalnews.com\/es\/wp-content\/uploads\/sites\/2\/2026\/08\/Prime_Minsters_Andy_Burnham_meets_Ukrainian_President_Zelenskyy_55423459316-664x374.webp 664w, https:\/\/globalportalnews.com\/es\/wp-content\/uploads\/sites\/2\/2026\/08\/Prime_Minsters_Andy_Burnham_meets_Ukrainian_President_Zelenskyy_55423459316-688x387.webp 688w, https:\/\/globalportalnews.com\/es\/wp-content\/uploads\/sites\/2\/2026\/08\/Prime_Minsters_Andy_Burnham_meets_Ukrainian_President_Zelenskyy_55423459316-1376x774.webp 1376w, https:\/\/globalportalnews.com\/es\/wp-content\/uploads\/sites\/2\/2026\/08\/Prime_Minsters_Andy_Burnham_meets_Ukrainian_President_Zelenskyy_55423459316-1044x587.webp 1044w, https:\/\/globalportalnews.com\/es\/wp-content\/uploads\/sites\/2\/2026\/08\/Prime_Minsters_Andy_Burnham_meets_Ukrainian_President_Zelenskyy_55423459316-1400x788.webp 1400w, https:\/\/globalportalnews.com\/es\/wp-content\/uploads\/sites\/2\/2026\/08\/Prime_Minsters_Andy_Burnham_meets_Ukrainian_President_Zelenskyy_55423459316.webp 1920w\" sizes=\"(max-width: 332px) 100vw, 332px\" \/>\t\t\t\t\t<img loading=\"lazy\" decoding=\"async\" width=\"332\" height=\"186\" src=\"https:\/\/globalportalnews.com\/es\/wp-content\/uploads\/sites\/2\/2026\/08\/Prime_Minsters_Andy_Burnham_meets_Ukrainian_President_Zelenskyy_55423459316-332x186.webp\" class=\"attachment-csco-thumbnail size-csco-thumbnail wp-post-image\" alt=\"El Primer Minstro Andy Burnham y el Presidente de Ucrania Zelenskyy\" srcset=\"https:\/\/globalportalnews.com\/es\/wp-content\/uploads\/sites\/2\/2026\/08\/Prime_Minsters_Andy_Burnham_meets_Ukrainian_President_Zelenskyy_55423459316-332x187.webp 332w, https:\/\/globalportalnews.com\/es\/wp-content\/uploads\/sites\/2\/2026\/08\/Prime_Minsters_Andy_Burnham_meets_Ukrainian_President_Zelenskyy_55423459316-300x169.webp 300w, https:\/\/globalportalnews.com\/es\/wp-content\/uploads\/sites\/2\/2026\/08\/Prime_Minsters_Andy_Burnham_meets_Ukrainian_President_Zelenskyy_55423459316-1024x576.webp 1024w, https:\/\/globalportalnews.com\/es\/wp-content\/uploads\/sites\/2\/2026\/08\/Prime_Minsters_Andy_Burnham_meets_Ukrainian_President_Zelenskyy_55423459316-768x432.webp 768w, https:\/\/globalportalnews.com\/es\/wp-content\/uploads\/sites\/2\/2026\/08\/Prime_Minsters_Andy_Burnham_meets_Ukrainian_President_Zelenskyy_55423459316-1536x864.webp 1536w, https:\/\/globalportalnews.com\/es\/wp-content\/uploads\/sites\/2\/2026\/08\/Prime_Minsters_Andy_Burnham_meets_Ukrainian_President_Zelenskyy_55423459316-664x374.webp 664w, https:\/\/globalportalnews.com\/es\/wp-content\/uploads\/sites\/2\/2026\/08\/Prime_Minsters_Andy_Burnham_meets_Ukrainian_President_Zelenskyy_55423459316-688x387.webp 688w, https:\/\/globalportalnews.com\/es\/wp-content\/uploads\/sites\/2\/2026\/08\/Prime_Minsters_Andy_Burnham_meets_Ukrainian_President_Zelenskyy_55423459316-1376x774.webp 1376w, https:\/\/globalportalnews.com\/es\/wp-content\/uploads\/sites\/2\/2026\/08\/Prime_Minsters_Andy_Burnham_meets_Ukrainian_President_Zelenskyy_55423459316-1044x587.webp 1044w, https:\/\/globalportalnews.com\/es\/wp-content\/uploads\/sites\/2\/2026\/08\/Prime_Minsters_Andy_Burnham_meets_Ukrainian_President_Zelenskyy_55423459316-1400x788.webp 1400w, https:\/\/globalportalnews.com\/es\/wp-content\/uploads\/sites\/2\/2026\/08\/Prime_Minsters_Andy_Burnham_meets_Ukrainian_President_Zelenskyy_55423459316.webp 1920w\" sizes=\"(max-width: 332px) 100vw, 332px\" \/>\t\t\t\t<\/div>\r\n\r\n\t\t\t\t\r\n\t\t\t\t\r\n\t\t\t\t<a href=\"https:\/\/globalportalnews.com\/es\/noticias-politica-uk\/plan-liberacion-presos-reino-unido-andy-burnham\/\" class=\"cs-overlay-link\" title=\"\u00bfPor qu\u00e9 Reino Unido libera presos antes de cumplir su condena? El plan que pone a prueba al Gobierno de Andy Burnham\"><\/a>\r\n\t\t\t<\/div>\r\n\t\t\r\n\t\t<div class=\"cs-entry__inner cs-entry__content cs-entry__content-horizontal\">\r\n\t\t\t<div class=\"cs-entry__post-meta\" ><div class=\"cs-meta-category\"><ul class=\"post-categories\">\n\t<li><a href=\"https:\/\/globalportalnews.com\/es\/.\/noticias-politica-uk\/\" rel=\"category tag\">Pol\u00edtica del Reino Unido<\/a><\/li><\/ul><\/div><\/div>\r\n\t\t\t<h2 class=\"cs-entry__title\"><a href=\"https:\/\/globalportalnews.com\/es\/noticias-politica-uk\/plan-liberacion-presos-reino-unido-andy-burnham\/\">\u00bfPor qu\u00e9 Reino Unido libera presos antes de cumplir su condena? El plan que pone a prueba al Gobierno de Andy Burnham<\/a><\/h2>\r\n\t\t\t\r\n\t\t\t<div class=\"cs-entry__post-meta\" ><div class=\"cs-meta-author\"><span class=\"cs-meta-author-by\">by<\/span><a class=\"cs-meta-author-link url fn n\" href=\"https:\/\/globalportalnews.com\/es\/author\/globalportalnewsgmail-com\/\"><span class=\"cs-meta-author-name\">Global Portal News<\/span><\/a><\/div><\/div>\t\t<\/div>\r\n\t<\/div>\r\n<\/article>\r\n\r\n<article class=\"post-5786 post type-post status-publish format-standard has-post-thumbnail category-noticias-politica-uk cs-entry cs-video-wrap\">\r\n\t<div class=\"cs-entry__outer cs-entry__outer-small cs-entry__outer-thumbnail-left\">\r\n\t\t\t\t\t<div class=\"cs-entry__inner cs-entry__overlay cs-entry__thumbnail cs-overlay-ratio cs-ratio-square\">\r\n\r\n\t\t\t\t<div class=\"cs-overlay-background\">\r\n\t\t\t\t\t<img loading=\"lazy\" decoding=\"async\" width=\"332\" height=\"187\" src=\"https:\/\/globalportalnews.com\/es\/wp-content\/uploads\/sites\/2\/2026\/07\/Prime_Minister_Andy_Burnham_arrives_at_10_Downing_Street_55405705142-332x187.webp\" class=\"attachment-csco-thumbnail-uncropped size-csco-thumbnail-uncropped wp-post-image\" alt=\"El primer ministro Andy Burnham llegando al 10 de Downing Street.\" srcset=\"https:\/\/globalportalnews.com\/es\/wp-content\/uploads\/sites\/2\/2026\/07\/Prime_Minister_Andy_Burnham_arrives_at_10_Downing_Street_55405705142-332x187.webp 332w, https:\/\/globalportalnews.com\/es\/wp-content\/uploads\/sites\/2\/2026\/07\/Prime_Minister_Andy_Burnham_arrives_at_10_Downing_Street_55405705142-300x169.webp 300w, https:\/\/globalportalnews.com\/es\/wp-content\/uploads\/sites\/2\/2026\/07\/Prime_Minister_Andy_Burnham_arrives_at_10_Downing_Street_55405705142-1024x576.webp 1024w, https:\/\/globalportalnews.com\/es\/wp-content\/uploads\/sites\/2\/2026\/07\/Prime_Minister_Andy_Burnham_arrives_at_10_Downing_Street_55405705142-768x432.webp 768w, https:\/\/globalportalnews.com\/es\/wp-content\/uploads\/sites\/2\/2026\/07\/Prime_Minister_Andy_Burnham_arrives_at_10_Downing_Street_55405705142-1536x864.webp 1536w, https:\/\/globalportalnews.com\/es\/wp-content\/uploads\/sites\/2\/2026\/07\/Prime_Minister_Andy_Burnham_arrives_at_10_Downing_Street_55405705142-664x374.webp 664w, https:\/\/globalportalnews.com\/es\/wp-content\/uploads\/sites\/2\/2026\/07\/Prime_Minister_Andy_Burnham_arrives_at_10_Downing_Street_55405705142-688x387.webp 688w, https:\/\/globalportalnews.com\/es\/wp-content\/uploads\/sites\/2\/2026\/07\/Prime_Minister_Andy_Burnham_arrives_at_10_Downing_Street_55405705142-1376x774.webp 1376w, https:\/\/globalportalnews.com\/es\/wp-content\/uploads\/sites\/2\/2026\/07\/Prime_Minister_Andy_Burnham_arrives_at_10_Downing_Street_55405705142-1044x587.webp 1044w, https:\/\/globalportalnews.com\/es\/wp-content\/uploads\/sites\/2\/2026\/07\/Prime_Minister_Andy_Burnham_arrives_at_10_Downing_Street_55405705142-1400x788.webp 1400w, https:\/\/globalportalnews.com\/es\/wp-content\/uploads\/sites\/2\/2026\/07\/Prime_Minister_Andy_Burnham_arrives_at_10_Downing_Street_55405705142.webp 1920w\" sizes=\"(max-width: 332px) 100vw, 332px\" \/>\t\t\t\t\t<img loading=\"lazy\" decoding=\"async\" width=\"332\" height=\"186\" src=\"https:\/\/globalportalnews.com\/es\/wp-content\/uploads\/sites\/2\/2026\/07\/Prime_Minister_Andy_Burnham_arrives_at_10_Downing_Street_55405705142-332x186.webp\" class=\"attachment-csco-thumbnail size-csco-thumbnail wp-post-image\" alt=\"El primer ministro Andy Burnham llegando al 10 de Downing Street.\" srcset=\"https:\/\/globalportalnews.com\/es\/wp-content\/uploads\/sites\/2\/2026\/07\/Prime_Minister_Andy_Burnham_arrives_at_10_Downing_Street_55405705142-332x187.webp 332w, https:\/\/globalportalnews.com\/es\/wp-content\/uploads\/sites\/2\/2026\/07\/Prime_Minister_Andy_Burnham_arrives_at_10_Downing_Street_55405705142-300x169.webp 300w, https:\/\/globalportalnews.com\/es\/wp-content\/uploads\/sites\/2\/2026\/07\/Prime_Minister_Andy_Burnham_arrives_at_10_Downing_Street_55405705142-1024x576.webp 1024w, https:\/\/globalportalnews.com\/es\/wp-content\/uploads\/sites\/2\/2026\/07\/Prime_Minister_Andy_Burnham_arrives_at_10_Downing_Street_55405705142-768x432.webp 768w, https:\/\/globalportalnews.com\/es\/wp-content\/uploads\/sites\/2\/2026\/07\/Prime_Minister_Andy_Burnham_arrives_at_10_Downing_Street_55405705142-1536x864.webp 1536w, https:\/\/globalportalnews.com\/es\/wp-content\/uploads\/sites\/2\/2026\/07\/Prime_Minister_Andy_Burnham_arrives_at_10_Downing_Street_55405705142-664x374.webp 664w, https:\/\/globalportalnews.com\/es\/wp-content\/uploads\/sites\/2\/2026\/07\/Prime_Minister_Andy_Burnham_arrives_at_10_Downing_Street_55405705142-688x387.webp 688w, https:\/\/globalportalnews.com\/es\/wp-content\/uploads\/sites\/2\/2026\/07\/Prime_Minister_Andy_Burnham_arrives_at_10_Downing_Street_55405705142-1376x774.webp 1376w, https:\/\/globalportalnews.com\/es\/wp-content\/uploads\/sites\/2\/2026\/07\/Prime_Minister_Andy_Burnham_arrives_at_10_Downing_Street_55405705142-1044x587.webp 1044w, https:\/\/globalportalnews.com\/es\/wp-content\/uploads\/sites\/2\/2026\/07\/Prime_Minister_Andy_Burnham_arrives_at_10_Downing_Street_55405705142-1400x788.webp 1400w, https:\/\/globalportalnews.com\/es\/wp-content\/uploads\/sites\/2\/2026\/07\/Prime_Minister_Andy_Burnham_arrives_at_10_Downing_Street_55405705142.webp 1920w\" sizes=\"(max-width: 332px) 100vw, 332px\" \/>\t\t\t\t<\/div>\r\n\r\n\t\t\t\t\r\n\t\t\t\t\r\n\t\t\t\t<a href=\"https:\/\/globalportalnews.com\/es\/noticias-politica-uk\/primer-gobierno-andy-burnham\/\" class=\"cs-overlay-link\" title=\"El primer Gobierno de Andy Burnham, qui\u00e9n es qui\u00e9n en el nuevo gabinete del Reino Unido\"><\/a>\r\n\t\t\t<\/div>\r\n\t\t\r\n\t\t<div class=\"cs-entry__inner cs-entry__content cs-entry__content-horizontal\">\r\n\t\t\t<div class=\"cs-entry__post-meta\" ><div class=\"cs-meta-category\"><ul class=\"post-categories\">\n\t<li><a href=\"https:\/\/globalportalnews.com\/es\/.\/noticias-politica-uk\/\" rel=\"category tag\">Pol\u00edtica del Reino Unido<\/a><\/li><\/ul><\/div><\/div>\r\n\t\t\t<h2 class=\"cs-entry__title\"><a href=\"https:\/\/globalportalnews.com\/es\/noticias-politica-uk\/primer-gobierno-andy-burnham\/\">El primer Gobierno de Andy Burnham, qui\u00e9n es qui\u00e9n en el nuevo gabinete del Reino Unido<\/a><\/h2>\r\n\t\t\t\r\n\t\t\t<div class=\"cs-entry__post-meta\" ><div class=\"cs-meta-author\"><span class=\"cs-meta-author-by\">by<\/span><a class=\"cs-meta-author-link url fn n\" href=\"https:\/\/globalportalnews.com\/es\/author\/globalportalnewsgmail-com\/\"><span class=\"cs-meta-author-name\">Global Portal News<\/span><\/a><\/div><\/div>\t\t<\/div>\r\n\t<\/div>\r\n<\/article>\r\n\r\n<article class=\"post-5752 post type-post status-publish format-standard has-post-thumbnail category-noticias-politica-uk cs-entry cs-video-wrap\">\r\n\t<div class=\"cs-entry__outer cs-entry__outer-small cs-entry__outer-thumbnail-left\">\r\n\t\t\t\t\t<div class=\"cs-entry__inner cs-entry__overlay cs-entry__thumbnail cs-overlay-ratio cs-ratio-square\">\r\n\r\n\t\t\t\t<div class=\"cs-overlay-background\">\r\n\t\t\t\t\t<img loading=\"lazy\" decoding=\"async\" width=\"332\" height=\"187\" src=\"https:\/\/globalportalnews.com\/es\/wp-content\/uploads\/sites\/2\/2026\/06\/The_Prime_Minister_Boris_Johnson_showing_his_support_for_England_51301511015-332x187.webp\" class=\"attachment-csco-thumbnail-uncropped size-csco-thumbnail-uncropped wp-post-image\" alt=\"Boris Johnson con una bandera de Inglaterra\" srcset=\"https:\/\/globalportalnews.com\/es\/wp-content\/uploads\/sites\/2\/2026\/06\/The_Prime_Minister_Boris_Johnson_showing_his_support_for_England_51301511015-332x187.webp 332w, https:\/\/globalportalnews.com\/es\/wp-content\/uploads\/sites\/2\/2026\/06\/The_Prime_Minister_Boris_Johnson_showing_his_support_for_England_51301511015-300x169.webp 300w, https:\/\/globalportalnews.com\/es\/wp-content\/uploads\/sites\/2\/2026\/06\/The_Prime_Minister_Boris_Johnson_showing_his_support_for_England_51301511015-1024x576.webp 1024w, https:\/\/globalportalnews.com\/es\/wp-content\/uploads\/sites\/2\/2026\/06\/The_Prime_Minister_Boris_Johnson_showing_his_support_for_England_51301511015-768x432.webp 768w, https:\/\/globalportalnews.com\/es\/wp-content\/uploads\/sites\/2\/2026\/06\/The_Prime_Minister_Boris_Johnson_showing_his_support_for_England_51301511015-1536x864.webp 1536w, https:\/\/globalportalnews.com\/es\/wp-content\/uploads\/sites\/2\/2026\/06\/The_Prime_Minister_Boris_Johnson_showing_his_support_for_England_51301511015-664x374.webp 664w, https:\/\/globalportalnews.com\/es\/wp-content\/uploads\/sites\/2\/2026\/06\/The_Prime_Minister_Boris_Johnson_showing_his_support_for_England_51301511015-688x387.webp 688w, https:\/\/globalportalnews.com\/es\/wp-content\/uploads\/sites\/2\/2026\/06\/The_Prime_Minister_Boris_Johnson_showing_his_support_for_England_51301511015-1376x774.webp 1376w, https:\/\/globalportalnews.com\/es\/wp-content\/uploads\/sites\/2\/2026\/06\/The_Prime_Minister_Boris_Johnson_showing_his_support_for_England_51301511015-1044x587.webp 1044w, https:\/\/globalportalnews.com\/es\/wp-content\/uploads\/sites\/2\/2026\/06\/The_Prime_Minister_Boris_Johnson_showing_his_support_for_England_51301511015-1400x788.webp 1400w, https:\/\/globalportalnews.com\/es\/wp-content\/uploads\/sites\/2\/2026\/06\/The_Prime_Minister_Boris_Johnson_showing_his_support_for_England_51301511015.webp 1920w\" sizes=\"(max-width: 332px) 100vw, 332px\" \/>\t\t\t\t\t<img loading=\"lazy\" decoding=\"async\" width=\"332\" height=\"186\" src=\"https:\/\/globalportalnews.com\/es\/wp-content\/uploads\/sites\/2\/2026\/06\/The_Prime_Minister_Boris_Johnson_showing_his_support_for_England_51301511015-332x186.webp\" class=\"attachment-csco-thumbnail size-csco-thumbnail wp-post-image\" alt=\"Boris Johnson con una bandera de Inglaterra\" srcset=\"https:\/\/globalportalnews.com\/es\/wp-content\/uploads\/sites\/2\/2026\/06\/The_Prime_Minister_Boris_Johnson_showing_his_support_for_England_51301511015-332x187.webp 332w, https:\/\/globalportalnews.com\/es\/wp-content\/uploads\/sites\/2\/2026\/06\/The_Prime_Minister_Boris_Johnson_showing_his_support_for_England_51301511015-300x169.webp 300w, https:\/\/globalportalnews.com\/es\/wp-content\/uploads\/sites\/2\/2026\/06\/The_Prime_Minister_Boris_Johnson_showing_his_support_for_England_51301511015-1024x576.webp 1024w, https:\/\/globalportalnews.com\/es\/wp-content\/uploads\/sites\/2\/2026\/06\/The_Prime_Minister_Boris_Johnson_showing_his_support_for_England_51301511015-768x432.webp 768w, https:\/\/globalportalnews.com\/es\/wp-content\/uploads\/sites\/2\/2026\/06\/The_Prime_Minister_Boris_Johnson_showing_his_support_for_England_51301511015-1536x864.webp 1536w, https:\/\/globalportalnews.com\/es\/wp-content\/uploads\/sites\/2\/2026\/06\/The_Prime_Minister_Boris_Johnson_showing_his_support_for_England_51301511015-664x374.webp 664w, https:\/\/globalportalnews.com\/es\/wp-content\/uploads\/sites\/2\/2026\/06\/The_Prime_Minister_Boris_Johnson_showing_his_support_for_England_51301511015-688x387.webp 688w, https:\/\/globalportalnews.com\/es\/wp-content\/uploads\/sites\/2\/2026\/06\/The_Prime_Minister_Boris_Johnson_showing_his_support_for_England_51301511015-1376x774.webp 1376w, https:\/\/globalportalnews.com\/es\/wp-content\/uploads\/sites\/2\/2026\/06\/The_Prime_Minister_Boris_Johnson_showing_his_support_for_England_51301511015-1044x587.webp 1044w, https:\/\/globalportalnews.com\/es\/wp-content\/uploads\/sites\/2\/2026\/06\/The_Prime_Minister_Boris_Johnson_showing_his_support_for_England_51301511015-1400x788.webp 1400w, https:\/\/globalportalnews.com\/es\/wp-content\/uploads\/sites\/2\/2026\/06\/The_Prime_Minister_Boris_Johnson_showing_his_support_for_England_51301511015.webp 1920w\" sizes=\"(max-width: 332px) 100vw, 332px\" \/>\t\t\t\t<\/div>\r\n\r\n\t\t\t\t\r\n\t\t\t\t\r\n\t\t\t\t<a href=\"https:\/\/globalportalnews.com\/es\/noticias-politica-uk\/christopher-harborne-boris-johnson-nigel-farage-investigacion\/\" class=\"cs-overlay-link\" title=\"Investigaci\u00f3n pone bajo presi\u00f3n a Boris Johnson y Nigel Farage por las donaciones de Christopher Harborne\"><\/a>\r\n\t\t\t<\/div>\r\n\t\t\r\n\t\t<div class=\"cs-entry__inner cs-entry__content cs-entry__content-horizontal\">\r\n\t\t\t<div class=\"cs-entry__post-meta\" ><div class=\"cs-meta-category\"><ul class=\"post-categories\">\n\t<li><a href=\"https:\/\/globalportalnews.com\/es\/.\/noticias-politica-uk\/\" rel=\"category tag\">Pol\u00edtica del Reino Unido<\/a><\/li><\/ul><\/div><\/div>\r\n\t\t\t<h2 class=\"cs-entry__title\"><a href=\"https:\/\/globalportalnews.com\/es\/noticias-politica-uk\/christopher-harborne-boris-johnson-nigel-farage-investigacion\/\">Investigaci\u00f3n pone bajo presi\u00f3n a Boris Johnson y Nigel Farage por las donaciones de Christopher Harborne<\/a><\/h2>\r\n\t\t\t\r\n\t\t\t<div class=\"cs-entry__post-meta\" ><div class=\"cs-meta-author\"><span class=\"cs-meta-author-by\">by<\/span><a class=\"cs-meta-author-link url fn n\" href=\"https:\/\/globalportalnews.com\/es\/author\/globalportalnewsgmail-com\/\"><span class=\"cs-meta-author-name\">Global Portal News<\/span><\/a><\/div><\/div>\t\t<\/div>\r\n\t<\/div>\r\n<\/article>\r\n\r\n<article class=\"post-5724 post type-post status-publish format-standard has-post-thumbnail category-noticias-politica-uk cs-entry cs-video-wrap\">\r\n\t<div class=\"cs-entry__outer cs-entry__outer-small cs-entry__outer-thumbnail-left\">\r\n\t\t\t\t\t<div class=\"cs-entry__inner cs-entry__overlay cs-entry__thumbnail cs-overlay-ratio cs-ratio-square\">\r\n\r\n\t\t\t\t<div class=\"cs-overlay-background\">\r\n\t\t\t\t\t<img loading=\"lazy\" decoding=\"async\" width=\"332\" height=\"187\" src=\"https:\/\/globalportalnews.com\/es\/wp-content\/uploads\/sites\/2\/2026\/06\/Lord_Coe_Boris_Johnson_David_Cameron_-_World_Economic_Forum_Annual_Meeting_2012_cropped_cropped-332x187.webp\" class=\"attachment-csco-thumbnail-uncropped size-csco-thumbnail-uncropped wp-post-image\" alt=\"Foto de Boris Johnson y David Cameron juntos\" srcset=\"https:\/\/globalportalnews.com\/es\/wp-content\/uploads\/sites\/2\/2026\/06\/Lord_Coe_Boris_Johnson_David_Cameron_-_World_Economic_Forum_Annual_Meeting_2012_cropped_cropped-332x187.webp 332w, https:\/\/globalportalnews.com\/es\/wp-content\/uploads\/sites\/2\/2026\/06\/Lord_Coe_Boris_Johnson_David_Cameron_-_World_Economic_Forum_Annual_Meeting_2012_cropped_cropped-300x169.webp 300w, https:\/\/globalportalnews.com\/es\/wp-content\/uploads\/sites\/2\/2026\/06\/Lord_Coe_Boris_Johnson_David_Cameron_-_World_Economic_Forum_Annual_Meeting_2012_cropped_cropped-1024x576.webp 1024w, https:\/\/globalportalnews.com\/es\/wp-content\/uploads\/sites\/2\/2026\/06\/Lord_Coe_Boris_Johnson_David_Cameron_-_World_Economic_Forum_Annual_Meeting_2012_cropped_cropped-768x432.webp 768w, https:\/\/globalportalnews.com\/es\/wp-content\/uploads\/sites\/2\/2026\/06\/Lord_Coe_Boris_Johnson_David_Cameron_-_World_Economic_Forum_Annual_Meeting_2012_cropped_cropped-1536x864.webp 1536w, https:\/\/globalportalnews.com\/es\/wp-content\/uploads\/sites\/2\/2026\/06\/Lord_Coe_Boris_Johnson_David_Cameron_-_World_Economic_Forum_Annual_Meeting_2012_cropped_cropped-664x374.webp 664w, https:\/\/globalportalnews.com\/es\/wp-content\/uploads\/sites\/2\/2026\/06\/Lord_Coe_Boris_Johnson_David_Cameron_-_World_Economic_Forum_Annual_Meeting_2012_cropped_cropped-688x387.webp 688w, https:\/\/globalportalnews.com\/es\/wp-content\/uploads\/sites\/2\/2026\/06\/Lord_Coe_Boris_Johnson_David_Cameron_-_World_Economic_Forum_Annual_Meeting_2012_cropped_cropped-1376x774.webp 1376w, https:\/\/globalportalnews.com\/es\/wp-content\/uploads\/sites\/2\/2026\/06\/Lord_Coe_Boris_Johnson_David_Cameron_-_World_Economic_Forum_Annual_Meeting_2012_cropped_cropped-1044x587.webp 1044w, https:\/\/globalportalnews.com\/es\/wp-content\/uploads\/sites\/2\/2026\/06\/Lord_Coe_Boris_Johnson_David_Cameron_-_World_Economic_Forum_Annual_Meeting_2012_cropped_cropped-1400x788.webp 1400w, https:\/\/globalportalnews.com\/es\/wp-content\/uploads\/sites\/2\/2026\/06\/Lord_Coe_Boris_Johnson_David_Cameron_-_World_Economic_Forum_Annual_Meeting_2012_cropped_cropped.webp 1920w\" sizes=\"(max-width: 332px) 100vw, 332px\" \/>\t\t\t\t\t<img loading=\"lazy\" decoding=\"async\" width=\"332\" height=\"186\" src=\"https:\/\/globalportalnews.com\/es\/wp-content\/uploads\/sites\/2\/2026\/06\/Lord_Coe_Boris_Johnson_David_Cameron_-_World_Economic_Forum_Annual_Meeting_2012_cropped_cropped-332x186.webp\" class=\"attachment-csco-thumbnail size-csco-thumbnail wp-post-image\" alt=\"Foto de Boris Johnson y David Cameron juntos\" srcset=\"https:\/\/globalportalnews.com\/es\/wp-content\/uploads\/sites\/2\/2026\/06\/Lord_Coe_Boris_Johnson_David_Cameron_-_World_Economic_Forum_Annual_Meeting_2012_cropped_cropped-332x187.webp 332w, https:\/\/globalportalnews.com\/es\/wp-content\/uploads\/sites\/2\/2026\/06\/Lord_Coe_Boris_Johnson_David_Cameron_-_World_Economic_Forum_Annual_Meeting_2012_cropped_cropped-300x169.webp 300w, https:\/\/globalportalnews.com\/es\/wp-content\/uploads\/sites\/2\/2026\/06\/Lord_Coe_Boris_Johnson_David_Cameron_-_World_Economic_Forum_Annual_Meeting_2012_cropped_cropped-1024x576.webp 1024w, https:\/\/globalportalnews.com\/es\/wp-content\/uploads\/sites\/2\/2026\/06\/Lord_Coe_Boris_Johnson_David_Cameron_-_World_Economic_Forum_Annual_Meeting_2012_cropped_cropped-768x432.webp 768w, https:\/\/globalportalnews.com\/es\/wp-content\/uploads\/sites\/2\/2026\/06\/Lord_Coe_Boris_Johnson_David_Cameron_-_World_Economic_Forum_Annual_Meeting_2012_cropped_cropped-1536x864.webp 1536w, https:\/\/globalportalnews.com\/es\/wp-content\/uploads\/sites\/2\/2026\/06\/Lord_Coe_Boris_Johnson_David_Cameron_-_World_Economic_Forum_Annual_Meeting_2012_cropped_cropped-664x374.webp 664w, https:\/\/globalportalnews.com\/es\/wp-content\/uploads\/sites\/2\/2026\/06\/Lord_Coe_Boris_Johnson_David_Cameron_-_World_Economic_Forum_Annual_Meeting_2012_cropped_cropped-688x387.webp 688w, https:\/\/globalportalnews.com\/es\/wp-content\/uploads\/sites\/2\/2026\/06\/Lord_Coe_Boris_Johnson_David_Cameron_-_World_Economic_Forum_Annual_Meeting_2012_cropped_cropped-1376x774.webp 1376w, https:\/\/globalportalnews.com\/es\/wp-content\/uploads\/sites\/2\/2026\/06\/Lord_Coe_Boris_Johnson_David_Cameron_-_World_Economic_Forum_Annual_Meeting_2012_cropped_cropped-1044x587.webp 1044w, https:\/\/globalportalnews.com\/es\/wp-content\/uploads\/sites\/2\/2026\/06\/Lord_Coe_Boris_Johnson_David_Cameron_-_World_Economic_Forum_Annual_Meeting_2012_cropped_cropped-1400x788.webp 1400w, https:\/\/globalportalnews.com\/es\/wp-content\/uploads\/sites\/2\/2026\/06\/Lord_Coe_Boris_Johnson_David_Cameron_-_World_Economic_Forum_Annual_Meeting_2012_cropped_cropped.webp 1920w\" sizes=\"(max-width: 332px) 100vw, 332px\" \/>\t\t\t\t<\/div>\r\n\r\n\t\t\t\t\r\n\t\t\t\t\r\n\t\t\t\t<a href=\"https:\/\/globalportalnews.com\/es\/noticias-politica-uk\/diez-anos-brexit-campana-david-cameron\/\" class=\"cs-overlay-link\" title=\"Diez a\u00f1os del Brexit, los cinco meses que cambiaron el Reino Unido y provocaron la ca\u00edda de David Cameron\"><\/a>\r\n\t\t\t<\/div>\r\n\t\t\r\n\t\t<div class=\"cs-entry__inner cs-entry__content cs-entry__content-horizontal\">\r\n\t\t\t<div class=\"cs-entry__post-meta\" ><div class=\"cs-meta-category\"><ul class=\"post-categories\">\n\t<li><a href=\"https:\/\/globalportalnews.com\/es\/.\/noticias-politica-uk\/\" rel=\"category tag\">Pol\u00edtica del Reino Unido<\/a><\/li><\/ul><\/div><\/div>\r\n\t\t\t<h2 class=\"cs-entry__title\"><a href=\"https:\/\/globalportalnews.com\/es\/noticias-politica-uk\/diez-anos-brexit-campana-david-cameron\/\">Diez a\u00f1os del Brexit, los cinco meses que cambiaron el Reino Unido y provocaron la ca\u00edda de David Cameron<\/a><\/h2>\r\n\t\t\t\r\n\t\t\t<div class=\"cs-entry__post-meta\" ><div class=\"cs-meta-author\"><span class=\"cs-meta-author-by\">by<\/span><a class=\"cs-meta-author-link url fn n\" href=\"https:\/\/globalportalnews.com\/es\/author\/globalportalnewsgmail-com\/\"><span class=\"cs-meta-author-name\">Global Portal News<\/span><\/a><\/div><\/div>\t\t<\/div>\r\n\t<\/div>\r\n<\/article>\r\n\r\n<article class=\"post-5693 post type-post status-publish format-standard has-post-thumbnail category-sin-categoria cs-entry cs-video-wrap\">\r\n\t<div class=\"cs-entry__outer cs-entry__outer-small cs-entry__outer-thumbnail-left\">\r\n\t\t\t\t\t<div class=\"cs-entry__inner cs-entry__overlay cs-entry__thumbnail cs-overlay-ratio cs-ratio-square\">\r\n\r\n\t\t\t\t<div class=\"cs-overlay-background\">\r\n\t\t\t\t\t<img loading=\"lazy\" decoding=\"async\" width=\"332\" height=\"187\" src=\"https:\/\/globalportalnews.com\/es\/wp-content\/uploads\/sites\/2\/2026\/02\/Keir_starmer_in_downing_st_on_day_of_election_with_supporters_in_background-332x187.webp\" class=\"attachment-csco-thumbnail-uncropped size-csco-thumbnail-uncropped wp-post-image\" alt=\"Keir Starmer pronuncia su primer discurso como Primer Ministro desde Downing Street.\" srcset=\"https:\/\/globalportalnews.com\/es\/wp-content\/uploads\/sites\/2\/2026\/02\/Keir_starmer_in_downing_st_on_day_of_election_with_supporters_in_background-332x187.webp 332w, https:\/\/globalportalnews.com\/es\/wp-content\/uploads\/sites\/2\/2026\/02\/Keir_starmer_in_downing_st_on_day_of_election_with_supporters_in_background-300x169.webp 300w, https:\/\/globalportalnews.com\/es\/wp-content\/uploads\/sites\/2\/2026\/02\/Keir_starmer_in_downing_st_on_day_of_election_with_supporters_in_background-1024x576.webp 1024w, https:\/\/globalportalnews.com\/es\/wp-content\/uploads\/sites\/2\/2026\/02\/Keir_starmer_in_downing_st_on_day_of_election_with_supporters_in_background-768x432.webp 768w, https:\/\/globalportalnews.com\/es\/wp-content\/uploads\/sites\/2\/2026\/02\/Keir_starmer_in_downing_st_on_day_of_election_with_supporters_in_background-1536x864.webp 1536w, https:\/\/globalportalnews.com\/es\/wp-content\/uploads\/sites\/2\/2026\/02\/Keir_starmer_in_downing_st_on_day_of_election_with_supporters_in_background-664x374.webp 664w, https:\/\/globalportalnews.com\/es\/wp-content\/uploads\/sites\/2\/2026\/02\/Keir_starmer_in_downing_st_on_day_of_election_with_supporters_in_background-688x387.webp 688w, https:\/\/globalportalnews.com\/es\/wp-content\/uploads\/sites\/2\/2026\/02\/Keir_starmer_in_downing_st_on_day_of_election_with_supporters_in_background-1376x774.webp 1376w, https:\/\/globalportalnews.com\/es\/wp-content\/uploads\/sites\/2\/2026\/02\/Keir_starmer_in_downing_st_on_day_of_election_with_supporters_in_background-1044x587.webp 1044w, https:\/\/globalportalnews.com\/es\/wp-content\/uploads\/sites\/2\/2026\/02\/Keir_starmer_in_downing_st_on_day_of_election_with_supporters_in_background-1400x788.webp 1400w, https:\/\/globalportalnews.com\/es\/wp-content\/uploads\/sites\/2\/2026\/02\/Keir_starmer_in_downing_st_on_day_of_election_with_supporters_in_background.webp 1920w\" sizes=\"(max-width: 332px) 100vw, 332px\" \/>\t\t\t\t\t<img loading=\"lazy\" decoding=\"async\" width=\"332\" height=\"186\" src=\"https:\/\/globalportalnews.com\/es\/wp-content\/uploads\/sites\/2\/2026\/02\/Keir_starmer_in_downing_st_on_day_of_election_with_supporters_in_background-332x186.webp\" class=\"attachment-csco-thumbnail size-csco-thumbnail wp-post-image\" alt=\"Keir Starmer pronuncia su primer discurso como Primer Ministro desde Downing Street.\" srcset=\"https:\/\/globalportalnews.com\/es\/wp-content\/uploads\/sites\/2\/2026\/02\/Keir_starmer_in_downing_st_on_day_of_election_with_supporters_in_background-332x187.webp 332w, https:\/\/globalportalnews.com\/es\/wp-content\/uploads\/sites\/2\/2026\/02\/Keir_starmer_in_downing_st_on_day_of_election_with_supporters_in_background-300x169.webp 300w, https:\/\/globalportalnews.com\/es\/wp-content\/uploads\/sites\/2\/2026\/02\/Keir_starmer_in_downing_st_on_day_of_election_with_supporters_in_background-1024x576.webp 1024w, https:\/\/globalportalnews.com\/es\/wp-content\/uploads\/sites\/2\/2026\/02\/Keir_starmer_in_downing_st_on_day_of_election_with_supporters_in_background-768x432.webp 768w, https:\/\/globalportalnews.com\/es\/wp-content\/uploads\/sites\/2\/2026\/02\/Keir_starmer_in_downing_st_on_day_of_election_with_supporters_in_background-1536x864.webp 1536w, https:\/\/globalportalnews.com\/es\/wp-content\/uploads\/sites\/2\/2026\/02\/Keir_starmer_in_downing_st_on_day_of_election_with_supporters_in_background-664x374.webp 664w, https:\/\/globalportalnews.com\/es\/wp-content\/uploads\/sites\/2\/2026\/02\/Keir_starmer_in_downing_st_on_day_of_election_with_supporters_in_background-688x387.webp 688w, https:\/\/globalportalnews.com\/es\/wp-content\/uploads\/sites\/2\/2026\/02\/Keir_starmer_in_downing_st_on_day_of_election_with_supporters_in_background-1376x774.webp 1376w, https:\/\/globalportalnews.com\/es\/wp-content\/uploads\/sites\/2\/2026\/02\/Keir_starmer_in_downing_st_on_day_of_election_with_supporters_in_background-1044x587.webp 1044w, https:\/\/globalportalnews.com\/es\/wp-content\/uploads\/sites\/2\/2026\/02\/Keir_starmer_in_downing_st_on_day_of_election_with_supporters_in_background-1400x788.webp 1400w, https:\/\/globalportalnews.com\/es\/wp-content\/uploads\/sites\/2\/2026\/02\/Keir_starmer_in_downing_st_on_day_of_election_with_supporters_in_background.webp 1920w\" sizes=\"(max-width: 332px) 100vw, 332px\" \/>\t\t\t\t<\/div>\r\n\r\n\t\t\t\t\r\n\t\t\t\t\r\n\t\t\t\t<a href=\"https:\/\/globalportalnews.com\/es\/sin-categoria\/keir-starmer-salida-labour-andy-burnham-sucesor\/\" class=\"cs-overlay-link\" title=\"Keir Starmer anuncia su salida, Andy Burnham emerge como favorito para liderar Labour.\"><\/a>\r\n\t\t\t<\/div>\r\n\t\t\r\n\t\t<div class=\"cs-entry__inner cs-entry__content cs-entry__content-horizontal\">\r\n\t\t\t<div class=\"cs-entry__post-meta\" ><div class=\"cs-meta-category\"><ul class=\"post-categories\">\n\t<li><a href=\"https:\/\/globalportalnews.com\/es\/.\/sin-categoria\/\" rel=\"category tag\">Sin categor\u00eda<\/a><\/li><\/ul><\/div><\/div>\r\n\t\t\t<h2 class=\"cs-entry__title\"><a href=\"https:\/\/globalportalnews.com\/es\/sin-categoria\/keir-starmer-salida-labour-andy-burnham-sucesor\/\">Keir Starmer anuncia su salida, Andy Burnham emerge como favorito para liderar Labour.<\/a><\/h2>\r\n\t\t\t\r\n\t\t\t<div class=\"cs-entry__post-meta\" ><div class=\"cs-meta-author\"><span class=\"cs-meta-author-by\">by<\/span><a class=\"cs-meta-author-link url fn n\" href=\"https:\/\/globalportalnews.com\/es\/author\/globalportalnewsgmail-com\/\"><span class=\"cs-meta-author-name\">Global Portal News<\/span><\/a><\/div><\/div>\t\t<\/div>\r\n\t<\/div>\r\n<\/article>\r\n\t\t\t\t\t\t\t\t<\/div>\r\n\t\t\t\t\t\t\t<\/div>\r\n\t\t\t\t\t\t<\/div>\r\n\t\t\t\t\t\t\t\t<\/section>\r\n\t\t\t\t\t\t<\/div>\n\t\t\t\t<\/div>\n\t\t\t\t<\/div>\n\t\t\t\t<div class=\"elementor-element elementor-element-4e05cfc cs-dividervertical elementor-widget-laptop__width-inherit cs-divider-laptophorizontal cs-divider-tablethorizontal cs-divider-mobilehorizontal elementor-widget elementor-widget-cs-divider\" data-id=\"4e05cfc\" data-element_type=\"widget\" data-e-type=\"widget\" data-widget_type=\"cs-divider.default\">\n\t\t\t\t<div class=\"elementor-widget-container\">\n\t\t\t\t\t\t\t<section class=\"cs-divider cs-divider-vertical\"><\/section>\r\n\t\t\t\t\t\t<\/div>\n\t\t\t\t<\/div>\n\t\t<div class=\"elementor-element elementor-element-359921a e-con-full e-flex e-con e-child\" data-id=\"359921a\" data-element_type=\"container\" data-e-type=\"container\">\n\t\t<div class=\"elementor-element elementor-element-9a46db9 e-con-full e-flex e-con e-child\" data-id=\"9a46db9\" data-element_type=\"container\" data-e-type=\"container\">\n\t\t\t\t<div class=\"elementor-element elementor-element-56cdc6c elementor-widget elementor-widget-cs-posts\" data-id=\"56cdc6c\" data-element_type=\"widget\" data-e-type=\"widget\" data-widget_type=\"cs-posts.default\">\n\t\t\t\t<div class=\"elementor-widget-container\">\n\t\t\t\t\t\t\t\t<section class=\"cs-posts cs-posts__standard\">\r\n\t\t\t\t\t\t\t\t\t\t<div class=\"cs-posts-area cs-posts-area-elementor \" data-posts-area=\"\">\r\n\t\t\t\t\t\t\t<div class=\"cs-posts-area__outer\">\r\n\t\t\t\t\t\t\t\t<div\r\n\t\t\t\t\t\t\t\tclass=\"cs-posts-area__main\"\r\n\t\t\t\t\t\t\t\tdata-pc=\"1\"\r\n\t\t\t\t\t\t\t\tdata-lt=\"1\"\r\n\t\t\t\t\t\t\t\tdata-tb=\"1\"\r\n\t\t\t\t\t\t\t\tdata-mb=\"1\"\r\n\t\t\t\t\t\t\t\t>\r\n\t\t\t\t\t\t\t\t\t\r\n<article class=\"post-5809 post type-post status-publish format-standard has-post-thumbnail category-noticias-politica-uk cs-entry cs-video-wrap\">\r\n\t<div class=\"cs-entry__outer\">\r\n\t\t\t\t\t<div class=\"cs-entry__inner cs-entry__overlay cs-entry__thumbnail cs-overlay-ratio cs-ratio-landscape-16-9\">\r\n\r\n\t\t\t\t<div class=\"cs-overlay-background\">\r\n\t\t\t\t\t<img fetchpriority=\"high\" decoding=\"async\" width=\"332\" height=\"187\" src=\"https:\/\/globalportalnews.com\/es\/wp-content\/uploads\/sites\/2\/2026\/08\/Prime_Minister_Andy_Burnham_arrives_at_10_Downing_Street_55405577972-332x187.webp\" class=\"attachment-csco-thumbnail-uncropped size-csco-thumbnail-uncropped wp-post-image\" alt=\"El Primer Ministro Andy Burnham llegando al 10 de Downing Street\" srcset=\"https:\/\/globalportalnews.com\/es\/wp-content\/uploads\/sites\/2\/2026\/08\/Prime_Minister_Andy_Burnham_arrives_at_10_Downing_Street_55405577972-332x187.webp 332w, https:\/\/globalportalnews.com\/es\/wp-content\/uploads\/sites\/2\/2026\/08\/Prime_Minister_Andy_Burnham_arrives_at_10_Downing_Street_55405577972-300x169.webp 300w, https:\/\/globalportalnews.com\/es\/wp-content\/uploads\/sites\/2\/2026\/08\/Prime_Minister_Andy_Burnham_arrives_at_10_Downing_Street_55405577972-1024x576.webp 1024w, https:\/\/globalportalnews.com\/es\/wp-content\/uploads\/sites\/2\/2026\/08\/Prime_Minister_Andy_Burnham_arrives_at_10_Downing_Street_55405577972-768x432.webp 768w, https:\/\/globalportalnews.com\/es\/wp-content\/uploads\/sites\/2\/2026\/08\/Prime_Minister_Andy_Burnham_arrives_at_10_Downing_Street_55405577972-1536x864.webp 1536w, https:\/\/globalportalnews.com\/es\/wp-content\/uploads\/sites\/2\/2026\/08\/Prime_Minister_Andy_Burnham_arrives_at_10_Downing_Street_55405577972-664x374.webp 664w, https:\/\/globalportalnews.com\/es\/wp-content\/uploads\/sites\/2\/2026\/08\/Prime_Minister_Andy_Burnham_arrives_at_10_Downing_Street_55405577972-688x387.webp 688w, https:\/\/globalportalnews.com\/es\/wp-content\/uploads\/sites\/2\/2026\/08\/Prime_Minister_Andy_Burnham_arrives_at_10_Downing_Street_55405577972-1376x774.webp 1376w, https:\/\/globalportalnews.com\/es\/wp-content\/uploads\/sites\/2\/2026\/08\/Prime_Minister_Andy_Burnham_arrives_at_10_Downing_Street_55405577972-1044x587.webp 1044w, https:\/\/globalportalnews.com\/es\/wp-content\/uploads\/sites\/2\/2026\/08\/Prime_Minister_Andy_Burnham_arrives_at_10_Downing_Street_55405577972-1400x788.webp 1400w, https:\/\/globalportalnews.com\/es\/wp-content\/uploads\/sites\/2\/2026\/08\/Prime_Minister_Andy_Burnham_arrives_at_10_Downing_Street_55405577972.webp 1920w\" sizes=\"(max-width: 332px) 100vw, 332px\" \/>\t\t\t\t\t<img loading=\"lazy\" decoding=\"async\" width=\"1400\" height=\"650\" src=\"https:\/\/globalportalnews.com\/es\/wp-content\/uploads\/sites\/2\/2026\/08\/Prime_Minister_Andy_Burnham_arrives_at_10_Downing_Street_55405577972-1400x650.webp\" class=\"attachment-csco-extra-large size-csco-extra-large wp-post-image\" alt=\"El Primer Ministro Andy Burnham llegando al 10 de Downing Street\" \/>\t\t\t\t<\/div>\r\n\r\n\t\t\t\t\r\n\t\t\t\t\r\n\t\t\t\t<a href=\"https:\/\/globalportalnews.com\/es\/noticias-politica-uk\/andy-burnham-sinhogarismo-inglaterra-navidad\/\" class=\"cs-overlay-link\" title=\"Andy Burnham promete acabar con el sinhogarismo en Inglaterra antes de Navidad con 442 millones de libras\"><\/a>\r\n\t\t\t<\/div>\r\n\t\t\r\n\t\t<div class=\"cs-entry__inner cs-entry__content\">\r\n\r\n\t\t\t<div class=\"cs-entry__post-meta\" ><div class=\"cs-meta-category\"><ul class=\"post-categories\">\n\t<li><a href=\"https:\/\/globalportalnews.com\/es\/.\/noticias-politica-uk\/\" rel=\"category tag\">Pol\u00edtica del Reino Unido<\/a><\/li><\/ul><\/div><\/div>\r\n\t\t\t<h2 class=\"cs-entry__title\"><a href=\"https:\/\/globalportalnews.com\/es\/noticias-politica-uk\/andy-burnham-sinhogarismo-inglaterra-navidad\/\">Andy Burnham promete acabar con el sinhogarismo en Inglaterra antes de Navidad con 442 millones de libras<\/a><\/h2>\r\n\t\t\t\r\n\t\t\t<div class=\"cs-entry__post-meta\" ><div class=\"cs-meta-author\"><span class=\"cs-meta-author-by\">by<\/span><a class=\"cs-meta-author-link url fn n\" href=\"https:\/\/globalportalnews.com\/es\/author\/globalportalnewsgmail-com\/\"><span class=\"cs-meta-author-name\">Global Portal News<\/span><\/a><\/div><\/div>\t\t<\/div>\r\n\t<\/div>\r\n<\/article>\r\n\t\t\t\t\t\t\t\t<\/div>\r\n\t\t\t\t\t\t\t<\/div>\r\n\t\t\t\t\t\t<\/div>\r\n\t\t\t\t\t\t\t\t<\/section>\r\n\t\t\t\t\t\t<\/div>\n\t\t\t\t<\/div>\n\t\t\t\t<\/div>\n\t\t<div class=\"elementor-element elementor-element-09586c5 e-con-full e-flex e-con e-child\" data-id=\"09586c5\" data-element_type=\"container\" data-e-type=\"container\">\n\t\t\t\t<div class=\"elementor-element elementor-element-fd4132a elementor-widget elementor-widget-heading\" data-id=\"fd4132a\" data-element_type=\"widget\" data-e-type=\"widget\" data-widget_type=\"heading.default\">\n\t\t\t\t<div class=\"elementor-widget-container\">\n\t\t\t\t\t<h1 class=\"elementor-heading-title elementor-size-default\">Noticias del Reino Unido en Espa\u00f1ol<\/h1>\t\t\t\t<\/div>\n\t\t\t\t<\/div>\n\t\t\t\t<div class=\"elementor-element elementor-element-f40467c elementor-widget elementor-widget-text-editor\" data-id=\"f40467c\" data-element_type=\"widget\" data-e-type=\"widget\" data-widget_type=\"text-editor.default\">\n\t\t\t\t<div class=\"elementor-widget-container\">\n\t\t\t\t\t\t\t\t\t<p>Las \u00faltimas<strong> noticias del Reino Unido en espa\u00f1ol con cobertura de pol\u00edtica, econom\u00eda, sociedad y cultura.<\/strong> Actualizaciones diarias y an\u00e1lisis de la actualidad brit\u00e1nica.<\/p>\t\t\t\t\t\t\t\t<\/div>\n\t\t\t\t<\/div>\n\t\t\t\t<div class=\"elementor-element elementor-element-a149069 elementor-widget elementor-widget-cs-posts\" data-id=\"a149069\" data-element_type=\"widget\" data-e-type=\"widget\" data-widget_type=\"cs-posts.default\">\n\t\t\t\t<div class=\"elementor-widget-container\">\n\t\t\t\t\t\t\t\t<section class=\"cs-posts cs-posts__standard\">\r\n\t\t\t\t\t\t\t\t\t\t<div class=\"cs-posts-area cs-posts-area-elementor \" data-posts-area=\"\">\r\n\t\t\t\t\t\t\t<div class=\"cs-posts-area__outer\">\r\n\t\t\t\t\t\t\t\t<div\r\n\t\t\t\t\t\t\t\tclass=\"cs-posts-area__main\"\r\n\t\t\t\t\t\t\t\tdata-pc=\"2\"\r\n\t\t\t\t\t\t\t\tdata-lt=\"2\"\r\n\t\t\t\t\t\t\t\tdata-tb=\"2\"\r\n\t\t\t\t\t\t\t\tdata-mb=\"1\"\r\n\t\t\t\t\t\t\t\t>\r\n\t\t\t\t\t\t\t\t\t\r\n<article class=\"post-5798 post type-post status-publish format-standard has-post-thumbnail category-noticias-politica-uk cs-entry cs-video-wrap\">\r\n\t<div class=\"cs-entry__outer\">\r\n\t\t\t\t\t<div class=\"cs-entry__inner cs-entry__overlay cs-entry__thumbnail cs-overlay-ratio cs-ratio-landscape-16-9\">\r\n\r\n\t\t\t\t<div class=\"cs-overlay-background\">\r\n\t\t\t\t\t<img decoding=\"async\" width=\"332\" height=\"187\" src=\"https:\/\/globalportalnews.com\/es\/wp-content\/uploads\/sites\/2\/2026\/08\/Prime_Minsters_Andy_Burnham_meets_Ukrainian_President_Zelenskyy_55423459316-332x187.webp\" class=\"attachment-csco-thumbnail-uncropped size-csco-thumbnail-uncropped wp-post-image\" alt=\"El Primer Minstro Andy Burnham y el Presidente de Ucrania Zelenskyy\" srcset=\"https:\/\/globalportalnews.com\/es\/wp-content\/uploads\/sites\/2\/2026\/08\/Prime_Minsters_Andy_Burnham_meets_Ukrainian_President_Zelenskyy_55423459316-332x187.webp 332w, https:\/\/globalportalnews.com\/es\/wp-content\/uploads\/sites\/2\/2026\/08\/Prime_Minsters_Andy_Burnham_meets_Ukrainian_President_Zelenskyy_55423459316-300x169.webp 300w, https:\/\/globalportalnews.com\/es\/wp-content\/uploads\/sites\/2\/2026\/08\/Prime_Minsters_Andy_Burnham_meets_Ukrainian_President_Zelenskyy_55423459316-1024x576.webp 1024w, https:\/\/globalportalnews.com\/es\/wp-content\/uploads\/sites\/2\/2026\/08\/Prime_Minsters_Andy_Burnham_meets_Ukrainian_President_Zelenskyy_55423459316-768x432.webp 768w, https:\/\/globalportalnews.com\/es\/wp-content\/uploads\/sites\/2\/2026\/08\/Prime_Minsters_Andy_Burnham_meets_Ukrainian_President_Zelenskyy_55423459316-1536x864.webp 1536w, https:\/\/globalportalnews.com\/es\/wp-content\/uploads\/sites\/2\/2026\/08\/Prime_Minsters_Andy_Burnham_meets_Ukrainian_President_Zelenskyy_55423459316-664x374.webp 664w, https:\/\/globalportalnews.com\/es\/wp-content\/uploads\/sites\/2\/2026\/08\/Prime_Minsters_Andy_Burnham_meets_Ukrainian_President_Zelenskyy_55423459316-688x387.webp 688w, https:\/\/globalportalnews.com\/es\/wp-content\/uploads\/sites\/2\/2026\/08\/Prime_Minsters_Andy_Burnham_meets_Ukrainian_President_Zelenskyy_55423459316-1376x774.webp 1376w, https:\/\/globalportalnews.com\/es\/wp-content\/uploads\/sites\/2\/2026\/08\/Prime_Minsters_Andy_Burnham_meets_Ukrainian_President_Zelenskyy_55423459316-1044x587.webp 1044w, https:\/\/globalportalnews.com\/es\/wp-content\/uploads\/sites\/2\/2026\/08\/Prime_Minsters_Andy_Burnham_meets_Ukrainian_President_Zelenskyy_55423459316-1400x788.webp 1400w, https:\/\/globalportalnews.com\/es\/wp-content\/uploads\/sites\/2\/2026\/08\/Prime_Minsters_Andy_Burnham_meets_Ukrainian_President_Zelenskyy_55423459316.webp 1920w\" sizes=\"(max-width: 332px) 100vw, 332px\" \/>\t\t\t\t\t<img loading=\"lazy\" decoding=\"async\" width=\"688\" height=\"387\" src=\"https:\/\/globalportalnews.com\/es\/wp-content\/uploads\/sites\/2\/2026\/08\/Prime_Minsters_Andy_Burnham_meets_Ukrainian_President_Zelenskyy_55423459316-688x387.webp\" class=\"attachment-csco-medium size-csco-medium wp-post-image\" alt=\"El Primer Minstro Andy Burnham y el Presidente de Ucrania Zelenskyy\" srcset=\"https:\/\/globalportalnews.com\/es\/wp-content\/uploads\/sites\/2\/2026\/08\/Prime_Minsters_Andy_Burnham_meets_Ukrainian_President_Zelenskyy_55423459316-688x387.webp 688w, https:\/\/globalportalnews.com\/es\/wp-content\/uploads\/sites\/2\/2026\/08\/Prime_Minsters_Andy_Burnham_meets_Ukrainian_President_Zelenskyy_55423459316-300x169.webp 300w, https:\/\/globalportalnews.com\/es\/wp-content\/uploads\/sites\/2\/2026\/08\/Prime_Minsters_Andy_Burnham_meets_Ukrainian_President_Zelenskyy_55423459316-1024x576.webp 1024w, https:\/\/globalportalnews.com\/es\/wp-content\/uploads\/sites\/2\/2026\/08\/Prime_Minsters_Andy_Burnham_meets_Ukrainian_President_Zelenskyy_55423459316-768x432.webp 768w, https:\/\/globalportalnews.com\/es\/wp-content\/uploads\/sites\/2\/2026\/08\/Prime_Minsters_Andy_Burnham_meets_Ukrainian_President_Zelenskyy_55423459316-1536x864.webp 1536w, https:\/\/globalportalnews.com\/es\/wp-content\/uploads\/sites\/2\/2026\/08\/Prime_Minsters_Andy_Burnham_meets_Ukrainian_President_Zelenskyy_55423459316-332x187.webp 332w, https:\/\/globalportalnews.com\/es\/wp-content\/uploads\/sites\/2\/2026\/08\/Prime_Minsters_Andy_Burnham_meets_Ukrainian_President_Zelenskyy_55423459316-664x374.webp 664w, https:\/\/globalportalnews.com\/es\/wp-content\/uploads\/sites\/2\/2026\/08\/Prime_Minsters_Andy_Burnham_meets_Ukrainian_President_Zelenskyy_55423459316-1376x774.webp 1376w, https:\/\/globalportalnews.com\/es\/wp-content\/uploads\/sites\/2\/2026\/08\/Prime_Minsters_Andy_Burnham_meets_Ukrainian_President_Zelenskyy_55423459316-1044x587.webp 1044w, https:\/\/globalportalnews.com\/es\/wp-content\/uploads\/sites\/2\/2026\/08\/Prime_Minsters_Andy_Burnham_meets_Ukrainian_President_Zelenskyy_55423459316-1400x788.webp 1400w, https:\/\/globalportalnews.com\/es\/wp-content\/uploads\/sites\/2\/2026\/08\/Prime_Minsters_Andy_Burnham_meets_Ukrainian_President_Zelenskyy_55423459316.webp 1920w\" sizes=\"(max-width: 688px) 100vw, 688px\" \/>\t\t\t\t<\/div>\r\n\r\n\t\t\t\t\r\n\t\t\t\t\r\n\t\t\t\t<a href=\"https:\/\/globalportalnews.com\/es\/noticias-politica-uk\/plan-liberacion-presos-reino-unido-andy-burnham\/\" class=\"cs-overlay-link\" title=\"\u00bfPor qu\u00e9 Reino Unido libera presos antes de cumplir su condena? El plan que pone a prueba al Gobierno de Andy Burnham\"><\/a>\r\n\t\t\t<\/div>\r\n\t\t\r\n\t\t<div class=\"cs-entry__inner cs-entry__content\">\r\n\r\n\t\t\t<div class=\"cs-entry__post-meta\" ><div class=\"cs-meta-category\"><ul class=\"post-categories\">\n\t<li><a href=\"https:\/\/globalportalnews.com\/es\/.\/noticias-politica-uk\/\" rel=\"category tag\">Pol\u00edtica del Reino Unido<\/a><\/li><\/ul><\/div><\/div>\r\n\t\t\t<h2 class=\"cs-entry__title\"><a href=\"https:\/\/globalportalnews.com\/es\/noticias-politica-uk\/plan-liberacion-presos-reino-unido-andy-burnham\/\">\u00bfPor qu\u00e9 Reino Unido libera presos antes de cumplir su condena? El plan que pone a prueba al Gobierno de Andy Burnham<\/a><\/h2>\r\n\t\t\t\r\n\t\t\t\t\t<\/div>\r\n\t<\/div>\r\n<\/article>\r\n\r\n<article class=\"post-5786 post type-post status-publish format-standard has-post-thumbnail category-noticias-politica-uk cs-entry cs-video-wrap\">\r\n\t<div class=\"cs-entry__outer\">\r\n\t\t\t\t\t<div class=\"cs-entry__inner cs-entry__overlay cs-entry__thumbnail cs-overlay-ratio cs-ratio-landscape-16-9\">\r\n\r\n\t\t\t\t<div class=\"cs-overlay-background\">\r\n\t\t\t\t\t<img loading=\"lazy\" decoding=\"async\" width=\"332\" height=\"187\" src=\"https:\/\/globalportalnews.com\/es\/wp-content\/uploads\/sites\/2\/2026\/07\/Prime_Minister_Andy_Burnham_arrives_at_10_Downing_Street_55405705142-332x187.webp\" class=\"attachment-csco-thumbnail-uncropped size-csco-thumbnail-uncropped wp-post-image\" alt=\"El primer ministro Andy Burnham llegando al 10 de Downing Street.\" srcset=\"https:\/\/globalportalnews.com\/es\/wp-content\/uploads\/sites\/2\/2026\/07\/Prime_Minister_Andy_Burnham_arrives_at_10_Downing_Street_55405705142-332x187.webp 332w, https:\/\/globalportalnews.com\/es\/wp-content\/uploads\/sites\/2\/2026\/07\/Prime_Minister_Andy_Burnham_arrives_at_10_Downing_Street_55405705142-300x169.webp 300w, https:\/\/globalportalnews.com\/es\/wp-content\/uploads\/sites\/2\/2026\/07\/Prime_Minister_Andy_Burnham_arrives_at_10_Downing_Street_55405705142-1024x576.webp 1024w, https:\/\/globalportalnews.com\/es\/wp-content\/uploads\/sites\/2\/2026\/07\/Prime_Minister_Andy_Burnham_arrives_at_10_Downing_Street_55405705142-768x432.webp 768w, https:\/\/globalportalnews.com\/es\/wp-content\/uploads\/sites\/2\/2026\/07\/Prime_Minister_Andy_Burnham_arrives_at_10_Downing_Street_55405705142-1536x864.webp 1536w, https:\/\/globalportalnews.com\/es\/wp-content\/uploads\/sites\/2\/2026\/07\/Prime_Minister_Andy_Burnham_arrives_at_10_Downing_Street_55405705142-664x374.webp 664w, https:\/\/globalportalnews.com\/es\/wp-content\/uploads\/sites\/2\/2026\/07\/Prime_Minister_Andy_Burnham_arrives_at_10_Downing_Street_55405705142-688x387.webp 688w, https:\/\/globalportalnews.com\/es\/wp-content\/uploads\/sites\/2\/2026\/07\/Prime_Minister_Andy_Burnham_arrives_at_10_Downing_Street_55405705142-1376x774.webp 1376w, https:\/\/globalportalnews.com\/es\/wp-content\/uploads\/sites\/2\/2026\/07\/Prime_Minister_Andy_Burnham_arrives_at_10_Downing_Street_55405705142-1044x587.webp 1044w, https:\/\/globalportalnews.com\/es\/wp-content\/uploads\/sites\/2\/2026\/07\/Prime_Minister_Andy_Burnham_arrives_at_10_Downing_Street_55405705142-1400x788.webp 1400w, https:\/\/globalportalnews.com\/es\/wp-content\/uploads\/sites\/2\/2026\/07\/Prime_Minister_Andy_Burnham_arrives_at_10_Downing_Street_55405705142.webp 1920w\" sizes=\"(max-width: 332px) 100vw, 332px\" \/>\t\t\t\t\t<img loading=\"lazy\" decoding=\"async\" width=\"688\" height=\"387\" src=\"https:\/\/globalportalnews.com\/es\/wp-content\/uploads\/sites\/2\/2026\/07\/Prime_Minister_Andy_Burnham_arrives_at_10_Downing_Street_55405705142-688x387.webp\" class=\"attachment-csco-medium size-csco-medium wp-post-image\" alt=\"El primer ministro Andy Burnham llegando al 10 de Downing Street.\" srcset=\"https:\/\/globalportalnews.com\/es\/wp-content\/uploads\/sites\/2\/2026\/07\/Prime_Minister_Andy_Burnham_arrives_at_10_Downing_Street_55405705142-688x387.webp 688w, https:\/\/globalportalnews.com\/es\/wp-content\/uploads\/sites\/2\/2026\/07\/Prime_Minister_Andy_Burnham_arrives_at_10_Downing_Street_55405705142-300x169.webp 300w, https:\/\/globalportalnews.com\/es\/wp-content\/uploads\/sites\/2\/2026\/07\/Prime_Minister_Andy_Burnham_arrives_at_10_Downing_Street_55405705142-1024x576.webp 1024w, https:\/\/globalportalnews.com\/es\/wp-content\/uploads\/sites\/2\/2026\/07\/Prime_Minister_Andy_Burnham_arrives_at_10_Downing_Street_55405705142-768x432.webp 768w, https:\/\/globalportalnews.com\/es\/wp-content\/uploads\/sites\/2\/2026\/07\/Prime_Minister_Andy_Burnham_arrives_at_10_Downing_Street_55405705142-1536x864.webp 1536w, https:\/\/globalportalnews.com\/es\/wp-content\/uploads\/sites\/2\/2026\/07\/Prime_Minister_Andy_Burnham_arrives_at_10_Downing_Street_55405705142-332x187.webp 332w, https:\/\/globalportalnews.com\/es\/wp-content\/uploads\/sites\/2\/2026\/07\/Prime_Minister_Andy_Burnham_arrives_at_10_Downing_Street_55405705142-664x374.webp 664w, https:\/\/globalportalnews.com\/es\/wp-content\/uploads\/sites\/2\/2026\/07\/Prime_Minister_Andy_Burnham_arrives_at_10_Downing_Street_55405705142-1376x774.webp 1376w, https:\/\/globalportalnews.com\/es\/wp-content\/uploads\/sites\/2\/2026\/07\/Prime_Minister_Andy_Burnham_arrives_at_10_Downing_Street_55405705142-1044x587.webp 1044w, https:\/\/globalportalnews.com\/es\/wp-content\/uploads\/sites\/2\/2026\/07\/Prime_Minister_Andy_Burnham_arrives_at_10_Downing_Street_55405705142-1400x788.webp 1400w, https:\/\/globalportalnews.com\/es\/wp-content\/uploads\/sites\/2\/2026\/07\/Prime_Minister_Andy_Burnham_arrives_at_10_Downing_Street_55405705142.webp 1920w\" sizes=\"(max-width: 688px) 100vw, 688px\" \/>\t\t\t\t<\/div>\r\n\r\n\t\t\t\t\r\n\t\t\t\t\r\n\t\t\t\t<a href=\"https:\/\/globalportalnews.com\/es\/noticias-politica-uk\/primer-gobierno-andy-burnham\/\" class=\"cs-overlay-link\" title=\"El primer Gobierno de Andy Burnham, qui\u00e9n es qui\u00e9n en el nuevo gabinete del Reino Unido\"><\/a>\r\n\t\t\t<\/div>\r\n\t\t\r\n\t\t<div class=\"cs-entry__inner cs-entry__content\">\r\n\r\n\t\t\t<div class=\"cs-entry__post-meta\" ><div class=\"cs-meta-category\"><ul class=\"post-categories\">\n\t<li><a href=\"https:\/\/globalportalnews.com\/es\/.\/noticias-politica-uk\/\" rel=\"category tag\">Pol\u00edtica del Reino Unido<\/a><\/li><\/ul><\/div><\/div>\r\n\t\t\t<h2 class=\"cs-entry__title\"><a href=\"https:\/\/globalportalnews.com\/es\/noticias-politica-uk\/primer-gobierno-andy-burnham\/\">El primer Gobierno de Andy Burnham, qui\u00e9n es qui\u00e9n en el nuevo gabinete del Reino Unido<\/a><\/h2>\r\n\t\t\t\r\n\t\t\t\t\t<\/div>\r\n\t<\/div>\r\n<\/article>\r\n\t\t\t\t\t\t\t\t<\/div>\r\n\t\t\t\t\t\t\t<\/div>\r\n\t\t\t\t\t\t<\/div>\r\n\t\t\t\t\t\t\t\t<\/section>\r\n\t\t\t\t\t\t<\/div>\n\t\t\t\t<\/div>\n\t\t\t\t<\/div>\n\t\t\t\t<div class=\"elementor-element elementor-element-43c1f7b cs-dividerhorizontal cs-divider-laptophorizontal cs-divider-tablethorizontal cs-divider-mobilehorizontal elementor-widget elementor-widget-cs-divider\" data-id=\"43c1f7b\" data-element_type=\"widget\" data-e-type=\"widget\" data-widget_type=\"cs-divider.default\">\n\t\t\t\t<div class=\"elementor-widget-container\">\n\t\t\t\t\t\t\t<section class=\"cs-divider cs-divider-horizontal\"><\/section>\r\n\t\t\t\t\t\t<\/div>\n\t\t\t\t<\/div>\n\t\t<div class=\"elementor-element elementor-element-81a84cd e-con-full e-flex e-con e-child\" data-id=\"81a84cd\" data-element_type=\"container\" data-e-type=\"container\">\n\t\t\t\t<div class=\"elementor-element elementor-element-2010172 elementor-widget elementor-widget-cs-posts\" data-id=\"2010172\" data-element_type=\"widget\" data-e-type=\"widget\" data-widget_type=\"cs-posts.default\">\n\t\t\t\t<div class=\"elementor-widget-container\">\n\t\t\t\t\t\t\t\t<section class=\"cs-posts cs-posts__horizontal\">\r\n\t\t\t\t\t\t\t\t\t\t<div class=\"cs-posts-area cs-posts-area-elementor \" data-posts-area=\"\">\r\n\t\t\t\t\t\t\t<div class=\"cs-posts-area__outer\">\r\n\t\t\t\t\t\t\t\t<div\r\n\t\t\t\t\t\t\t\tclass=\"cs-posts-area__main cs-posts-area__main-divider\"\r\n\t\t\t\t\t\t\t\tdata-pc=\"1\"\r\n\t\t\t\t\t\t\t\tdata-lt=\"2\"\r\n\t\t\t\t\t\t\t\tdata-tb=\"1\"\r\n\t\t\t\t\t\t\t\tdata-mb=\"1\"\r\n\t\t\t\t\t\t\t\t>\r\n\t\t\t\t\t\t\t\t\t\r\n<article class=\"post-5675 post type-post status-publish format-standard has-post-thumbnail category-noticias-uk cs-entry cs-video-wrap\">\r\n\t<div class=\"cs-entry__outer cs-entry__outer-medium cs-entry__outer-thumbnail-right\">\r\n\t\t\t\t\t<div class=\"cs-entry__inner cs-entry__overlay cs-entry__thumbnail cs-overlay-ratio cs-ratio-landscape-16-9\">\r\n\r\n\t\t\t\t<div class=\"cs-overlay-background\">\r\n\t\t\t\t\t<img loading=\"lazy\" decoding=\"async\" width=\"332\" height=\"187\" src=\"https:\/\/globalportalnews.com\/es\/wp-content\/uploads\/sites\/2\/2026\/06\/Major_Oak_03-332x187.webp\" class=\"attachment-csco-thumbnail-uncropped size-csco-thumbnail-uncropped wp-post-image\" alt=\"Roble Major Oak\" srcset=\"https:\/\/globalportalnews.com\/es\/wp-content\/uploads\/sites\/2\/2026\/06\/Major_Oak_03-332x187.webp 332w, https:\/\/globalportalnews.com\/es\/wp-content\/uploads\/sites\/2\/2026\/06\/Major_Oak_03-300x169.webp 300w, https:\/\/globalportalnews.com\/es\/wp-content\/uploads\/sites\/2\/2026\/06\/Major_Oak_03-1024x576.webp 1024w, https:\/\/globalportalnews.com\/es\/wp-content\/uploads\/sites\/2\/2026\/06\/Major_Oak_03-768x432.webp 768w, https:\/\/globalportalnews.com\/es\/wp-content\/uploads\/sites\/2\/2026\/06\/Major_Oak_03-1536x864.webp 1536w, https:\/\/globalportalnews.com\/es\/wp-content\/uploads\/sites\/2\/2026\/06\/Major_Oak_03-664x374.webp 664w, https:\/\/globalportalnews.com\/es\/wp-content\/uploads\/sites\/2\/2026\/06\/Major_Oak_03-688x387.webp 688w, https:\/\/globalportalnews.com\/es\/wp-content\/uploads\/sites\/2\/2026\/06\/Major_Oak_03-1376x774.webp 1376w, https:\/\/globalportalnews.com\/es\/wp-content\/uploads\/sites\/2\/2026\/06\/Major_Oak_03-1044x587.webp 1044w, https:\/\/globalportalnews.com\/es\/wp-content\/uploads\/sites\/2\/2026\/06\/Major_Oak_03-1400x788.webp 1400w, https:\/\/globalportalnews.com\/es\/wp-content\/uploads\/sites\/2\/2026\/06\/Major_Oak_03.webp 1920w\" sizes=\"(max-width: 332px) 100vw, 332px\" \/>\t\t\t\t\t<img loading=\"lazy\" decoding=\"async\" width=\"332\" height=\"186\" src=\"https:\/\/globalportalnews.com\/es\/wp-content\/uploads\/sites\/2\/2026\/06\/Major_Oak_03-332x186.webp\" class=\"attachment-csco-thumbnail size-csco-thumbnail wp-post-image\" alt=\"Roble Major Oak\" srcset=\"https:\/\/globalportalnews.com\/es\/wp-content\/uploads\/sites\/2\/2026\/06\/Major_Oak_03-332x187.webp 332w, https:\/\/globalportalnews.com\/es\/wp-content\/uploads\/sites\/2\/2026\/06\/Major_Oak_03-300x169.webp 300w, https:\/\/globalportalnews.com\/es\/wp-content\/uploads\/sites\/2\/2026\/06\/Major_Oak_03-1024x576.webp 1024w, https:\/\/globalportalnews.com\/es\/wp-content\/uploads\/sites\/2\/2026\/06\/Major_Oak_03-768x432.webp 768w, https:\/\/globalportalnews.com\/es\/wp-content\/uploads\/sites\/2\/2026\/06\/Major_Oak_03-1536x864.webp 1536w, https:\/\/globalportalnews.com\/es\/wp-content\/uploads\/sites\/2\/2026\/06\/Major_Oak_03-664x374.webp 664w, https:\/\/globalportalnews.com\/es\/wp-content\/uploads\/sites\/2\/2026\/06\/Major_Oak_03-688x387.webp 688w, https:\/\/globalportalnews.com\/es\/wp-content\/uploads\/sites\/2\/2026\/06\/Major_Oak_03-1376x774.webp 1376w, https:\/\/globalportalnews.com\/es\/wp-content\/uploads\/sites\/2\/2026\/06\/Major_Oak_03-1044x587.webp 1044w, https:\/\/globalportalnews.com\/es\/wp-content\/uploads\/sites\/2\/2026\/06\/Major_Oak_03-1400x788.webp 1400w, https:\/\/globalportalnews.com\/es\/wp-content\/uploads\/sites\/2\/2026\/06\/Major_Oak_03.webp 1920w\" sizes=\"(max-width: 332px) 100vw, 332px\" \/>\t\t\t\t<\/div>\r\n\r\n\t\t\t\t\r\n\t\t\t\t\r\n\t\t\t\t<a href=\"https:\/\/globalportalnews.com\/es\/noticias-uk\/major-oak-arbol-robin-hood-muere-bosque-sherwood\/\" class=\"cs-overlay-link\" title=\"Muere el Major Oak, el legendario \u00e1rbol de Robin Hood, as\u00ed desapareci\u00f3 el roble milenario m\u00e1s famoso del bosque de Sherwood\"><\/a>\r\n\t\t\t<\/div>\r\n\t\t\r\n\t\t<div class=\"cs-entry__inner cs-entry__content cs-entry__content-horizontal\">\r\n\t\t\t<div class=\"cs-entry__post-meta\" ><div class=\"cs-meta-category\"><ul class=\"post-categories\">\n\t<li><a href=\"https:\/\/globalportalnews.com\/es\/.\/noticias-uk\/\" rel=\"category tag\">Noticias del Reino Unido en Espa\u00f1ol<\/a><\/li><\/ul><\/div><\/div>\r\n\t\t\t<h2 class=\"cs-entry__title\"><a href=\"https:\/\/globalportalnews.com\/es\/noticias-uk\/major-oak-arbol-robin-hood-muere-bosque-sherwood\/\">Muere el Major Oak, el legendario \u00e1rbol de Robin Hood, as\u00ed desapareci\u00f3 el roble milenario m\u00e1s famoso del bosque de Sherwood<\/a><\/h2>\r\n\t\t\t\r\n\t\t\t<div class=\"cs-entry__post-meta\" ><div class=\"cs-meta-author\"><span class=\"cs-meta-author-by\">by<\/span><a class=\"cs-meta-author-link url fn n\" href=\"https:\/\/globalportalnews.com\/es\/author\/globalportalnewsgmail-com\/\"><span class=\"cs-meta-author-name\">Global Portal News<\/span><\/a><\/div><div class=\"cs-meta-date\">18 de junio de 2026<\/div><\/div>\t\t<\/div>\r\n\t<\/div>\r\n<\/article>\r\n\r\n<article class=\"post-5640 post type-post status-publish format-standard has-post-thumbnail category-noticias-politica-uk cs-entry cs-video-wrap\">\r\n\t<div class=\"cs-entry__outer cs-entry__outer-medium cs-entry__outer-thumbnail-right\">\r\n\t\t\t\t\t<div class=\"cs-entry__inner cs-entry__overlay cs-entry__thumbnail cs-overlay-ratio cs-ratio-landscape-16-9\">\r\n\r\n\t\t\t\t<div class=\"cs-overlay-background\">\r\n\t\t\t\t\t<img loading=\"lazy\" decoding=\"async\" width=\"332\" height=\"187\" src=\"https:\/\/globalportalnews.com\/es\/wp-content\/uploads\/sites\/2\/2026\/02\/Ballot_box_in_Bristol_city_centre_2328-332x187.webp\" class=\"attachment-csco-thumbnail-uncropped size-csco-thumbnail-uncropped wp-post-image\" alt=\"Urna electoral en el centro de Bristol\" srcset=\"https:\/\/globalportalnews.com\/es\/wp-content\/uploads\/sites\/2\/2026\/02\/Ballot_box_in_Bristol_city_centre_2328-332x187.webp 332w, https:\/\/globalportalnews.com\/es\/wp-content\/uploads\/sites\/2\/2026\/02\/Ballot_box_in_Bristol_city_centre_2328-300x169.webp 300w, https:\/\/globalportalnews.com\/es\/wp-content\/uploads\/sites\/2\/2026\/02\/Ballot_box_in_Bristol_city_centre_2328-1024x576.webp 1024w, https:\/\/globalportalnews.com\/es\/wp-content\/uploads\/sites\/2\/2026\/02\/Ballot_box_in_Bristol_city_centre_2328-768x432.webp 768w, https:\/\/globalportalnews.com\/es\/wp-content\/uploads\/sites\/2\/2026\/02\/Ballot_box_in_Bristol_city_centre_2328-1536x864.webp 1536w, https:\/\/globalportalnews.com\/es\/wp-content\/uploads\/sites\/2\/2026\/02\/Ballot_box_in_Bristol_city_centre_2328-664x374.webp 664w, https:\/\/globalportalnews.com\/es\/wp-content\/uploads\/sites\/2\/2026\/02\/Ballot_box_in_Bristol_city_centre_2328-688x387.webp 688w, https:\/\/globalportalnews.com\/es\/wp-content\/uploads\/sites\/2\/2026\/02\/Ballot_box_in_Bristol_city_centre_2328-1376x774.webp 1376w, https:\/\/globalportalnews.com\/es\/wp-content\/uploads\/sites\/2\/2026\/02\/Ballot_box_in_Bristol_city_centre_2328-1044x587.webp 1044w, https:\/\/globalportalnews.com\/es\/wp-content\/uploads\/sites\/2\/2026\/02\/Ballot_box_in_Bristol_city_centre_2328-1400x788.webp 1400w, https:\/\/globalportalnews.com\/es\/wp-content\/uploads\/sites\/2\/2026\/02\/Ballot_box_in_Bristol_city_centre_2328.webp 1920w\" sizes=\"(max-width: 332px) 100vw, 332px\" \/>\t\t\t\t\t<img loading=\"lazy\" decoding=\"async\" width=\"332\" height=\"186\" src=\"https:\/\/globalportalnews.com\/es\/wp-content\/uploads\/sites\/2\/2026\/02\/Ballot_box_in_Bristol_city_centre_2328-332x186.webp\" class=\"attachment-csco-thumbnail size-csco-thumbnail wp-post-image\" alt=\"Urna electoral en el centro de Bristol\" srcset=\"https:\/\/globalportalnews.com\/es\/wp-content\/uploads\/sites\/2\/2026\/02\/Ballot_box_in_Bristol_city_centre_2328-332x187.webp 332w, https:\/\/globalportalnews.com\/es\/wp-content\/uploads\/sites\/2\/2026\/02\/Ballot_box_in_Bristol_city_centre_2328-300x169.webp 300w, https:\/\/globalportalnews.com\/es\/wp-content\/uploads\/sites\/2\/2026\/02\/Ballot_box_in_Bristol_city_centre_2328-1024x576.webp 1024w, https:\/\/globalportalnews.com\/es\/wp-content\/uploads\/sites\/2\/2026\/02\/Ballot_box_in_Bristol_city_centre_2328-768x432.webp 768w, https:\/\/globalportalnews.com\/es\/wp-content\/uploads\/sites\/2\/2026\/02\/Ballot_box_in_Bristol_city_centre_2328-1536x864.webp 1536w, https:\/\/globalportalnews.com\/es\/wp-content\/uploads\/sites\/2\/2026\/02\/Ballot_box_in_Bristol_city_centre_2328-664x374.webp 664w, https:\/\/globalportalnews.com\/es\/wp-content\/uploads\/sites\/2\/2026\/02\/Ballot_box_in_Bristol_city_centre_2328-688x387.webp 688w, https:\/\/globalportalnews.com\/es\/wp-content\/uploads\/sites\/2\/2026\/02\/Ballot_box_in_Bristol_city_centre_2328-1376x774.webp 1376w, https:\/\/globalportalnews.com\/es\/wp-content\/uploads\/sites\/2\/2026\/02\/Ballot_box_in_Bristol_city_centre_2328-1044x587.webp 1044w, https:\/\/globalportalnews.com\/es\/wp-content\/uploads\/sites\/2\/2026\/02\/Ballot_box_in_Bristol_city_centre_2328-1400x788.webp 1400w, https:\/\/globalportalnews.com\/es\/wp-content\/uploads\/sites\/2\/2026\/02\/Ballot_box_in_Bristol_city_centre_2328.webp 1920w\" sizes=\"(max-width: 332px) 100vw, 332px\" \/>\t\t\t\t<\/div>\r\n\r\n\t\t\t\t\r\n\t\t\t\t\r\n\t\t\t\t<a href=\"https:\/\/globalportalnews.com\/es\/noticias-politica-uk\/makerfield-directo-resultados-elecciones-parciales\/\" class=\"cs-overlay-link\" title=\"Makerfield EN DIRECTO, participaci\u00f3n, noticias y resultados de las elecciones parciales\"><\/a>\r\n\t\t\t<\/div>\r\n\t\t\r\n\t\t<div class=\"cs-entry__inner cs-entry__content cs-entry__content-horizontal\">\r\n\t\t\t<div class=\"cs-entry__post-meta\" ><div class=\"cs-meta-category\"><ul class=\"post-categories\">\n\t<li><a href=\"https:\/\/globalportalnews.com\/es\/.\/noticias-politica-uk\/\" rel=\"category tag\">Pol\u00edtica del Reino Unido<\/a><\/li><\/ul><\/div><\/div>\r\n\t\t\t<h2 class=\"cs-entry__title\"><a href=\"https:\/\/globalportalnews.com\/es\/noticias-politica-uk\/makerfield-directo-resultados-elecciones-parciales\/\">Makerfield EN DIRECTO, participaci\u00f3n, noticias y resultados de las elecciones parciales<\/a><\/h2>\r\n\t\t\t\r\n\t\t\t<div class=\"cs-entry__post-meta\" ><div class=\"cs-meta-author\"><span class=\"cs-meta-author-by\">by<\/span><a class=\"cs-meta-author-link url fn n\" href=\"https:\/\/globalportalnews.com\/es\/author\/globalportalnewsgmail-com\/\"><span class=\"cs-meta-author-name\">Global Portal News<\/span><\/a><\/div><div class=\"cs-meta-date\">17 de junio de 2026<\/div><\/div>\t\t<\/div>\r\n\t<\/div>\r\n<\/article>\r\n\t\t\t\t\t\t\t\t<\/div>\r\n\t\t\t\t\t\t\t<\/div>\r\n\t\t\t\t\t\t<\/div>\r\n\t\t\t\t\t\t\t\t<\/section>\r\n\t\t\t\t\t\t<\/div>\n\t\t\t\t<\/div>\n\t\t\t\t<\/div>\n\t\t\t\t<\/div>\n\t\t\t\t<div class=\"elementor-element elementor-element-0407fe1 cs-dividervertical cs-divider-laptopvertical cs-divider-tabletvertical elementor-widget-mobile__width-inherit cs-divider-mobilehorizontal elementor-widget elementor-widget-cs-divider\" data-id=\"0407fe1\" data-element_type=\"widget\" data-e-type=\"widget\" data-widget_type=\"cs-divider.default\">\n\t\t\t\t<div class=\"elementor-widget-container\">\n\t\t\t\t\t\t\t<section class=\"cs-divider cs-divider-vertical\"><\/section>\r\n\t\t\t\t\t\t<\/div>\n\t\t\t\t<\/div>\n\t\t<div class=\"elementor-element elementor-element-17faf12 e-con-full e-flex e-con e-child\" data-id=\"17faf12\" data-element_type=\"container\" data-e-type=\"container\">\n\t\t<div class=\"elementor-element elementor-element-f71c483 e-con-full e-flex e-con e-child\" data-id=\"f71c483\" data-element_type=\"container\" data-e-type=\"container\">\n\t\t\t\t<div class=\"elementor-element elementor-element-55d8324 elementor-widget elementor-widget-cs-tabs\" data-id=\"55d8324\" data-element_type=\"widget\" data-e-type=\"widget\" data-widget_type=\"cs-tabs.default\">\n\t\t\t\t<div class=\"elementor-widget-container\">\n\t\t\t\t\t\r\n\t\t<section class=\"cs-posts cs-tabs cs-tabs-style-1 cs-posts__numbered\">\r\n\t\t\t<div class=\"cs-tabs__header\">\r\n\t\t\t\t\r\n\t\t\t\t\t<div class=\"cs-tabs__tab  cs-tabs__tab-active\">\r\n\t\t\t\t\t\tLo m\u00e1s Le\u00eddo\t\t\t\t\t<\/div>\r\n\r\n\t\t\t\t\t\r\n\t\t\t\t\t<div class=\"cs-tabs__tab \">\r\n\t\t\t\t\t\t\u00daltimas Noticias\t\t\t\t\t<\/div>\r\n\r\n\t\t\t\t\t\r\n\t\t\t\t\t<div class=\"cs-tabs__tab \">\r\n\t\t\t\t\t\tV\u00eddeo\t\t\t\t\t<\/div>\r\n\r\n\t\t\t\t\t\t\t\t<\/div>\r\n\r\n\t\t\t\r\n\t\t\t\t\t<div class=\"cs-posts-area cs-posts-area-elementor  cs-posts-area-active\">\r\n\t\t\t\t\t\t<div class=\"cs-posts-area__outer\">\r\n\t\t\t\t\t\t\t<div class=\"cs-posts-area__main cs-posts-area__main-divider\" data-pc=\"1\" data-lt=\"1\" data-tb=\"1\" data-mb=\"1\">\r\n\t\t\t\t\t\t\t\t\r\n\r\n<article class=\"post-5622 post type-post status-publish format-standard has-post-thumbnail category-noticias-politica-uk cs-entry cs-video-wrap\">\r\n\t<div class=\"cs-entry__outer cs-entry__outer-small cs-entry__outer-thumbnail-left cs-entry__outer-accent\">\r\n\r\n\t\t\t\t\t<div class=\"cs-entry__inner cs-entry__overlay cs-entry__thumbnail cs-overlay-ratio cs-ratio-square\">\r\n\r\n\t\t\t\t<div class=\"cs-overlay-background\">\r\n\t\t\t\t\t<img loading=\"lazy\" decoding=\"async\" width=\"332\" height=\"187\" src=\"https:\/\/globalportalnews.com\/es\/wp-content\/uploads\/sites\/2\/2026\/03\/Palace_of_Westminster_from_the_dome_on_Methodist_Central_Hall-332x187.webp\" class=\"attachment-csco-thumbnail-uncropped size-csco-thumbnail-uncropped wp-post-image\" alt=\"Palacio de Westminster (Casas del Parlamento) visto desde la c\u00fapula del Methodist Central Hall, Londres, Reino Unido.\" srcset=\"https:\/\/globalportalnews.com\/es\/wp-content\/uploads\/sites\/2\/2026\/03\/Palace_of_Westminster_from_the_dome_on_Methodist_Central_Hall-332x187.webp 332w, https:\/\/globalportalnews.com\/es\/wp-content\/uploads\/sites\/2\/2026\/03\/Palace_of_Westminster_from_the_dome_on_Methodist_Central_Hall-300x169.webp 300w, https:\/\/globalportalnews.com\/es\/wp-content\/uploads\/sites\/2\/2026\/03\/Palace_of_Westminster_from_the_dome_on_Methodist_Central_Hall-1024x576.webp 1024w, https:\/\/globalportalnews.com\/es\/wp-content\/uploads\/sites\/2\/2026\/03\/Palace_of_Westminster_from_the_dome_on_Methodist_Central_Hall-768x432.webp 768w, https:\/\/globalportalnews.com\/es\/wp-content\/uploads\/sites\/2\/2026\/03\/Palace_of_Westminster_from_the_dome_on_Methodist_Central_Hall-1536x864.webp 1536w, https:\/\/globalportalnews.com\/es\/wp-content\/uploads\/sites\/2\/2026\/03\/Palace_of_Westminster_from_the_dome_on_Methodist_Central_Hall-664x374.webp 664w, https:\/\/globalportalnews.com\/es\/wp-content\/uploads\/sites\/2\/2026\/03\/Palace_of_Westminster_from_the_dome_on_Methodist_Central_Hall-688x387.webp 688w, https:\/\/globalportalnews.com\/es\/wp-content\/uploads\/sites\/2\/2026\/03\/Palace_of_Westminster_from_the_dome_on_Methodist_Central_Hall-1376x774.webp 1376w, https:\/\/globalportalnews.com\/es\/wp-content\/uploads\/sites\/2\/2026\/03\/Palace_of_Westminster_from_the_dome_on_Methodist_Central_Hall-1044x587.webp 1044w, https:\/\/globalportalnews.com\/es\/wp-content\/uploads\/sites\/2\/2026\/03\/Palace_of_Westminster_from_the_dome_on_Methodist_Central_Hall-1400x788.webp 1400w, https:\/\/globalportalnews.com\/es\/wp-content\/uploads\/sites\/2\/2026\/03\/Palace_of_Westminster_from_the_dome_on_Methodist_Central_Hall.webp 1920w\" sizes=\"(max-width: 332px) 100vw, 332px\" \/>\t\t\t\t\t<img loading=\"lazy\" decoding=\"async\" width=\"332\" height=\"186\" src=\"https:\/\/globalportalnews.com\/es\/wp-content\/uploads\/sites\/2\/2026\/03\/Palace_of_Westminster_from_the_dome_on_Methodist_Central_Hall-332x186.webp\" class=\"attachment-csco-thumbnail size-csco-thumbnail wp-post-image\" alt=\"Palacio de Westminster (Casas del Parlamento) visto desde la c\u00fapula del Methodist Central Hall, Londres, Reino Unido.\" srcset=\"https:\/\/globalportalnews.com\/es\/wp-content\/uploads\/sites\/2\/2026\/03\/Palace_of_Westminster_from_the_dome_on_Methodist_Central_Hall-332x187.webp 332w, https:\/\/globalportalnews.com\/es\/wp-content\/uploads\/sites\/2\/2026\/03\/Palace_of_Westminster_from_the_dome_on_Methodist_Central_Hall-300x169.webp 300w, https:\/\/globalportalnews.com\/es\/wp-content\/uploads\/sites\/2\/2026\/03\/Palace_of_Westminster_from_the_dome_on_Methodist_Central_Hall-1024x576.webp 1024w, https:\/\/globalportalnews.com\/es\/wp-content\/uploads\/sites\/2\/2026\/03\/Palace_of_Westminster_from_the_dome_on_Methodist_Central_Hall-768x432.webp 768w, https:\/\/globalportalnews.com\/es\/wp-content\/uploads\/sites\/2\/2026\/03\/Palace_of_Westminster_from_the_dome_on_Methodist_Central_Hall-1536x864.webp 1536w, https:\/\/globalportalnews.com\/es\/wp-content\/uploads\/sites\/2\/2026\/03\/Palace_of_Westminster_from_the_dome_on_Methodist_Central_Hall-664x374.webp 664w, https:\/\/globalportalnews.com\/es\/wp-content\/uploads\/sites\/2\/2026\/03\/Palace_of_Westminster_from_the_dome_on_Methodist_Central_Hall-688x387.webp 688w, https:\/\/globalportalnews.com\/es\/wp-content\/uploads\/sites\/2\/2026\/03\/Palace_of_Westminster_from_the_dome_on_Methodist_Central_Hall-1376x774.webp 1376w, https:\/\/globalportalnews.com\/es\/wp-content\/uploads\/sites\/2\/2026\/03\/Palace_of_Westminster_from_the_dome_on_Methodist_Central_Hall-1044x587.webp 1044w, https:\/\/globalportalnews.com\/es\/wp-content\/uploads\/sites\/2\/2026\/03\/Palace_of_Westminster_from_the_dome_on_Methodist_Central_Hall-1400x788.webp 1400w, https:\/\/globalportalnews.com\/es\/wp-content\/uploads\/sites\/2\/2026\/03\/Palace_of_Westminster_from_the_dome_on_Methodist_Central_Hall.webp 1920w\" sizes=\"(max-width: 332px) 100vw, 332px\" \/>\t\t\t\t<\/div>\r\n\r\n\t\t\t\t\r\n\t\t\t\t\r\n\t\t\t\t<a href=\"https:\/\/globalportalnews.com\/es\/noticias-politica-uk\/elecciones-makerfield-2026-candidatos-lista-completa\/\" class=\"cs-overlay-link\" title=\"Lista completa de candidatos de las elecciones parciales de Makerfield y qu\u00e9 propone cada uno\"><\/a>\r\n\t\t\t<\/div>\r\n\t\t\r\n\t\t<div class=\"cs-entry__inner cs-entry__content-wrapper\">\r\n\t\t\t<div class=\"cs-entry__content\">\r\n\r\n\t\t\t\t\r\n\t\t\t\t<h2 class=\"cs-entry__title\"><a href=\"https:\/\/globalportalnews.com\/es\/noticias-politica-uk\/elecciones-makerfield-2026-candidatos-lista-completa\/\">Lista completa de candidatos de las elecciones parciales de Makerfield y qu\u00e9 propone cada uno<\/a><\/h2>\r\n\t\t\t\t\r\n\t\t\t\t\t\t\t<\/div>\r\n\t\t<\/div>\r\n\r\n\t<\/div>\r\n<\/article>\r\n\r\n\r\n<article class=\"post-5598 post type-post status-publish format-standard has-post-thumbnail category-noticias-politica-uk tag-keir-starmer cs-entry cs-video-wrap\">\r\n\t<div class=\"cs-entry__outer cs-entry__outer-small cs-entry__outer-thumbnail-left cs-entry__outer-accent\">\r\n\r\n\t\t\t\t\t<div class=\"cs-entry__inner cs-entry__overlay cs-entry__thumbnail cs-overlay-ratio cs-ratio-square\">\r\n\r\n\t\t\t\t<div class=\"cs-overlay-background\">\r\n\t\t\t\t\t<img loading=\"lazy\" decoding=\"async\" width=\"332\" height=\"187\" src=\"https:\/\/globalportalnews.com\/es\/wp-content\/uploads\/sites\/2\/2026\/03\/Prime_Minister_Keir_Starmer_visit_to_Akrotiri-332x187.webp\" class=\"attachment-csco-thumbnail-uncropped size-csco-thumbnail-uncropped wp-post-image\" alt=\"Limmasol, Reino Unido. El primer ministro Keir Starmer se re\u00fane con las tropas durante su visita a la RAF Akrotiri en Chipre.\" srcset=\"https:\/\/globalportalnews.com\/es\/wp-content\/uploads\/sites\/2\/2026\/03\/Prime_Minister_Keir_Starmer_visit_to_Akrotiri-332x187.webp 332w, https:\/\/globalportalnews.com\/es\/wp-content\/uploads\/sites\/2\/2026\/03\/Prime_Minister_Keir_Starmer_visit_to_Akrotiri-300x169.webp 300w, https:\/\/globalportalnews.com\/es\/wp-content\/uploads\/sites\/2\/2026\/03\/Prime_Minister_Keir_Starmer_visit_to_Akrotiri-1024x576.webp 1024w, https:\/\/globalportalnews.com\/es\/wp-content\/uploads\/sites\/2\/2026\/03\/Prime_Minister_Keir_Starmer_visit_to_Akrotiri-768x432.webp 768w, https:\/\/globalportalnews.com\/es\/wp-content\/uploads\/sites\/2\/2026\/03\/Prime_Minister_Keir_Starmer_visit_to_Akrotiri-1536x864.webp 1536w, https:\/\/globalportalnews.com\/es\/wp-content\/uploads\/sites\/2\/2026\/03\/Prime_Minister_Keir_Starmer_visit_to_Akrotiri-664x374.webp 664w, https:\/\/globalportalnews.com\/es\/wp-content\/uploads\/sites\/2\/2026\/03\/Prime_Minister_Keir_Starmer_visit_to_Akrotiri-688x387.webp 688w, https:\/\/globalportalnews.com\/es\/wp-content\/uploads\/sites\/2\/2026\/03\/Prime_Minister_Keir_Starmer_visit_to_Akrotiri-1376x774.webp 1376w, https:\/\/globalportalnews.com\/es\/wp-content\/uploads\/sites\/2\/2026\/03\/Prime_Minister_Keir_Starmer_visit_to_Akrotiri-1044x587.webp 1044w, https:\/\/globalportalnews.com\/es\/wp-content\/uploads\/sites\/2\/2026\/03\/Prime_Minister_Keir_Starmer_visit_to_Akrotiri-1400x788.webp 1400w, https:\/\/globalportalnews.com\/es\/wp-content\/uploads\/sites\/2\/2026\/03\/Prime_Minister_Keir_Starmer_visit_to_Akrotiri.webp 1920w\" sizes=\"(max-width: 332px) 100vw, 332px\" \/>\t\t\t\t\t<img loading=\"lazy\" decoding=\"async\" width=\"332\" height=\"186\" src=\"https:\/\/globalportalnews.com\/es\/wp-content\/uploads\/sites\/2\/2026\/03\/Prime_Minister_Keir_Starmer_visit_to_Akrotiri-332x186.webp\" class=\"attachment-csco-thumbnail size-csco-thumbnail wp-post-image\" alt=\"Limmasol, Reino Unido. El primer ministro Keir Starmer se re\u00fane con las tropas durante su visita a la RAF Akrotiri en Chipre.\" srcset=\"https:\/\/globalportalnews.com\/es\/wp-content\/uploads\/sites\/2\/2026\/03\/Prime_Minister_Keir_Starmer_visit_to_Akrotiri-332x187.webp 332w, https:\/\/globalportalnews.com\/es\/wp-content\/uploads\/sites\/2\/2026\/03\/Prime_Minister_Keir_Starmer_visit_to_Akrotiri-300x169.webp 300w, https:\/\/globalportalnews.com\/es\/wp-content\/uploads\/sites\/2\/2026\/03\/Prime_Minister_Keir_Starmer_visit_to_Akrotiri-1024x576.webp 1024w, https:\/\/globalportalnews.com\/es\/wp-content\/uploads\/sites\/2\/2026\/03\/Prime_Minister_Keir_Starmer_visit_to_Akrotiri-768x432.webp 768w, https:\/\/globalportalnews.com\/es\/wp-content\/uploads\/sites\/2\/2026\/03\/Prime_Minister_Keir_Starmer_visit_to_Akrotiri-1536x864.webp 1536w, https:\/\/globalportalnews.com\/es\/wp-content\/uploads\/sites\/2\/2026\/03\/Prime_Minister_Keir_Starmer_visit_to_Akrotiri-664x374.webp 664w, https:\/\/globalportalnews.com\/es\/wp-content\/uploads\/sites\/2\/2026\/03\/Prime_Minister_Keir_Starmer_visit_to_Akrotiri-688x387.webp 688w, https:\/\/globalportalnews.com\/es\/wp-content\/uploads\/sites\/2\/2026\/03\/Prime_Minister_Keir_Starmer_visit_to_Akrotiri-1376x774.webp 1376w, https:\/\/globalportalnews.com\/es\/wp-content\/uploads\/sites\/2\/2026\/03\/Prime_Minister_Keir_Starmer_visit_to_Akrotiri-1044x587.webp 1044w, https:\/\/globalportalnews.com\/es\/wp-content\/uploads\/sites\/2\/2026\/03\/Prime_Minister_Keir_Starmer_visit_to_Akrotiri-1400x788.webp 1400w, https:\/\/globalportalnews.com\/es\/wp-content\/uploads\/sites\/2\/2026\/03\/Prime_Minister_Keir_Starmer_visit_to_Akrotiri.webp 1920w\" sizes=\"(max-width: 332px) 100vw, 332px\" \/>\t\t\t\t<\/div>\r\n\r\n\t\t\t\t\r\n\t\t\t\t\r\n\t\t\t\t<a href=\"https:\/\/globalportalnews.com\/es\/noticias-politica-uk\/rusia-ataques-keir-starmer-sabotaje-propaganda-bbc\/\" class=\"cs-overlay-link\" title=\"Rusia detr\u00e1s de los ataques contra Keir Starmer, la investigaci\u00f3n de la BBC revela una red de sabotaje y propaganda\"><\/a>\r\n\t\t\t<\/div>\r\n\t\t\r\n\t\t<div class=\"cs-entry__inner cs-entry__content-wrapper\">\r\n\t\t\t<div class=\"cs-entry__content\">\r\n\r\n\t\t\t\t\r\n\t\t\t\t<h2 class=\"cs-entry__title\"><a href=\"https:\/\/globalportalnews.com\/es\/noticias-politica-uk\/rusia-ataques-keir-starmer-sabotaje-propaganda-bbc\/\">Rusia detr\u00e1s de los ataques contra Keir Starmer, la investigaci\u00f3n de la BBC revela una red de sabotaje y propaganda<\/a><\/h2>\r\n\t\t\t\t\r\n\t\t\t\t\t\t\t<\/div>\r\n\t\t<\/div>\r\n\r\n\t<\/div>\r\n<\/article>\r\n\r\n\r\n<article class=\"post-5578 post type-post status-publish format-standard has-post-thumbnail category-noticias-uk cs-entry cs-video-wrap\">\r\n\t<div class=\"cs-entry__outer cs-entry__outer-small cs-entry__outer-thumbnail-left cs-entry__outer-accent\">\r\n\r\n\t\t\t\t\t<div class=\"cs-entry__inner cs-entry__overlay cs-entry__thumbnail cs-overlay-ratio cs-ratio-square\">\r\n\r\n\t\t\t\t<div class=\"cs-overlay-background\">\r\n\t\t\t\t\t<img loading=\"lazy\" decoding=\"async\" width=\"332\" height=\"187\" src=\"https:\/\/globalportalnews.com\/es\/wp-content\/uploads\/sites\/2\/2026\/06\/2-8a_Rutland_Gate-332x187.webp\" class=\"attachment-csco-thumbnail-uncropped size-csco-thumbnail-uncropped wp-post-image\" alt=\"2-8a Rutland Gate in Kinghtsbridge, London.\" srcset=\"https:\/\/globalportalnews.com\/es\/wp-content\/uploads\/sites\/2\/2026\/06\/2-8a_Rutland_Gate-332x187.webp 332w, https:\/\/globalportalnews.com\/es\/wp-content\/uploads\/sites\/2\/2026\/06\/2-8a_Rutland_Gate-300x169.webp 300w, https:\/\/globalportalnews.com\/es\/wp-content\/uploads\/sites\/2\/2026\/06\/2-8a_Rutland_Gate-1024x576.webp 1024w, https:\/\/globalportalnews.com\/es\/wp-content\/uploads\/sites\/2\/2026\/06\/2-8a_Rutland_Gate-768x432.webp 768w, https:\/\/globalportalnews.com\/es\/wp-content\/uploads\/sites\/2\/2026\/06\/2-8a_Rutland_Gate-1536x864.webp 1536w, https:\/\/globalportalnews.com\/es\/wp-content\/uploads\/sites\/2\/2026\/06\/2-8a_Rutland_Gate-664x374.webp 664w, https:\/\/globalportalnews.com\/es\/wp-content\/uploads\/sites\/2\/2026\/06\/2-8a_Rutland_Gate-688x387.webp 688w, https:\/\/globalportalnews.com\/es\/wp-content\/uploads\/sites\/2\/2026\/06\/2-8a_Rutland_Gate-1376x774.webp 1376w, https:\/\/globalportalnews.com\/es\/wp-content\/uploads\/sites\/2\/2026\/06\/2-8a_Rutland_Gate-1044x587.webp 1044w, https:\/\/globalportalnews.com\/es\/wp-content\/uploads\/sites\/2\/2026\/06\/2-8a_Rutland_Gate-1400x788.webp 1400w, https:\/\/globalportalnews.com\/es\/wp-content\/uploads\/sites\/2\/2026\/06\/2-8a_Rutland_Gate.webp 1920w\" sizes=\"(max-width: 332px) 100vw, 332px\" \/>\t\t\t\t\t<img loading=\"lazy\" decoding=\"async\" width=\"332\" height=\"186\" src=\"https:\/\/globalportalnews.com\/es\/wp-content\/uploads\/sites\/2\/2026\/06\/2-8a_Rutland_Gate-332x186.webp\" class=\"attachment-csco-thumbnail size-csco-thumbnail wp-post-image\" alt=\"2-8a Rutland Gate in Kinghtsbridge, London.\" srcset=\"https:\/\/globalportalnews.com\/es\/wp-content\/uploads\/sites\/2\/2026\/06\/2-8a_Rutland_Gate-332x187.webp 332w, https:\/\/globalportalnews.com\/es\/wp-content\/uploads\/sites\/2\/2026\/06\/2-8a_Rutland_Gate-300x169.webp 300w, https:\/\/globalportalnews.com\/es\/wp-content\/uploads\/sites\/2\/2026\/06\/2-8a_Rutland_Gate-1024x576.webp 1024w, https:\/\/globalportalnews.com\/es\/wp-content\/uploads\/sites\/2\/2026\/06\/2-8a_Rutland_Gate-768x432.webp 768w, https:\/\/globalportalnews.com\/es\/wp-content\/uploads\/sites\/2\/2026\/06\/2-8a_Rutland_Gate-1536x864.webp 1536w, https:\/\/globalportalnews.com\/es\/wp-content\/uploads\/sites\/2\/2026\/06\/2-8a_Rutland_Gate-664x374.webp 664w, https:\/\/globalportalnews.com\/es\/wp-content\/uploads\/sites\/2\/2026\/06\/2-8a_Rutland_Gate-688x387.webp 688w, https:\/\/globalportalnews.com\/es\/wp-content\/uploads\/sites\/2\/2026\/06\/2-8a_Rutland_Gate-1376x774.webp 1376w, https:\/\/globalportalnews.com\/es\/wp-content\/uploads\/sites\/2\/2026\/06\/2-8a_Rutland_Gate-1044x587.webp 1044w, https:\/\/globalportalnews.com\/es\/wp-content\/uploads\/sites\/2\/2026\/06\/2-8a_Rutland_Gate-1400x788.webp 1400w, https:\/\/globalportalnews.com\/es\/wp-content\/uploads\/sites\/2\/2026\/06\/2-8a_Rutland_Gate.webp 1920w\" sizes=\"(max-width: 332px) 100vw, 332px\" \/>\t\t\t\t<\/div>\r\n\r\n\t\t\t\t\r\n\t\t\t\t\r\n\t\t\t\t<a href=\"https:\/\/globalportalnews.com\/es\/noticias-uk\/rutland-gate-mansion-vacia-londres-crisis-vivienda\/\" class=\"cs-overlay-link\" title=\"La mansi\u00f3n m\u00e1s cara de Reino Unido lleva a\u00f1os vac\u00eda mientras un hombre sin hogar vive en su portal\"><\/a>\r\n\t\t\t<\/div>\r\n\t\t\r\n\t\t<div class=\"cs-entry__inner cs-entry__content-wrapper\">\r\n\t\t\t<div class=\"cs-entry__content\">\r\n\r\n\t\t\t\t\r\n\t\t\t\t<h2 class=\"cs-entry__title\"><a href=\"https:\/\/globalportalnews.com\/es\/noticias-uk\/rutland-gate-mansion-vacia-londres-crisis-vivienda\/\">La mansi\u00f3n m\u00e1s cara de Reino Unido lleva a\u00f1os vac\u00eda mientras un hombre sin hogar vive en su portal<\/a><\/h2>\r\n\t\t\t\t\r\n\t\t\t\t\t\t\t<\/div>\r\n\t\t<\/div>\r\n\r\n\t<\/div>\r\n<\/article>\r\n\r\n\r\n<article class=\"post-5568 post type-post status-publish format-standard has-post-thumbnail category-noticias-uk cs-entry cs-video-wrap\">\r\n\t<div class=\"cs-entry__outer cs-entry__outer-small cs-entry__outer-thumbnail-left cs-entry__outer-accent\">\r\n\r\n\t\t\t\t\t<div class=\"cs-entry__inner cs-entry__overlay cs-entry__thumbnail cs-overlay-ratio cs-ratio-square\">\r\n\r\n\t\t\t\t<div class=\"cs-overlay-background\">\r\n\t\t\t\t\t<img loading=\"lazy\" decoding=\"async\" width=\"332\" height=\"187\" src=\"https:\/\/globalportalnews.com\/es\/wp-content\/uploads\/sites\/2\/2025\/04\/clase_trabajadora_britanica-332x187.webp\" class=\"attachment-csco-thumbnail-uncropped size-csco-thumbnail-uncropped wp-post-image\" alt=\"clase trabajadora britanica\" srcset=\"https:\/\/globalportalnews.com\/es\/wp-content\/uploads\/sites\/2\/2025\/04\/clase_trabajadora_britanica-332x187.webp 332w, https:\/\/globalportalnews.com\/es\/wp-content\/uploads\/sites\/2\/2025\/04\/clase_trabajadora_britanica-300x169.webp 300w, https:\/\/globalportalnews.com\/es\/wp-content\/uploads\/sites\/2\/2025\/04\/clase_trabajadora_britanica-1024x576.webp 1024w, https:\/\/globalportalnews.com\/es\/wp-content\/uploads\/sites\/2\/2025\/04\/clase_trabajadora_britanica-768x432.webp 768w, https:\/\/globalportalnews.com\/es\/wp-content\/uploads\/sites\/2\/2025\/04\/clase_trabajadora_britanica-1536x864.webp 1536w, https:\/\/globalportalnews.com\/es\/wp-content\/uploads\/sites\/2\/2025\/04\/clase_trabajadora_britanica-664x374.webp 664w, https:\/\/globalportalnews.com\/es\/wp-content\/uploads\/sites\/2\/2025\/04\/clase_trabajadora_britanica-688x387.webp 688w, https:\/\/globalportalnews.com\/es\/wp-content\/uploads\/sites\/2\/2025\/04\/clase_trabajadora_britanica-1376x774.webp 1376w, https:\/\/globalportalnews.com\/es\/wp-content\/uploads\/sites\/2\/2025\/04\/clase_trabajadora_britanica-1044x587.webp 1044w, https:\/\/globalportalnews.com\/es\/wp-content\/uploads\/sites\/2\/2025\/04\/clase_trabajadora_britanica-1400x788.webp 1400w, https:\/\/globalportalnews.com\/es\/wp-content\/uploads\/sites\/2\/2025\/04\/clase_trabajadora_britanica.webp 1920w\" sizes=\"(max-width: 332px) 100vw, 332px\" \/>\t\t\t\t\t<img loading=\"lazy\" decoding=\"async\" width=\"332\" height=\"186\" src=\"https:\/\/globalportalnews.com\/es\/wp-content\/uploads\/sites\/2\/2025\/04\/clase_trabajadora_britanica-332x186.webp\" class=\"attachment-csco-thumbnail size-csco-thumbnail wp-post-image\" alt=\"clase trabajadora britanica\" srcset=\"https:\/\/globalportalnews.com\/es\/wp-content\/uploads\/sites\/2\/2025\/04\/clase_trabajadora_britanica-332x187.webp 332w, https:\/\/globalportalnews.com\/es\/wp-content\/uploads\/sites\/2\/2025\/04\/clase_trabajadora_britanica-300x169.webp 300w, https:\/\/globalportalnews.com\/es\/wp-content\/uploads\/sites\/2\/2025\/04\/clase_trabajadora_britanica-1024x576.webp 1024w, https:\/\/globalportalnews.com\/es\/wp-content\/uploads\/sites\/2\/2025\/04\/clase_trabajadora_britanica-768x432.webp 768w, https:\/\/globalportalnews.com\/es\/wp-content\/uploads\/sites\/2\/2025\/04\/clase_trabajadora_britanica-1536x864.webp 1536w, https:\/\/globalportalnews.com\/es\/wp-content\/uploads\/sites\/2\/2025\/04\/clase_trabajadora_britanica-664x374.webp 664w, https:\/\/globalportalnews.com\/es\/wp-content\/uploads\/sites\/2\/2025\/04\/clase_trabajadora_britanica-688x387.webp 688w, https:\/\/globalportalnews.com\/es\/wp-content\/uploads\/sites\/2\/2025\/04\/clase_trabajadora_britanica-1376x774.webp 1376w, https:\/\/globalportalnews.com\/es\/wp-content\/uploads\/sites\/2\/2025\/04\/clase_trabajadora_britanica-1044x587.webp 1044w, https:\/\/globalportalnews.com\/es\/wp-content\/uploads\/sites\/2\/2025\/04\/clase_trabajadora_britanica-1400x788.webp 1400w, https:\/\/globalportalnews.com\/es\/wp-content\/uploads\/sites\/2\/2025\/04\/clase_trabajadora_britanica.webp 1920w\" sizes=\"(max-width: 332px) 100vw, 332px\" \/>\t\t\t\t<\/div>\r\n\r\n\t\t\t\t\r\n\t\t\t\t\r\n\t\t\t\t<a href=\"https:\/\/globalportalnews.com\/es\/noticias-uk\/que-es-cuckooing-reino-unido-delito-2026\/\" class=\"cs-overlay-link\" title=\"Qu\u00e9 es el \u201ccuckooing\u201d, la peligrosa pr\u00e1ctica con la que bandas criminales toman viviendas en Reino Unido y que ser\u00e1 delito en 2026\"><\/a>\r\n\t\t\t<\/div>\r\n\t\t\r\n\t\t<div class=\"cs-entry__inner cs-entry__content-wrapper\">\r\n\t\t\t<div class=\"cs-entry__content\">\r\n\r\n\t\t\t\t\r\n\t\t\t\t<h2 class=\"cs-entry__title\"><a href=\"https:\/\/globalportalnews.com\/es\/noticias-uk\/que-es-cuckooing-reino-unido-delito-2026\/\">Qu\u00e9 es el \u201ccuckooing\u201d, la peligrosa pr\u00e1ctica con la que bandas criminales toman viviendas en Reino Unido y que ser\u00e1 delito en 2026<\/a><\/h2>\r\n\t\t\t\t\r\n\t\t\t\t\t\t\t<\/div>\r\n\t\t<\/div>\r\n\r\n\t<\/div>\r\n<\/article>\r\n\r\n\r\n<article class=\"post-5547 post type-post status-publish format-standard has-post-thumbnail category-noticias-politica-uk tag-keir-starmer cs-entry cs-video-wrap\">\r\n\t<div class=\"cs-entry__outer cs-entry__outer-small cs-entry__outer-thumbnail-left cs-entry__outer-accent\">\r\n\r\n\t\t\t\t\t<div class=\"cs-entry__inner cs-entry__overlay cs-entry__thumbnail cs-overlay-ratio cs-ratio-square\">\r\n\r\n\t\t\t\t<div class=\"cs-overlay-background\">\r\n\t\t\t\t\t<img loading=\"lazy\" decoding=\"async\" width=\"332\" height=\"187\" src=\"https:\/\/globalportalnews.com\/es\/wp-content\/uploads\/sites\/2\/2026\/02\/Keir_starmer_in_downing_st_on_day_of_election_with_supporters_in_background-332x187.webp\" class=\"attachment-csco-thumbnail-uncropped size-csco-thumbnail-uncropped wp-post-image\" alt=\"Keir Starmer pronuncia su primer discurso como Primer Ministro desde Downing Street.\" srcset=\"https:\/\/globalportalnews.com\/es\/wp-content\/uploads\/sites\/2\/2026\/02\/Keir_starmer_in_downing_st_on_day_of_election_with_supporters_in_background-332x187.webp 332w, https:\/\/globalportalnews.com\/es\/wp-content\/uploads\/sites\/2\/2026\/02\/Keir_starmer_in_downing_st_on_day_of_election_with_supporters_in_background-300x169.webp 300w, https:\/\/globalportalnews.com\/es\/wp-content\/uploads\/sites\/2\/2026\/02\/Keir_starmer_in_downing_st_on_day_of_election_with_supporters_in_background-1024x576.webp 1024w, https:\/\/globalportalnews.com\/es\/wp-content\/uploads\/sites\/2\/2026\/02\/Keir_starmer_in_downing_st_on_day_of_election_with_supporters_in_background-768x432.webp 768w, https:\/\/globalportalnews.com\/es\/wp-content\/uploads\/sites\/2\/2026\/02\/Keir_starmer_in_downing_st_on_day_of_election_with_supporters_in_background-1536x864.webp 1536w, https:\/\/globalportalnews.com\/es\/wp-content\/uploads\/sites\/2\/2026\/02\/Keir_starmer_in_downing_st_on_day_of_election_with_supporters_in_background-664x374.webp 664w, https:\/\/globalportalnews.com\/es\/wp-content\/uploads\/sites\/2\/2026\/02\/Keir_starmer_in_downing_st_on_day_of_election_with_supporters_in_background-688x387.webp 688w, https:\/\/globalportalnews.com\/es\/wp-content\/uploads\/sites\/2\/2026\/02\/Keir_starmer_in_downing_st_on_day_of_election_with_supporters_in_background-1376x774.webp 1376w, https:\/\/globalportalnews.com\/es\/wp-content\/uploads\/sites\/2\/2026\/02\/Keir_starmer_in_downing_st_on_day_of_election_with_supporters_in_background-1044x587.webp 1044w, https:\/\/globalportalnews.com\/es\/wp-content\/uploads\/sites\/2\/2026\/02\/Keir_starmer_in_downing_st_on_day_of_election_with_supporters_in_background-1400x788.webp 1400w, https:\/\/globalportalnews.com\/es\/wp-content\/uploads\/sites\/2\/2026\/02\/Keir_starmer_in_downing_st_on_day_of_election_with_supporters_in_background.webp 1920w\" sizes=\"(max-width: 332px) 100vw, 332px\" \/>\t\t\t\t\t<img loading=\"lazy\" decoding=\"async\" width=\"332\" height=\"186\" src=\"https:\/\/globalportalnews.com\/es\/wp-content\/uploads\/sites\/2\/2026\/02\/Keir_starmer_in_downing_st_on_day_of_election_with_supporters_in_background-332x186.webp\" class=\"attachment-csco-thumbnail size-csco-thumbnail wp-post-image\" alt=\"Keir Starmer pronuncia su primer discurso como Primer Ministro desde Downing Street.\" srcset=\"https:\/\/globalportalnews.com\/es\/wp-content\/uploads\/sites\/2\/2026\/02\/Keir_starmer_in_downing_st_on_day_of_election_with_supporters_in_background-332x187.webp 332w, https:\/\/globalportalnews.com\/es\/wp-content\/uploads\/sites\/2\/2026\/02\/Keir_starmer_in_downing_st_on_day_of_election_with_supporters_in_background-300x169.webp 300w, https:\/\/globalportalnews.com\/es\/wp-content\/uploads\/sites\/2\/2026\/02\/Keir_starmer_in_downing_st_on_day_of_election_with_supporters_in_background-1024x576.webp 1024w, https:\/\/globalportalnews.com\/es\/wp-content\/uploads\/sites\/2\/2026\/02\/Keir_starmer_in_downing_st_on_day_of_election_with_supporters_in_background-768x432.webp 768w, https:\/\/globalportalnews.com\/es\/wp-content\/uploads\/sites\/2\/2026\/02\/Keir_starmer_in_downing_st_on_day_of_election_with_supporters_in_background-1536x864.webp 1536w, https:\/\/globalportalnews.com\/es\/wp-content\/uploads\/sites\/2\/2026\/02\/Keir_starmer_in_downing_st_on_day_of_election_with_supporters_in_background-664x374.webp 664w, https:\/\/globalportalnews.com\/es\/wp-content\/uploads\/sites\/2\/2026\/02\/Keir_starmer_in_downing_st_on_day_of_election_with_supporters_in_background-688x387.webp 688w, https:\/\/globalportalnews.com\/es\/wp-content\/uploads\/sites\/2\/2026\/02\/Keir_starmer_in_downing_st_on_day_of_election_with_supporters_in_background-1376x774.webp 1376w, https:\/\/globalportalnews.com\/es\/wp-content\/uploads\/sites\/2\/2026\/02\/Keir_starmer_in_downing_st_on_day_of_election_with_supporters_in_background-1044x587.webp 1044w, https:\/\/globalportalnews.com\/es\/wp-content\/uploads\/sites\/2\/2026\/02\/Keir_starmer_in_downing_st_on_day_of_election_with_supporters_in_background-1400x788.webp 1400w, https:\/\/globalportalnews.com\/es\/wp-content\/uploads\/sites\/2\/2026\/02\/Keir_starmer_in_downing_st_on_day_of_election_with_supporters_in_background.webp 1920w\" sizes=\"(max-width: 332px) 100vw, 332px\" \/>\t\t\t\t<\/div>\r\n\r\n\t\t\t\t\r\n\t\t\t\t\r\n\t\t\t\t<a href=\"https:\/\/globalportalnews.com\/es\/noticias-politica-uk\/starmer-bloqueo-contenido-explicito-menores-moviles\/\" class=\"cs-overlay-link\" title=\"Starmer da un ultim\u00e1tum a las tecnol\u00f3gicas para bloquear contenido expl\u00edcito en m\u00f3viles de menores en tres meses\"><\/a>\r\n\t\t\t<\/div>\r\n\t\t\r\n\t\t<div class=\"cs-entry__inner cs-entry__content-wrapper\">\r\n\t\t\t<div class=\"cs-entry__content\">\r\n\r\n\t\t\t\t\r\n\t\t\t\t<h2 class=\"cs-entry__title\"><a href=\"https:\/\/globalportalnews.com\/es\/noticias-politica-uk\/starmer-bloqueo-contenido-explicito-menores-moviles\/\">Starmer da un ultim\u00e1tum a las tecnol\u00f3gicas para bloquear contenido expl\u00edcito en m\u00f3viles de menores en tres meses<\/a><\/h2>\r\n\t\t\t\t\r\n\t\t\t\t\t\t\t<\/div>\r\n\t\t<\/div>\r\n\r\n\t<\/div>\r\n<\/article>\r\n\t\t\t\t\t\t\t<\/div>\r\n\t\t\t\t\t\t<\/div>\r\n\t\t\t\t\t<\/div>\r\n\r\n\t\t\t\t\t\r\n\t\t\t\t\t<div class=\"cs-posts-area cs-posts-area-elementor \">\r\n\t\t\t\t\t\t<div class=\"cs-posts-area__outer\">\r\n\t\t\t\t\t\t\t<div class=\"cs-posts-area__main cs-posts-area__main-divider\" data-pc=\"1\" data-lt=\"1\" data-tb=\"1\" data-mb=\"1\">\r\n\t\t\t\t\t\t\t\t\r\n\r\n<article class=\"post-2861 post type-post status-publish format-standard has-post-thumbnail category-noticias-politica-uk cs-entry cs-video-wrap\">\r\n\t<div class=\"cs-entry__outer cs-entry__outer-small cs-entry__outer-thumbnail-left cs-entry__outer-accent\">\r\n\r\n\t\t\t\t\t<div class=\"cs-entry__inner cs-entry__overlay cs-entry__thumbnail cs-overlay-ratio cs-ratio-square\">\r\n\r\n\t\t\t\t<div class=\"cs-overlay-background\">\r\n\t\t\t\t\t<img loading=\"lazy\" decoding=\"async\" width=\"332\" height=\"187\" src=\"https:\/\/globalportalnews.com\/es\/wp-content\/uploads\/sites\/2\/2026\/02\/Reform_MPs_in_Parliament-332x187.webp\" class=\"attachment-csco-thumbnail-uncropped size-csco-thumbnail-uncropped wp-post-image\" alt=\"Diputados de Reform UK en el Parlamento brit\u00e1nico en 2024. Apenas un a\u00f1o despu\u00e9s, Rupert Lowe abandon\u00f3 el partido y lanz\u00f3 su propio proyecto pol\u00edtico.\" srcset=\"https:\/\/globalportalnews.com\/es\/wp-content\/uploads\/sites\/2\/2026\/02\/Reform_MPs_in_Parliament-332x187.webp 332w, https:\/\/globalportalnews.com\/es\/wp-content\/uploads\/sites\/2\/2026\/02\/Reform_MPs_in_Parliament-300x169.webp 300w, https:\/\/globalportalnews.com\/es\/wp-content\/uploads\/sites\/2\/2026\/02\/Reform_MPs_in_Parliament-1024x576.webp 1024w, https:\/\/globalportalnews.com\/es\/wp-content\/uploads\/sites\/2\/2026\/02\/Reform_MPs_in_Parliament-768x432.webp 768w, https:\/\/globalportalnews.com\/es\/wp-content\/uploads\/sites\/2\/2026\/02\/Reform_MPs_in_Parliament-1536x864.webp 1536w, https:\/\/globalportalnews.com\/es\/wp-content\/uploads\/sites\/2\/2026\/02\/Reform_MPs_in_Parliament-664x374.webp 664w, https:\/\/globalportalnews.com\/es\/wp-content\/uploads\/sites\/2\/2026\/02\/Reform_MPs_in_Parliament-688x387.webp 688w, https:\/\/globalportalnews.com\/es\/wp-content\/uploads\/sites\/2\/2026\/02\/Reform_MPs_in_Parliament-1376x774.webp 1376w, https:\/\/globalportalnews.com\/es\/wp-content\/uploads\/sites\/2\/2026\/02\/Reform_MPs_in_Parliament-1044x587.webp 1044w, https:\/\/globalportalnews.com\/es\/wp-content\/uploads\/sites\/2\/2026\/02\/Reform_MPs_in_Parliament-1400x788.webp 1400w, https:\/\/globalportalnews.com\/es\/wp-content\/uploads\/sites\/2\/2026\/02\/Reform_MPs_in_Parliament.webp 1920w\" sizes=\"(max-width: 332px) 100vw, 332px\" \/>\t\t\t\t\t<img loading=\"lazy\" decoding=\"async\" width=\"332\" height=\"186\" src=\"https:\/\/globalportalnews.com\/es\/wp-content\/uploads\/sites\/2\/2026\/02\/Reform_MPs_in_Parliament-332x186.webp\" class=\"attachment-csco-thumbnail size-csco-thumbnail wp-post-image\" alt=\"Diputados de Reform UK en el Parlamento brit\u00e1nico en 2024. Apenas un a\u00f1o despu\u00e9s, Rupert Lowe abandon\u00f3 el partido y lanz\u00f3 su propio proyecto pol\u00edtico.\" srcset=\"https:\/\/globalportalnews.com\/es\/wp-content\/uploads\/sites\/2\/2026\/02\/Reform_MPs_in_Parliament-332x187.webp 332w, https:\/\/globalportalnews.com\/es\/wp-content\/uploads\/sites\/2\/2026\/02\/Reform_MPs_in_Parliament-300x169.webp 300w, https:\/\/globalportalnews.com\/es\/wp-content\/uploads\/sites\/2\/2026\/02\/Reform_MPs_in_Parliament-1024x576.webp 1024w, https:\/\/globalportalnews.com\/es\/wp-content\/uploads\/sites\/2\/2026\/02\/Reform_MPs_in_Parliament-768x432.webp 768w, https:\/\/globalportalnews.com\/es\/wp-content\/uploads\/sites\/2\/2026\/02\/Reform_MPs_in_Parliament-1536x864.webp 1536w, https:\/\/globalportalnews.com\/es\/wp-content\/uploads\/sites\/2\/2026\/02\/Reform_MPs_in_Parliament-664x374.webp 664w, https:\/\/globalportalnews.com\/es\/wp-content\/uploads\/sites\/2\/2026\/02\/Reform_MPs_in_Parliament-688x387.webp 688w, https:\/\/globalportalnews.com\/es\/wp-content\/uploads\/sites\/2\/2026\/02\/Reform_MPs_in_Parliament-1376x774.webp 1376w, https:\/\/globalportalnews.com\/es\/wp-content\/uploads\/sites\/2\/2026\/02\/Reform_MPs_in_Parliament-1044x587.webp 1044w, https:\/\/globalportalnews.com\/es\/wp-content\/uploads\/sites\/2\/2026\/02\/Reform_MPs_in_Parliament-1400x788.webp 1400w, https:\/\/globalportalnews.com\/es\/wp-content\/uploads\/sites\/2\/2026\/02\/Reform_MPs_in_Parliament.webp 1920w\" sizes=\"(max-width: 332px) 100vw, 332px\" \/>\t\t\t\t<\/div>\r\n\r\n\t\t\t\t\r\n\t\t\t\t\r\n\t\t\t\t<a href=\"https:\/\/globalportalnews.com\/es\/noticias-politica-uk\/rupert-lowe-lanza-restore-britain-y-sacude-la-derecha-britanica-tras-su-ruptura-con-reform-uk\/\" class=\"cs-overlay-link\" title=\"Rupert Lowe lanza Restore Britain y sacude la derecha brit\u00e1nica tras su ruptura con Reform UK\"><\/a>\r\n\t\t\t<\/div>\r\n\t\t\r\n\t\t<div class=\"cs-entry__inner cs-entry__content-wrapper\">\r\n\t\t\t<div class=\"cs-entry__content\">\r\n\r\n\t\t\t\t\r\n\t\t\t\t<h2 class=\"cs-entry__title\"><a href=\"https:\/\/globalportalnews.com\/es\/noticias-politica-uk\/rupert-lowe-lanza-restore-britain-y-sacude-la-derecha-britanica-tras-su-ruptura-con-reform-uk\/\">Rupert Lowe lanza Restore Britain y sacude la derecha brit\u00e1nica tras su ruptura con Reform UK<\/a><\/h2>\r\n\t\t\t\t\r\n\t\t\t\t\t\t\t<\/div>\r\n\t\t<\/div>\r\n\r\n\t<\/div>\r\n<\/article>\r\n\r\n\r\n<article class=\"post-2851 post type-post status-publish format-standard has-post-thumbnail category-noticias-uk cs-entry cs-video-wrap\">\r\n\t<div class=\"cs-entry__outer cs-entry__outer-small cs-entry__outer-thumbnail-left cs-entry__outer-accent\">\r\n\r\n\t\t\t\t\t<div class=\"cs-entry__inner cs-entry__overlay cs-entry__thumbnail cs-overlay-ratio cs-ratio-square\">\r\n\r\n\t\t\t\t<div class=\"cs-overlay-background\">\r\n\t\t\t\t\t<img loading=\"lazy\" decoding=\"async\" width=\"332\" height=\"288\" src=\"https:\/\/globalportalnews.com\/es\/wp-content\/uploads\/sites\/2\/2026\/02\/Palestine_Action_Protest_London_Saturday_6th_September_-_27-332x288.webp\" class=\"attachment-csco-thumbnail-uncropped size-csco-thumbnail-uncropped wp-post-image\" alt=\"Protesta de Acci\u00f3n Palestina, Londres, s\u00e1bado 6 de septiembre\" srcset=\"https:\/\/globalportalnews.com\/es\/wp-content\/uploads\/sites\/2\/2026\/02\/Palestine_Action_Protest_London_Saturday_6th_September_-_27-332x288.webp 332w, https:\/\/globalportalnews.com\/es\/wp-content\/uploads\/sites\/2\/2026\/02\/Palestine_Action_Protest_London_Saturday_6th_September_-_27-300x260.webp 300w, https:\/\/globalportalnews.com\/es\/wp-content\/uploads\/sites\/2\/2026\/02\/Palestine_Action_Protest_London_Saturday_6th_September_-_27-1024x888.webp 1024w, https:\/\/globalportalnews.com\/es\/wp-content\/uploads\/sites\/2\/2026\/02\/Palestine_Action_Protest_London_Saturday_6th_September_-_27-768x666.webp 768w, https:\/\/globalportalnews.com\/es\/wp-content\/uploads\/sites\/2\/2026\/02\/Palestine_Action_Protest_London_Saturday_6th_September_-_27-664x576.webp 664w, https:\/\/globalportalnews.com\/es\/wp-content\/uploads\/sites\/2\/2026\/02\/Palestine_Action_Protest_London_Saturday_6th_September_-_27-688x597.webp 688w, https:\/\/globalportalnews.com\/es\/wp-content\/uploads\/sites\/2\/2026\/02\/Palestine_Action_Protest_London_Saturday_6th_September_-_27-1044x905.webp 1044w, https:\/\/globalportalnews.com\/es\/wp-content\/uploads\/sites\/2\/2026\/02\/Palestine_Action_Protest_London_Saturday_6th_September_-_27.webp 1280w\" sizes=\"(max-width: 332px) 100vw, 332px\" \/>\t\t\t\t\t<img loading=\"lazy\" decoding=\"async\" width=\"332\" height=\"186\" src=\"https:\/\/globalportalnews.com\/es\/wp-content\/uploads\/sites\/2\/2026\/02\/Palestine_Action_Protest_London_Saturday_6th_September_-_27-332x186.webp\" class=\"attachment-csco-thumbnail size-csco-thumbnail wp-post-image\" alt=\"Protesta de Acci\u00f3n Palestina, Londres, s\u00e1bado 6 de septiembre\" srcset=\"https:\/\/globalportalnews.com\/es\/wp-content\/uploads\/sites\/2\/2026\/02\/Palestine_Action_Protest_London_Saturday_6th_September_-_27-332x186.webp 332w, https:\/\/globalportalnews.com\/es\/wp-content\/uploads\/sites\/2\/2026\/02\/Palestine_Action_Protest_London_Saturday_6th_September_-_27-664x372.webp 664w, https:\/\/globalportalnews.com\/es\/wp-content\/uploads\/sites\/2\/2026\/02\/Palestine_Action_Protest_London_Saturday_6th_September_-_27-688x387.webp 688w, https:\/\/globalportalnews.com\/es\/wp-content\/uploads\/sites\/2\/2026\/02\/Palestine_Action_Protest_London_Saturday_6th_September_-_27-1044x587.webp 1044w\" sizes=\"(max-width: 332px) 100vw, 332px\" \/>\t\t\t\t<\/div>\r\n\r\n\t\t\t\t\r\n\t\t\t\t\r\n\t\t\t\t<a href=\"https:\/\/globalportalnews.com\/es\/noticias-uk\/tribunal-britanico-declara-ilegal-la-prohibicion-de-palestine-action-y-cuestiona-el-uso-de-leyes-antiterroristas-contra-activistas\/\" class=\"cs-overlay-link\" title=\"Tribunal brit\u00e1nico declara ilegal la prohibici\u00f3n de Palestine Action y cuestiona el uso de leyes antiterroristas contra activistas\"><\/a>\r\n\t\t\t<\/div>\r\n\t\t\r\n\t\t<div class=\"cs-entry__inner cs-entry__content-wrapper\">\r\n\t\t\t<div class=\"cs-entry__content\">\r\n\r\n\t\t\t\t\r\n\t\t\t\t<h2 class=\"cs-entry__title\"><a href=\"https:\/\/globalportalnews.com\/es\/noticias-uk\/tribunal-britanico-declara-ilegal-la-prohibicion-de-palestine-action-y-cuestiona-el-uso-de-leyes-antiterroristas-contra-activistas\/\">Tribunal brit\u00e1nico declara ilegal la prohibici\u00f3n de Palestine Action y cuestiona el uso de leyes antiterroristas contra activistas<\/a><\/h2>\r\n\t\t\t\t\r\n\t\t\t\t\t\t\t<\/div>\r\n\t\t<\/div>\r\n\r\n\t<\/div>\r\n<\/article>\r\n\r\n\r\n<article class=\"post-2843 post type-post status-publish format-standard has-post-thumbnail category-noticias-economia-uk tag-keir-starmer cs-entry cs-video-wrap\">\r\n\t<div class=\"cs-entry__outer cs-entry__outer-small cs-entry__outer-thumbnail-left cs-entry__outer-accent\">\r\n\r\n\t\t\t\t\t<div class=\"cs-entry__inner cs-entry__overlay cs-entry__thumbnail cs-overlay-ratio cs-ratio-square\">\r\n\r\n\t\t\t\t<div class=\"cs-overlay-background\">\r\n\t\t\t\t\t<img loading=\"lazy\" decoding=\"async\" width=\"332\" height=\"187\" src=\"https:\/\/globalportalnews.com\/es\/wp-content\/uploads\/sites\/2\/2026\/02\/INEOS_Group_and_China_National_Petroleum_Corporation_Strategic_Partnership_Deal_5343043179-332x187.webp\" class=\"attachment-csco-thumbnail-uncropped size-csco-thumbnail-uncropped wp-post-image\" alt=\"Jim Ratcliffe, presidente del Grupo INEOS, firma un acuerdo marco con Wang Lihua, economista jefe adjunto de China National Petroleum Corporation y presidente de Petrochina International Co Ltd, el 10 de enero de 2011.\" srcset=\"https:\/\/globalportalnews.com\/es\/wp-content\/uploads\/sites\/2\/2026\/02\/INEOS_Group_and_China_National_Petroleum_Corporation_Strategic_Partnership_Deal_5343043179-332x187.webp 332w, https:\/\/globalportalnews.com\/es\/wp-content\/uploads\/sites\/2\/2026\/02\/INEOS_Group_and_China_National_Petroleum_Corporation_Strategic_Partnership_Deal_5343043179-300x169.webp 300w, https:\/\/globalportalnews.com\/es\/wp-content\/uploads\/sites\/2\/2026\/02\/INEOS_Group_and_China_National_Petroleum_Corporation_Strategic_Partnership_Deal_5343043179-1024x576.webp 1024w, https:\/\/globalportalnews.com\/es\/wp-content\/uploads\/sites\/2\/2026\/02\/INEOS_Group_and_China_National_Petroleum_Corporation_Strategic_Partnership_Deal_5343043179-768x432.webp 768w, https:\/\/globalportalnews.com\/es\/wp-content\/uploads\/sites\/2\/2026\/02\/INEOS_Group_and_China_National_Petroleum_Corporation_Strategic_Partnership_Deal_5343043179-1536x864.webp 1536w, https:\/\/globalportalnews.com\/es\/wp-content\/uploads\/sites\/2\/2026\/02\/INEOS_Group_and_China_National_Petroleum_Corporation_Strategic_Partnership_Deal_5343043179-664x374.webp 664w, https:\/\/globalportalnews.com\/es\/wp-content\/uploads\/sites\/2\/2026\/02\/INEOS_Group_and_China_National_Petroleum_Corporation_Strategic_Partnership_Deal_5343043179-688x387.webp 688w, https:\/\/globalportalnews.com\/es\/wp-content\/uploads\/sites\/2\/2026\/02\/INEOS_Group_and_China_National_Petroleum_Corporation_Strategic_Partnership_Deal_5343043179-1376x774.webp 1376w, https:\/\/globalportalnews.com\/es\/wp-content\/uploads\/sites\/2\/2026\/02\/INEOS_Group_and_China_National_Petroleum_Corporation_Strategic_Partnership_Deal_5343043179-1044x587.webp 1044w, https:\/\/globalportalnews.com\/es\/wp-content\/uploads\/sites\/2\/2026\/02\/INEOS_Group_and_China_National_Petroleum_Corporation_Strategic_Partnership_Deal_5343043179-1400x788.webp 1400w, https:\/\/globalportalnews.com\/es\/wp-content\/uploads\/sites\/2\/2026\/02\/INEOS_Group_and_China_National_Petroleum_Corporation_Strategic_Partnership_Deal_5343043179.webp 1920w\" sizes=\"(max-width: 332px) 100vw, 332px\" \/>\t\t\t\t\t<img loading=\"lazy\" decoding=\"async\" width=\"332\" height=\"186\" src=\"https:\/\/globalportalnews.com\/es\/wp-content\/uploads\/sites\/2\/2026\/02\/INEOS_Group_and_China_National_Petroleum_Corporation_Strategic_Partnership_Deal_5343043179-332x186.webp\" class=\"attachment-csco-thumbnail size-csco-thumbnail wp-post-image\" alt=\"Jim Ratcliffe, presidente del Grupo INEOS, firma un acuerdo marco con Wang Lihua, economista jefe adjunto de China National Petroleum Corporation y presidente de Petrochina International Co Ltd, el 10 de enero de 2011.\" srcset=\"https:\/\/globalportalnews.com\/es\/wp-content\/uploads\/sites\/2\/2026\/02\/INEOS_Group_and_China_National_Petroleum_Corporation_Strategic_Partnership_Deal_5343043179-332x187.webp 332w, https:\/\/globalportalnews.com\/es\/wp-content\/uploads\/sites\/2\/2026\/02\/INEOS_Group_and_China_National_Petroleum_Corporation_Strategic_Partnership_Deal_5343043179-300x169.webp 300w, https:\/\/globalportalnews.com\/es\/wp-content\/uploads\/sites\/2\/2026\/02\/INEOS_Group_and_China_National_Petroleum_Corporation_Strategic_Partnership_Deal_5343043179-1024x576.webp 1024w, https:\/\/globalportalnews.com\/es\/wp-content\/uploads\/sites\/2\/2026\/02\/INEOS_Group_and_China_National_Petroleum_Corporation_Strategic_Partnership_Deal_5343043179-768x432.webp 768w, https:\/\/globalportalnews.com\/es\/wp-content\/uploads\/sites\/2\/2026\/02\/INEOS_Group_and_China_National_Petroleum_Corporation_Strategic_Partnership_Deal_5343043179-1536x864.webp 1536w, https:\/\/globalportalnews.com\/es\/wp-content\/uploads\/sites\/2\/2026\/02\/INEOS_Group_and_China_National_Petroleum_Corporation_Strategic_Partnership_Deal_5343043179-664x374.webp 664w, https:\/\/globalportalnews.com\/es\/wp-content\/uploads\/sites\/2\/2026\/02\/INEOS_Group_and_China_National_Petroleum_Corporation_Strategic_Partnership_Deal_5343043179-688x387.webp 688w, https:\/\/globalportalnews.com\/es\/wp-content\/uploads\/sites\/2\/2026\/02\/INEOS_Group_and_China_National_Petroleum_Corporation_Strategic_Partnership_Deal_5343043179-1376x774.webp 1376w, https:\/\/globalportalnews.com\/es\/wp-content\/uploads\/sites\/2\/2026\/02\/INEOS_Group_and_China_National_Petroleum_Corporation_Strategic_Partnership_Deal_5343043179-1044x587.webp 1044w, https:\/\/globalportalnews.com\/es\/wp-content\/uploads\/sites\/2\/2026\/02\/INEOS_Group_and_China_National_Petroleum_Corporation_Strategic_Partnership_Deal_5343043179-1400x788.webp 1400w, https:\/\/globalportalnews.com\/es\/wp-content\/uploads\/sites\/2\/2026\/02\/INEOS_Group_and_China_National_Petroleum_Corporation_Strategic_Partnership_Deal_5343043179.webp 1920w\" sizes=\"(max-width: 332px) 100vw, 332px\" \/>\t\t\t\t<\/div>\r\n\r\n\t\t\t\t\r\n\t\t\t\t\r\n\t\t\t\t<a href=\"https:\/\/globalportalnews.com\/es\/noticias-economia-uk\/starmer-exige-disculpas-a-jim-ratcliffe-por-decir-que-reino-unido-esta-colonizado-por-inmigrantes\/\" class=\"cs-overlay-link\" title=\"Starmer exige disculpas a Jim Ratcliffe por decir que Reino Unido est\u00e1 \u201ccolonizado\u201d por inmigrantes\"><\/a>\r\n\t\t\t<\/div>\r\n\t\t\r\n\t\t<div class=\"cs-entry__inner cs-entry__content-wrapper\">\r\n\t\t\t<div class=\"cs-entry__content\">\r\n\r\n\t\t\t\t\r\n\t\t\t\t<h2 class=\"cs-entry__title\"><a href=\"https:\/\/globalportalnews.com\/es\/noticias-economia-uk\/starmer-exige-disculpas-a-jim-ratcliffe-por-decir-que-reino-unido-esta-colonizado-por-inmigrantes\/\">Starmer exige disculpas a Jim Ratcliffe por decir que Reino Unido est\u00e1 \u201ccolonizado\u201d por inmigrantes<\/a><\/h2>\r\n\t\t\t\t\r\n\t\t\t\t\t\t\t<\/div>\r\n\t\t<\/div>\r\n\r\n\t<\/div>\r\n<\/article>\r\n\r\n\r\n<article class=\"post-2833 post type-post status-publish format-standard has-post-thumbnail category-noticias-politica-uk tag-peter-mandelson cs-entry cs-video-wrap\">\r\n\t<div class=\"cs-entry__outer cs-entry__outer-small cs-entry__outer-thumbnail-left cs-entry__outer-accent\">\r\n\r\n\t\t\t\t\t<div class=\"cs-entry__inner cs-entry__overlay cs-entry__thumbnail cs-overlay-ratio cs-ratio-square\">\r\n\r\n\t\t\t\t<div class=\"cs-overlay-background\">\r\n\t\t\t\t\t<img loading=\"lazy\" decoding=\"async\" width=\"332\" height=\"222\" src=\"https:\/\/globalportalnews.com\/es\/wp-content\/uploads\/sites\/2\/2026\/02\/Prime_Minister_Keir_Starmer_NHS_10_Year_Plan_Consultation_in_London_United_Kingdom_on_21_October_2024_-_20-332x222.webp\" class=\"attachment-csco-thumbnail-uncropped size-csco-thumbnail-uncropped wp-post-image\" alt=\"Londres, Reino Unido. El primer ministro Keir Starmer y el secretario de Salud y Asistencia Social, Wes Streeting, inauguran la Consulta del Plan Decenal del NHS en el Centro Dockside del Servicio de Ambulancias de Londres. Fotograf\u00eda de Simon Dawson \/ n.\u00ba 10 de Downing Street.\" srcset=\"https:\/\/globalportalnews.com\/es\/wp-content\/uploads\/sites\/2\/2026\/02\/Prime_Minister_Keir_Starmer_NHS_10_Year_Plan_Consultation_in_London_United_Kingdom_on_21_October_2024_-_20-332x222.webp 332w, https:\/\/globalportalnews.com\/es\/wp-content\/uploads\/sites\/2\/2026\/02\/Prime_Minister_Keir_Starmer_NHS_10_Year_Plan_Consultation_in_London_United_Kingdom_on_21_October_2024_-_20-300x200.webp 300w, https:\/\/globalportalnews.com\/es\/wp-content\/uploads\/sites\/2\/2026\/02\/Prime_Minister_Keir_Starmer_NHS_10_Year_Plan_Consultation_in_London_United_Kingdom_on_21_October_2024_-_20-1024x683.webp 1024w, https:\/\/globalportalnews.com\/es\/wp-content\/uploads\/sites\/2\/2026\/02\/Prime_Minister_Keir_Starmer_NHS_10_Year_Plan_Consultation_in_London_United_Kingdom_on_21_October_2024_-_20-768x512.webp 768w, https:\/\/globalportalnews.com\/es\/wp-content\/uploads\/sites\/2\/2026\/02\/Prime_Minister_Keir_Starmer_NHS_10_Year_Plan_Consultation_in_London_United_Kingdom_on_21_October_2024_-_20-664x443.webp 664w, https:\/\/globalportalnews.com\/es\/wp-content\/uploads\/sites\/2\/2026\/02\/Prime_Minister_Keir_Starmer_NHS_10_Year_Plan_Consultation_in_London_United_Kingdom_on_21_October_2024_-_20-688x459.webp 688w, https:\/\/globalportalnews.com\/es\/wp-content\/uploads\/sites\/2\/2026\/02\/Prime_Minister_Keir_Starmer_NHS_10_Year_Plan_Consultation_in_London_United_Kingdom_on_21_October_2024_-_20-1044x697.webp 1044w, https:\/\/globalportalnews.com\/es\/wp-content\/uploads\/sites\/2\/2026\/02\/Prime_Minister_Keir_Starmer_NHS_10_Year_Plan_Consultation_in_London_United_Kingdom_on_21_October_2024_-_20.webp 1280w\" sizes=\"(max-width: 332px) 100vw, 332px\" \/>\t\t\t\t\t<img loading=\"lazy\" decoding=\"async\" width=\"332\" height=\"186\" src=\"https:\/\/globalportalnews.com\/es\/wp-content\/uploads\/sites\/2\/2026\/02\/Prime_Minister_Keir_Starmer_NHS_10_Year_Plan_Consultation_in_London_United_Kingdom_on_21_October_2024_-_20-332x186.webp\" class=\"attachment-csco-thumbnail size-csco-thumbnail wp-post-image\" alt=\"Londres, Reino Unido. El primer ministro Keir Starmer y el secretario de Salud y Asistencia Social, Wes Streeting, inauguran la Consulta del Plan Decenal del NHS en el Centro Dockside del Servicio de Ambulancias de Londres. Fotograf\u00eda de Simon Dawson \/ n.\u00ba 10 de Downing Street.\" srcset=\"https:\/\/globalportalnews.com\/es\/wp-content\/uploads\/sites\/2\/2026\/02\/Prime_Minister_Keir_Starmer_NHS_10_Year_Plan_Consultation_in_London_United_Kingdom_on_21_October_2024_-_20-332x186.webp 332w, https:\/\/globalportalnews.com\/es\/wp-content\/uploads\/sites\/2\/2026\/02\/Prime_Minister_Keir_Starmer_NHS_10_Year_Plan_Consultation_in_London_United_Kingdom_on_21_October_2024_-_20-664x372.webp 664w, https:\/\/globalportalnews.com\/es\/wp-content\/uploads\/sites\/2\/2026\/02\/Prime_Minister_Keir_Starmer_NHS_10_Year_Plan_Consultation_in_London_United_Kingdom_on_21_October_2024_-_20-688x387.webp 688w, https:\/\/globalportalnews.com\/es\/wp-content\/uploads\/sites\/2\/2026\/02\/Prime_Minister_Keir_Starmer_NHS_10_Year_Plan_Consultation_in_London_United_Kingdom_on_21_October_2024_-_20-1044x587.webp 1044w\" sizes=\"(max-width: 332px) 100vw, 332px\" \/>\t\t\t\t<\/div>\r\n\r\n\t\t\t\t\r\n\t\t\t\t\r\n\t\t\t\t<a href=\"https:\/\/globalportalnews.com\/es\/noticias-politica-uk\/el-gobierno-britanico-pide-cautela-tras-la-filtracion-de-mensajes-de-wes-streeting-con-peter-mandelson-en-plena-crisis-politica\/\" class=\"cs-overlay-link\" title=\"El Gobierno brit\u00e1nico pide cautela tras la filtraci\u00f3n de mensajes de Wes Streeting con Peter Mandelson en plena crisis pol\u00edtica\"><\/a>\r\n\t\t\t<\/div>\r\n\t\t\r\n\t\t<div class=\"cs-entry__inner cs-entry__content-wrapper\">\r\n\t\t\t<div class=\"cs-entry__content\">\r\n\r\n\t\t\t\t\r\n\t\t\t\t<h2 class=\"cs-entry__title\"><a href=\"https:\/\/globalportalnews.com\/es\/noticias-politica-uk\/el-gobierno-britanico-pide-cautela-tras-la-filtracion-de-mensajes-de-wes-streeting-con-peter-mandelson-en-plena-crisis-politica\/\">El Gobierno brit\u00e1nico pide cautela tras la filtraci\u00f3n de mensajes de Wes Streeting con Peter Mandelson en plena crisis pol\u00edtica<\/a><\/h2>\r\n\t\t\t\t\r\n\t\t\t\t\t\t\t<\/div>\r\n\t\t<\/div>\r\n\r\n\t<\/div>\r\n<\/article>\r\n\r\n\r\n<article class=\"post-2823 post type-post status-publish format-standard has-post-thumbnail category-noticias-politica-uk tag-keir-starmer cs-entry cs-video-wrap\">\r\n\t<div class=\"cs-entry__outer cs-entry__outer-small cs-entry__outer-thumbnail-left cs-entry__outer-accent\">\r\n\r\n\t\t\t\t\t<div class=\"cs-entry__inner cs-entry__overlay cs-entry__thumbnail cs-overlay-ratio cs-ratio-square\">\r\n\r\n\t\t\t\t<div class=\"cs-overlay-background\">\r\n\t\t\t\t\t<img loading=\"lazy\" decoding=\"async\" width=\"332\" height=\"187\" src=\"https:\/\/globalportalnews.com\/es\/wp-content\/uploads\/sites\/2\/2026\/02\/Wes_Streeting_Official_Cabinet_Portrait_July_2024-332x187.webp\" class=\"attachment-csco-thumbnail-uncropped size-csco-thumbnail-uncropped wp-post-image\" alt=\"Retrato oficial del gabinete de West Streeting, julio 2024\" srcset=\"https:\/\/globalportalnews.com\/es\/wp-content\/uploads\/sites\/2\/2026\/02\/Wes_Streeting_Official_Cabinet_Portrait_July_2024-332x187.webp 332w, https:\/\/globalportalnews.com\/es\/wp-content\/uploads\/sites\/2\/2026\/02\/Wes_Streeting_Official_Cabinet_Portrait_July_2024-300x169.webp 300w, https:\/\/globalportalnews.com\/es\/wp-content\/uploads\/sites\/2\/2026\/02\/Wes_Streeting_Official_Cabinet_Portrait_July_2024-1024x576.webp 1024w, https:\/\/globalportalnews.com\/es\/wp-content\/uploads\/sites\/2\/2026\/02\/Wes_Streeting_Official_Cabinet_Portrait_July_2024-768x432.webp 768w, https:\/\/globalportalnews.com\/es\/wp-content\/uploads\/sites\/2\/2026\/02\/Wes_Streeting_Official_Cabinet_Portrait_July_2024-1536x864.webp 1536w, https:\/\/globalportalnews.com\/es\/wp-content\/uploads\/sites\/2\/2026\/02\/Wes_Streeting_Official_Cabinet_Portrait_July_2024-664x374.webp 664w, https:\/\/globalportalnews.com\/es\/wp-content\/uploads\/sites\/2\/2026\/02\/Wes_Streeting_Official_Cabinet_Portrait_July_2024-688x387.webp 688w, https:\/\/globalportalnews.com\/es\/wp-content\/uploads\/sites\/2\/2026\/02\/Wes_Streeting_Official_Cabinet_Portrait_July_2024-1376x774.webp 1376w, https:\/\/globalportalnews.com\/es\/wp-content\/uploads\/sites\/2\/2026\/02\/Wes_Streeting_Official_Cabinet_Portrait_July_2024-1044x587.webp 1044w, https:\/\/globalportalnews.com\/es\/wp-content\/uploads\/sites\/2\/2026\/02\/Wes_Streeting_Official_Cabinet_Portrait_July_2024-1400x788.webp 1400w, https:\/\/globalportalnews.com\/es\/wp-content\/uploads\/sites\/2\/2026\/02\/Wes_Streeting_Official_Cabinet_Portrait_July_2024.webp 1920w\" sizes=\"(max-width: 332px) 100vw, 332px\" \/>\t\t\t\t\t<img loading=\"lazy\" decoding=\"async\" width=\"332\" height=\"186\" src=\"https:\/\/globalportalnews.com\/es\/wp-content\/uploads\/sites\/2\/2026\/02\/Wes_Streeting_Official_Cabinet_Portrait_July_2024-332x186.webp\" class=\"attachment-csco-thumbnail size-csco-thumbnail wp-post-image\" alt=\"Retrato oficial del gabinete de West Streeting, julio 2024\" srcset=\"https:\/\/globalportalnews.com\/es\/wp-content\/uploads\/sites\/2\/2026\/02\/Wes_Streeting_Official_Cabinet_Portrait_July_2024-332x187.webp 332w, https:\/\/globalportalnews.com\/es\/wp-content\/uploads\/sites\/2\/2026\/02\/Wes_Streeting_Official_Cabinet_Portrait_July_2024-300x169.webp 300w, https:\/\/globalportalnews.com\/es\/wp-content\/uploads\/sites\/2\/2026\/02\/Wes_Streeting_Official_Cabinet_Portrait_July_2024-1024x576.webp 1024w, https:\/\/globalportalnews.com\/es\/wp-content\/uploads\/sites\/2\/2026\/02\/Wes_Streeting_Official_Cabinet_Portrait_July_2024-768x432.webp 768w, https:\/\/globalportalnews.com\/es\/wp-content\/uploads\/sites\/2\/2026\/02\/Wes_Streeting_Official_Cabinet_Portrait_July_2024-1536x864.webp 1536w, https:\/\/globalportalnews.com\/es\/wp-content\/uploads\/sites\/2\/2026\/02\/Wes_Streeting_Official_Cabinet_Portrait_July_2024-664x374.webp 664w, https:\/\/globalportalnews.com\/es\/wp-content\/uploads\/sites\/2\/2026\/02\/Wes_Streeting_Official_Cabinet_Portrait_July_2024-688x387.webp 688w, https:\/\/globalportalnews.com\/es\/wp-content\/uploads\/sites\/2\/2026\/02\/Wes_Streeting_Official_Cabinet_Portrait_July_2024-1376x774.webp 1376w, https:\/\/globalportalnews.com\/es\/wp-content\/uploads\/sites\/2\/2026\/02\/Wes_Streeting_Official_Cabinet_Portrait_July_2024-1044x587.webp 1044w, https:\/\/globalportalnews.com\/es\/wp-content\/uploads\/sites\/2\/2026\/02\/Wes_Streeting_Official_Cabinet_Portrait_July_2024-1400x788.webp 1400w, https:\/\/globalportalnews.com\/es\/wp-content\/uploads\/sites\/2\/2026\/02\/Wes_Streeting_Official_Cabinet_Portrait_July_2024.webp 1920w\" sizes=\"(max-width: 332px) 100vw, 332px\" \/>\t\t\t\t<\/div>\r\n\r\n\t\t\t\t\r\n\t\t\t\t\r\n\t\t\t\t<a href=\"https:\/\/globalportalnews.com\/es\/noticias-politica-uk\/wes-streeting-prepara-un-desafio-al-liderazgo-de-keir-starmer-tras-las-elecciones-de-mayo-en-plena-crisis-del-partido-laborista\/\" class=\"cs-overlay-link\" title=\"Wes Streeting prepara un desaf\u00edo al liderazgo de Keir Starmer tras las elecciones de mayo, en plena crisis del Partido Laborista\"><\/a>\r\n\t\t\t<\/div>\r\n\t\t\r\n\t\t<div class=\"cs-entry__inner cs-entry__content-wrapper\">\r\n\t\t\t<div class=\"cs-entry__content\">\r\n\r\n\t\t\t\t\r\n\t\t\t\t<h2 class=\"cs-entry__title\"><a href=\"https:\/\/globalportalnews.com\/es\/noticias-politica-uk\/wes-streeting-prepara-un-desafio-al-liderazgo-de-keir-starmer-tras-las-elecciones-de-mayo-en-plena-crisis-del-partido-laborista\/\">Wes Streeting prepara un desaf\u00edo al liderazgo de Keir Starmer tras las elecciones de mayo, en plena crisis del Partido Laborista<\/a><\/h2>\r\n\t\t\t\t\r\n\t\t\t\t\t\t\t<\/div>\r\n\t\t<\/div>\r\n\r\n\t<\/div>\r\n<\/article>\r\n\t\t\t\t\t\t\t<\/div>\r\n\t\t\t\t\t\t<\/div>\r\n\t\t\t\t\t<\/div>\r\n\r\n\t\t\t\t\t\r\n\t\t\t\t\t<div class=\"cs-posts-area cs-posts-area-elementor \">\r\n\t\t\t\t\t\t<div class=\"cs-posts-area__outer\">\r\n\t\t\t\t\t\t\t<div class=\"cs-posts-area__main cs-posts-area__main-divider\" data-pc=\"1\" data-lt=\"1\" data-tb=\"1\" data-mb=\"1\">\r\n\t\t\t\t\t\t\t\t\r\n\r\n<article class=\"post-5622 post type-post status-publish format-standard has-post-thumbnail category-noticias-politica-uk cs-entry cs-video-wrap\">\r\n\t<div class=\"cs-entry__outer cs-entry__outer-small cs-entry__outer-thumbnail-left cs-entry__outer-accent\">\r\n\r\n\t\t\t\t\t<div class=\"cs-entry__inner cs-entry__overlay cs-entry__thumbnail cs-overlay-ratio cs-ratio-square\">\r\n\r\n\t\t\t\t<div class=\"cs-overlay-background\">\r\n\t\t\t\t\t<img loading=\"lazy\" decoding=\"async\" width=\"332\" height=\"187\" src=\"https:\/\/globalportalnews.com\/es\/wp-content\/uploads\/sites\/2\/2026\/03\/Palace_of_Westminster_from_the_dome_on_Methodist_Central_Hall-332x187.webp\" class=\"attachment-csco-thumbnail-uncropped size-csco-thumbnail-uncropped wp-post-image\" alt=\"Palacio de Westminster (Casas del Parlamento) visto desde la c\u00fapula del Methodist Central Hall, Londres, Reino Unido.\" srcset=\"https:\/\/globalportalnews.com\/es\/wp-content\/uploads\/sites\/2\/2026\/03\/Palace_of_Westminster_from_the_dome_on_Methodist_Central_Hall-332x187.webp 332w, https:\/\/globalportalnews.com\/es\/wp-content\/uploads\/sites\/2\/2026\/03\/Palace_of_Westminster_from_the_dome_on_Methodist_Central_Hall-300x169.webp 300w, https:\/\/globalportalnews.com\/es\/wp-content\/uploads\/sites\/2\/2026\/03\/Palace_of_Westminster_from_the_dome_on_Methodist_Central_Hall-1024x576.webp 1024w, https:\/\/globalportalnews.com\/es\/wp-content\/uploads\/sites\/2\/2026\/03\/Palace_of_Westminster_from_the_dome_on_Methodist_Central_Hall-768x432.webp 768w, https:\/\/globalportalnews.com\/es\/wp-content\/uploads\/sites\/2\/2026\/03\/Palace_of_Westminster_from_the_dome_on_Methodist_Central_Hall-1536x864.webp 1536w, https:\/\/globalportalnews.com\/es\/wp-content\/uploads\/sites\/2\/2026\/03\/Palace_of_Westminster_from_the_dome_on_Methodist_Central_Hall-664x374.webp 664w, https:\/\/globalportalnews.com\/es\/wp-content\/uploads\/sites\/2\/2026\/03\/Palace_of_Westminster_from_the_dome_on_Methodist_Central_Hall-688x387.webp 688w, https:\/\/globalportalnews.com\/es\/wp-content\/uploads\/sites\/2\/2026\/03\/Palace_of_Westminster_from_the_dome_on_Methodist_Central_Hall-1376x774.webp 1376w, https:\/\/globalportalnews.com\/es\/wp-content\/uploads\/sites\/2\/2026\/03\/Palace_of_Westminster_from_the_dome_on_Methodist_Central_Hall-1044x587.webp 1044w, https:\/\/globalportalnews.com\/es\/wp-content\/uploads\/sites\/2\/2026\/03\/Palace_of_Westminster_from_the_dome_on_Methodist_Central_Hall-1400x788.webp 1400w, https:\/\/globalportalnews.com\/es\/wp-content\/uploads\/sites\/2\/2026\/03\/Palace_of_Westminster_from_the_dome_on_Methodist_Central_Hall.webp 1920w\" sizes=\"(max-width: 332px) 100vw, 332px\" \/>\t\t\t\t\t<img loading=\"lazy\" decoding=\"async\" width=\"332\" height=\"186\" src=\"https:\/\/globalportalnews.com\/es\/wp-content\/uploads\/sites\/2\/2026\/03\/Palace_of_Westminster_from_the_dome_on_Methodist_Central_Hall-332x186.webp\" class=\"attachment-csco-thumbnail size-csco-thumbnail wp-post-image\" alt=\"Palacio de Westminster (Casas del Parlamento) visto desde la c\u00fapula del Methodist Central Hall, Londres, Reino Unido.\" srcset=\"https:\/\/globalportalnews.com\/es\/wp-content\/uploads\/sites\/2\/2026\/03\/Palace_of_Westminster_from_the_dome_on_Methodist_Central_Hall-332x187.webp 332w, https:\/\/globalportalnews.com\/es\/wp-content\/uploads\/sites\/2\/2026\/03\/Palace_of_Westminster_from_the_dome_on_Methodist_Central_Hall-300x169.webp 300w, https:\/\/globalportalnews.com\/es\/wp-content\/uploads\/sites\/2\/2026\/03\/Palace_of_Westminster_from_the_dome_on_Methodist_Central_Hall-1024x576.webp 1024w, https:\/\/globalportalnews.com\/es\/wp-content\/uploads\/sites\/2\/2026\/03\/Palace_of_Westminster_from_the_dome_on_Methodist_Central_Hall-768x432.webp 768w, https:\/\/globalportalnews.com\/es\/wp-content\/uploads\/sites\/2\/2026\/03\/Palace_of_Westminster_from_the_dome_on_Methodist_Central_Hall-1536x864.webp 1536w, https:\/\/globalportalnews.com\/es\/wp-content\/uploads\/sites\/2\/2026\/03\/Palace_of_Westminster_from_the_dome_on_Methodist_Central_Hall-664x374.webp 664w, https:\/\/globalportalnews.com\/es\/wp-content\/uploads\/sites\/2\/2026\/03\/Palace_of_Westminster_from_the_dome_on_Methodist_Central_Hall-688x387.webp 688w, https:\/\/globalportalnews.com\/es\/wp-content\/uploads\/sites\/2\/2026\/03\/Palace_of_Westminster_from_the_dome_on_Methodist_Central_Hall-1376x774.webp 1376w, https:\/\/globalportalnews.com\/es\/wp-content\/uploads\/sites\/2\/2026\/03\/Palace_of_Westminster_from_the_dome_on_Methodist_Central_Hall-1044x587.webp 1044w, https:\/\/globalportalnews.com\/es\/wp-content\/uploads\/sites\/2\/2026\/03\/Palace_of_Westminster_from_the_dome_on_Methodist_Central_Hall-1400x788.webp 1400w, https:\/\/globalportalnews.com\/es\/wp-content\/uploads\/sites\/2\/2026\/03\/Palace_of_Westminster_from_the_dome_on_Methodist_Central_Hall.webp 1920w\" sizes=\"(max-width: 332px) 100vw, 332px\" \/>\t\t\t\t<\/div>\r\n\r\n\t\t\t\t\r\n\t\t\t\t\r\n\t\t\t\t<a href=\"https:\/\/globalportalnews.com\/es\/noticias-politica-uk\/elecciones-makerfield-2026-candidatos-lista-completa\/\" class=\"cs-overlay-link\" title=\"Lista completa de candidatos de las elecciones parciales de Makerfield y qu\u00e9 propone cada uno\"><\/a>\r\n\t\t\t<\/div>\r\n\t\t\r\n\t\t<div class=\"cs-entry__inner cs-entry__content-wrapper\">\r\n\t\t\t<div class=\"cs-entry__content\">\r\n\r\n\t\t\t\t\r\n\t\t\t\t<h2 class=\"cs-entry__title\"><a href=\"https:\/\/globalportalnews.com\/es\/noticias-politica-uk\/elecciones-makerfield-2026-candidatos-lista-completa\/\">Lista completa de candidatos de las elecciones parciales de Makerfield y qu\u00e9 propone cada uno<\/a><\/h2>\r\n\t\t\t\t\r\n\t\t\t\t\t\t\t<\/div>\r\n\t\t<\/div>\r\n\r\n\t<\/div>\r\n<\/article>\r\n\r\n\r\n<article class=\"post-5598 post type-post status-publish format-standard has-post-thumbnail category-noticias-politica-uk tag-keir-starmer cs-entry cs-video-wrap\">\r\n\t<div class=\"cs-entry__outer cs-entry__outer-small cs-entry__outer-thumbnail-left cs-entry__outer-accent\">\r\n\r\n\t\t\t\t\t<div class=\"cs-entry__inner cs-entry__overlay cs-entry__thumbnail cs-overlay-ratio cs-ratio-square\">\r\n\r\n\t\t\t\t<div class=\"cs-overlay-background\">\r\n\t\t\t\t\t<img loading=\"lazy\" decoding=\"async\" width=\"332\" height=\"187\" src=\"https:\/\/globalportalnews.com\/es\/wp-content\/uploads\/sites\/2\/2026\/03\/Prime_Minister_Keir_Starmer_visit_to_Akrotiri-332x187.webp\" class=\"attachment-csco-thumbnail-uncropped size-csco-thumbnail-uncropped wp-post-image\" alt=\"Limmasol, Reino Unido. El primer ministro Keir Starmer se re\u00fane con las tropas durante su visita a la RAF Akrotiri en Chipre.\" srcset=\"https:\/\/globalportalnews.com\/es\/wp-content\/uploads\/sites\/2\/2026\/03\/Prime_Minister_Keir_Starmer_visit_to_Akrotiri-332x187.webp 332w, https:\/\/globalportalnews.com\/es\/wp-content\/uploads\/sites\/2\/2026\/03\/Prime_Minister_Keir_Starmer_visit_to_Akrotiri-300x169.webp 300w, https:\/\/globalportalnews.com\/es\/wp-content\/uploads\/sites\/2\/2026\/03\/Prime_Minister_Keir_Starmer_visit_to_Akrotiri-1024x576.webp 1024w, https:\/\/globalportalnews.com\/es\/wp-content\/uploads\/sites\/2\/2026\/03\/Prime_Minister_Keir_Starmer_visit_to_Akrotiri-768x432.webp 768w, https:\/\/globalportalnews.com\/es\/wp-content\/uploads\/sites\/2\/2026\/03\/Prime_Minister_Keir_Starmer_visit_to_Akrotiri-1536x864.webp 1536w, https:\/\/globalportalnews.com\/es\/wp-content\/uploads\/sites\/2\/2026\/03\/Prime_Minister_Keir_Starmer_visit_to_Akrotiri-664x374.webp 664w, https:\/\/globalportalnews.com\/es\/wp-content\/uploads\/sites\/2\/2026\/03\/Prime_Minister_Keir_Starmer_visit_to_Akrotiri-688x387.webp 688w, https:\/\/globalportalnews.com\/es\/wp-content\/uploads\/sites\/2\/2026\/03\/Prime_Minister_Keir_Starmer_visit_to_Akrotiri-1376x774.webp 1376w, https:\/\/globalportalnews.com\/es\/wp-content\/uploads\/sites\/2\/2026\/03\/Prime_Minister_Keir_Starmer_visit_to_Akrotiri-1044x587.webp 1044w, https:\/\/globalportalnews.com\/es\/wp-content\/uploads\/sites\/2\/2026\/03\/Prime_Minister_Keir_Starmer_visit_to_Akrotiri-1400x788.webp 1400w, https:\/\/globalportalnews.com\/es\/wp-content\/uploads\/sites\/2\/2026\/03\/Prime_Minister_Keir_Starmer_visit_to_Akrotiri.webp 1920w\" sizes=\"(max-width: 332px) 100vw, 332px\" \/>\t\t\t\t\t<img loading=\"lazy\" decoding=\"async\" width=\"332\" height=\"186\" src=\"https:\/\/globalportalnews.com\/es\/wp-content\/uploads\/sites\/2\/2026\/03\/Prime_Minister_Keir_Starmer_visit_to_Akrotiri-332x186.webp\" class=\"attachment-csco-thumbnail size-csco-thumbnail wp-post-image\" alt=\"Limmasol, Reino Unido. El primer ministro Keir Starmer se re\u00fane con las tropas durante su visita a la RAF Akrotiri en Chipre.\" srcset=\"https:\/\/globalportalnews.com\/es\/wp-content\/uploads\/sites\/2\/2026\/03\/Prime_Minister_Keir_Starmer_visit_to_Akrotiri-332x187.webp 332w, https:\/\/globalportalnews.com\/es\/wp-content\/uploads\/sites\/2\/2026\/03\/Prime_Minister_Keir_Starmer_visit_to_Akrotiri-300x169.webp 300w, https:\/\/globalportalnews.com\/es\/wp-content\/uploads\/sites\/2\/2026\/03\/Prime_Minister_Keir_Starmer_visit_to_Akrotiri-1024x576.webp 1024w, https:\/\/globalportalnews.com\/es\/wp-content\/uploads\/sites\/2\/2026\/03\/Prime_Minister_Keir_Starmer_visit_to_Akrotiri-768x432.webp 768w, https:\/\/globalportalnews.com\/es\/wp-content\/uploads\/sites\/2\/2026\/03\/Prime_Minister_Keir_Starmer_visit_to_Akrotiri-1536x864.webp 1536w, https:\/\/globalportalnews.com\/es\/wp-content\/uploads\/sites\/2\/2026\/03\/Prime_Minister_Keir_Starmer_visit_to_Akrotiri-664x374.webp 664w, https:\/\/globalportalnews.com\/es\/wp-content\/uploads\/sites\/2\/2026\/03\/Prime_Minister_Keir_Starmer_visit_to_Akrotiri-688x387.webp 688w, https:\/\/globalportalnews.com\/es\/wp-content\/uploads\/sites\/2\/2026\/03\/Prime_Minister_Keir_Starmer_visit_to_Akrotiri-1376x774.webp 1376w, https:\/\/globalportalnews.com\/es\/wp-content\/uploads\/sites\/2\/2026\/03\/Prime_Minister_Keir_Starmer_visit_to_Akrotiri-1044x587.webp 1044w, https:\/\/globalportalnews.com\/es\/wp-content\/uploads\/sites\/2\/2026\/03\/Prime_Minister_Keir_Starmer_visit_to_Akrotiri-1400x788.webp 1400w, https:\/\/globalportalnews.com\/es\/wp-content\/uploads\/sites\/2\/2026\/03\/Prime_Minister_Keir_Starmer_visit_to_Akrotiri.webp 1920w\" sizes=\"(max-width: 332px) 100vw, 332px\" \/>\t\t\t\t<\/div>\r\n\r\n\t\t\t\t\r\n\t\t\t\t\r\n\t\t\t\t<a href=\"https:\/\/globalportalnews.com\/es\/noticias-politica-uk\/rusia-ataques-keir-starmer-sabotaje-propaganda-bbc\/\" class=\"cs-overlay-link\" title=\"Rusia detr\u00e1s de los ataques contra Keir Starmer, la investigaci\u00f3n de la BBC revela una red de sabotaje y propaganda\"><\/a>\r\n\t\t\t<\/div>\r\n\t\t\r\n\t\t<div class=\"cs-entry__inner cs-entry__content-wrapper\">\r\n\t\t\t<div class=\"cs-entry__content\">\r\n\r\n\t\t\t\t\r\n\t\t\t\t<h2 class=\"cs-entry__title\"><a href=\"https:\/\/globalportalnews.com\/es\/noticias-politica-uk\/rusia-ataques-keir-starmer-sabotaje-propaganda-bbc\/\">Rusia detr\u00e1s de los ataques contra Keir Starmer, la investigaci\u00f3n de la BBC revela una red de sabotaje y propaganda<\/a><\/h2>\r\n\t\t\t\t\r\n\t\t\t\t\t\t\t<\/div>\r\n\t\t<\/div>\r\n\r\n\t<\/div>\r\n<\/article>\r\n\r\n\r\n<article class=\"post-5578 post type-post status-publish format-standard has-post-thumbnail category-noticias-uk cs-entry cs-video-wrap\">\r\n\t<div class=\"cs-entry__outer cs-entry__outer-small cs-entry__outer-thumbnail-left cs-entry__outer-accent\">\r\n\r\n\t\t\t\t\t<div class=\"cs-entry__inner cs-entry__overlay cs-entry__thumbnail cs-overlay-ratio cs-ratio-square\">\r\n\r\n\t\t\t\t<div class=\"cs-overlay-background\">\r\n\t\t\t\t\t<img loading=\"lazy\" decoding=\"async\" width=\"332\" height=\"187\" src=\"https:\/\/globalportalnews.com\/es\/wp-content\/uploads\/sites\/2\/2026\/06\/2-8a_Rutland_Gate-332x187.webp\" class=\"attachment-csco-thumbnail-uncropped size-csco-thumbnail-uncropped wp-post-image\" alt=\"2-8a Rutland Gate in Kinghtsbridge, London.\" srcset=\"https:\/\/globalportalnews.com\/es\/wp-content\/uploads\/sites\/2\/2026\/06\/2-8a_Rutland_Gate-332x187.webp 332w, https:\/\/globalportalnews.com\/es\/wp-content\/uploads\/sites\/2\/2026\/06\/2-8a_Rutland_Gate-300x169.webp 300w, https:\/\/globalportalnews.com\/es\/wp-content\/uploads\/sites\/2\/2026\/06\/2-8a_Rutland_Gate-1024x576.webp 1024w, https:\/\/globalportalnews.com\/es\/wp-content\/uploads\/sites\/2\/2026\/06\/2-8a_Rutland_Gate-768x432.webp 768w, https:\/\/globalportalnews.com\/es\/wp-content\/uploads\/sites\/2\/2026\/06\/2-8a_Rutland_Gate-1536x864.webp 1536w, https:\/\/globalportalnews.com\/es\/wp-content\/uploads\/sites\/2\/2026\/06\/2-8a_Rutland_Gate-664x374.webp 664w, https:\/\/globalportalnews.com\/es\/wp-content\/uploads\/sites\/2\/2026\/06\/2-8a_Rutland_Gate-688x387.webp 688w, https:\/\/globalportalnews.com\/es\/wp-content\/uploads\/sites\/2\/2026\/06\/2-8a_Rutland_Gate-1376x774.webp 1376w, https:\/\/globalportalnews.com\/es\/wp-content\/uploads\/sites\/2\/2026\/06\/2-8a_Rutland_Gate-1044x587.webp 1044w, https:\/\/globalportalnews.com\/es\/wp-content\/uploads\/sites\/2\/2026\/06\/2-8a_Rutland_Gate-1400x788.webp 1400w, https:\/\/globalportalnews.com\/es\/wp-content\/uploads\/sites\/2\/2026\/06\/2-8a_Rutland_Gate.webp 1920w\" sizes=\"(max-width: 332px) 100vw, 332px\" \/>\t\t\t\t\t<img loading=\"lazy\" decoding=\"async\" width=\"332\" height=\"186\" src=\"https:\/\/globalportalnews.com\/es\/wp-content\/uploads\/sites\/2\/2026\/06\/2-8a_Rutland_Gate-332x186.webp\" class=\"attachment-csco-thumbnail size-csco-thumbnail wp-post-image\" alt=\"2-8a Rutland Gate in Kinghtsbridge, London.\" srcset=\"https:\/\/globalportalnews.com\/es\/wp-content\/uploads\/sites\/2\/2026\/06\/2-8a_Rutland_Gate-332x187.webp 332w, https:\/\/globalportalnews.com\/es\/wp-content\/uploads\/sites\/2\/2026\/06\/2-8a_Rutland_Gate-300x169.webp 300w, https:\/\/globalportalnews.com\/es\/wp-content\/uploads\/sites\/2\/2026\/06\/2-8a_Rutland_Gate-1024x576.webp 1024w, https:\/\/globalportalnews.com\/es\/wp-content\/uploads\/sites\/2\/2026\/06\/2-8a_Rutland_Gate-768x432.webp 768w, https:\/\/globalportalnews.com\/es\/wp-content\/uploads\/sites\/2\/2026\/06\/2-8a_Rutland_Gate-1536x864.webp 1536w, https:\/\/globalportalnews.com\/es\/wp-content\/uploads\/sites\/2\/2026\/06\/2-8a_Rutland_Gate-664x374.webp 664w, https:\/\/globalportalnews.com\/es\/wp-content\/uploads\/sites\/2\/2026\/06\/2-8a_Rutland_Gate-688x387.webp 688w, https:\/\/globalportalnews.com\/es\/wp-content\/uploads\/sites\/2\/2026\/06\/2-8a_Rutland_Gate-1376x774.webp 1376w, https:\/\/globalportalnews.com\/es\/wp-content\/uploads\/sites\/2\/2026\/06\/2-8a_Rutland_Gate-1044x587.webp 1044w, https:\/\/globalportalnews.com\/es\/wp-content\/uploads\/sites\/2\/2026\/06\/2-8a_Rutland_Gate-1400x788.webp 1400w, https:\/\/globalportalnews.com\/es\/wp-content\/uploads\/sites\/2\/2026\/06\/2-8a_Rutland_Gate.webp 1920w\" sizes=\"(max-width: 332px) 100vw, 332px\" \/>\t\t\t\t<\/div>\r\n\r\n\t\t\t\t\r\n\t\t\t\t\r\n\t\t\t\t<a href=\"https:\/\/globalportalnews.com\/es\/noticias-uk\/rutland-gate-mansion-vacia-londres-crisis-vivienda\/\" class=\"cs-overlay-link\" title=\"La mansi\u00f3n m\u00e1s cara de Reino Unido lleva a\u00f1os vac\u00eda mientras un hombre sin hogar vive en su portal\"><\/a>\r\n\t\t\t<\/div>\r\n\t\t\r\n\t\t<div class=\"cs-entry__inner cs-entry__content-wrapper\">\r\n\t\t\t<div class=\"cs-entry__content\">\r\n\r\n\t\t\t\t\r\n\t\t\t\t<h2 class=\"cs-entry__title\"><a href=\"https:\/\/globalportalnews.com\/es\/noticias-uk\/rutland-gate-mansion-vacia-londres-crisis-vivienda\/\">La mansi\u00f3n m\u00e1s cara de Reino Unido lleva a\u00f1os vac\u00eda mientras un hombre sin hogar vive en su portal<\/a><\/h2>\r\n\t\t\t\t\r\n\t\t\t\t\t\t\t<\/div>\r\n\t\t<\/div>\r\n\r\n\t<\/div>\r\n<\/article>\r\n\r\n\r\n<article class=\"post-5568 post type-post status-publish format-standard has-post-thumbnail category-noticias-uk cs-entry cs-video-wrap\">\r\n\t<div class=\"cs-entry__outer cs-entry__outer-small cs-entry__outer-thumbnail-left cs-entry__outer-accent\">\r\n\r\n\t\t\t\t\t<div class=\"cs-entry__inner cs-entry__overlay cs-entry__thumbnail cs-overlay-ratio cs-ratio-square\">\r\n\r\n\t\t\t\t<div class=\"cs-overlay-background\">\r\n\t\t\t\t\t<img loading=\"lazy\" decoding=\"async\" width=\"332\" height=\"187\" src=\"https:\/\/globalportalnews.com\/es\/wp-content\/uploads\/sites\/2\/2025\/04\/clase_trabajadora_britanica-332x187.webp\" class=\"attachment-csco-thumbnail-uncropped size-csco-thumbnail-uncropped wp-post-image\" alt=\"clase trabajadora britanica\" srcset=\"https:\/\/globalportalnews.com\/es\/wp-content\/uploads\/sites\/2\/2025\/04\/clase_trabajadora_britanica-332x187.webp 332w, https:\/\/globalportalnews.com\/es\/wp-content\/uploads\/sites\/2\/2025\/04\/clase_trabajadora_britanica-300x169.webp 300w, https:\/\/globalportalnews.com\/es\/wp-content\/uploads\/sites\/2\/2025\/04\/clase_trabajadora_britanica-1024x576.webp 1024w, https:\/\/globalportalnews.com\/es\/wp-content\/uploads\/sites\/2\/2025\/04\/clase_trabajadora_britanica-768x432.webp 768w, https:\/\/globalportalnews.com\/es\/wp-content\/uploads\/sites\/2\/2025\/04\/clase_trabajadora_britanica-1536x864.webp 1536w, https:\/\/globalportalnews.com\/es\/wp-content\/uploads\/sites\/2\/2025\/04\/clase_trabajadora_britanica-664x374.webp 664w, https:\/\/globalportalnews.com\/es\/wp-content\/uploads\/sites\/2\/2025\/04\/clase_trabajadora_britanica-688x387.webp 688w, https:\/\/globalportalnews.com\/es\/wp-content\/uploads\/sites\/2\/2025\/04\/clase_trabajadora_britanica-1376x774.webp 1376w, https:\/\/globalportalnews.com\/es\/wp-content\/uploads\/sites\/2\/2025\/04\/clase_trabajadora_britanica-1044x587.webp 1044w, https:\/\/globalportalnews.com\/es\/wp-content\/uploads\/sites\/2\/2025\/04\/clase_trabajadora_britanica-1400x788.webp 1400w, https:\/\/globalportalnews.com\/es\/wp-content\/uploads\/sites\/2\/2025\/04\/clase_trabajadora_britanica.webp 1920w\" sizes=\"(max-width: 332px) 100vw, 332px\" \/>\t\t\t\t\t<img loading=\"lazy\" decoding=\"async\" width=\"332\" height=\"186\" src=\"https:\/\/globalportalnews.com\/es\/wp-content\/uploads\/sites\/2\/2025\/04\/clase_trabajadora_britanica-332x186.webp\" class=\"attachment-csco-thumbnail size-csco-thumbnail wp-post-image\" alt=\"clase trabajadora britanica\" srcset=\"https:\/\/globalportalnews.com\/es\/wp-content\/uploads\/sites\/2\/2025\/04\/clase_trabajadora_britanica-332x187.webp 332w, https:\/\/globalportalnews.com\/es\/wp-content\/uploads\/sites\/2\/2025\/04\/clase_trabajadora_britanica-300x169.webp 300w, https:\/\/globalportalnews.com\/es\/wp-content\/uploads\/sites\/2\/2025\/04\/clase_trabajadora_britanica-1024x576.webp 1024w, https:\/\/globalportalnews.com\/es\/wp-content\/uploads\/sites\/2\/2025\/04\/clase_trabajadora_britanica-768x432.webp 768w, https:\/\/globalportalnews.com\/es\/wp-content\/uploads\/sites\/2\/2025\/04\/clase_trabajadora_britanica-1536x864.webp 1536w, https:\/\/globalportalnews.com\/es\/wp-content\/uploads\/sites\/2\/2025\/04\/clase_trabajadora_britanica-664x374.webp 664w, https:\/\/globalportalnews.com\/es\/wp-content\/uploads\/sites\/2\/2025\/04\/clase_trabajadora_britanica-688x387.webp 688w, https:\/\/globalportalnews.com\/es\/wp-content\/uploads\/sites\/2\/2025\/04\/clase_trabajadora_britanica-1376x774.webp 1376w, https:\/\/globalportalnews.com\/es\/wp-content\/uploads\/sites\/2\/2025\/04\/clase_trabajadora_britanica-1044x587.webp 1044w, https:\/\/globalportalnews.com\/es\/wp-content\/uploads\/sites\/2\/2025\/04\/clase_trabajadora_britanica-1400x788.webp 1400w, https:\/\/globalportalnews.com\/es\/wp-content\/uploads\/sites\/2\/2025\/04\/clase_trabajadora_britanica.webp 1920w\" sizes=\"(max-width: 332px) 100vw, 332px\" \/>\t\t\t\t<\/div>\r\n\r\n\t\t\t\t\r\n\t\t\t\t\r\n\t\t\t\t<a href=\"https:\/\/globalportalnews.com\/es\/noticias-uk\/que-es-cuckooing-reino-unido-delito-2026\/\" class=\"cs-overlay-link\" title=\"Qu\u00e9 es el \u201ccuckooing\u201d, la peligrosa pr\u00e1ctica con la que bandas criminales toman viviendas en Reino Unido y que ser\u00e1 delito en 2026\"><\/a>\r\n\t\t\t<\/div>\r\n\t\t\r\n\t\t<div class=\"cs-entry__inner cs-entry__content-wrapper\">\r\n\t\t\t<div class=\"cs-entry__content\">\r\n\r\n\t\t\t\t\r\n\t\t\t\t<h2 class=\"cs-entry__title\"><a href=\"https:\/\/globalportalnews.com\/es\/noticias-uk\/que-es-cuckooing-reino-unido-delito-2026\/\">Qu\u00e9 es el \u201ccuckooing\u201d, la peligrosa pr\u00e1ctica con la que bandas criminales toman viviendas en Reino Unido y que ser\u00e1 delito en 2026<\/a><\/h2>\r\n\t\t\t\t\r\n\t\t\t\t\t\t\t<\/div>\r\n\t\t<\/div>\r\n\r\n\t<\/div>\r\n<\/article>\r\n\r\n\r\n<article class=\"post-5547 post type-post status-publish format-standard has-post-thumbnail category-noticias-politica-uk tag-keir-starmer cs-entry cs-video-wrap\">\r\n\t<div class=\"cs-entry__outer cs-entry__outer-small cs-entry__outer-thumbnail-left cs-entry__outer-accent\">\r\n\r\n\t\t\t\t\t<div class=\"cs-entry__inner cs-entry__overlay cs-entry__thumbnail cs-overlay-ratio cs-ratio-square\">\r\n\r\n\t\t\t\t<div class=\"cs-overlay-background\">\r\n\t\t\t\t\t<img loading=\"lazy\" decoding=\"async\" width=\"332\" height=\"187\" src=\"https:\/\/globalportalnews.com\/es\/wp-content\/uploads\/sites\/2\/2026\/02\/Keir_starmer_in_downing_st_on_day_of_election_with_supporters_in_background-332x187.webp\" class=\"attachment-csco-thumbnail-uncropped size-csco-thumbnail-uncropped wp-post-image\" alt=\"Keir Starmer pronuncia su primer discurso como Primer Ministro desde Downing Street.\" srcset=\"https:\/\/globalportalnews.com\/es\/wp-content\/uploads\/sites\/2\/2026\/02\/Keir_starmer_in_downing_st_on_day_of_election_with_supporters_in_background-332x187.webp 332w, https:\/\/globalportalnews.com\/es\/wp-content\/uploads\/sites\/2\/2026\/02\/Keir_starmer_in_downing_st_on_day_of_election_with_supporters_in_background-300x169.webp 300w, https:\/\/globalportalnews.com\/es\/wp-content\/uploads\/sites\/2\/2026\/02\/Keir_starmer_in_downing_st_on_day_of_election_with_supporters_in_background-1024x576.webp 1024w, https:\/\/globalportalnews.com\/es\/wp-content\/uploads\/sites\/2\/2026\/02\/Keir_starmer_in_downing_st_on_day_of_election_with_supporters_in_background-768x432.webp 768w, https:\/\/globalportalnews.com\/es\/wp-content\/uploads\/sites\/2\/2026\/02\/Keir_starmer_in_downing_st_on_day_of_election_with_supporters_in_background-1536x864.webp 1536w, https:\/\/globalportalnews.com\/es\/wp-content\/uploads\/sites\/2\/2026\/02\/Keir_starmer_in_downing_st_on_day_of_election_with_supporters_in_background-664x374.webp 664w, https:\/\/globalportalnews.com\/es\/wp-content\/uploads\/sites\/2\/2026\/02\/Keir_starmer_in_downing_st_on_day_of_election_with_supporters_in_background-688x387.webp 688w, https:\/\/globalportalnews.com\/es\/wp-content\/uploads\/sites\/2\/2026\/02\/Keir_starmer_in_downing_st_on_day_of_election_with_supporters_in_background-1376x774.webp 1376w, https:\/\/globalportalnews.com\/es\/wp-content\/uploads\/sites\/2\/2026\/02\/Keir_starmer_in_downing_st_on_day_of_election_with_supporters_in_background-1044x587.webp 1044w, https:\/\/globalportalnews.com\/es\/wp-content\/uploads\/sites\/2\/2026\/02\/Keir_starmer_in_downing_st_on_day_of_election_with_supporters_in_background-1400x788.webp 1400w, https:\/\/globalportalnews.com\/es\/wp-content\/uploads\/sites\/2\/2026\/02\/Keir_starmer_in_downing_st_on_day_of_election_with_supporters_in_background.webp 1920w\" sizes=\"(max-width: 332px) 100vw, 332px\" \/>\t\t\t\t\t<img loading=\"lazy\" decoding=\"async\" width=\"332\" height=\"186\" src=\"https:\/\/globalportalnews.com\/es\/wp-content\/uploads\/sites\/2\/2026\/02\/Keir_starmer_in_downing_st_on_day_of_election_with_supporters_in_background-332x186.webp\" class=\"attachment-csco-thumbnail size-csco-thumbnail wp-post-image\" alt=\"Keir Starmer pronuncia su primer discurso como Primer Ministro desde Downing Street.\" srcset=\"https:\/\/globalportalnews.com\/es\/wp-content\/uploads\/sites\/2\/2026\/02\/Keir_starmer_in_downing_st_on_day_of_election_with_supporters_in_background-332x187.webp 332w, https:\/\/globalportalnews.com\/es\/wp-content\/uploads\/sites\/2\/2026\/02\/Keir_starmer_in_downing_st_on_day_of_election_with_supporters_in_background-300x169.webp 300w, https:\/\/globalportalnews.com\/es\/wp-content\/uploads\/sites\/2\/2026\/02\/Keir_starmer_in_downing_st_on_day_of_election_with_supporters_in_background-1024x576.webp 1024w, https:\/\/globalportalnews.com\/es\/wp-content\/uploads\/sites\/2\/2026\/02\/Keir_starmer_in_downing_st_on_day_of_election_with_supporters_in_background-768x432.webp 768w, https:\/\/globalportalnews.com\/es\/wp-content\/uploads\/sites\/2\/2026\/02\/Keir_starmer_in_downing_st_on_day_of_election_with_supporters_in_background-1536x864.webp 1536w, https:\/\/globalportalnews.com\/es\/wp-content\/uploads\/sites\/2\/2026\/02\/Keir_starmer_in_downing_st_on_day_of_election_with_supporters_in_background-664x374.webp 664w, https:\/\/globalportalnews.com\/es\/wp-content\/uploads\/sites\/2\/2026\/02\/Keir_starmer_in_downing_st_on_day_of_election_with_supporters_in_background-688x387.webp 688w, https:\/\/globalportalnews.com\/es\/wp-content\/uploads\/sites\/2\/2026\/02\/Keir_starmer_in_downing_st_on_day_of_election_with_supporters_in_background-1376x774.webp 1376w, https:\/\/globalportalnews.com\/es\/wp-content\/uploads\/sites\/2\/2026\/02\/Keir_starmer_in_downing_st_on_day_of_election_with_supporters_in_background-1044x587.webp 1044w, https:\/\/globalportalnews.com\/es\/wp-content\/uploads\/sites\/2\/2026\/02\/Keir_starmer_in_downing_st_on_day_of_election_with_supporters_in_background-1400x788.webp 1400w, https:\/\/globalportalnews.com\/es\/wp-content\/uploads\/sites\/2\/2026\/02\/Keir_starmer_in_downing_st_on_day_of_election_with_supporters_in_background.webp 1920w\" sizes=\"(max-width: 332px) 100vw, 332px\" \/>\t\t\t\t<\/div>\r\n\r\n\t\t\t\t\r\n\t\t\t\t\r\n\t\t\t\t<a href=\"https:\/\/globalportalnews.com\/es\/noticias-politica-uk\/starmer-bloqueo-contenido-explicito-menores-moviles\/\" class=\"cs-overlay-link\" title=\"Starmer da un ultim\u00e1tum a las tecnol\u00f3gicas para bloquear contenido expl\u00edcito en m\u00f3viles de menores en tres meses\"><\/a>\r\n\t\t\t<\/div>\r\n\t\t\r\n\t\t<div class=\"cs-entry__inner cs-entry__content-wrapper\">\r\n\t\t\t<div class=\"cs-entry__content\">\r\n\r\n\t\t\t\t\r\n\t\t\t\t<h2 class=\"cs-entry__title\"><a href=\"https:\/\/globalportalnews.com\/es\/noticias-politica-uk\/starmer-bloqueo-contenido-explicito-menores-moviles\/\">Starmer da un ultim\u00e1tum a las tecnol\u00f3gicas para bloquear contenido expl\u00edcito en m\u00f3viles de menores en tres meses<\/a><\/h2>\r\n\t\t\t\t\r\n\t\t\t\t\t\t\t<\/div>\r\n\t\t<\/div>\r\n\r\n\t<\/div>\r\n<\/article>\r\n\t\t\t\t\t\t\t<\/div>\r\n\t\t\t\t\t\t<\/div>\r\n\t\t\t\t\t<\/div>\r\n\r\n\t\t\t\t\t\r\n\t\t<\/section>\r\n\r\n\t\t\t\t\t\t<\/div>\n\t\t\t\t<\/div>\n\t\t\t\t<\/div>\n\t\t\t\t<\/div>\n\t\t\t\t<\/div>\n\t\t\t\t<div class=\"elementor-element elementor-element-a72a216 cs-dividerhorizontal cs-divider-laptophorizontal cs-divider-tablethorizontal cs-divider-mobilehorizontal elementor-widget elementor-widget-cs-divider\" data-id=\"a72a216\" data-element_type=\"widget\" data-e-type=\"widget\" data-widget_type=\"cs-divider.default\">\n\t\t\t\t<div class=\"elementor-widget-container\">\n\t\t\t\t\t\t\t<section class=\"cs-divider cs-divider-horizontal\"><\/section>\r\n\t\t\t\t\t\t<\/div>\n\t\t\t\t<\/div>\n\t\t\t\t\t<\/div>\n\t\t\t\t<\/div>\n\t\t<div class=\"elementor-element elementor-element-74643f9 e-flex e-con-boxed e-con e-parent\" data-id=\"74643f9\" data-element_type=\"container\" data-e-type=\"container\">\n\t\t\t\t\t<div class=\"e-con-inner\">\n\t\t\t\t<div class=\"elementor-element elementor-element-9cea405 elementor-widget elementor-widget-cs-heading\" data-id=\"9cea405\" data-element_type=\"widget\" data-e-type=\"widget\" data-widget_type=\"cs-heading.default\">\n\t\t\t\t<div class=\"elementor-widget-container\">\n\t\t\t\t\t\t\t\t\t\t<section class=\"cs-heading\">\r\n\t\t\t\t<div class=\"cs-heading__container \">\r\n\t\t\t\t\t<h2 class=\"cs-heading__content\">\r\n\t\t\t\t\t\tNoticias UK\t\t\t\t\t<\/h2>\r\n\r\n\t\t\t\t\t\t\t\t\t\t\t<a class=\"cs-heading__link\" href=\"\/es\/noticias-uk\/\" target=\"_self\">\r\n\t\t\t\t\t\t\t<span>\t\r\n\t\t\t\t\t\t\t\tVer Todas\t\t\t\t\t\t\t<\/span>\r\n\t\t\t\t\t\t<\/a>\r\n\t\t\t\t\t\t\t\t\t<\/div>\r\n\t\t\t<\/section>\r\n\t\t\t\t\t\t\t\t<\/div>\n\t\t\t\t<\/div>\n\t\t<div class=\"elementor-element elementor-element-8a0180e e-con-full e-flex e-con e-child\" data-id=\"8a0180e\" data-element_type=\"container\" data-e-type=\"container\">\n\t\t<div class=\"elementor-element elementor-element-89eb74e e-con-full e-flex e-con e-child\" data-id=\"89eb74e\" data-element_type=\"container\" data-e-type=\"container\">\n\t\t\t\t<div class=\"elementor-element elementor-element-6857e8d elementor-widget elementor-widget-cs-posts\" data-id=\"6857e8d\" data-element_type=\"widget\" data-e-type=\"widget\" data-widget_type=\"cs-posts.default\">\n\t\t\t\t<div class=\"elementor-widget-container\">\n\t\t\t\t\t\t\t\t<section class=\"cs-posts cs-posts__standard\">\r\n\t\t\t\t\t\t\t\t\t\t<div class=\"cs-posts-area cs-posts-area-elementor \" data-posts-area=\"\">\r\n\t\t\t\t\t\t\t<div class=\"cs-posts-area__outer\">\r\n\t\t\t\t\t\t\t\t<div\r\n\t\t\t\t\t\t\t\tclass=\"cs-posts-area__main\"\r\n\t\t\t\t\t\t\t\tdata-pc=\"1\"\r\n\t\t\t\t\t\t\t\tdata-lt=\"1\"\r\n\t\t\t\t\t\t\t\tdata-tb=\"1\"\r\n\t\t\t\t\t\t\t\tdata-mb=\"1\"\r\n\t\t\t\t\t\t\t\t>\r\n\t\t\t\t\t\t\t\t\t\r\n<article class=\"post-5675 post type-post status-publish format-standard has-post-thumbnail category-noticias-uk cs-entry cs-video-wrap\">\r\n\t<div class=\"cs-entry__outer\">\r\n\t\t\t\t\t<div class=\"cs-entry__inner cs-entry__overlay cs-entry__thumbnail cs-overlay-ratio cs-ratio-landscape-16-9\">\r\n\r\n\t\t\t\t<div class=\"cs-overlay-background\">\r\n\t\t\t\t\t<img loading=\"lazy\" decoding=\"async\" width=\"332\" height=\"187\" src=\"https:\/\/globalportalnews.com\/es\/wp-content\/uploads\/sites\/2\/2026\/06\/Major_Oak_03-332x187.webp\" class=\"attachment-csco-thumbnail-uncropped size-csco-thumbnail-uncropped wp-post-image\" alt=\"Roble Major Oak\" srcset=\"https:\/\/globalportalnews.com\/es\/wp-content\/uploads\/sites\/2\/2026\/06\/Major_Oak_03-332x187.webp 332w, https:\/\/globalportalnews.com\/es\/wp-content\/uploads\/sites\/2\/2026\/06\/Major_Oak_03-300x169.webp 300w, https:\/\/globalportalnews.com\/es\/wp-content\/uploads\/sites\/2\/2026\/06\/Major_Oak_03-1024x576.webp 1024w, https:\/\/globalportalnews.com\/es\/wp-content\/uploads\/sites\/2\/2026\/06\/Major_Oak_03-768x432.webp 768w, https:\/\/globalportalnews.com\/es\/wp-content\/uploads\/sites\/2\/2026\/06\/Major_Oak_03-1536x864.webp 1536w, https:\/\/globalportalnews.com\/es\/wp-content\/uploads\/sites\/2\/2026\/06\/Major_Oak_03-664x374.webp 664w, https:\/\/globalportalnews.com\/es\/wp-content\/uploads\/sites\/2\/2026\/06\/Major_Oak_03-688x387.webp 688w, https:\/\/globalportalnews.com\/es\/wp-content\/uploads\/sites\/2\/2026\/06\/Major_Oak_03-1376x774.webp 1376w, https:\/\/globalportalnews.com\/es\/wp-content\/uploads\/sites\/2\/2026\/06\/Major_Oak_03-1044x587.webp 1044w, https:\/\/globalportalnews.com\/es\/wp-content\/uploads\/sites\/2\/2026\/06\/Major_Oak_03-1400x788.webp 1400w, https:\/\/globalportalnews.com\/es\/wp-content\/uploads\/sites\/2\/2026\/06\/Major_Oak_03.webp 1920w\" sizes=\"(max-width: 332px) 100vw, 332px\" \/>\t\t\t\t\t<img loading=\"lazy\" decoding=\"async\" width=\"1044\" height=\"587\" src=\"https:\/\/globalportalnews.com\/es\/wp-content\/uploads\/sites\/2\/2026\/06\/Major_Oak_03-1044x587.webp\" class=\"attachment-csco-large size-csco-large wp-post-image\" alt=\"Roble Major Oak\" srcset=\"https:\/\/globalportalnews.com\/es\/wp-content\/uploads\/sites\/2\/2026\/06\/Major_Oak_03-1044x587.webp 1044w, https:\/\/globalportalnews.com\/es\/wp-content\/uploads\/sites\/2\/2026\/06\/Major_Oak_03-300x169.webp 300w, https:\/\/globalportalnews.com\/es\/wp-content\/uploads\/sites\/2\/2026\/06\/Major_Oak_03-1024x576.webp 1024w, https:\/\/globalportalnews.com\/es\/wp-content\/uploads\/sites\/2\/2026\/06\/Major_Oak_03-768x432.webp 768w, https:\/\/globalportalnews.com\/es\/wp-content\/uploads\/sites\/2\/2026\/06\/Major_Oak_03-1536x864.webp 1536w, https:\/\/globalportalnews.com\/es\/wp-content\/uploads\/sites\/2\/2026\/06\/Major_Oak_03-332x187.webp 332w, https:\/\/globalportalnews.com\/es\/wp-content\/uploads\/sites\/2\/2026\/06\/Major_Oak_03-664x374.webp 664w, https:\/\/globalportalnews.com\/es\/wp-content\/uploads\/sites\/2\/2026\/06\/Major_Oak_03-688x387.webp 688w, https:\/\/globalportalnews.com\/es\/wp-content\/uploads\/sites\/2\/2026\/06\/Major_Oak_03-1376x774.webp 1376w, https:\/\/globalportalnews.com\/es\/wp-content\/uploads\/sites\/2\/2026\/06\/Major_Oak_03-1400x788.webp 1400w, https:\/\/globalportalnews.com\/es\/wp-content\/uploads\/sites\/2\/2026\/06\/Major_Oak_03.webp 1920w\" sizes=\"(max-width: 1044px) 100vw, 1044px\" \/>\t\t\t\t<\/div>\r\n\r\n\t\t\t\t\r\n\t\t\t\t\r\n\t\t\t\t<a href=\"https:\/\/globalportalnews.com\/es\/noticias-uk\/major-oak-arbol-robin-hood-muere-bosque-sherwood\/\" class=\"cs-overlay-link\" title=\"Muere el Major Oak, el legendario \u00e1rbol de Robin Hood, as\u00ed desapareci\u00f3 el roble milenario m\u00e1s famoso del bosque de Sherwood\"><\/a>\r\n\t\t\t<\/div>\r\n\t\t\r\n\t\t<div class=\"cs-entry__inner cs-entry__content\">\r\n\r\n\t\t\t<div class=\"cs-entry__post-meta\" ><div class=\"cs-meta-category\"><ul class=\"post-categories\">\n\t<li><a href=\"https:\/\/globalportalnews.com\/es\/.\/noticias-uk\/\" rel=\"category tag\">Noticias del Reino Unido en Espa\u00f1ol<\/a><\/li><\/ul><\/div><\/div>\r\n\t\t\t<h2 class=\"cs-entry__title\"><a href=\"https:\/\/globalportalnews.com\/es\/noticias-uk\/major-oak-arbol-robin-hood-muere-bosque-sherwood\/\">Muere el Major Oak, el legendario \u00e1rbol de Robin Hood, as\u00ed desapareci\u00f3 el roble milenario m\u00e1s famoso del bosque de Sherwood<\/a><\/h2>\r\n\t\t\t\r\n\t\t\t<div class=\"cs-entry__post-meta\" ><div class=\"cs-meta-author\"><span class=\"cs-meta-author-by\">by<\/span><a class=\"cs-meta-author-link url fn n\" href=\"https:\/\/globalportalnews.com\/es\/author\/globalportalnewsgmail-com\/\"><span class=\"cs-meta-author-name\">Global Portal News<\/span><\/a><\/div><\/div>\t\t<\/div>\r\n\t<\/div>\r\n<\/article>\r\n\t\t\t\t\t\t\t\t<\/div>\r\n\t\t\t\t\t\t\t<\/div>\r\n\t\t\t\t\t\t<\/div>\r\n\t\t\t\t\t\t\t\t<\/section>\r\n\t\t\t\t\t\t<\/div>\n\t\t\t\t<\/div>\n\t\t\t\t<\/div>\n\t\t\t\t<div class=\"elementor-element elementor-element-5271c76 cs-dividervertical cs-divider-laptophorizontal cs-divider-tablethorizontal cs-divider-mobilehorizontal elementor-widget elementor-widget-cs-divider\" data-id=\"5271c76\" data-element_type=\"widget\" data-e-type=\"widget\" data-widget_type=\"cs-divider.default\">\n\t\t\t\t<div class=\"elementor-widget-container\">\n\t\t\t\t\t\t\t<section class=\"cs-divider cs-divider-vertical\"><\/section>\r\n\t\t\t\t\t\t<\/div>\n\t\t\t\t<\/div>\n\t\t<div class=\"elementor-element elementor-element-b6d5111 e-con-full e-flex e-con e-child\" data-id=\"b6d5111\" data-element_type=\"container\" data-e-type=\"container\">\n\t\t<div class=\"elementor-element elementor-element-05bf7e9 e-con-full e-flex e-con e-child\" data-id=\"05bf7e9\" data-element_type=\"container\" data-e-type=\"container\">\n\t\t<div class=\"elementor-element elementor-element-8cb705c e-con-full e-flex e-con e-child\" data-id=\"8cb705c\" data-element_type=\"container\" data-e-type=\"container\">\n\t\t\t\t<div class=\"elementor-element elementor-element-2d36324 elementor-widget-mobile__width-inherit elementor-widget elementor-widget-cs-posts\" data-id=\"2d36324\" data-element_type=\"widget\" data-e-type=\"widget\" data-widget_type=\"cs-posts.default\">\n\t\t\t\t<div class=\"elementor-widget-container\">\n\t\t\t\t\t\t\t\t<section class=\"cs-posts cs-posts__standard\">\r\n\t\t\t\t\t\t\t\t\t\t<div class=\"cs-posts-area cs-posts-area-elementor \" data-posts-area=\"\">\r\n\t\t\t\t\t\t\t<div class=\"cs-posts-area__outer\">\r\n\t\t\t\t\t\t\t\t<div\r\n\t\t\t\t\t\t\t\tclass=\"cs-posts-area__main\"\r\n\t\t\t\t\t\t\t\tdata-pc=\"1\"\r\n\t\t\t\t\t\t\t\tdata-lt=\"1\"\r\n\t\t\t\t\t\t\t\tdata-tb=\"1\"\r\n\t\t\t\t\t\t\t\tdata-mb=\"1\"\r\n\t\t\t\t\t\t\t\t>\r\n\t\t\t\t\t\t\t\t\t\r\n<article class=\"post-5568 post type-post status-publish format-standard has-post-thumbnail category-noticias-uk cs-entry cs-video-wrap\">\r\n\t<div class=\"cs-entry__outer\">\r\n\t\t\t\t\t<div class=\"cs-entry__inner cs-entry__overlay cs-entry__thumbnail cs-overlay-ratio cs-ratio-landscape-16-9\">\r\n\r\n\t\t\t\t<div class=\"cs-overlay-background\">\r\n\t\t\t\t\t<img loading=\"lazy\" decoding=\"async\" width=\"332\" height=\"187\" src=\"https:\/\/globalportalnews.com\/es\/wp-content\/uploads\/sites\/2\/2025\/04\/clase_trabajadora_britanica-332x187.webp\" class=\"attachment-csco-thumbnail-uncropped size-csco-thumbnail-uncropped wp-post-image\" alt=\"clase trabajadora britanica\" srcset=\"https:\/\/globalportalnews.com\/es\/wp-content\/uploads\/sites\/2\/2025\/04\/clase_trabajadora_britanica-332x187.webp 332w, https:\/\/globalportalnews.com\/es\/wp-content\/uploads\/sites\/2\/2025\/04\/clase_trabajadora_britanica-300x169.webp 300w, https:\/\/globalportalnews.com\/es\/wp-content\/uploads\/sites\/2\/2025\/04\/clase_trabajadora_britanica-1024x576.webp 1024w, https:\/\/globalportalnews.com\/es\/wp-content\/uploads\/sites\/2\/2025\/04\/clase_trabajadora_britanica-768x432.webp 768w, https:\/\/globalportalnews.com\/es\/wp-content\/uploads\/sites\/2\/2025\/04\/clase_trabajadora_britanica-1536x864.webp 1536w, https:\/\/globalportalnews.com\/es\/wp-content\/uploads\/sites\/2\/2025\/04\/clase_trabajadora_britanica-664x374.webp 664w, https:\/\/globalportalnews.com\/es\/wp-content\/uploads\/sites\/2\/2025\/04\/clase_trabajadora_britanica-688x387.webp 688w, https:\/\/globalportalnews.com\/es\/wp-content\/uploads\/sites\/2\/2025\/04\/clase_trabajadora_britanica-1376x774.webp 1376w, https:\/\/globalportalnews.com\/es\/wp-content\/uploads\/sites\/2\/2025\/04\/clase_trabajadora_britanica-1044x587.webp 1044w, https:\/\/globalportalnews.com\/es\/wp-content\/uploads\/sites\/2\/2025\/04\/clase_trabajadora_britanica-1400x788.webp 1400w, https:\/\/globalportalnews.com\/es\/wp-content\/uploads\/sites\/2\/2025\/04\/clase_trabajadora_britanica.webp 1920w\" sizes=\"(max-width: 332px) 100vw, 332px\" \/>\t\t\t\t\t<img loading=\"lazy\" decoding=\"async\" width=\"688\" height=\"387\" src=\"https:\/\/globalportalnews.com\/es\/wp-content\/uploads\/sites\/2\/2025\/04\/clase_trabajadora_britanica-688x387.webp\" class=\"attachment-csco-medium size-csco-medium wp-post-image\" alt=\"clase trabajadora britanica\" srcset=\"https:\/\/globalportalnews.com\/es\/wp-content\/uploads\/sites\/2\/2025\/04\/clase_trabajadora_britanica-688x387.webp 688w, https:\/\/globalportalnews.com\/es\/wp-content\/uploads\/sites\/2\/2025\/04\/clase_trabajadora_britanica-300x169.webp 300w, https:\/\/globalportalnews.com\/es\/wp-content\/uploads\/sites\/2\/2025\/04\/clase_trabajadora_britanica-1024x576.webp 1024w, https:\/\/globalportalnews.com\/es\/wp-content\/uploads\/sites\/2\/2025\/04\/clase_trabajadora_britanica-768x432.webp 768w, https:\/\/globalportalnews.com\/es\/wp-content\/uploads\/sites\/2\/2025\/04\/clase_trabajadora_britanica-1536x864.webp 1536w, https:\/\/globalportalnews.com\/es\/wp-content\/uploads\/sites\/2\/2025\/04\/clase_trabajadora_britanica-332x187.webp 332w, https:\/\/globalportalnews.com\/es\/wp-content\/uploads\/sites\/2\/2025\/04\/clase_trabajadora_britanica-664x374.webp 664w, https:\/\/globalportalnews.com\/es\/wp-content\/uploads\/sites\/2\/2025\/04\/clase_trabajadora_britanica-1376x774.webp 1376w, https:\/\/globalportalnews.com\/es\/wp-content\/uploads\/sites\/2\/2025\/04\/clase_trabajadora_britanica-1044x587.webp 1044w, https:\/\/globalportalnews.com\/es\/wp-content\/uploads\/sites\/2\/2025\/04\/clase_trabajadora_britanica-1400x788.webp 1400w, https:\/\/globalportalnews.com\/es\/wp-content\/uploads\/sites\/2\/2025\/04\/clase_trabajadora_britanica.webp 1920w\" sizes=\"(max-width: 688px) 100vw, 688px\" \/>\t\t\t\t<\/div>\r\n\r\n\t\t\t\t\r\n\t\t\t\t\r\n\t\t\t\t<a href=\"https:\/\/globalportalnews.com\/es\/noticias-uk\/que-es-cuckooing-reino-unido-delito-2026\/\" class=\"cs-overlay-link\" title=\"Qu\u00e9 es el \u201ccuckooing\u201d, la peligrosa pr\u00e1ctica con la que bandas criminales toman viviendas en Reino Unido y que ser\u00e1 delito en 2026\"><\/a>\r\n\t\t\t<\/div>\r\n\t\t\r\n\t\t<div class=\"cs-entry__inner cs-entry__content\">\r\n\r\n\t\t\t<div class=\"cs-entry__post-meta\" ><div class=\"cs-meta-category\"><ul class=\"post-categories\">\n\t<li><a href=\"https:\/\/globalportalnews.com\/es\/.\/noticias-uk\/\" rel=\"category tag\">Noticias del Reino Unido en Espa\u00f1ol<\/a><\/li><\/ul><\/div><\/div>\r\n\t\t\t<h2 class=\"cs-entry__title\"><a href=\"https:\/\/globalportalnews.com\/es\/noticias-uk\/que-es-cuckooing-reino-unido-delito-2026\/\">Qu\u00e9 es el \u201ccuckooing\u201d, la peligrosa pr\u00e1ctica con la que bandas criminales toman viviendas en Reino Unido y que ser\u00e1 delito en 2026<\/a><\/h2>\r\n\t\t\t\r\n\t\t\t<div class=\"cs-entry__post-meta\" ><div class=\"cs-meta-author\"><span class=\"cs-meta-author-by\">by<\/span><a class=\"cs-meta-author-link url fn n\" href=\"https:\/\/globalportalnews.com\/es\/author\/globalportalnewsgmail-com\/\"><span class=\"cs-meta-author-name\">Global Portal News<\/span><\/a><\/div><\/div>\t\t<\/div>\r\n\t<\/div>\r\n<\/article>\r\n\t\t\t\t\t\t\t\t<\/div>\r\n\t\t\t\t\t\t\t<\/div>\r\n\t\t\t\t\t\t<\/div>\r\n\t\t\t\t\t\t\t\t<\/section>\r\n\t\t\t\t\t\t<\/div>\n\t\t\t\t<\/div>\n\t\t\t\t<\/div>\n\t\t\t\t<\/div>\n\t\t\t\t<div class=\"elementor-element elementor-element-c9ee474 cs-dividerhorizontal cs-divider-laptophorizontal cs-divider-tablethorizontal cs-divider-mobilehorizontal elementor-widget elementor-widget-cs-divider\" data-id=\"c9ee474\" data-element_type=\"widget\" data-e-type=\"widget\" data-widget_type=\"cs-divider.default\">\n\t\t\t\t<div class=\"elementor-widget-container\">\n\t\t\t\t\t\t\t<section class=\"cs-divider cs-divider-horizontal\"><\/section>\r\n\t\t\t\t\t\t<\/div>\n\t\t\t\t<\/div>\n\t\t<div class=\"elementor-element elementor-element-cd78191 e-con-full e-flex e-con e-child\" data-id=\"cd78191\" data-element_type=\"container\" data-e-type=\"container\">\n\t\t\t\t<div class=\"elementor-element elementor-element-203db98 elementor-widget elementor-widget-cs-posts\" data-id=\"203db98\" data-element_type=\"widget\" data-e-type=\"widget\" data-widget_type=\"cs-posts.default\">\n\t\t\t\t<div class=\"elementor-widget-container\">\n\t\t\t\t\t\t\t\t<section class=\"cs-posts cs-posts__standard\">\r\n\t\t\t\t\t\t\t\t\t\t<div class=\"cs-posts-area cs-posts-area-elementor \" data-posts-area=\"\">\r\n\t\t\t\t\t\t\t<div class=\"cs-posts-area__outer\">\r\n\t\t\t\t\t\t\t\t<div\r\n\t\t\t\t\t\t\t\tclass=\"cs-posts-area__main cs-posts-area__main-divider\"\r\n\t\t\t\t\t\t\t\tdata-pc=\"2\"\r\n\t\t\t\t\t\t\t\tdata-lt=\"2\"\r\n\t\t\t\t\t\t\t\tdata-tb=\"2\"\r\n\t\t\t\t\t\t\t\tdata-mb=\"1\"\r\n\t\t\t\t\t\t\t\t>\r\n\t\t\t\t\t\t\t\t\t\r\n<article class=\"post-5532 post type-post status-publish format-standard has-post-thumbnail category-noticias-uk cs-entry cs-video-wrap\">\r\n\t<div class=\"cs-entry__outer\">\r\n\t\t\r\n\t\t<div class=\"cs-entry__inner cs-entry__content\">\r\n\r\n\t\t\t<div class=\"cs-entry__post-meta\" ><div class=\"cs-meta-category\"><ul class=\"post-categories\">\n\t<li><a href=\"https:\/\/globalportalnews.com\/es\/.\/noticias-uk\/\" rel=\"category tag\">Noticias del Reino Unido en Espa\u00f1ol<\/a><\/li><\/ul><\/div><\/div>\r\n\t\t\t<h2 class=\"cs-entry__title\"><a href=\"https:\/\/globalportalnews.com\/es\/noticias-uk\/crisis-sanitaria-inglaterra-15000-muertes-urgencias\/\">La crisis sanitaria en Inglaterra provoca m\u00e1s de 15.000 muertes al a\u00f1o por las esperas en urgencias y deja un r\u00e9cord de pruebas m\u00e9dicas pendientes<\/a><\/h2>\r\n\t\t\t\r\n\t\t\t<div class=\"cs-entry__post-meta\" ><div class=\"cs-meta-author\"><span class=\"cs-meta-author-by\">by<\/span><a class=\"cs-meta-author-link url fn n\" href=\"https:\/\/globalportalnews.com\/es\/author\/globalportalnewsgmail-com\/\"><span class=\"cs-meta-author-name\">Global Portal News<\/span><\/a><\/div><div class=\"cs-meta-date\">8 de junio de 2026<\/div><\/div>\t\t<\/div>\r\n\t<\/div>\r\n<\/article>\r\n\r\n<article class=\"post-5510 post type-post status-publish format-standard has-post-thumbnail category-noticias-politica-uk cs-entry cs-video-wrap\">\r\n\t<div class=\"cs-entry__outer\">\r\n\t\t\r\n\t\t<div class=\"cs-entry__inner cs-entry__content\">\r\n\r\n\t\t\t<div class=\"cs-entry__post-meta\" ><div class=\"cs-meta-category\"><ul class=\"post-categories\">\n\t<li><a href=\"https:\/\/globalportalnews.com\/es\/.\/noticias-politica-uk\/\" rel=\"category tag\">Pol\u00edtica del Reino Unido<\/a><\/li><\/ul><\/div><\/div>\r\n\t\t\t<h2 class=\"cs-entry__title\"><a href=\"https:\/\/globalportalnews.com\/es\/noticias-politica-uk\/quien-es-favorito-elecciones-makerfield-andy-burnham\/\">Qui\u00e9n es el favorito en las elecciones de Makerfield Andy Burnham lidera los sondeos<\/a><\/h2>\r\n\t\t\t\r\n\t\t\t<div class=\"cs-entry__post-meta\" ><div class=\"cs-meta-author\"><span class=\"cs-meta-author-by\">by<\/span><a class=\"cs-meta-author-link url fn n\" href=\"https:\/\/globalportalnews.com\/es\/author\/globalportalnewsgmail-com\/\"><span class=\"cs-meta-author-name\">Global Portal News<\/span><\/a><\/div><div class=\"cs-meta-date\">5 de junio de 2026<\/div><\/div>\t\t<\/div>\r\n\t<\/div>\r\n<\/article>\r\n\t\t\t\t\t\t\t\t<\/div>\r\n\t\t\t\t\t\t\t<\/div>\r\n\t\t\t\t\t\t<\/div>\r\n\t\t\t\t\t\t\t\t<\/section>\r\n\t\t\t\t\t\t<\/div>\n\t\t\t\t<\/div>\n\t\t\t\t<\/div>\n\t\t\t\t<\/div>\n\t\t\t\t<\/div>\n\t\t\t\t<div class=\"elementor-element elementor-element-0de18fc cs-dividerhorizontal cs-divider-laptophorizontal cs-divider-tablethorizontal cs-divider-mobilehorizontal elementor-widget elementor-widget-cs-divider\" data-id=\"0de18fc\" data-element_type=\"widget\" data-e-type=\"widget\" data-widget_type=\"cs-divider.default\">\n\t\t\t\t<div class=\"elementor-widget-container\">\n\t\t\t\t\t\t\t<section class=\"cs-divider cs-divider-horizontal\"><\/section>\r\n\t\t\t\t\t\t<\/div>\n\t\t\t\t<\/div>\n\t\t\t\t\t<\/div>\n\t\t\t\t<\/div>\n\t\t<div class=\"elementor-element elementor-element-0f7a4d8 e-flex e-con-boxed e-con e-parent\" data-id=\"0f7a4d8\" data-element_type=\"container\" data-e-type=\"container\">\n\t\t\t\t\t<div class=\"e-con-inner\">\n\t\t\t\t<div class=\"elementor-element elementor-element-8db45e3 elementor-widget elementor-widget-cs-heading\" data-id=\"8db45e3\" data-element_type=\"widget\" data-e-type=\"widget\" data-widget_type=\"cs-heading.default\">\n\t\t\t\t<div class=\"elementor-widget-container\">\n\t\t\t\t\t\t\t\t\t\t<section class=\"cs-heading\">\r\n\t\t\t\t<div class=\"cs-heading__container \">\r\n\t\t\t\t\t<h2 class=\"cs-heading__content\">\r\n\t\t\t\t\t\tPol\u00edtica UK\t\t\t\t\t<\/h2>\r\n\r\n\t\t\t\t\t\t\t\t\t\t\t<a class=\"cs-heading__link\" href=\"\/es\/noticias-politica-uk\/\" target=\"_self\">\r\n\t\t\t\t\t\t\t<span>\t\r\n\t\t\t\t\t\t\t\tVer Todas\t\t\t\t\t\t\t<\/span>\r\n\t\t\t\t\t\t<\/a>\r\n\t\t\t\t\t\t\t\t\t<\/div>\r\n\t\t\t<\/section>\r\n\t\t\t\t\t\t\t\t<\/div>\n\t\t\t\t<\/div>\n\t\t\t\t<div class=\"elementor-element elementor-element-dce3a79 elementor-widget elementor-widget-cs-posts\" data-id=\"dce3a79\" data-element_type=\"widget\" data-e-type=\"widget\" data-widget_type=\"cs-posts.default\">\n\t\t\t\t<div class=\"elementor-widget-container\">\n\t\t\t\t\t\t\t\t<section class=\"cs-posts cs-posts__standard\">\r\n\t\t\t\t\t\t\t\t\t\t<div class=\"cs-posts-area cs-posts-area-elementor \" data-posts-area=\"\">\r\n\t\t\t\t\t\t\t<div class=\"cs-posts-area__outer\">\r\n\t\t\t\t\t\t\t\t<div\r\n\t\t\t\t\t\t\t\tclass=\"cs-posts-area__main\"\r\n\t\t\t\t\t\t\t\tdata-pc=\"2\"\r\n\t\t\t\t\t\t\t\tdata-lt=\"2\"\r\n\t\t\t\t\t\t\t\tdata-tb=\"1\"\r\n\t\t\t\t\t\t\t\tdata-mb=\"1\"\r\n\t\t\t\t\t\t\t\t>\r\n\t\t\t\t\t\t\t\t\t\r\n<article class=\"post-5724 post type-post status-publish format-standard has-post-thumbnail category-noticias-politica-uk cs-entry cs-video-wrap\">\r\n\t<div class=\"cs-entry__outer\">\r\n\t\t\t\t\t<div class=\"cs-entry__inner cs-entry__overlay cs-entry__thumbnail cs-overlay-ratio cs-ratio-landscape-16-9\">\r\n\r\n\t\t\t\t<div class=\"cs-overlay-background\">\r\n\t\t\t\t\t<img loading=\"lazy\" decoding=\"async\" width=\"332\" height=\"187\" src=\"https:\/\/globalportalnews.com\/es\/wp-content\/uploads\/sites\/2\/2026\/06\/Lord_Coe_Boris_Johnson_David_Cameron_-_World_Economic_Forum_Annual_Meeting_2012_cropped_cropped-332x187.webp\" class=\"attachment-csco-thumbnail-uncropped size-csco-thumbnail-uncropped wp-post-image\" alt=\"Foto de Boris Johnson y David Cameron juntos\" srcset=\"https:\/\/globalportalnews.com\/es\/wp-content\/uploads\/sites\/2\/2026\/06\/Lord_Coe_Boris_Johnson_David_Cameron_-_World_Economic_Forum_Annual_Meeting_2012_cropped_cropped-332x187.webp 332w, https:\/\/globalportalnews.com\/es\/wp-content\/uploads\/sites\/2\/2026\/06\/Lord_Coe_Boris_Johnson_David_Cameron_-_World_Economic_Forum_Annual_Meeting_2012_cropped_cropped-300x169.webp 300w, https:\/\/globalportalnews.com\/es\/wp-content\/uploads\/sites\/2\/2026\/06\/Lord_Coe_Boris_Johnson_David_Cameron_-_World_Economic_Forum_Annual_Meeting_2012_cropped_cropped-1024x576.webp 1024w, https:\/\/globalportalnews.com\/es\/wp-content\/uploads\/sites\/2\/2026\/06\/Lord_Coe_Boris_Johnson_David_Cameron_-_World_Economic_Forum_Annual_Meeting_2012_cropped_cropped-768x432.webp 768w, https:\/\/globalportalnews.com\/es\/wp-content\/uploads\/sites\/2\/2026\/06\/Lord_Coe_Boris_Johnson_David_Cameron_-_World_Economic_Forum_Annual_Meeting_2012_cropped_cropped-1536x864.webp 1536w, https:\/\/globalportalnews.com\/es\/wp-content\/uploads\/sites\/2\/2026\/06\/Lord_Coe_Boris_Johnson_David_Cameron_-_World_Economic_Forum_Annual_Meeting_2012_cropped_cropped-664x374.webp 664w, https:\/\/globalportalnews.com\/es\/wp-content\/uploads\/sites\/2\/2026\/06\/Lord_Coe_Boris_Johnson_David_Cameron_-_World_Economic_Forum_Annual_Meeting_2012_cropped_cropped-688x387.webp 688w, https:\/\/globalportalnews.com\/es\/wp-content\/uploads\/sites\/2\/2026\/06\/Lord_Coe_Boris_Johnson_David_Cameron_-_World_Economic_Forum_Annual_Meeting_2012_cropped_cropped-1376x774.webp 1376w, https:\/\/globalportalnews.com\/es\/wp-content\/uploads\/sites\/2\/2026\/06\/Lord_Coe_Boris_Johnson_David_Cameron_-_World_Economic_Forum_Annual_Meeting_2012_cropped_cropped-1044x587.webp 1044w, https:\/\/globalportalnews.com\/es\/wp-content\/uploads\/sites\/2\/2026\/06\/Lord_Coe_Boris_Johnson_David_Cameron_-_World_Economic_Forum_Annual_Meeting_2012_cropped_cropped-1400x788.webp 1400w, https:\/\/globalportalnews.com\/es\/wp-content\/uploads\/sites\/2\/2026\/06\/Lord_Coe_Boris_Johnson_David_Cameron_-_World_Economic_Forum_Annual_Meeting_2012_cropped_cropped.webp 1920w\" sizes=\"(max-width: 332px) 100vw, 332px\" \/>\t\t\t\t\t<img loading=\"lazy\" decoding=\"async\" width=\"1044\" height=\"587\" src=\"https:\/\/globalportalnews.com\/es\/wp-content\/uploads\/sites\/2\/2026\/06\/Lord_Coe_Boris_Johnson_David_Cameron_-_World_Economic_Forum_Annual_Meeting_2012_cropped_cropped-1044x587.webp\" class=\"attachment-csco-large size-csco-large wp-post-image\" alt=\"Foto de Boris Johnson y David Cameron juntos\" srcset=\"https:\/\/globalportalnews.com\/es\/wp-content\/uploads\/sites\/2\/2026\/06\/Lord_Coe_Boris_Johnson_David_Cameron_-_World_Economic_Forum_Annual_Meeting_2012_cropped_cropped-1044x587.webp 1044w, https:\/\/globalportalnews.com\/es\/wp-content\/uploads\/sites\/2\/2026\/06\/Lord_Coe_Boris_Johnson_David_Cameron_-_World_Economic_Forum_Annual_Meeting_2012_cropped_cropped-300x169.webp 300w, https:\/\/globalportalnews.com\/es\/wp-content\/uploads\/sites\/2\/2026\/06\/Lord_Coe_Boris_Johnson_David_Cameron_-_World_Economic_Forum_Annual_Meeting_2012_cropped_cropped-1024x576.webp 1024w, https:\/\/globalportalnews.com\/es\/wp-content\/uploads\/sites\/2\/2026\/06\/Lord_Coe_Boris_Johnson_David_Cameron_-_World_Economic_Forum_Annual_Meeting_2012_cropped_cropped-768x432.webp 768w, https:\/\/globalportalnews.com\/es\/wp-content\/uploads\/sites\/2\/2026\/06\/Lord_Coe_Boris_Johnson_David_Cameron_-_World_Economic_Forum_Annual_Meeting_2012_cropped_cropped-1536x864.webp 1536w, https:\/\/globalportalnews.com\/es\/wp-content\/uploads\/sites\/2\/2026\/06\/Lord_Coe_Boris_Johnson_David_Cameron_-_World_Economic_Forum_Annual_Meeting_2012_cropped_cropped-332x187.webp 332w, https:\/\/globalportalnews.com\/es\/wp-content\/uploads\/sites\/2\/2026\/06\/Lord_Coe_Boris_Johnson_David_Cameron_-_World_Economic_Forum_Annual_Meeting_2012_cropped_cropped-664x374.webp 664w, https:\/\/globalportalnews.com\/es\/wp-content\/uploads\/sites\/2\/2026\/06\/Lord_Coe_Boris_Johnson_David_Cameron_-_World_Economic_Forum_Annual_Meeting_2012_cropped_cropped-688x387.webp 688w, https:\/\/globalportalnews.com\/es\/wp-content\/uploads\/sites\/2\/2026\/06\/Lord_Coe_Boris_Johnson_David_Cameron_-_World_Economic_Forum_Annual_Meeting_2012_cropped_cropped-1376x774.webp 1376w, https:\/\/globalportalnews.com\/es\/wp-content\/uploads\/sites\/2\/2026\/06\/Lord_Coe_Boris_Johnson_David_Cameron_-_World_Economic_Forum_Annual_Meeting_2012_cropped_cropped-1400x788.webp 1400w, https:\/\/globalportalnews.com\/es\/wp-content\/uploads\/sites\/2\/2026\/06\/Lord_Coe_Boris_Johnson_David_Cameron_-_World_Economic_Forum_Annual_Meeting_2012_cropped_cropped.webp 1920w\" sizes=\"(max-width: 1044px) 100vw, 1044px\" \/>\t\t\t\t<\/div>\r\n\r\n\t\t\t\t\r\n\t\t\t\t\r\n\t\t\t\t<a href=\"https:\/\/globalportalnews.com\/es\/noticias-politica-uk\/diez-anos-brexit-campana-david-cameron\/\" class=\"cs-overlay-link\" title=\"Diez a\u00f1os del Brexit, los cinco meses que cambiaron el Reino Unido y provocaron la ca\u00edda de David Cameron\"><\/a>\r\n\t\t\t<\/div>\r\n\t\t\r\n\t\t<div class=\"cs-entry__inner cs-entry__content\">\r\n\r\n\t\t\t<div class=\"cs-entry__post-meta\" ><div class=\"cs-meta-category\"><ul class=\"post-categories\">\n\t<li><a href=\"https:\/\/globalportalnews.com\/es\/.\/noticias-politica-uk\/\" rel=\"category tag\">Pol\u00edtica del Reino Unido<\/a><\/li><\/ul><\/div><\/div>\r\n\t\t\t<h2 class=\"cs-entry__title\"><a href=\"https:\/\/globalportalnews.com\/es\/noticias-politica-uk\/diez-anos-brexit-campana-david-cameron\/\">Diez a\u00f1os del Brexit, los cinco meses que cambiaron el Reino Unido y provocaron la ca\u00edda de David Cameron<\/a><\/h2>\r\n\t\t\t\t\t\t\t\t<div class=\"cs-entry__excerpt\">\r\n\t\t\t\t\t\tProtagonistas de la campa\u00f1a recuerdan los acontecimientos que dividieron al Reino Unido.\t\t\t\t\t<\/div>\r\n\t\t\t\t\t\r\n\t\t\t<div class=\"cs-entry__post-meta\" ><div class=\"cs-meta-author\"><span class=\"cs-meta-author-by\">by<\/span><a class=\"cs-meta-author-link url fn n\" href=\"https:\/\/globalportalnews.com\/es\/author\/globalportalnewsgmail-com\/\"><span class=\"cs-meta-author-name\">Global Portal News<\/span><\/a><\/div><div class=\"cs-meta-date\">24 de junio de 2026<\/div><\/div>\t\t<\/div>\r\n\t<\/div>\r\n<\/article>\r\n\r\n<article class=\"post-5598 post type-post status-publish format-standard has-post-thumbnail category-noticias-politica-uk tag-keir-starmer cs-entry cs-video-wrap\">\r\n\t<div class=\"cs-entry__outer\">\r\n\t\t\t\t\t<div class=\"cs-entry__inner cs-entry__overlay cs-entry__thumbnail cs-overlay-ratio cs-ratio-landscape-16-9\">\r\n\r\n\t\t\t\t<div class=\"cs-overlay-background\">\r\n\t\t\t\t\t<img loading=\"lazy\" decoding=\"async\" width=\"332\" height=\"187\" src=\"https:\/\/globalportalnews.com\/es\/wp-content\/uploads\/sites\/2\/2026\/03\/Prime_Minister_Keir_Starmer_visit_to_Akrotiri-332x187.webp\" class=\"attachment-csco-thumbnail-uncropped size-csco-thumbnail-uncropped wp-post-image\" alt=\"Limmasol, Reino Unido. El primer ministro Keir Starmer se re\u00fane con las tropas durante su visita a la RAF Akrotiri en Chipre.\" srcset=\"https:\/\/globalportalnews.com\/es\/wp-content\/uploads\/sites\/2\/2026\/03\/Prime_Minister_Keir_Starmer_visit_to_Akrotiri-332x187.webp 332w, https:\/\/globalportalnews.com\/es\/wp-content\/uploads\/sites\/2\/2026\/03\/Prime_Minister_Keir_Starmer_visit_to_Akrotiri-300x169.webp 300w, https:\/\/globalportalnews.com\/es\/wp-content\/uploads\/sites\/2\/2026\/03\/Prime_Minister_Keir_Starmer_visit_to_Akrotiri-1024x576.webp 1024w, https:\/\/globalportalnews.com\/es\/wp-content\/uploads\/sites\/2\/2026\/03\/Prime_Minister_Keir_Starmer_visit_to_Akrotiri-768x432.webp 768w, https:\/\/globalportalnews.com\/es\/wp-content\/uploads\/sites\/2\/2026\/03\/Prime_Minister_Keir_Starmer_visit_to_Akrotiri-1536x864.webp 1536w, https:\/\/globalportalnews.com\/es\/wp-content\/uploads\/sites\/2\/2026\/03\/Prime_Minister_Keir_Starmer_visit_to_Akrotiri-664x374.webp 664w, https:\/\/globalportalnews.com\/es\/wp-content\/uploads\/sites\/2\/2026\/03\/Prime_Minister_Keir_Starmer_visit_to_Akrotiri-688x387.webp 688w, https:\/\/globalportalnews.com\/es\/wp-content\/uploads\/sites\/2\/2026\/03\/Prime_Minister_Keir_Starmer_visit_to_Akrotiri-1376x774.webp 1376w, https:\/\/globalportalnews.com\/es\/wp-content\/uploads\/sites\/2\/2026\/03\/Prime_Minister_Keir_Starmer_visit_to_Akrotiri-1044x587.webp 1044w, https:\/\/globalportalnews.com\/es\/wp-content\/uploads\/sites\/2\/2026\/03\/Prime_Minister_Keir_Starmer_visit_to_Akrotiri-1400x788.webp 1400w, https:\/\/globalportalnews.com\/es\/wp-content\/uploads\/sites\/2\/2026\/03\/Prime_Minister_Keir_Starmer_visit_to_Akrotiri.webp 1920w\" sizes=\"(max-width: 332px) 100vw, 332px\" \/>\t\t\t\t\t<img loading=\"lazy\" decoding=\"async\" width=\"1044\" height=\"587\" src=\"https:\/\/globalportalnews.com\/es\/wp-content\/uploads\/sites\/2\/2026\/03\/Prime_Minister_Keir_Starmer_visit_to_Akrotiri-1044x587.webp\" class=\"attachment-csco-large size-csco-large wp-post-image\" alt=\"Limmasol, Reino Unido. El primer ministro Keir Starmer se re\u00fane con las tropas durante su visita a la RAF Akrotiri en Chipre.\" srcset=\"https:\/\/globalportalnews.com\/es\/wp-content\/uploads\/sites\/2\/2026\/03\/Prime_Minister_Keir_Starmer_visit_to_Akrotiri-1044x587.webp 1044w, https:\/\/globalportalnews.com\/es\/wp-content\/uploads\/sites\/2\/2026\/03\/Prime_Minister_Keir_Starmer_visit_to_Akrotiri-300x169.webp 300w, https:\/\/globalportalnews.com\/es\/wp-content\/uploads\/sites\/2\/2026\/03\/Prime_Minister_Keir_Starmer_visit_to_Akrotiri-1024x576.webp 1024w, https:\/\/globalportalnews.com\/es\/wp-content\/uploads\/sites\/2\/2026\/03\/Prime_Minister_Keir_Starmer_visit_to_Akrotiri-768x432.webp 768w, https:\/\/globalportalnews.com\/es\/wp-content\/uploads\/sites\/2\/2026\/03\/Prime_Minister_Keir_Starmer_visit_to_Akrotiri-1536x864.webp 1536w, https:\/\/globalportalnews.com\/es\/wp-content\/uploads\/sites\/2\/2026\/03\/Prime_Minister_Keir_Starmer_visit_to_Akrotiri-332x187.webp 332w, https:\/\/globalportalnews.com\/es\/wp-content\/uploads\/sites\/2\/2026\/03\/Prime_Minister_Keir_Starmer_visit_to_Akrotiri-664x374.webp 664w, https:\/\/globalportalnews.com\/es\/wp-content\/uploads\/sites\/2\/2026\/03\/Prime_Minister_Keir_Starmer_visit_to_Akrotiri-688x387.webp 688w, https:\/\/globalportalnews.com\/es\/wp-content\/uploads\/sites\/2\/2026\/03\/Prime_Minister_Keir_Starmer_visit_to_Akrotiri-1376x774.webp 1376w, https:\/\/globalportalnews.com\/es\/wp-content\/uploads\/sites\/2\/2026\/03\/Prime_Minister_Keir_Starmer_visit_to_Akrotiri-1400x788.webp 1400w, https:\/\/globalportalnews.com\/es\/wp-content\/uploads\/sites\/2\/2026\/03\/Prime_Minister_Keir_Starmer_visit_to_Akrotiri.webp 1920w\" sizes=\"(max-width: 1044px) 100vw, 1044px\" \/>\t\t\t\t<\/div>\r\n\r\n\t\t\t\t\r\n\t\t\t\t\r\n\t\t\t\t<a href=\"https:\/\/globalportalnews.com\/es\/noticias-politica-uk\/rusia-ataques-keir-starmer-sabotaje-propaganda-bbc\/\" class=\"cs-overlay-link\" title=\"Rusia detr\u00e1s de los ataques contra Keir Starmer, la investigaci\u00f3n de la BBC revela una red de sabotaje y propaganda\"><\/a>\r\n\t\t\t<\/div>\r\n\t\t\r\n\t\t<div class=\"cs-entry__inner cs-entry__content\">\r\n\r\n\t\t\t<div class=\"cs-entry__post-meta\" ><div class=\"cs-meta-category\"><ul class=\"post-categories\">\n\t<li><a href=\"https:\/\/globalportalnews.com\/es\/.\/noticias-politica-uk\/\" rel=\"category tag\">Pol\u00edtica del Reino Unido<\/a><\/li><\/ul><\/div><\/div>\r\n\t\t\t<h2 class=\"cs-entry__title\"><a href=\"https:\/\/globalportalnews.com\/es\/noticias-politica-uk\/rusia-ataques-keir-starmer-sabotaje-propaganda-bbc\/\">Rusia detr\u00e1s de los ataques contra Keir Starmer, la investigaci\u00f3n de la BBC revela una red de sabotaje y propaganda<\/a><\/h2>\r\n\t\t\t\t\t\t\t\t<div class=\"cs-entry__excerpt\">\r\n\t\t\t\t\t\tLa BBC revela nuevas pruebas que vinculan a Rusia con los ataques contra propiedades de Keir Starmer.\t\t\t\t\t<\/div>\r\n\t\t\t\t\t\r\n\t\t\t<div class=\"cs-entry__post-meta\" ><div class=\"cs-meta-author\"><span class=\"cs-meta-author-by\">by<\/span><a class=\"cs-meta-author-link url fn n\" href=\"https:\/\/globalportalnews.com\/es\/author\/globalportalnewsgmail-com\/\"><span class=\"cs-meta-author-name\">Global Portal News<\/span><\/a><\/div><div class=\"cs-meta-date\">16 de junio de 2026<\/div><\/div>\t\t<\/div>\r\n\t<\/div>\r\n<\/article>\r\n\t\t\t\t\t\t\t\t<\/div>\r\n\t\t\t\t\t\t\t<\/div>\r\n\t\t\t\t\t\t<\/div>\r\n\t\t\t\t\t\t\t\t<\/section>\r\n\t\t\t\t\t\t<\/div>\n\t\t\t\t<\/div>\n\t\t\t\t<div class=\"elementor-element elementor-element-285929e cs-dividerhorizontal cs-divider-laptophorizontal cs-divider-tablethorizontal cs-divider-mobilehorizontal elementor-widget elementor-widget-cs-divider\" data-id=\"285929e\" data-element_type=\"widget\" data-e-type=\"widget\" data-widget_type=\"cs-divider.default\">\n\t\t\t\t<div class=\"elementor-widget-container\">\n\t\t\t\t\t\t\t<section class=\"cs-divider cs-divider-horizontal\"><\/section>\r\n\t\t\t\t\t\t<\/div>\n\t\t\t\t<\/div>\n\t\t\t\t\t<\/div>\n\t\t\t\t<\/div>\n\t\t<div class=\"elementor-element elementor-element-3395b36 e-con-full e-flex e-con e-parent\" data-id=\"3395b36\" data-element_type=\"container\" data-e-type=\"container\" data-settings=\"{&quot;background_background&quot;:&quot;classic&quot;}\">\n\t\t\t\t<div class=\"elementor-element elementor-element-10c9197 elementor-widget elementor-widget-cs-heading\" data-id=\"10c9197\" data-element_type=\"widget\" data-e-type=\"widget\" data-widget_type=\"cs-heading.default\">\n\t\t\t\t<div class=\"elementor-widget-container\">\n\t\t\t\t\t\t\t\t\t\t<section class=\"cs-heading cs-heading-background\">\r\n\t\t\t\t<div class=\"cs-heading__container cs-container\">\r\n\t\t\t\t\t<h2 class=\"cs-heading__content\">\r\n\t\t\t\t\t\tTendencias\t\t\t\t\t<\/h2>\r\n\r\n\t\t\t\t\t\t\t\t\t<\/div>\r\n\t\t\t<\/section>\r\n\t\t\t\t\t\t\t\t<\/div>\n\t\t\t\t<\/div>\n\t\t\t\t<div class=\"elementor-element elementor-element-dfe85ba elementor-widget elementor-widget-cs-posts\" data-id=\"dfe85ba\" data-element_type=\"widget\" data-e-type=\"widget\" data-widget_type=\"cs-posts.default\">\n\t\t\t\t<div class=\"elementor-widget-container\">\n\t\t\t\t\t\t\t\t<section class=\"cs-posts cs-posts__numbered cs-posts-background\">\r\n\t\t\t\t\t\t\t\t\t\t<div class=\"cs-posts-area cs-posts-area-elementor cs-container\" data-posts-area=\"\">\r\n\t\t\t\t\t\t\t<div class=\"cs-posts-area__outer\">\r\n\t\t\t\t\t\t\t\t<div\r\n\t\t\t\t\t\t\t\tclass=\"cs-posts-area__main\"\r\n\t\t\t\t\t\t\t\tdata-pc=\"5\"\r\n\t\t\t\t\t\t\t\tdata-lt=\"3\"\r\n\t\t\t\t\t\t\t\tdata-tb=\"2\"\r\n\t\t\t\t\t\t\t\tdata-mb=\"1\"\r\n\t\t\t\t\t\t\t\t>\r\n\t\t\t\t\t\t\t\t\t\r\n\r\n<article class=\"post-5488 post type-post status-publish format-standard has-post-thumbnail category-noticias-uk cs-entry cs-video-wrap\">\r\n\t<div class=\"cs-entry__outer cs-entry__outer-accent\">\r\n\r\n\t\t\r\n\t\t<div class=\"cs-entry__inner cs-entry__content-wrapper\">\r\n\t\t\t<div class=\"cs-entry__content\">\r\n\r\n\t\t\t\t<div class=\"cs-entry__post-meta\" ><div class=\"cs-meta-category\"><ul class=\"post-categories\">\n\t<li><a href=\"https:\/\/globalportalnews.com\/es\/.\/noticias-uk\/\" rel=\"category tag\">Noticias del Reino Unido en Espa\u00f1ol<\/a><\/li><\/ul><\/div><\/div>\r\n\t\t\t\t<h2 class=\"cs-entry__title\"><a href=\"https:\/\/globalportalnews.com\/es\/noticias-uk\/henry-nowak-protocolos-racismo-policia-reino-unido\/\">\u00bfInfluyeron los protocolos sobre racismo en la respuesta policial a Henry Nowak?<\/a><\/h2>\r\n\t\t\t\t\r\n\t\t\t\t<div class=\"cs-entry__post-meta\" ><div class=\"cs-meta-author\"><span class=\"cs-meta-author-by\">by<\/span><a class=\"cs-meta-author-link url fn n\" href=\"https:\/\/globalportalnews.com\/es\/author\/globalportalnewsgmail-com\/\"><span class=\"cs-meta-author-name\">Global Portal News<\/span><\/a><\/div><\/div>\t\t\t<\/div>\r\n\t\t<\/div>\r\n\r\n\t<\/div>\r\n<\/article>\r\n\r\n\r\n<article class=\"post-5476 post type-post status-publish format-standard has-post-thumbnail category-noticias-politica-uk tag-keir-starmer cs-entry cs-video-wrap\">\r\n\t<div class=\"cs-entry__outer cs-entry__outer-accent\">\r\n\r\n\t\t\r\n\t\t<div class=\"cs-entry__inner cs-entry__content-wrapper\">\r\n\t\t\t<div class=\"cs-entry__content\">\r\n\r\n\t\t\t\t<div class=\"cs-entry__post-meta\" ><div class=\"cs-meta-category\"><ul class=\"post-categories\">\n\t<li><a href=\"https:\/\/globalportalnews.com\/es\/.\/noticias-politica-uk\/\" rel=\"category tag\">Pol\u00edtica del Reino Unido<\/a><\/li><\/ul><\/div><\/div>\r\n\t\t\t\t<h2 class=\"cs-entry__title\"><a href=\"https:\/\/globalportalnews.com\/es\/noticias-politica-uk\/starmer-acusa-elon-musk-caso-henry-nowak-reino-unido\/\">Starmer acusa a Elon Musk de avivar la divisi\u00f3n en Reino Unido por el caso Henry Nowak<\/a><\/h2>\r\n\t\t\t\t\r\n\t\t\t\t<div class=\"cs-entry__post-meta\" ><div class=\"cs-meta-author\"><span class=\"cs-meta-author-by\">by<\/span><a class=\"cs-meta-author-link url fn n\" href=\"https:\/\/globalportalnews.com\/es\/author\/globalportalnewsgmail-com\/\"><span class=\"cs-meta-author-name\">Global Portal News<\/span><\/a><\/div><\/div>\t\t\t<\/div>\r\n\t\t<\/div>\r\n\r\n\t<\/div>\r\n<\/article>\r\n\r\n\r\n<article class=\"post-5470 post type-post status-publish format-standard has-post-thumbnail category-noticias-politica-uk cs-entry cs-video-wrap\">\r\n\t<div class=\"cs-entry__outer cs-entry__outer-accent\">\r\n\r\n\t\t\r\n\t\t<div class=\"cs-entry__inner cs-entry__content-wrapper\">\r\n\t\t\t<div class=\"cs-entry__content\">\r\n\r\n\t\t\t\t<div class=\"cs-entry__post-meta\" ><div class=\"cs-meta-category\"><ul class=\"post-categories\">\n\t<li><a href=\"https:\/\/globalportalnews.com\/es\/.\/noticias-politica-uk\/\" rel=\"category tag\">Pol\u00edtica del Reino Unido<\/a><\/li><\/ul><\/div><\/div>\r\n\t\t\t\t<h2 class=\"cs-entry__title\"><a href=\"https:\/\/globalportalnews.com\/es\/noticias-politica-uk\/espias-chinos-linkedin-mi5-funcionarios-britanicos\/\">Esp\u00edas chinos usan LinkedIn e Indeed para captar funcionarios brit\u00e1nicos, alerta MI5<\/a><\/h2>\r\n\t\t\t\t\r\n\t\t\t\t<div class=\"cs-entry__post-meta\" ><div class=\"cs-meta-author\"><span class=\"cs-meta-author-by\">by<\/span><a class=\"cs-meta-author-link url fn n\" href=\"https:\/\/globalportalnews.com\/es\/author\/globalportalnewsgmail-com\/\"><span class=\"cs-meta-author-name\">Global Portal News<\/span><\/a><\/div><\/div>\t\t\t<\/div>\r\n\t\t<\/div>\r\n\r\n\t<\/div>\r\n<\/article>\r\n\r\n\r\n<article class=\"post-5449 post type-post status-publish format-standard has-post-thumbnail category-noticias-uk cs-entry cs-video-wrap\">\r\n\t<div class=\"cs-entry__outer cs-entry__outer-accent\">\r\n\r\n\t\t\r\n\t\t<div class=\"cs-entry__inner cs-entry__content-wrapper\">\r\n\t\t\t<div class=\"cs-entry__content\">\r\n\r\n\t\t\t\t<div class=\"cs-entry__post-meta\" ><div class=\"cs-meta-category\"><ul class=\"post-categories\">\n\t<li><a href=\"https:\/\/globalportalnews.com\/es\/.\/noticias-uk\/\" rel=\"category tag\">Noticias del Reino Unido en Espa\u00f1ol<\/a><\/li><\/ul><\/div><\/div>\r\n\t\t\t\t<h2 class=\"cs-entry__title\"><a href=\"https:\/\/globalportalnews.com\/es\/noticias-uk\/accidente-helicoptero-royal-navy-devon-tres-militares-muertos\/\">Accidente de helic\u00f3ptero de la Royal Navy en Devon, mueren tres militares durante un entrenamiento con un Merlin Mk4<\/a><\/h2>\r\n\t\t\t\t\r\n\t\t\t\t<div class=\"cs-entry__post-meta\" ><div class=\"cs-meta-author\"><span class=\"cs-meta-author-by\">by<\/span><a class=\"cs-meta-author-link url fn n\" href=\"https:\/\/globalportalnews.com\/es\/author\/globalportalnewsgmail-com\/\"><span class=\"cs-meta-author-name\">Global Portal News<\/span><\/a><\/div><\/div>\t\t\t<\/div>\r\n\t\t<\/div>\r\n\r\n\t<\/div>\r\n<\/article>\r\n\r\n\r\n<article class=\"post-5424 post type-post status-publish format-standard has-post-thumbnail category-noticias-politica-uk cs-entry cs-video-wrap\">\r\n\t<div class=\"cs-entry__outer cs-entry__outer-accent\">\r\n\r\n\t\t\r\n\t\t<div class=\"cs-entry__inner cs-entry__content-wrapper\">\r\n\t\t\t<div class=\"cs-entry__content\">\r\n\r\n\t\t\t\t<div class=\"cs-entry__post-meta\" ><div class=\"cs-meta-category\"><ul class=\"post-categories\">\n\t<li><a href=\"https:\/\/globalportalnews.com\/es\/.\/noticias-politica-uk\/\" rel=\"category tag\">Pol\u00edtica del Reino Unido<\/a><\/li><\/ul><\/div><\/div>\r\n\t\t\t\t<h2 class=\"cs-entry__title\"><a href=\"https:\/\/globalportalnews.com\/es\/noticias-politica-uk\/cameron-ofrecio-boris-johnson-cargo-brexit-documental-bbc\/\">David Cameron revel\u00f3 que ofreci\u00f3 a Boris Johnson un alto cargo para frenar el Brexit, seg\u00fan un documental de la BBC<\/a><\/h2>\r\n\t\t\t\t\r\n\t\t\t\t<div class=\"cs-entry__post-meta\" ><div class=\"cs-meta-author\"><span class=\"cs-meta-author-by\">by<\/span><a class=\"cs-meta-author-link url fn n\" href=\"https:\/\/globalportalnews.com\/es\/author\/globalportalnewsgmail-com\/\"><span class=\"cs-meta-author-name\">Global Portal News<\/span><\/a><\/div><\/div>\t\t\t<\/div>\r\n\t\t<\/div>\r\n\r\n\t<\/div>\r\n<\/article>\r\n\t\t\t\t\t\t\t\t<\/div>\r\n\t\t\t\t\t\t\t<\/div>\r\n\t\t\t\t\t\t<\/div>\r\n\t\t\t\t\t\t\t\t<\/section>\r\n\t\t\t\t\t\t<\/div>\n\t\t\t\t<\/div>\n\t\t\t\t<\/div>\n\t\t<div class=\"elementor-element elementor-element-e41fe0e e-flex e-con-boxed e-con e-parent\" data-id=\"e41fe0e\" data-element_type=\"container\" data-e-type=\"container\">\n\t\t\t\t\t<div class=\"e-con-inner\">\n\t\t\t\t<div class=\"elementor-element elementor-element-bbaf193 elementor-widget elementor-widget-cs-heading\" data-id=\"bbaf193\" data-element_type=\"widget\" data-e-type=\"widget\" data-widget_type=\"cs-heading.default\">\n\t\t\t\t<div class=\"elementor-widget-container\">\n\t\t\t\t\t\t\t\t\t\t<section class=\"cs-heading\">\r\n\t\t\t\t<div class=\"cs-heading__container \">\r\n\t\t\t\t\t<h2 class=\"cs-heading__content\">\r\n\t\t\t\t\t\tEconom\u00eda UK\t\t\t\t\t<\/h2>\r\n\r\n\t\t\t\t\t\t\t\t\t\t\t<a class=\"cs-heading__link\" href=\"\/es\/noticias-economia-uk\/\" target=\"_self\">\r\n\t\t\t\t\t\t\t<span>\t\r\n\t\t\t\t\t\t\t\tVer Todas\t\t\t\t\t\t\t<\/span>\r\n\t\t\t\t\t\t<\/a>\r\n\t\t\t\t\t\t\t\t\t<\/div>\r\n\t\t\t<\/section>\r\n\t\t\t\t\t\t\t\t<\/div>\n\t\t\t\t<\/div>\n\t\t\t\t<div class=\"elementor-element elementor-element-cce7d52 elementor-widget elementor-widget-cs-posts\" data-id=\"cce7d52\" data-element_type=\"widget\" data-e-type=\"widget\" data-widget_type=\"cs-posts.default\">\n\t\t\t\t<div class=\"elementor-widget-container\">\n\t\t\t\t\t\t\t\t<section class=\"cs-posts cs-posts__tile\">\r\n\t\t\t\t\t\t\t\t\t\t<div class=\"cs-posts-area cs-posts-area-elementor \" data-posts-area=\"\">\r\n\t\t\t\t\t\t\t<div class=\"cs-posts-area__outer\">\r\n\t\t\t\t\t\t\t\t<div\r\n\t\t\t\t\t\t\t\tclass=\"cs-posts-area__main\"\r\n\t\t\t\t\t\t\t\tdata-pc=\"3\"\r\n\t\t\t\t\t\t\t\tdata-lt=\"3\"\r\n\t\t\t\t\t\t\t\tdata-tb=\"1\"\r\n\t\t\t\t\t\t\t\tdata-mb=\"1\"\r\n\t\t\t\t\t\t\t\t>\r\n\t\t\t\t\t\t\t\t\t\r\n<article class=\"post-3997 post type-post status-publish format-standard has-post-thumbnail category-noticias-economia-uk cs-entry cs-video-wrap\">\r\n\t<div\r\n\tclass=\"cs-entry__outer cs-entry__overlay cs-overlay-ratio cs-ratio-landscape-16-9\"\r\n\tdata-scheme=\"inverse\"\r\n\t>\r\n\r\n\t\t<div class=\"cs-entry__inner cs-entry__thumbnail cs-entry__tile\">\r\n\r\n\t\t\t<div class=\"cs-overlay-background\">\r\n\t\t\t\t\t\t\t\t\t<img loading=\"lazy\" decoding=\"async\" width=\"332\" height=\"187\" src=\"https:\/\/globalportalnews.com\/es\/wp-content\/uploads\/sites\/2\/2025\/04\/clase_trabajadora_britanica-332x187.webp\" class=\"attachment-csco-thumbnail-uncropped size-csco-thumbnail-uncropped wp-post-image\" alt=\"clase trabajadora britanica\" srcset=\"https:\/\/globalportalnews.com\/es\/wp-content\/uploads\/sites\/2\/2025\/04\/clase_trabajadora_britanica-332x187.webp 332w, https:\/\/globalportalnews.com\/es\/wp-content\/uploads\/sites\/2\/2025\/04\/clase_trabajadora_britanica-300x169.webp 300w, https:\/\/globalportalnews.com\/es\/wp-content\/uploads\/sites\/2\/2025\/04\/clase_trabajadora_britanica-1024x576.webp 1024w, https:\/\/globalportalnews.com\/es\/wp-content\/uploads\/sites\/2\/2025\/04\/clase_trabajadora_britanica-768x432.webp 768w, https:\/\/globalportalnews.com\/es\/wp-content\/uploads\/sites\/2\/2025\/04\/clase_trabajadora_britanica-1536x864.webp 1536w, https:\/\/globalportalnews.com\/es\/wp-content\/uploads\/sites\/2\/2025\/04\/clase_trabajadora_britanica-664x374.webp 664w, https:\/\/globalportalnews.com\/es\/wp-content\/uploads\/sites\/2\/2025\/04\/clase_trabajadora_britanica-688x387.webp 688w, https:\/\/globalportalnews.com\/es\/wp-content\/uploads\/sites\/2\/2025\/04\/clase_trabajadora_britanica-1376x774.webp 1376w, https:\/\/globalportalnews.com\/es\/wp-content\/uploads\/sites\/2\/2025\/04\/clase_trabajadora_britanica-1044x587.webp 1044w, https:\/\/globalportalnews.com\/es\/wp-content\/uploads\/sites\/2\/2025\/04\/clase_trabajadora_britanica-1400x788.webp 1400w, https:\/\/globalportalnews.com\/es\/wp-content\/uploads\/sites\/2\/2025\/04\/clase_trabajadora_britanica.webp 1920w\" sizes=\"(max-width: 332px) 100vw, 332px\" \/>\t\t\t\t\t<img loading=\"lazy\" decoding=\"async\" width=\"1044\" height=\"587\" src=\"https:\/\/globalportalnews.com\/es\/wp-content\/uploads\/sites\/2\/2025\/04\/clase_trabajadora_britanica-1044x587.webp\" class=\"attachment-csco-large size-csco-large wp-post-image\" alt=\"clase trabajadora britanica\" srcset=\"https:\/\/globalportalnews.com\/es\/wp-content\/uploads\/sites\/2\/2025\/04\/clase_trabajadora_britanica-1044x587.webp 1044w, https:\/\/globalportalnews.com\/es\/wp-content\/uploads\/sites\/2\/2025\/04\/clase_trabajadora_britanica-300x169.webp 300w, https:\/\/globalportalnews.com\/es\/wp-content\/uploads\/sites\/2\/2025\/04\/clase_trabajadora_britanica-1024x576.webp 1024w, https:\/\/globalportalnews.com\/es\/wp-content\/uploads\/sites\/2\/2025\/04\/clase_trabajadora_britanica-768x432.webp 768w, https:\/\/globalportalnews.com\/es\/wp-content\/uploads\/sites\/2\/2025\/04\/clase_trabajadora_britanica-1536x864.webp 1536w, https:\/\/globalportalnews.com\/es\/wp-content\/uploads\/sites\/2\/2025\/04\/clase_trabajadora_britanica-332x187.webp 332w, https:\/\/globalportalnews.com\/es\/wp-content\/uploads\/sites\/2\/2025\/04\/clase_trabajadora_britanica-664x374.webp 664w, https:\/\/globalportalnews.com\/es\/wp-content\/uploads\/sites\/2\/2025\/04\/clase_trabajadora_britanica-688x387.webp 688w, https:\/\/globalportalnews.com\/es\/wp-content\/uploads\/sites\/2\/2025\/04\/clase_trabajadora_britanica-1376x774.webp 1376w, https:\/\/globalportalnews.com\/es\/wp-content\/uploads\/sites\/2\/2025\/04\/clase_trabajadora_britanica-1400x788.webp 1400w, https:\/\/globalportalnews.com\/es\/wp-content\/uploads\/sites\/2\/2025\/04\/clase_trabajadora_britanica.webp 1920w\" sizes=\"(max-width: 1044px) 100vw, 1044px\" \/>\t\t\t\t\t\t\t<\/div>\r\n\r\n\t\t\t\r\n\t\t\t\r\n\t\t<\/div>\r\n\r\n\t\t<div class=\"cs-entry__inner cs-entry__content cs-overlay-content\">\r\n\r\n\t\t\t<div class=\"cs-entry__post-meta\" ><div class=\"cs-meta-category\"><ul class=\"post-categories\">\n\t<li><a href=\"https:\/\/globalportalnews.com\/es\/.\/noticias-economia-uk\/\" rel=\"category tag\">Econom\u00eda del Reino Unido<\/a><\/li><\/ul><\/div><\/div>\r\n\t\t\t<h2 class=\"cs-entry__title\">Reino Unido en 2026: crisis del coste de vida, econom\u00eda en desaceleraci\u00f3n y el impacto real del Brexit<\/h2>\r\n\t\t\t\r\n\t\t\t<div class=\"cs-entry__post-meta\" ><div class=\"cs-meta-author\"><span class=\"cs-meta-author-by\">by<\/span><a class=\"cs-meta-author-link url fn n\" href=\"https:\/\/globalportalnews.com\/es\/author\/globalportalnewsgmail-com\/\"><span class=\"cs-meta-author-name\">Global Portal News<\/span><\/a><\/div><div class=\"cs-meta-date\">10 de abril de 2026<\/div><\/div>\t\t<\/div>\r\n\r\n\t\t<a class=\"cs-overlay-link\" href=\"https:\/\/globalportalnews.com\/es\/noticias-economia-uk\/reino-unido-en-2026-crisis-del-coste-de-vida-economia-en-desaceleracion-y-el-impacto-real-del-brexit\/\" title=\"Reino Unido en 2026: crisis del coste de vida, econom\u00eda en desaceleraci\u00f3n y el impacto real del Brexit\"><\/a>\r\n\t<\/div>\r\n<\/article>\r\n\r\n<article class=\"post-3944 post type-post status-publish format-standard has-post-thumbnail category-noticias-economia-uk cs-entry cs-video-wrap\">\r\n\t<div\r\n\tclass=\"cs-entry__outer cs-entry__overlay cs-overlay-ratio cs-ratio-landscape-16-9\"\r\n\tdata-scheme=\"inverse\"\r\n\t>\r\n\r\n\t\t<div class=\"cs-entry__inner cs-entry__thumbnail cs-entry__tile\">\r\n\r\n\t\t\t<div class=\"cs-overlay-background\">\r\n\t\t\t\t\t\t\t\t\t<img loading=\"lazy\" decoding=\"async\" width=\"332\" height=\"187\" src=\"https:\/\/globalportalnews.com\/es\/wp-content\/uploads\/sites\/2\/2026\/04\/Income-tax-491626_1920_1-332x187.webp\" class=\"attachment-csco-thumbnail-uncropped size-csco-thumbnail-uncropped wp-post-image\" alt=\"Un c\u00e1lculo de impuestos que incluye el impuesto sobre la renta y otros impuestos. Hay muchos documentos que contienen mucha informaci\u00f3n sobre el monto de los impuestos.\" srcset=\"https:\/\/globalportalnews.com\/es\/wp-content\/uploads\/sites\/2\/2026\/04\/Income-tax-491626_1920_1-332x187.webp 332w, https:\/\/globalportalnews.com\/es\/wp-content\/uploads\/sites\/2\/2026\/04\/Income-tax-491626_1920_1-300x169.webp 300w, https:\/\/globalportalnews.com\/es\/wp-content\/uploads\/sites\/2\/2026\/04\/Income-tax-491626_1920_1-1024x576.webp 1024w, https:\/\/globalportalnews.com\/es\/wp-content\/uploads\/sites\/2\/2026\/04\/Income-tax-491626_1920_1-768x432.webp 768w, https:\/\/globalportalnews.com\/es\/wp-content\/uploads\/sites\/2\/2026\/04\/Income-tax-491626_1920_1-1536x864.webp 1536w, https:\/\/globalportalnews.com\/es\/wp-content\/uploads\/sites\/2\/2026\/04\/Income-tax-491626_1920_1-664x374.webp 664w, https:\/\/globalportalnews.com\/es\/wp-content\/uploads\/sites\/2\/2026\/04\/Income-tax-491626_1920_1-688x387.webp 688w, https:\/\/globalportalnews.com\/es\/wp-content\/uploads\/sites\/2\/2026\/04\/Income-tax-491626_1920_1-1376x774.webp 1376w, https:\/\/globalportalnews.com\/es\/wp-content\/uploads\/sites\/2\/2026\/04\/Income-tax-491626_1920_1-1044x587.webp 1044w, https:\/\/globalportalnews.com\/es\/wp-content\/uploads\/sites\/2\/2026\/04\/Income-tax-491626_1920_1-1400x788.webp 1400w, https:\/\/globalportalnews.com\/es\/wp-content\/uploads\/sites\/2\/2026\/04\/Income-tax-491626_1920_1.webp 1920w\" sizes=\"(max-width: 332px) 100vw, 332px\" \/>\t\t\t\t\t<img loading=\"lazy\" decoding=\"async\" width=\"1044\" height=\"587\" src=\"https:\/\/globalportalnews.com\/es\/wp-content\/uploads\/sites\/2\/2026\/04\/Income-tax-491626_1920_1-1044x587.webp\" class=\"attachment-csco-large size-csco-large wp-post-image\" alt=\"Un c\u00e1lculo de impuestos que incluye el impuesto sobre la renta y otros impuestos. Hay muchos documentos que contienen mucha informaci\u00f3n sobre el monto de los impuestos.\" srcset=\"https:\/\/globalportalnews.com\/es\/wp-content\/uploads\/sites\/2\/2026\/04\/Income-tax-491626_1920_1-1044x587.webp 1044w, https:\/\/globalportalnews.com\/es\/wp-content\/uploads\/sites\/2\/2026\/04\/Income-tax-491626_1920_1-300x169.webp 300w, https:\/\/globalportalnews.com\/es\/wp-content\/uploads\/sites\/2\/2026\/04\/Income-tax-491626_1920_1-1024x576.webp 1024w, https:\/\/globalportalnews.com\/es\/wp-content\/uploads\/sites\/2\/2026\/04\/Income-tax-491626_1920_1-768x432.webp 768w, https:\/\/globalportalnews.com\/es\/wp-content\/uploads\/sites\/2\/2026\/04\/Income-tax-491626_1920_1-1536x864.webp 1536w, https:\/\/globalportalnews.com\/es\/wp-content\/uploads\/sites\/2\/2026\/04\/Income-tax-491626_1920_1-332x187.webp 332w, https:\/\/globalportalnews.com\/es\/wp-content\/uploads\/sites\/2\/2026\/04\/Income-tax-491626_1920_1-664x374.webp 664w, https:\/\/globalportalnews.com\/es\/wp-content\/uploads\/sites\/2\/2026\/04\/Income-tax-491626_1920_1-688x387.webp 688w, https:\/\/globalportalnews.com\/es\/wp-content\/uploads\/sites\/2\/2026\/04\/Income-tax-491626_1920_1-1376x774.webp 1376w, https:\/\/globalportalnews.com\/es\/wp-content\/uploads\/sites\/2\/2026\/04\/Income-tax-491626_1920_1-1400x788.webp 1400w, https:\/\/globalportalnews.com\/es\/wp-content\/uploads\/sites\/2\/2026\/04\/Income-tax-491626_1920_1.webp 1920w\" sizes=\"(max-width: 1044px) 100vw, 1044px\" \/>\t\t\t\t\t\t\t<\/div>\r\n\r\n\t\t\t\r\n\t\t\t\r\n\t\t<\/div>\r\n\r\n\t\t<div class=\"cs-entry__inner cs-entry__content cs-overlay-content\">\r\n\r\n\t\t\t<div class=\"cs-entry__post-meta\" ><div class=\"cs-meta-category\"><ul class=\"post-categories\">\n\t<li><a href=\"https:\/\/globalportalnews.com\/es\/.\/noticias-economia-uk\/\" rel=\"category tag\">Econom\u00eda del Reino Unido<\/a><\/li><\/ul><\/div><\/div>\r\n\t\t\t<h2 class=\"cs-entry__title\">Making Tax Digital 2026: qu\u00e9 cambia en los impuestos de aut\u00f3nomos en Reino Unido (gu\u00eda completa paso a paso)<\/h2>\r\n\t\t\t\r\n\t\t\t<div class=\"cs-entry__post-meta\" ><div class=\"cs-meta-author\"><span class=\"cs-meta-author-by\">by<\/span><a class=\"cs-meta-author-link url fn n\" href=\"https:\/\/globalportalnews.com\/es\/author\/globalportalnewsgmail-com\/\"><span class=\"cs-meta-author-name\">Global Portal News<\/span><\/a><\/div><div class=\"cs-meta-date\">6 de abril de 2026<\/div><\/div>\t\t<\/div>\r\n\r\n\t\t<a class=\"cs-overlay-link\" href=\"https:\/\/globalportalnews.com\/es\/noticias-economia-uk\/making-tax-digital-reino-unido-autonomos\/\" title=\"Making Tax Digital 2026: qu\u00e9 cambia en los impuestos de aut\u00f3nomos en Reino Unido (gu\u00eda completa paso a paso)\"><\/a>\r\n\t<\/div>\r\n<\/article>\r\n\r\n<article class=\"post-3888 post type-post status-publish format-standard has-post-thumbnail category-noticias-economia-uk cs-entry cs-video-wrap\">\r\n\t<div\r\n\tclass=\"cs-entry__outer cs-entry__overlay cs-overlay-ratio cs-ratio-landscape-16-9\"\r\n\tdata-scheme=\"inverse\"\r\n\t>\r\n\r\n\t\t<div class=\"cs-entry__inner cs-entry__thumbnail cs-entry__tile\">\r\n\r\n\t\t\t<div class=\"cs-overlay-background\">\r\n\t\t\t\t\t\t\t\t\t<img loading=\"lazy\" decoding=\"async\" width=\"332\" height=\"187\" src=\"https:\/\/globalportalnews.com\/es\/wp-content\/uploads\/sites\/2\/2026\/03\/Campaigners__bus_1_27306457752-332x187.webp\" class=\"attachment-csco-thumbnail-uncropped size-csco-thumbnail-uncropped wp-post-image\" alt=\"Brexit Campaigners &amp; bus\" srcset=\"https:\/\/globalportalnews.com\/es\/wp-content\/uploads\/sites\/2\/2026\/03\/Campaigners__bus_1_27306457752-332x187.webp 332w, https:\/\/globalportalnews.com\/es\/wp-content\/uploads\/sites\/2\/2026\/03\/Campaigners__bus_1_27306457752-300x169.webp 300w, https:\/\/globalportalnews.com\/es\/wp-content\/uploads\/sites\/2\/2026\/03\/Campaigners__bus_1_27306457752-1024x576.webp 1024w, https:\/\/globalportalnews.com\/es\/wp-content\/uploads\/sites\/2\/2026\/03\/Campaigners__bus_1_27306457752-768x432.webp 768w, https:\/\/globalportalnews.com\/es\/wp-content\/uploads\/sites\/2\/2026\/03\/Campaigners__bus_1_27306457752-1536x864.webp 1536w, https:\/\/globalportalnews.com\/es\/wp-content\/uploads\/sites\/2\/2026\/03\/Campaigners__bus_1_27306457752-664x374.webp 664w, https:\/\/globalportalnews.com\/es\/wp-content\/uploads\/sites\/2\/2026\/03\/Campaigners__bus_1_27306457752-688x387.webp 688w, https:\/\/globalportalnews.com\/es\/wp-content\/uploads\/sites\/2\/2026\/03\/Campaigners__bus_1_27306457752-1376x774.webp 1376w, https:\/\/globalportalnews.com\/es\/wp-content\/uploads\/sites\/2\/2026\/03\/Campaigners__bus_1_27306457752-1044x587.webp 1044w, https:\/\/globalportalnews.com\/es\/wp-content\/uploads\/sites\/2\/2026\/03\/Campaigners__bus_1_27306457752-1400x788.webp 1400w, https:\/\/globalportalnews.com\/es\/wp-content\/uploads\/sites\/2\/2026\/03\/Campaigners__bus_1_27306457752.webp 1920w\" sizes=\"(max-width: 332px) 100vw, 332px\" \/>\t\t\t\t\t<img loading=\"lazy\" decoding=\"async\" width=\"1044\" height=\"587\" src=\"https:\/\/globalportalnews.com\/es\/wp-content\/uploads\/sites\/2\/2026\/03\/Campaigners__bus_1_27306457752-1044x587.webp\" class=\"attachment-csco-large size-csco-large wp-post-image\" alt=\"Brexit Campaigners &amp; bus\" srcset=\"https:\/\/globalportalnews.com\/es\/wp-content\/uploads\/sites\/2\/2026\/03\/Campaigners__bus_1_27306457752-1044x587.webp 1044w, https:\/\/globalportalnews.com\/es\/wp-content\/uploads\/sites\/2\/2026\/03\/Campaigners__bus_1_27306457752-300x169.webp 300w, https:\/\/globalportalnews.com\/es\/wp-content\/uploads\/sites\/2\/2026\/03\/Campaigners__bus_1_27306457752-1024x576.webp 1024w, https:\/\/globalportalnews.com\/es\/wp-content\/uploads\/sites\/2\/2026\/03\/Campaigners__bus_1_27306457752-768x432.webp 768w, https:\/\/globalportalnews.com\/es\/wp-content\/uploads\/sites\/2\/2026\/03\/Campaigners__bus_1_27306457752-1536x864.webp 1536w, https:\/\/globalportalnews.com\/es\/wp-content\/uploads\/sites\/2\/2026\/03\/Campaigners__bus_1_27306457752-332x187.webp 332w, https:\/\/globalportalnews.com\/es\/wp-content\/uploads\/sites\/2\/2026\/03\/Campaigners__bus_1_27306457752-664x374.webp 664w, https:\/\/globalportalnews.com\/es\/wp-content\/uploads\/sites\/2\/2026\/03\/Campaigners__bus_1_27306457752-688x387.webp 688w, https:\/\/globalportalnews.com\/es\/wp-content\/uploads\/sites\/2\/2026\/03\/Campaigners__bus_1_27306457752-1376x774.webp 1376w, https:\/\/globalportalnews.com\/es\/wp-content\/uploads\/sites\/2\/2026\/03\/Campaigners__bus_1_27306457752-1400x788.webp 1400w, https:\/\/globalportalnews.com\/es\/wp-content\/uploads\/sites\/2\/2026\/03\/Campaigners__bus_1_27306457752.webp 1920w\" sizes=\"(max-width: 1044px) 100vw, 1044px\" \/>\t\t\t\t\t\t\t<\/div>\r\n\r\n\t\t\t\r\n\t\t\t\r\n\t\t<\/div>\r\n\r\n\t\t<div class=\"cs-entry__inner cs-entry__content cs-overlay-content\">\r\n\r\n\t\t\t<div class=\"cs-entry__post-meta\" ><div class=\"cs-meta-category\"><ul class=\"post-categories\">\n\t<li><a href=\"https:\/\/globalportalnews.com\/es\/.\/noticias-economia-uk\/\" rel=\"category tag\">Econom\u00eda del Reino Unido<\/a><\/li><\/ul><\/div><\/div>\r\n\t\t\t<h2 class=\"cs-entry__title\">Econom\u00eda del Reino Unido tras el Brexit: \u00bfrecuperaci\u00f3n o estancamiento en 2026?<\/h2>\r\n\t\t\t\r\n\t\t\t<div class=\"cs-entry__post-meta\" ><div class=\"cs-meta-author\"><span class=\"cs-meta-author-by\">by<\/span><a class=\"cs-meta-author-link url fn n\" href=\"https:\/\/globalportalnews.com\/es\/author\/globalportalnewsgmail-com\/\"><span class=\"cs-meta-author-name\">Global Portal News<\/span><\/a><\/div><div class=\"cs-meta-date\">30 de marzo de 2026<\/div><\/div>\t\t<\/div>\r\n\r\n\t\t<a class=\"cs-overlay-link\" href=\"https:\/\/globalportalnews.com\/es\/noticias-economia-uk\/economia-del-reino-unido-tras-el-brexit-recuperacion-o-estancamiento-en-2026\/\" title=\"Econom\u00eda del Reino Unido tras el Brexit: \u00bfrecuperaci\u00f3n o estancamiento en 2026?\"><\/a>\r\n\t<\/div>\r\n<\/article>\r\n\t\t\t\t\t\t\t\t<\/div>\r\n\t\t\t\t\t\t\t<\/div>\r\n\t\t\t\t\t\t<\/div>\r\n\t\t\t\t\t\t\t\t<\/section>\r\n\t\t\t\t\t\t<\/div>\n\t\t\t\t<\/div>\n\t\t\t\t<div class=\"elementor-element elementor-element-6b5fac3 cs-dividerhorizontal cs-divider-laptophorizontal cs-divider-tablethorizontal cs-divider-mobilehorizontal elementor-widget elementor-widget-cs-divider\" data-id=\"6b5fac3\" data-element_type=\"widget\" data-e-type=\"widget\" data-widget_type=\"cs-divider.default\">\n\t\t\t\t<div class=\"elementor-widget-container\">\n\t\t\t\t\t\t\t<section class=\"cs-divider cs-divider-horizontal\"><\/section>\r\n\t\t\t\t\t\t<\/div>\n\t\t\t\t<\/div>\n\t\t\t\t<div class=\"elementor-element elementor-element-67dbf4a elementor-widget elementor-widget-cs-posts\" data-id=\"67dbf4a\" data-element_type=\"widget\" data-e-type=\"widget\" data-widget_type=\"cs-posts.default\">\n\t\t\t\t<div class=\"elementor-widget-container\">\n\t\t\t\t\t\t\t\t<section class=\"cs-posts cs-posts__horizontal\">\r\n\t\t\t\t\t\t\t\t\t\t<div class=\"cs-posts-area cs-posts-area-elementor \" data-posts-area=\"\">\r\n\t\t\t\t\t\t\t<div class=\"cs-posts-area__outer\">\r\n\t\t\t\t\t\t\t\t<div\r\n\t\t\t\t\t\t\t\tclass=\"cs-posts-area__main cs-posts-area__main-divider\"\r\n\t\t\t\t\t\t\t\tdata-pc=\"3\"\r\n\t\t\t\t\t\t\t\tdata-lt=\"3\"\r\n\t\t\t\t\t\t\t\tdata-tb=\"2\"\r\n\t\t\t\t\t\t\t\tdata-mb=\"1\"\r\n\t\t\t\t\t\t\t\t>\r\n\t\t\t\t\t\t\t\t\t\r\n<article class=\"post-5416 post type-post status-publish format-standard has-post-thumbnail category-noticias-uk cs-entry cs-video-wrap\">\r\n\t<div class=\"cs-entry__outer cs-entry__outer-small cs-entry__outer-thumbnail-left\">\r\n\t\t\t\t\t<div class=\"cs-entry__inner cs-entry__overlay cs-entry__thumbnail cs-overlay-ratio cs-ratio-square\">\r\n\r\n\t\t\t\t<div class=\"cs-overlay-background\">\r\n\t\t\t\t\t<img loading=\"lazy\" decoding=\"async\" width=\"330\" height=\"186\" src=\"https:\/\/globalportalnews.com\/es\/wp-content\/uploads\/sites\/2\/2026\/06\/Henry_Nowak.webp\" class=\"attachment-csco-thumbnail-uncropped size-csco-thumbnail-uncropped wp-post-image\" alt=\"IHenry Nowak, grabado por las c\u00e1maras de seguridad, saliendo hacia el pub, cuatro horas antes de ser asesinado.\" srcset=\"https:\/\/globalportalnews.com\/es\/wp-content\/uploads\/sites\/2\/2026\/06\/Henry_Nowak.webp 330w, https:\/\/globalportalnews.com\/es\/wp-content\/uploads\/sites\/2\/2026\/06\/Henry_Nowak-300x169.webp 300w\" sizes=\"(max-width: 330px) 100vw, 330px\" \/>\t\t\t\t\t<img loading=\"lazy\" decoding=\"async\" width=\"72\" height=\"72\" src=\"https:\/\/globalportalnews.com\/es\/wp-content\/uploads\/sites\/2\/2026\/06\/Henry_Nowak-72x72.webp\" class=\"attachment-csco-small size-csco-small wp-post-image\" alt=\"IHenry Nowak, grabado por las c\u00e1maras de seguridad, saliendo hacia el pub, cuatro horas antes de ser asesinado.\" srcset=\"https:\/\/globalportalnews.com\/es\/wp-content\/uploads\/sites\/2\/2026\/06\/Henry_Nowak-72x72.webp 72w, https:\/\/globalportalnews.com\/es\/wp-content\/uploads\/sites\/2\/2026\/06\/Henry_Nowak-150x150.webp 150w, https:\/\/globalportalnews.com\/es\/wp-content\/uploads\/sites\/2\/2026\/06\/Henry_Nowak-144x144.webp 144w\" sizes=\"(max-width: 72px) 100vw, 72px\" \/>\t\t\t\t<\/div>\r\n\r\n\t\t\t\t\r\n\t\t\t\t\r\n\t\t\t\t<a href=\"https:\/\/globalportalnews.com\/es\/noticias-uk\/caso-henry-nowak-video-policia-llamada-999-reino-unido\/\" class=\"cs-overlay-link\" title=\"El caso Henry Nowak, el v\u00eddeo de la polic\u00eda, la llamada al 999 y la falsa acusaci\u00f3n de racismo que sacuden a Reino Unido.\"><\/a>\r\n\t\t\t<\/div>\r\n\t\t\r\n\t\t<div class=\"cs-entry__inner cs-entry__content cs-entry__content-horizontal\">\r\n\t\t\t<div class=\"cs-entry__post-meta\" ><div class=\"cs-meta-category\"><ul class=\"post-categories\">\n\t<li><a href=\"https:\/\/globalportalnews.com\/es\/.\/noticias-uk\/\" rel=\"category tag\">Noticias del Reino Unido en Espa\u00f1ol<\/a><\/li><\/ul><\/div><\/div>\r\n\t\t\t<h2 class=\"cs-entry__title\"><a href=\"https:\/\/globalportalnews.com\/es\/noticias-uk\/caso-henry-nowak-video-policia-llamada-999-reino-unido\/\">El caso Henry Nowak, el v\u00eddeo de la polic\u00eda, la llamada al 999 y la falsa acusaci\u00f3n de racismo que sacuden a Reino Unido.<\/a><\/h2>\r\n\t\t\t\r\n\t\t\t<div class=\"cs-entry__post-meta\" ><div class=\"cs-meta-author\"><span class=\"cs-meta-author-by\">by<\/span><a class=\"cs-meta-author-link url fn n\" href=\"https:\/\/globalportalnews.com\/es\/author\/globalportalnewsgmail-com\/\"><span class=\"cs-meta-author-name\">Global Portal News<\/span><\/a><\/div><\/div>\t\t<\/div>\r\n\t<\/div>\r\n<\/article>\r\n\r\n<article class=\"post-5394 post type-post status-publish format-standard has-post-thumbnail category-noticias-politica-uk tag-keir-starmer tag-peter-mandelson cs-entry cs-video-wrap\">\r\n\t<div class=\"cs-entry__outer cs-entry__outer-small cs-entry__outer-thumbnail-left\">\r\n\t\t\t\t\t<div class=\"cs-entry__inner cs-entry__overlay cs-entry__thumbnail cs-overlay-ratio cs-ratio-square\">\r\n\r\n\t\t\t\t<div class=\"cs-overlay-background\">\r\n\t\t\t\t\t<img loading=\"lazy\" decoding=\"async\" width=\"332\" height=\"187\" src=\"https:\/\/globalportalnews.com\/es\/wp-content\/uploads\/sites\/2\/2026\/04\/Prime_Minister_Keir_Starmer_hosts_a_business_roundtable_54354095706-332x187.webp\" class=\"attachment-csco-thumbnail-uncropped size-csco-thumbnail-uncropped wp-post-image\" alt=\"Washington D.C., Estados Unidos. El primer ministro Keir Starmer camina junto a Peter Mandelson, embajador del Reino Unido en los Estados Unidos de Am\u00e9rica, en la Embajada Brit\u00e1nica en los Estados Unidos de Am\u00e9rica. Fotograf\u00eda de Simon Dawson \/ No 10 Downing Street\" srcset=\"https:\/\/globalportalnews.com\/es\/wp-content\/uploads\/sites\/2\/2026\/04\/Prime_Minister_Keir_Starmer_hosts_a_business_roundtable_54354095706-332x187.webp 332w, https:\/\/globalportalnews.com\/es\/wp-content\/uploads\/sites\/2\/2026\/04\/Prime_Minister_Keir_Starmer_hosts_a_business_roundtable_54354095706-300x169.webp 300w, https:\/\/globalportalnews.com\/es\/wp-content\/uploads\/sites\/2\/2026\/04\/Prime_Minister_Keir_Starmer_hosts_a_business_roundtable_54354095706-1024x576.webp 1024w, https:\/\/globalportalnews.com\/es\/wp-content\/uploads\/sites\/2\/2026\/04\/Prime_Minister_Keir_Starmer_hosts_a_business_roundtable_54354095706-768x432.webp 768w, https:\/\/globalportalnews.com\/es\/wp-content\/uploads\/sites\/2\/2026\/04\/Prime_Minister_Keir_Starmer_hosts_a_business_roundtable_54354095706-1536x864.webp 1536w, https:\/\/globalportalnews.com\/es\/wp-content\/uploads\/sites\/2\/2026\/04\/Prime_Minister_Keir_Starmer_hosts_a_business_roundtable_54354095706-664x374.webp 664w, https:\/\/globalportalnews.com\/es\/wp-content\/uploads\/sites\/2\/2026\/04\/Prime_Minister_Keir_Starmer_hosts_a_business_roundtable_54354095706-688x387.webp 688w, https:\/\/globalportalnews.com\/es\/wp-content\/uploads\/sites\/2\/2026\/04\/Prime_Minister_Keir_Starmer_hosts_a_business_roundtable_54354095706-1376x774.webp 1376w, https:\/\/globalportalnews.com\/es\/wp-content\/uploads\/sites\/2\/2026\/04\/Prime_Minister_Keir_Starmer_hosts_a_business_roundtable_54354095706-1044x587.webp 1044w, https:\/\/globalportalnews.com\/es\/wp-content\/uploads\/sites\/2\/2026\/04\/Prime_Minister_Keir_Starmer_hosts_a_business_roundtable_54354095706-1400x788.webp 1400w, https:\/\/globalportalnews.com\/es\/wp-content\/uploads\/sites\/2\/2026\/04\/Prime_Minister_Keir_Starmer_hosts_a_business_roundtable_54354095706.webp 1920w\" sizes=\"(max-width: 332px) 100vw, 332px\" \/>\t\t\t\t\t<img loading=\"lazy\" decoding=\"async\" width=\"72\" height=\"72\" src=\"https:\/\/globalportalnews.com\/es\/wp-content\/uploads\/sites\/2\/2026\/04\/Prime_Minister_Keir_Starmer_hosts_a_business_roundtable_54354095706-72x72.webp\" class=\"attachment-csco-small size-csco-small wp-post-image\" alt=\"Washington D.C., Estados Unidos. El primer ministro Keir Starmer camina junto a Peter Mandelson, embajador del Reino Unido en los Estados Unidos de Am\u00e9rica, en la Embajada Brit\u00e1nica en los Estados Unidos de Am\u00e9rica. Fotograf\u00eda de Simon Dawson \/ No 10 Downing Street\" srcset=\"https:\/\/globalportalnews.com\/es\/wp-content\/uploads\/sites\/2\/2026\/04\/Prime_Minister_Keir_Starmer_hosts_a_business_roundtable_54354095706-72x72.webp 72w, https:\/\/globalportalnews.com\/es\/wp-content\/uploads\/sites\/2\/2026\/04\/Prime_Minister_Keir_Starmer_hosts_a_business_roundtable_54354095706-150x150.webp 150w, https:\/\/globalportalnews.com\/es\/wp-content\/uploads\/sites\/2\/2026\/04\/Prime_Minister_Keir_Starmer_hosts_a_business_roundtable_54354095706-144x144.webp 144w\" sizes=\"(max-width: 72px) 100vw, 72px\" \/>\t\t\t\t<\/div>\r\n\r\n\t\t\t\t\r\n\t\t\t\t\r\n\t\t\t\t<a href=\"https:\/\/globalportalnews.com\/es\/noticias-politica-uk\/criticas-privadas-mandelson-starmer-gobierno-documentos\/\" class=\"cs-overlay-link\" title=\"Las cr\u00edticas privadas de Mandelson a Starmer y su Gobierno: qu\u00e9 revelan los nuevos documentos publicados\"><\/a>\r\n\t\t\t<\/div>\r\n\t\t\r\n\t\t<div class=\"cs-entry__inner cs-entry__content cs-entry__content-horizontal\">\r\n\t\t\t<div class=\"cs-entry__post-meta\" ><div class=\"cs-meta-category\"><ul class=\"post-categories\">\n\t<li><a href=\"https:\/\/globalportalnews.com\/es\/.\/noticias-politica-uk\/\" rel=\"category tag\">Pol\u00edtica del Reino Unido<\/a><\/li><\/ul><\/div><\/div>\r\n\t\t\t<h2 class=\"cs-entry__title\"><a href=\"https:\/\/globalportalnews.com\/es\/noticias-politica-uk\/criticas-privadas-mandelson-starmer-gobierno-documentos\/\">Las cr\u00edticas privadas de Mandelson a Starmer y su Gobierno: qu\u00e9 revelan los nuevos documentos publicados<\/a><\/h2>\r\n\t\t\t\r\n\t\t\t<div class=\"cs-entry__post-meta\" ><div class=\"cs-meta-author\"><span class=\"cs-meta-author-by\">by<\/span><a class=\"cs-meta-author-link url fn n\" href=\"https:\/\/globalportalnews.com\/es\/author\/globalportalnewsgmail-com\/\"><span class=\"cs-meta-author-name\">Global Portal News<\/span><\/a><\/div><\/div>\t\t<\/div>\r\n\t<\/div>\r\n<\/article>\r\n\r\n<article class=\"post-5380 post type-post status-publish format-standard has-post-thumbnail category-noticias-uk cs-entry cs-video-wrap\">\r\n\t<div class=\"cs-entry__outer cs-entry__outer-small cs-entry__outer-thumbnail-left\">\r\n\t\t\t\t\t<div class=\"cs-entry__inner cs-entry__overlay cs-entry__thumbnail cs-overlay-ratio cs-ratio-square\">\r\n\r\n\t\t\t\t<div class=\"cs-overlay-background\">\r\n\t\t\t\t\t<img loading=\"lazy\" decoding=\"async\" width=\"332\" height=\"187\" src=\"https:\/\/globalportalnews.com\/es\/wp-content\/uploads\/sites\/2\/2026\/06\/Camden_Town_station_building_2020_side-332x187.webp\" class=\"attachment-csco-thumbnail-uncropped size-csco-thumbnail-uncropped wp-post-image\" alt=\"Vista frontal estaci\u00f3n de metro de Camden Town en Londres.\" srcset=\"https:\/\/globalportalnews.com\/es\/wp-content\/uploads\/sites\/2\/2026\/06\/Camden_Town_station_building_2020_side-332x187.webp 332w, https:\/\/globalportalnews.com\/es\/wp-content\/uploads\/sites\/2\/2026\/06\/Camden_Town_station_building_2020_side-300x169.webp 300w, https:\/\/globalportalnews.com\/es\/wp-content\/uploads\/sites\/2\/2026\/06\/Camden_Town_station_building_2020_side-1024x576.webp 1024w, https:\/\/globalportalnews.com\/es\/wp-content\/uploads\/sites\/2\/2026\/06\/Camden_Town_station_building_2020_side-768x432.webp 768w, https:\/\/globalportalnews.com\/es\/wp-content\/uploads\/sites\/2\/2026\/06\/Camden_Town_station_building_2020_side-1536x864.webp 1536w, https:\/\/globalportalnews.com\/es\/wp-content\/uploads\/sites\/2\/2026\/06\/Camden_Town_station_building_2020_side-664x374.webp 664w, https:\/\/globalportalnews.com\/es\/wp-content\/uploads\/sites\/2\/2026\/06\/Camden_Town_station_building_2020_side-688x387.webp 688w, https:\/\/globalportalnews.com\/es\/wp-content\/uploads\/sites\/2\/2026\/06\/Camden_Town_station_building_2020_side-1376x774.webp 1376w, https:\/\/globalportalnews.com\/es\/wp-content\/uploads\/sites\/2\/2026\/06\/Camden_Town_station_building_2020_side-1044x587.webp 1044w, https:\/\/globalportalnews.com\/es\/wp-content\/uploads\/sites\/2\/2026\/06\/Camden_Town_station_building_2020_side-1400x788.webp 1400w, https:\/\/globalportalnews.com\/es\/wp-content\/uploads\/sites\/2\/2026\/06\/Camden_Town_station_building_2020_side.webp 1920w\" sizes=\"(max-width: 332px) 100vw, 332px\" \/>\t\t\t\t\t<img loading=\"lazy\" decoding=\"async\" width=\"72\" height=\"72\" src=\"https:\/\/globalportalnews.com\/es\/wp-content\/uploads\/sites\/2\/2026\/06\/Camden_Town_station_building_2020_side-72x72.webp\" class=\"attachment-csco-small size-csco-small wp-post-image\" alt=\"Vista frontal estaci\u00f3n de metro de Camden Town en Londres.\" srcset=\"https:\/\/globalportalnews.com\/es\/wp-content\/uploads\/sites\/2\/2026\/06\/Camden_Town_station_building_2020_side-72x72.webp 72w, https:\/\/globalportalnews.com\/es\/wp-content\/uploads\/sites\/2\/2026\/06\/Camden_Town_station_building_2020_side-150x150.webp 150w, https:\/\/globalportalnews.com\/es\/wp-content\/uploads\/sites\/2\/2026\/06\/Camden_Town_station_building_2020_side-144x144.webp 144w\" sizes=\"(max-width: 72px) 100vw, 72px\" \/>\t\t\t\t<\/div>\r\n\r\n\t\t\t\t\r\n\t\t\t\t\r\n\t\t\t\t<a href=\"https:\/\/globalportalnews.com\/es\/noticias-uk\/huelga-metro-londres-lineas-afectadas-alternativas-transporte\/\" class=\"cs-overlay-link\" title=\"Huelga del metro de Londres hoy, l\u00edneas afectadas, alternativas de transporte y cu\u00e1nto durar\u00e1 la interrupci\u00f3n\"><\/a>\r\n\t\t\t<\/div>\r\n\t\t\r\n\t\t<div class=\"cs-entry__inner cs-entry__content cs-entry__content-horizontal\">\r\n\t\t\t<div class=\"cs-entry__post-meta\" ><div class=\"cs-meta-category\"><ul class=\"post-categories\">\n\t<li><a href=\"https:\/\/globalportalnews.com\/es\/.\/noticias-uk\/\" rel=\"category tag\">Noticias del Reino Unido en Espa\u00f1ol<\/a><\/li><\/ul><\/div><\/div>\r\n\t\t\t<h2 class=\"cs-entry__title\"><a href=\"https:\/\/globalportalnews.com\/es\/noticias-uk\/huelga-metro-londres-lineas-afectadas-alternativas-transporte\/\">Huelga del metro de Londres hoy, l\u00edneas afectadas, alternativas de transporte y cu\u00e1nto durar\u00e1 la interrupci\u00f3n<\/a><\/h2>\r\n\t\t\t\r\n\t\t\t<div class=\"cs-entry__post-meta\" ><div class=\"cs-meta-author\"><span class=\"cs-meta-author-by\">by<\/span><a class=\"cs-meta-author-link url fn n\" href=\"https:\/\/globalportalnews.com\/es\/author\/globalportalnewsgmail-com\/\"><span class=\"cs-meta-author-name\">Global Portal News<\/span><\/a><\/div><\/div>\t\t<\/div>\r\n\t<\/div>\r\n<\/article>\r\n\r\n<article class=\"post-5306 post type-post status-publish format-standard has-post-thumbnail category-noticias-uk cs-entry cs-video-wrap\">\r\n\t<div class=\"cs-entry__outer cs-entry__outer-small cs-entry__outer-thumbnail-left\">\r\n\t\t\t\t\t<div class=\"cs-entry__inner cs-entry__overlay cs-entry__thumbnail cs-overlay-ratio cs-ratio-square\">\r\n\r\n\t\t\t\t<div class=\"cs-overlay-background\">\r\n\t\t\t\t\t<img loading=\"lazy\" decoding=\"async\" width=\"332\" height=\"187\" src=\"https:\/\/globalportalnews.com\/es\/wp-content\/uploads\/sites\/2\/2026\/04\/Donald_Trump__Charles_III_2025-09-17_crop-332x187.webp\" class=\"attachment-csco-thumbnail-uncropped size-csco-thumbnail-uncropped wp-post-image\" alt=\"El Rey Carlos III y Donald Trump de visita oficial\" srcset=\"https:\/\/globalportalnews.com\/es\/wp-content\/uploads\/sites\/2\/2026\/04\/Donald_Trump__Charles_III_2025-09-17_crop-332x187.webp 332w, https:\/\/globalportalnews.com\/es\/wp-content\/uploads\/sites\/2\/2026\/04\/Donald_Trump__Charles_III_2025-09-17_crop-300x169.webp 300w, https:\/\/globalportalnews.com\/es\/wp-content\/uploads\/sites\/2\/2026\/04\/Donald_Trump__Charles_III_2025-09-17_crop-1024x576.webp 1024w, https:\/\/globalportalnews.com\/es\/wp-content\/uploads\/sites\/2\/2026\/04\/Donald_Trump__Charles_III_2025-09-17_crop-768x432.webp 768w, https:\/\/globalportalnews.com\/es\/wp-content\/uploads\/sites\/2\/2026\/04\/Donald_Trump__Charles_III_2025-09-17_crop-1536x864.webp 1536w, https:\/\/globalportalnews.com\/es\/wp-content\/uploads\/sites\/2\/2026\/04\/Donald_Trump__Charles_III_2025-09-17_crop-664x374.webp 664w, https:\/\/globalportalnews.com\/es\/wp-content\/uploads\/sites\/2\/2026\/04\/Donald_Trump__Charles_III_2025-09-17_crop-688x387.webp 688w, https:\/\/globalportalnews.com\/es\/wp-content\/uploads\/sites\/2\/2026\/04\/Donald_Trump__Charles_III_2025-09-17_crop-1376x774.webp 1376w, https:\/\/globalportalnews.com\/es\/wp-content\/uploads\/sites\/2\/2026\/04\/Donald_Trump__Charles_III_2025-09-17_crop-1044x587.webp 1044w, https:\/\/globalportalnews.com\/es\/wp-content\/uploads\/sites\/2\/2026\/04\/Donald_Trump__Charles_III_2025-09-17_crop-1400x788.webp 1400w, https:\/\/globalportalnews.com\/es\/wp-content\/uploads\/sites\/2\/2026\/04\/Donald_Trump__Charles_III_2025-09-17_crop.webp 1920w\" sizes=\"(max-width: 332px) 100vw, 332px\" \/>\t\t\t\t\t<img loading=\"lazy\" decoding=\"async\" width=\"72\" height=\"72\" src=\"https:\/\/globalportalnews.com\/es\/wp-content\/uploads\/sites\/2\/2026\/04\/Donald_Trump__Charles_III_2025-09-17_crop-72x72.webp\" class=\"attachment-csco-small size-csco-small wp-post-image\" alt=\"El Rey Carlos III y Donald Trump de visita oficial\" srcset=\"https:\/\/globalportalnews.com\/es\/wp-content\/uploads\/sites\/2\/2026\/04\/Donald_Trump__Charles_III_2025-09-17_crop-72x72.webp 72w, https:\/\/globalportalnews.com\/es\/wp-content\/uploads\/sites\/2\/2026\/04\/Donald_Trump__Charles_III_2025-09-17_crop-150x150.webp 150w, https:\/\/globalportalnews.com\/es\/wp-content\/uploads\/sites\/2\/2026\/04\/Donald_Trump__Charles_III_2025-09-17_crop-144x144.webp 144w\" sizes=\"(max-width: 72px) 100vw, 72px\" \/>\t\t\t\t<\/div>\r\n\r\n\t\t\t\t\r\n\t\t\t\t\r\n\t\t\t\t<a href=\"https:\/\/globalportalnews.com\/es\/noticias-uk\/investigan-policias-castillo-windsor-dormirse-vigilancia-familia-real\/\" class=\"cs-overlay-link\" title=\"Investigan a 23 polic\u00edas del Castillo de Windsor por presuntamente dormirse durante la vigilancia de la Familia Real\"><\/a>\r\n\t\t\t<\/div>\r\n\t\t\r\n\t\t<div class=\"cs-entry__inner cs-entry__content cs-entry__content-horizontal\">\r\n\t\t\t<div class=\"cs-entry__post-meta\" ><div class=\"cs-meta-category\"><ul class=\"post-categories\">\n\t<li><a href=\"https:\/\/globalportalnews.com\/es\/.\/noticias-uk\/\" rel=\"category tag\">Noticias del Reino Unido en Espa\u00f1ol<\/a><\/li><\/ul><\/div><\/div>\r\n\t\t\t<h2 class=\"cs-entry__title\"><a href=\"https:\/\/globalportalnews.com\/es\/noticias-uk\/investigan-policias-castillo-windsor-dormirse-vigilancia-familia-real\/\">Investigan a 23 polic\u00edas del Castillo de Windsor por presuntamente dormirse durante la vigilancia de la Familia Real<\/a><\/h2>\r\n\t\t\t\r\n\t\t\t<div class=\"cs-entry__post-meta\" ><div class=\"cs-meta-author\"><span class=\"cs-meta-author-by\">by<\/span><a class=\"cs-meta-author-link url fn n\" href=\"https:\/\/globalportalnews.com\/es\/author\/globalportalnewsgmail-com\/\"><span class=\"cs-meta-author-name\">Global Portal News<\/span><\/a><\/div><\/div>\t\t<\/div>\r\n\t<\/div>\r\n<\/article>\r\n\r\n<article class=\"post-5285 post type-post status-publish format-standard has-post-thumbnail category-noticias-politica-uk tag-keir-starmer tag-peter-mandelson cs-entry cs-video-wrap\">\r\n\t<div class=\"cs-entry__outer cs-entry__outer-small cs-entry__outer-thumbnail-left\">\r\n\t\t\t\t\t<div class=\"cs-entry__inner cs-entry__overlay cs-entry__thumbnail cs-overlay-ratio cs-ratio-square\">\r\n\r\n\t\t\t\t<div class=\"cs-overlay-background\">\r\n\t\t\t\t\t<img loading=\"lazy\" decoding=\"async\" width=\"332\" height=\"187\" src=\"https:\/\/globalportalnews.com\/es\/wp-content\/uploads\/sites\/2\/2026\/02\/Prime_Minister_Keir_Starmer_hosts_a_business_roundtable_54354095881-332x187.webp\" class=\"attachment-csco-thumbnail-uncropped size-csco-thumbnail-uncropped wp-post-image\" alt=\"26\/02\/2025. Washington D.C., Estados Unidos. El primer ministro Keir Starmer camina con Peter Mandelson, embajador del Reino Unido en Estados Unidos, en la Embajada Brit\u00e1nica en ese pa\u00eds. Fotograf\u00eda de Simon Dawson \/ n.\u00ba 10 de Downing Street.\" srcset=\"https:\/\/globalportalnews.com\/es\/wp-content\/uploads\/sites\/2\/2026\/02\/Prime_Minister_Keir_Starmer_hosts_a_business_roundtable_54354095881-332x187.webp 332w, https:\/\/globalportalnews.com\/es\/wp-content\/uploads\/sites\/2\/2026\/02\/Prime_Minister_Keir_Starmer_hosts_a_business_roundtable_54354095881-300x169.webp 300w, https:\/\/globalportalnews.com\/es\/wp-content\/uploads\/sites\/2\/2026\/02\/Prime_Minister_Keir_Starmer_hosts_a_business_roundtable_54354095881-1024x576.webp 1024w, https:\/\/globalportalnews.com\/es\/wp-content\/uploads\/sites\/2\/2026\/02\/Prime_Minister_Keir_Starmer_hosts_a_business_roundtable_54354095881-768x432.webp 768w, https:\/\/globalportalnews.com\/es\/wp-content\/uploads\/sites\/2\/2026\/02\/Prime_Minister_Keir_Starmer_hosts_a_business_roundtable_54354095881-1536x864.webp 1536w, https:\/\/globalportalnews.com\/es\/wp-content\/uploads\/sites\/2\/2026\/02\/Prime_Minister_Keir_Starmer_hosts_a_business_roundtable_54354095881-664x374.webp 664w, https:\/\/globalportalnews.com\/es\/wp-content\/uploads\/sites\/2\/2026\/02\/Prime_Minister_Keir_Starmer_hosts_a_business_roundtable_54354095881-688x387.webp 688w, https:\/\/globalportalnews.com\/es\/wp-content\/uploads\/sites\/2\/2026\/02\/Prime_Minister_Keir_Starmer_hosts_a_business_roundtable_54354095881-1376x774.webp 1376w, https:\/\/globalportalnews.com\/es\/wp-content\/uploads\/sites\/2\/2026\/02\/Prime_Minister_Keir_Starmer_hosts_a_business_roundtable_54354095881-1044x587.webp 1044w, https:\/\/globalportalnews.com\/es\/wp-content\/uploads\/sites\/2\/2026\/02\/Prime_Minister_Keir_Starmer_hosts_a_business_roundtable_54354095881-1400x788.webp 1400w, https:\/\/globalportalnews.com\/es\/wp-content\/uploads\/sites\/2\/2026\/02\/Prime_Minister_Keir_Starmer_hosts_a_business_roundtable_54354095881.webp 1920w\" sizes=\"(max-width: 332px) 100vw, 332px\" \/>\t\t\t\t\t<img loading=\"lazy\" decoding=\"async\" width=\"72\" height=\"72\" src=\"https:\/\/globalportalnews.com\/es\/wp-content\/uploads\/sites\/2\/2026\/02\/Prime_Minister_Keir_Starmer_hosts_a_business_roundtable_54354095881-72x72.webp\" class=\"attachment-csco-small size-csco-small wp-post-image\" alt=\"26\/02\/2025. Washington D.C., Estados Unidos. El primer ministro Keir Starmer camina con Peter Mandelson, embajador del Reino Unido en Estados Unidos, en la Embajada Brit\u00e1nica en ese pa\u00eds. Fotograf\u00eda de Simon Dawson \/ n.\u00ba 10 de Downing Street.\" srcset=\"https:\/\/globalportalnews.com\/es\/wp-content\/uploads\/sites\/2\/2026\/02\/Prime_Minister_Keir_Starmer_hosts_a_business_roundtable_54354095881-72x72.webp 72w, https:\/\/globalportalnews.com\/es\/wp-content\/uploads\/sites\/2\/2026\/02\/Prime_Minister_Keir_Starmer_hosts_a_business_roundtable_54354095881-150x150.webp 150w, https:\/\/globalportalnews.com\/es\/wp-content\/uploads\/sites\/2\/2026\/02\/Prime_Minister_Keir_Starmer_hosts_a_business_roundtable_54354095881-144x144.webp 144w\" sizes=\"(max-width: 72px) 100vw, 72px\" \/>\t\t\t\t<\/div>\r\n\r\n\t\t\t\t\r\n\t\t\t\t\r\n\t\t\t\t<a href=\"https:\/\/globalportalnews.com\/es\/noticias-politica-uk\/archivos-mandelson-directo-starmer\/\" class=\"cs-overlay-link\" title=\"Archivos de Mandelson en directo: miles de mensajes y WhatsApps aumentan la presi\u00f3n sobre Starmer\"><\/a>\r\n\t\t\t<\/div>\r\n\t\t\r\n\t\t<div class=\"cs-entry__inner cs-entry__content cs-entry__content-horizontal\">\r\n\t\t\t<div class=\"cs-entry__post-meta\" ><div class=\"cs-meta-category\"><ul class=\"post-categories\">\n\t<li><a href=\"https:\/\/globalportalnews.com\/es\/.\/noticias-politica-uk\/\" rel=\"category tag\">Pol\u00edtica del Reino Unido<\/a><\/li><\/ul><\/div><\/div>\r\n\t\t\t<h2 class=\"cs-entry__title\"><a href=\"https:\/\/globalportalnews.com\/es\/noticias-politica-uk\/archivos-mandelson-directo-starmer\/\">Archivos de Mandelson en directo: miles de mensajes y WhatsApps aumentan la presi\u00f3n sobre Starmer<\/a><\/h2>\r\n\t\t\t\r\n\t\t\t<div class=\"cs-entry__post-meta\" ><div class=\"cs-meta-author\"><span class=\"cs-meta-author-by\">by<\/span><a class=\"cs-meta-author-link url fn n\" href=\"https:\/\/globalportalnews.com\/es\/author\/globalportalnewsgmail-com\/\"><span class=\"cs-meta-author-name\">Global Portal News<\/span><\/a><\/div><\/div>\t\t<\/div>\r\n\t<\/div>\r\n<\/article>\r\n\r\n<article class=\"post-5264 post type-post status-publish format-standard has-post-thumbnail category-noticias-uk cs-entry cs-video-wrap\">\r\n\t<div class=\"cs-entry__outer cs-entry__outer-small cs-entry__outer-thumbnail-left\">\r\n\t\t\t\t\t<div class=\"cs-entry__inner cs-entry__overlay cs-entry__thumbnail cs-overlay-ratio cs-ratio-square\">\r\n\r\n\t\t\t\t<div class=\"cs-overlay-background\">\r\n\t\t\t\t\t<img loading=\"lazy\" decoding=\"async\" width=\"332\" height=\"181\" src=\"https:\/\/globalportalnews.com\/es\/wp-content\/uploads\/sites\/2\/2026\/01\/Artificial_Intelligence__Ai_-332x181.webp\" class=\"attachment-csco-thumbnail-uncropped size-csco-thumbnail-uncropped wp-post-image\" alt=\"\" srcset=\"https:\/\/globalportalnews.com\/es\/wp-content\/uploads\/sites\/2\/2026\/01\/Artificial_Intelligence__Ai_-332x181.webp 332w, https:\/\/globalportalnews.com\/es\/wp-content\/uploads\/sites\/2\/2026\/01\/Artificial_Intelligence__Ai_-300x164.webp 300w, https:\/\/globalportalnews.com\/es\/wp-content\/uploads\/sites\/2\/2026\/01\/Artificial_Intelligence__Ai_-1024x558.webp 1024w, https:\/\/globalportalnews.com\/es\/wp-content\/uploads\/sites\/2\/2026\/01\/Artificial_Intelligence__Ai_-768x419.webp 768w, https:\/\/globalportalnews.com\/es\/wp-content\/uploads\/sites\/2\/2026\/01\/Artificial_Intelligence__Ai_-664x362.webp 664w, https:\/\/globalportalnews.com\/es\/wp-content\/uploads\/sites\/2\/2026\/01\/Artificial_Intelligence__Ai_-688x375.webp 688w, https:\/\/globalportalnews.com\/es\/wp-content\/uploads\/sites\/2\/2026\/01\/Artificial_Intelligence__Ai_-1044x569.webp 1044w, https:\/\/globalportalnews.com\/es\/wp-content\/uploads\/sites\/2\/2026\/01\/Artificial_Intelligence__Ai_.webp 1130w\" sizes=\"(max-width: 332px) 100vw, 332px\" \/>\t\t\t\t\t<img loading=\"lazy\" decoding=\"async\" width=\"72\" height=\"72\" src=\"https:\/\/globalportalnews.com\/es\/wp-content\/uploads\/sites\/2\/2026\/01\/Artificial_Intelligence__Ai_-72x72.webp\" class=\"attachment-csco-small size-csco-small wp-post-image\" alt=\"\" srcset=\"https:\/\/globalportalnews.com\/es\/wp-content\/uploads\/sites\/2\/2026\/01\/Artificial_Intelligence__Ai_-72x72.webp 72w, https:\/\/globalportalnews.com\/es\/wp-content\/uploads\/sites\/2\/2026\/01\/Artificial_Intelligence__Ai_-150x150.webp 150w, https:\/\/globalportalnews.com\/es\/wp-content\/uploads\/sites\/2\/2026\/01\/Artificial_Intelligence__Ai_-144x144.webp 144w\" sizes=\"(max-width: 72px) 100vw, 72px\" \/>\t\t\t\t<\/div>\r\n\r\n\t\t\t\t\r\n\t\t\t\t\r\n\t\t\t\t<a href=\"https:\/\/globalportalnews.com\/es\/noticias-uk\/como-funciona-ia-calcular-edad-inmigrantes-reino-unido\/\" class=\"cs-overlay-link\" title=\"C\u00f3mo funciona la inteligencia artificial que Reino Unido quiere usar para calcular la edad de inmigrantes\"><\/a>\r\n\t\t\t<\/div>\r\n\t\t\r\n\t\t<div class=\"cs-entry__inner cs-entry__content cs-entry__content-horizontal\">\r\n\t\t\t<div class=\"cs-entry__post-meta\" ><div class=\"cs-meta-category\"><ul class=\"post-categories\">\n\t<li><a href=\"https:\/\/globalportalnews.com\/es\/.\/noticias-uk\/\" rel=\"category tag\">Noticias del Reino Unido en Espa\u00f1ol<\/a><\/li><\/ul><\/div><\/div>\r\n\t\t\t<h2 class=\"cs-entry__title\"><a href=\"https:\/\/globalportalnews.com\/es\/noticias-uk\/como-funciona-ia-calcular-edad-inmigrantes-reino-unido\/\">C\u00f3mo funciona la inteligencia artificial que Reino Unido quiere usar para calcular la edad de inmigrantes<\/a><\/h2>\r\n\t\t\t\r\n\t\t\t<div class=\"cs-entry__post-meta\" ><div class=\"cs-meta-author\"><span class=\"cs-meta-author-by\">by<\/span><a class=\"cs-meta-author-link url fn n\" href=\"https:\/\/globalportalnews.com\/es\/author\/globalportalnewsgmail-com\/\"><span class=\"cs-meta-author-name\">Global Portal News<\/span><\/a><\/div><\/div>\t\t<\/div>\r\n\t<\/div>\r\n<\/article>\r\n\t\t\t\t\t\t\t\t<\/div>\r\n\t\t\t\t\t\t\t<\/div>\r\n\t\t\t\t\t\t<\/div>\r\n\t\t\t\t\t\t\t\t<\/section>\r\n\t\t\t\t\t\t<\/div>\n\t\t\t\t<\/div>\n\t\t\t\t<div class=\"elementor-element elementor-element-d5d3928 cs-dividerhorizontal cs-divider-laptophorizontal cs-divider-tablethorizontal cs-divider-mobilehorizontal elementor-widget elementor-widget-cs-divider\" data-id=\"d5d3928\" data-element_type=\"widget\" data-e-type=\"widget\" data-widget_type=\"cs-divider.default\">\n\t\t\t\t<div class=\"elementor-widget-container\">\n\t\t\t\t\t\t\t<section class=\"cs-divider cs-divider-horizontal\"><\/section>\r\n\t\t\t\t\t\t<\/div>\n\t\t\t\t<\/div>\n\t\t\t\t\t<\/div>\n\t\t\t\t<\/div>\n\t\t<div class=\"elementor-element elementor-element-cd0e69b e-flex e-con-boxed e-con e-parent\" data-id=\"cd0e69b\" data-element_type=\"container\" data-e-type=\"container\">\n\t\t\t\t\t<div class=\"e-con-inner\">\n\t\t\t\t<div class=\"elementor-element elementor-element-cb828a3 elementor-widget elementor-widget-cs-heading\" data-id=\"cb828a3\" data-element_type=\"widget\" data-e-type=\"widget\" data-widget_type=\"cs-heading.default\">\n\t\t\t\t<div class=\"elementor-widget-container\">\n\t\t\t\t\t\t\t\t\t\t<section class=\"cs-heading\">\r\n\t\t\t\t<div class=\"cs-heading__container \">\r\n\t\t\t\t\t<h2 class=\"cs-heading__content\">\r\n\t\t\t\t\t\tCultura y Entretenimiento UK\t\t\t\t\t<\/h2>\r\n\r\n\t\t\t\t\t\t\t\t\t\t\t<a class=\"cs-heading__link\" href=\"\/es\/noticias-cultura-entretenimiento-uk\/\" target=\"_self\">\r\n\t\t\t\t\t\t\t<span>\t\r\n\t\t\t\t\t\t\t\tVer Todas\t\t\t\t\t\t\t<\/span>\r\n\t\t\t\t\t\t<\/a>\r\n\t\t\t\t\t\t\t\t\t<\/div>\r\n\t\t\t<\/section>\r\n\t\t\t\t\t\t\t\t<\/div>\n\t\t\t\t<\/div>\n\t\t<div class=\"elementor-element elementor-element-d5f38f1 e-con-full e-flex e-con e-child\" data-id=\"d5f38f1\" data-element_type=\"container\" data-e-type=\"container\">\n\t\t<div class=\"elementor-element elementor-element-ff094bc e-con-full e-flex e-con e-child\" data-id=\"ff094bc\" data-element_type=\"container\" data-e-type=\"container\">\n\t\t\t\t<div class=\"elementor-element elementor-element-498514c elementor-widget elementor-widget-cs-posts\" data-id=\"498514c\" data-element_type=\"widget\" data-e-type=\"widget\" data-widget_type=\"cs-posts.default\">\n\t\t\t\t<div class=\"elementor-widget-container\">\n\t\t\t\t\t\t\t\t<section class=\"cs-posts cs-posts__standard\">\r\n\t\t\t\t\t\t\t\t\t\t<div class=\"cs-posts-area cs-posts-area-elementor \" data-posts-area=\"\">\r\n\t\t\t\t\t\t\t<div class=\"cs-posts-area__outer\">\r\n\t\t\t\t\t\t\t\t<div\r\n\t\t\t\t\t\t\t\tclass=\"cs-posts-area__main\"\r\n\t\t\t\t\t\t\t\tdata-pc=\"1\"\r\n\t\t\t\t\t\t\t\tdata-lt=\"1\"\r\n\t\t\t\t\t\t\t\tdata-tb=\"1\"\r\n\t\t\t\t\t\t\t\tdata-mb=\"1\"\r\n\t\t\t\t\t\t\t\t>\r\n\t\t\t\t\t\t\t\t\t\r\n<article class=\"post-4080 post type-post status-publish format-standard has-post-thumbnail category-noticias-cultura-entretenimiento-uk cs-entry cs-video-wrap\">\r\n\t<div class=\"cs-entry__outer\">\r\n\t\t\t\t\t<div class=\"cs-entry__inner cs-entry__overlay cs-entry__thumbnail cs-overlay-ratio cs-ratio-landscape-16-9\">\r\n\r\n\t\t\t\t<div class=\"cs-overlay-background\">\r\n\t\t\t\t\t<img loading=\"lazy\" decoding=\"async\" width=\"332\" height=\"187\" src=\"https:\/\/globalportalnews.com\/es\/wp-content\/uploads\/sites\/2\/2026\/04\/Erasmus_Days_de_lInstitut_Polytechnique_de_Paris_54155260914-332x187.webp\" class=\"attachment-csco-thumbnail-uncropped size-csco-thumbnail-uncropped wp-post-image\" alt=\"Estudiantes Erasmus\" srcset=\"https:\/\/globalportalnews.com\/es\/wp-content\/uploads\/sites\/2\/2026\/04\/Erasmus_Days_de_lInstitut_Polytechnique_de_Paris_54155260914-332x187.webp 332w, https:\/\/globalportalnews.com\/es\/wp-content\/uploads\/sites\/2\/2026\/04\/Erasmus_Days_de_lInstitut_Polytechnique_de_Paris_54155260914-300x169.webp 300w, https:\/\/globalportalnews.com\/es\/wp-content\/uploads\/sites\/2\/2026\/04\/Erasmus_Days_de_lInstitut_Polytechnique_de_Paris_54155260914-1024x576.webp 1024w, https:\/\/globalportalnews.com\/es\/wp-content\/uploads\/sites\/2\/2026\/04\/Erasmus_Days_de_lInstitut_Polytechnique_de_Paris_54155260914-768x432.webp 768w, https:\/\/globalportalnews.com\/es\/wp-content\/uploads\/sites\/2\/2026\/04\/Erasmus_Days_de_lInstitut_Polytechnique_de_Paris_54155260914-1536x864.webp 1536w, https:\/\/globalportalnews.com\/es\/wp-content\/uploads\/sites\/2\/2026\/04\/Erasmus_Days_de_lInstitut_Polytechnique_de_Paris_54155260914-664x374.webp 664w, https:\/\/globalportalnews.com\/es\/wp-content\/uploads\/sites\/2\/2026\/04\/Erasmus_Days_de_lInstitut_Polytechnique_de_Paris_54155260914-688x387.webp 688w, https:\/\/globalportalnews.com\/es\/wp-content\/uploads\/sites\/2\/2026\/04\/Erasmus_Days_de_lInstitut_Polytechnique_de_Paris_54155260914-1376x774.webp 1376w, https:\/\/globalportalnews.com\/es\/wp-content\/uploads\/sites\/2\/2026\/04\/Erasmus_Days_de_lInstitut_Polytechnique_de_Paris_54155260914-1044x587.webp 1044w, https:\/\/globalportalnews.com\/es\/wp-content\/uploads\/sites\/2\/2026\/04\/Erasmus_Days_de_lInstitut_Polytechnique_de_Paris_54155260914-1400x788.webp 1400w, https:\/\/globalportalnews.com\/es\/wp-content\/uploads\/sites\/2\/2026\/04\/Erasmus_Days_de_lInstitut_Polytechnique_de_Paris_54155260914.webp 1920w\" sizes=\"(max-width: 332px) 100vw, 332px\" \/>\t\t\t\t\t<img loading=\"lazy\" decoding=\"async\" width=\"1044\" height=\"587\" src=\"https:\/\/globalportalnews.com\/es\/wp-content\/uploads\/sites\/2\/2026\/04\/Erasmus_Days_de_lInstitut_Polytechnique_de_Paris_54155260914-1044x587.webp\" class=\"attachment-csco-large size-csco-large wp-post-image\" alt=\"Estudiantes Erasmus\" srcset=\"https:\/\/globalportalnews.com\/es\/wp-content\/uploads\/sites\/2\/2026\/04\/Erasmus_Days_de_lInstitut_Polytechnique_de_Paris_54155260914-1044x587.webp 1044w, https:\/\/globalportalnews.com\/es\/wp-content\/uploads\/sites\/2\/2026\/04\/Erasmus_Days_de_lInstitut_Polytechnique_de_Paris_54155260914-300x169.webp 300w, https:\/\/globalportalnews.com\/es\/wp-content\/uploads\/sites\/2\/2026\/04\/Erasmus_Days_de_lInstitut_Polytechnique_de_Paris_54155260914-1024x576.webp 1024w, https:\/\/globalportalnews.com\/es\/wp-content\/uploads\/sites\/2\/2026\/04\/Erasmus_Days_de_lInstitut_Polytechnique_de_Paris_54155260914-768x432.webp 768w, https:\/\/globalportalnews.com\/es\/wp-content\/uploads\/sites\/2\/2026\/04\/Erasmus_Days_de_lInstitut_Polytechnique_de_Paris_54155260914-1536x864.webp 1536w, https:\/\/globalportalnews.com\/es\/wp-content\/uploads\/sites\/2\/2026\/04\/Erasmus_Days_de_lInstitut_Polytechnique_de_Paris_54155260914-332x187.webp 332w, https:\/\/globalportalnews.com\/es\/wp-content\/uploads\/sites\/2\/2026\/04\/Erasmus_Days_de_lInstitut_Polytechnique_de_Paris_54155260914-664x374.webp 664w, https:\/\/globalportalnews.com\/es\/wp-content\/uploads\/sites\/2\/2026\/04\/Erasmus_Days_de_lInstitut_Polytechnique_de_Paris_54155260914-688x387.webp 688w, https:\/\/globalportalnews.com\/es\/wp-content\/uploads\/sites\/2\/2026\/04\/Erasmus_Days_de_lInstitut_Polytechnique_de_Paris_54155260914-1376x774.webp 1376w, https:\/\/globalportalnews.com\/es\/wp-content\/uploads\/sites\/2\/2026\/04\/Erasmus_Days_de_lInstitut_Polytechnique_de_Paris_54155260914-1400x788.webp 1400w, https:\/\/globalportalnews.com\/es\/wp-content\/uploads\/sites\/2\/2026\/04\/Erasmus_Days_de_lInstitut_Polytechnique_de_Paris_54155260914.webp 1920w\" sizes=\"(max-width: 1044px) 100vw, 1044px\" \/>\t\t\t\t<\/div>\r\n\r\n\t\t\t\t\r\n\t\t\t\t\r\n\t\t\t\t<a href=\"https:\/\/globalportalnews.com\/es\/noticias-cultura-entretenimiento-uk\/reino-unido-vuelve-erasmus-2027-acuerdo-union-europea\/\" class=\"cs-overlay-link\" title=\"Reino Unido vuelve a Erasmus en 2027 tras un acuerdo hist\u00f3rico con la Uni\u00f3n Europea: m\u00e1s de 100.000 estudiantes beneficiados\"><\/a>\r\n\t\t\t<\/div>\r\n\t\t\r\n\t\t<div class=\"cs-entry__inner cs-entry__content\">\r\n\r\n\t\t\t<div class=\"cs-entry__post-meta\" ><div class=\"cs-meta-category\"><ul class=\"post-categories\">\n\t<li><a href=\"https:\/\/globalportalnews.com\/es\/.\/noticias-cultura-entretenimiento-uk\/\" rel=\"category tag\">Cultura y Entretenimiento del Reino Unido<\/a><\/li><\/ul><\/div><\/div>\r\n\t\t\t<h2 class=\"cs-entry__title\"><a href=\"https:\/\/globalportalnews.com\/es\/noticias-cultura-entretenimiento-uk\/reino-unido-vuelve-erasmus-2027-acuerdo-union-europea\/\">Reino Unido vuelve a Erasmus en 2027 tras un acuerdo hist\u00f3rico con la Uni\u00f3n Europea: m\u00e1s de 100.000 estudiantes beneficiados<\/a><\/h2>\r\n\t\t\t\t\t\t\t\t<div class=\"cs-entry__excerpt\">\r\n\t\t\t\t\t\tEl Reino Unido regresa al programa Erasmus tras el Brexit en un acuerdo con la Uni\u00f3n Europea que permitir\u00e1 a m\u00e1s de 100.000 estudiantes y j\u00f3venes acceder a oportunidades de movilidad educativa&hellip;\t\t\t\t\t<\/div>\r\n\t\t\t\t\t\r\n\t\t\t<div class=\"cs-entry__post-meta\" ><div class=\"cs-meta-author\"><span class=\"cs-meta-author-by\">by<\/span><a class=\"cs-meta-author-link url fn n\" href=\"https:\/\/globalportalnews.com\/es\/author\/globalportalnewsgmail-com\/\"><span class=\"cs-meta-author-name\">Global Portal News<\/span><\/a><\/div><\/div>\t\t<\/div>\r\n\t<\/div>\r\n<\/article>\r\n\t\t\t\t\t\t\t\t<\/div>\r\n\t\t\t\t\t\t\t<\/div>\r\n\t\t\t\t\t\t<\/div>\r\n\t\t\t\t\t\t\t\t<\/section>\r\n\t\t\t\t\t\t<\/div>\n\t\t\t\t<\/div>\n\t\t\t\t<\/div>\n\t\t\t\t<div class=\"elementor-element elementor-element-452f55e cs-dividervertical cs-divider-laptophorizontal cs-divider-tablethorizontal cs-divider-mobilehorizontal elementor-widget elementor-widget-cs-divider\" data-id=\"452f55e\" data-element_type=\"widget\" data-e-type=\"widget\" data-widget_type=\"cs-divider.default\">\n\t\t\t\t<div class=\"elementor-widget-container\">\n\t\t\t\t\t\t\t<section class=\"cs-divider cs-divider-vertical\"><\/section>\r\n\t\t\t\t\t\t<\/div>\n\t\t\t\t<\/div>\n\t\t<div class=\"elementor-element elementor-element-2c32e04 e-con-full e-flex e-con e-child\" data-id=\"2c32e04\" data-element_type=\"container\" data-e-type=\"container\">\n\t\t\t\t<div class=\"elementor-element elementor-element-c4c2635 elementor-widget elementor-widget-cs-posts\" data-id=\"c4c2635\" data-element_type=\"widget\" data-e-type=\"widget\" data-widget_type=\"cs-posts.default\">\n\t\t\t\t<div class=\"elementor-widget-container\">\n\t\t\t\t\t\t\t\t<section class=\"cs-posts cs-posts__horizontal\">\r\n\t\t\t\t\t\t\t\t\t\t<div class=\"cs-posts-area cs-posts-area-elementor \" data-posts-area=\"\">\r\n\t\t\t\t\t\t\t<div class=\"cs-posts-area__outer\">\r\n\t\t\t\t\t\t\t\t<div\r\n\t\t\t\t\t\t\t\tclass=\"cs-posts-area__main cs-posts-area__main-divider\"\r\n\t\t\t\t\t\t\t\tdata-pc=\"1\"\r\n\t\t\t\t\t\t\t\tdata-lt=\"2\"\r\n\t\t\t\t\t\t\t\tdata-tb=\"1\"\r\n\t\t\t\t\t\t\t\tdata-mb=\"1\"\r\n\t\t\t\t\t\t\t\t>\r\n\t\t\t\t\t\t\t\t\t\r\n<article class=\"post-5255 post type-post status-publish format-standard has-post-thumbnail category-noticias-cultura-entretenimiento-uk cs-entry cs-video-wrap\">\r\n\t<div class=\"cs-entry__outer cs-entry__outer-medium cs-entry__outer-thumbnail-right\">\r\n\t\t\t\t\t<div class=\"cs-entry__inner cs-entry__overlay cs-entry__thumbnail cs-overlay-ratio cs-ratio-landscape-16-9\">\r\n\r\n\t\t\t\t<div class=\"cs-overlay-background\">\r\n\t\t\t\t\t<img loading=\"lazy\" decoding=\"async\" width=\"332\" height=\"187\" src=\"https:\/\/globalportalnews.com\/es\/wp-content\/uploads\/sites\/2\/2026\/05\/UEFA_Champions_League_Winner_medals_CR7Museum-332x187.webp\" class=\"attachment-csco-thumbnail-uncropped size-csco-thumbnail-uncropped wp-post-image\" alt=\"Medallas final Champions League\" srcset=\"https:\/\/globalportalnews.com\/es\/wp-content\/uploads\/sites\/2\/2026\/05\/UEFA_Champions_League_Winner_medals_CR7Museum-332x187.webp 332w, https:\/\/globalportalnews.com\/es\/wp-content\/uploads\/sites\/2\/2026\/05\/UEFA_Champions_League_Winner_medals_CR7Museum-300x169.webp 300w, https:\/\/globalportalnews.com\/es\/wp-content\/uploads\/sites\/2\/2026\/05\/UEFA_Champions_League_Winner_medals_CR7Museum-1024x576.webp 1024w, https:\/\/globalportalnews.com\/es\/wp-content\/uploads\/sites\/2\/2026\/05\/UEFA_Champions_League_Winner_medals_CR7Museum-768x432.webp 768w, https:\/\/globalportalnews.com\/es\/wp-content\/uploads\/sites\/2\/2026\/05\/UEFA_Champions_League_Winner_medals_CR7Museum-1536x864.webp 1536w, https:\/\/globalportalnews.com\/es\/wp-content\/uploads\/sites\/2\/2026\/05\/UEFA_Champions_League_Winner_medals_CR7Museum-664x374.webp 664w, https:\/\/globalportalnews.com\/es\/wp-content\/uploads\/sites\/2\/2026\/05\/UEFA_Champions_League_Winner_medals_CR7Museum-688x387.webp 688w, https:\/\/globalportalnews.com\/es\/wp-content\/uploads\/sites\/2\/2026\/05\/UEFA_Champions_League_Winner_medals_CR7Museum-1376x774.webp 1376w, https:\/\/globalportalnews.com\/es\/wp-content\/uploads\/sites\/2\/2026\/05\/UEFA_Champions_League_Winner_medals_CR7Museum-1044x587.webp 1044w, https:\/\/globalportalnews.com\/es\/wp-content\/uploads\/sites\/2\/2026\/05\/UEFA_Champions_League_Winner_medals_CR7Museum-1400x788.webp 1400w, https:\/\/globalportalnews.com\/es\/wp-content\/uploads\/sites\/2\/2026\/05\/UEFA_Champions_League_Winner_medals_CR7Museum.webp 1920w\" sizes=\"(max-width: 332px) 100vw, 332px\" \/>\t\t\t\t\t<img loading=\"lazy\" decoding=\"async\" width=\"332\" height=\"186\" src=\"https:\/\/globalportalnews.com\/es\/wp-content\/uploads\/sites\/2\/2026\/05\/UEFA_Champions_League_Winner_medals_CR7Museum-332x186.webp\" class=\"attachment-csco-thumbnail size-csco-thumbnail wp-post-image\" alt=\"Medallas final Champions League\" srcset=\"https:\/\/globalportalnews.com\/es\/wp-content\/uploads\/sites\/2\/2026\/05\/UEFA_Champions_League_Winner_medals_CR7Museum-332x187.webp 332w, https:\/\/globalportalnews.com\/es\/wp-content\/uploads\/sites\/2\/2026\/05\/UEFA_Champions_League_Winner_medals_CR7Museum-300x169.webp 300w, https:\/\/globalportalnews.com\/es\/wp-content\/uploads\/sites\/2\/2026\/05\/UEFA_Champions_League_Winner_medals_CR7Museum-1024x576.webp 1024w, https:\/\/globalportalnews.com\/es\/wp-content\/uploads\/sites\/2\/2026\/05\/UEFA_Champions_League_Winner_medals_CR7Museum-768x432.webp 768w, https:\/\/globalportalnews.com\/es\/wp-content\/uploads\/sites\/2\/2026\/05\/UEFA_Champions_League_Winner_medals_CR7Museum-1536x864.webp 1536w, https:\/\/globalportalnews.com\/es\/wp-content\/uploads\/sites\/2\/2026\/05\/UEFA_Champions_League_Winner_medals_CR7Museum-664x374.webp 664w, https:\/\/globalportalnews.com\/es\/wp-content\/uploads\/sites\/2\/2026\/05\/UEFA_Champions_League_Winner_medals_CR7Museum-688x387.webp 688w, https:\/\/globalportalnews.com\/es\/wp-content\/uploads\/sites\/2\/2026\/05\/UEFA_Champions_League_Winner_medals_CR7Museum-1376x774.webp 1376w, https:\/\/globalportalnews.com\/es\/wp-content\/uploads\/sites\/2\/2026\/05\/UEFA_Champions_League_Winner_medals_CR7Museum-1044x587.webp 1044w, https:\/\/globalportalnews.com\/es\/wp-content\/uploads\/sites\/2\/2026\/05\/UEFA_Champions_League_Winner_medals_CR7Museum-1400x788.webp 1400w, https:\/\/globalportalnews.com\/es\/wp-content\/uploads\/sites\/2\/2026\/05\/UEFA_Champions_League_Winner_medals_CR7Museum.webp 1920w\" sizes=\"(max-width: 332px) 100vw, 332px\" \/>\t\t\t\t<\/div>\r\n\r\n\t\t\t\t\r\n\t\t\t\t\r\n\t\t\t\t<a href=\"https:\/\/globalportalnews.com\/es\/noticias-cultura-entretenimiento-uk\/final-champions-league-arsenal-psg-como-ver-reino-unido\/\" class=\"cs-overlay-link\" title=\"C\u00f3mo ver la final Champions League Arsenal vs PSG en Reino Unido: horario, canal y por qu\u00e9 millones de aficionados no podr\u00e1n verla gratis\"><\/a>\r\n\t\t\t<\/div>\r\n\t\t\r\n\t\t<div class=\"cs-entry__inner cs-entry__content cs-entry__content-horizontal\">\r\n\t\t\t<div class=\"cs-entry__post-meta\" ><div class=\"cs-meta-category\"><ul class=\"post-categories\">\n\t<li><a href=\"https:\/\/globalportalnews.com\/es\/.\/noticias-cultura-entretenimiento-uk\/\" rel=\"category tag\">Cultura y Entretenimiento del Reino Unido<\/a><\/li><\/ul><\/div><\/div>\r\n\t\t\t<h2 class=\"cs-entry__title\"><a href=\"https:\/\/globalportalnews.com\/es\/noticias-cultura-entretenimiento-uk\/final-champions-league-arsenal-psg-como-ver-reino-unido\/\">C\u00f3mo ver la final Champions League Arsenal vs PSG en Reino Unido: horario, canal y por qu\u00e9 millones de aficionados no podr\u00e1n verla gratis<\/a><\/h2>\r\n\t\t\t\r\n\t\t\t<div class=\"cs-entry__post-meta\" ><div class=\"cs-meta-author\"><span class=\"cs-meta-author-by\">by<\/span><a class=\"cs-meta-author-link url fn n\" href=\"https:\/\/globalportalnews.com\/es\/author\/globalportalnewsgmail-com\/\"><span class=\"cs-meta-author-name\">Global Portal News<\/span><\/a><\/div><div class=\"cs-meta-date\">30 de mayo de 2026<\/div><\/div>\t\t<\/div>\r\n\t<\/div>\r\n<\/article>\r\n\r\n<article class=\"post-5233 post type-post status-publish format-standard has-post-thumbnail category-noticias-politica-uk cs-entry cs-video-wrap\">\r\n\t<div class=\"cs-entry__outer cs-entry__outer-medium cs-entry__outer-thumbnail-right\">\r\n\t\t\t\t\t<div class=\"cs-entry__inner cs-entry__overlay cs-entry__thumbnail cs-overlay-ratio cs-ratio-landscape-16-9\">\r\n\r\n\t\t\t\t<div class=\"cs-overlay-background\">\r\n\t\t\t\t\t<img loading=\"lazy\" decoding=\"async\" width=\"332\" height=\"187\" src=\"https:\/\/globalportalnews.com\/es\/wp-content\/uploads\/sites\/2\/2026\/02\/Ballot_box_in_Bristol_city_centre_2328-332x187.webp\" class=\"attachment-csco-thumbnail-uncropped size-csco-thumbnail-uncropped wp-post-image\" alt=\"Urna electoral en el centro de Bristol\" srcset=\"https:\/\/globalportalnews.com\/es\/wp-content\/uploads\/sites\/2\/2026\/02\/Ballot_box_in_Bristol_city_centre_2328-332x187.webp 332w, https:\/\/globalportalnews.com\/es\/wp-content\/uploads\/sites\/2\/2026\/02\/Ballot_box_in_Bristol_city_centre_2328-300x169.webp 300w, https:\/\/globalportalnews.com\/es\/wp-content\/uploads\/sites\/2\/2026\/02\/Ballot_box_in_Bristol_city_centre_2328-1024x576.webp 1024w, https:\/\/globalportalnews.com\/es\/wp-content\/uploads\/sites\/2\/2026\/02\/Ballot_box_in_Bristol_city_centre_2328-768x432.webp 768w, https:\/\/globalportalnews.com\/es\/wp-content\/uploads\/sites\/2\/2026\/02\/Ballot_box_in_Bristol_city_centre_2328-1536x864.webp 1536w, https:\/\/globalportalnews.com\/es\/wp-content\/uploads\/sites\/2\/2026\/02\/Ballot_box_in_Bristol_city_centre_2328-664x374.webp 664w, https:\/\/globalportalnews.com\/es\/wp-content\/uploads\/sites\/2\/2026\/02\/Ballot_box_in_Bristol_city_centre_2328-688x387.webp 688w, https:\/\/globalportalnews.com\/es\/wp-content\/uploads\/sites\/2\/2026\/02\/Ballot_box_in_Bristol_city_centre_2328-1376x774.webp 1376w, https:\/\/globalportalnews.com\/es\/wp-content\/uploads\/sites\/2\/2026\/02\/Ballot_box_in_Bristol_city_centre_2328-1044x587.webp 1044w, https:\/\/globalportalnews.com\/es\/wp-content\/uploads\/sites\/2\/2026\/02\/Ballot_box_in_Bristol_city_centre_2328-1400x788.webp 1400w, https:\/\/globalportalnews.com\/es\/wp-content\/uploads\/sites\/2\/2026\/02\/Ballot_box_in_Bristol_city_centre_2328.webp 1920w\" sizes=\"(max-width: 332px) 100vw, 332px\" \/>\t\t\t\t\t<img loading=\"lazy\" decoding=\"async\" width=\"332\" height=\"186\" src=\"https:\/\/globalportalnews.com\/es\/wp-content\/uploads\/sites\/2\/2026\/02\/Ballot_box_in_Bristol_city_centre_2328-332x186.webp\" class=\"attachment-csco-thumbnail size-csco-thumbnail wp-post-image\" alt=\"Urna electoral en el centro de Bristol\" srcset=\"https:\/\/globalportalnews.com\/es\/wp-content\/uploads\/sites\/2\/2026\/02\/Ballot_box_in_Bristol_city_centre_2328-332x187.webp 332w, https:\/\/globalportalnews.com\/es\/wp-content\/uploads\/sites\/2\/2026\/02\/Ballot_box_in_Bristol_city_centre_2328-300x169.webp 300w, https:\/\/globalportalnews.com\/es\/wp-content\/uploads\/sites\/2\/2026\/02\/Ballot_box_in_Bristol_city_centre_2328-1024x576.webp 1024w, https:\/\/globalportalnews.com\/es\/wp-content\/uploads\/sites\/2\/2026\/02\/Ballot_box_in_Bristol_city_centre_2328-768x432.webp 768w, https:\/\/globalportalnews.com\/es\/wp-content\/uploads\/sites\/2\/2026\/02\/Ballot_box_in_Bristol_city_centre_2328-1536x864.webp 1536w, https:\/\/globalportalnews.com\/es\/wp-content\/uploads\/sites\/2\/2026\/02\/Ballot_box_in_Bristol_city_centre_2328-664x374.webp 664w, https:\/\/globalportalnews.com\/es\/wp-content\/uploads\/sites\/2\/2026\/02\/Ballot_box_in_Bristol_city_centre_2328-688x387.webp 688w, https:\/\/globalportalnews.com\/es\/wp-content\/uploads\/sites\/2\/2026\/02\/Ballot_box_in_Bristol_city_centre_2328-1376x774.webp 1376w, https:\/\/globalportalnews.com\/es\/wp-content\/uploads\/sites\/2\/2026\/02\/Ballot_box_in_Bristol_city_centre_2328-1044x587.webp 1044w, https:\/\/globalportalnews.com\/es\/wp-content\/uploads\/sites\/2\/2026\/02\/Ballot_box_in_Bristol_city_centre_2328-1400x788.webp 1400w, https:\/\/globalportalnews.com\/es\/wp-content\/uploads\/sites\/2\/2026\/02\/Ballot_box_in_Bristol_city_centre_2328.webp 1920w\" sizes=\"(max-width: 332px) 100vw, 332px\" \/>\t\t\t\t<\/div>\r\n\r\n\t\t\t\t\r\n\t\t\t\t\r\n\t\t\t\t<a href=\"https:\/\/globalportalnews.com\/es\/noticias-politica-uk\/elecciones-parciales-makerfield-2026\/\" class=\"cs-overlay-link\" title=\"Elecciones parciales en Makerfield 2026: fecha, candidatos, encuestas y \u00faltimas noticias\"><\/a>\r\n\t\t\t<\/div>\r\n\t\t\r\n\t\t<div class=\"cs-entry__inner cs-entry__content cs-entry__content-horizontal\">\r\n\t\t\t<div class=\"cs-entry__post-meta\" ><div class=\"cs-meta-category\"><ul class=\"post-categories\">\n\t<li><a href=\"https:\/\/globalportalnews.com\/es\/.\/noticias-politica-uk\/\" rel=\"category tag\">Pol\u00edtica del Reino Unido<\/a><\/li><\/ul><\/div><\/div>\r\n\t\t\t<h2 class=\"cs-entry__title\"><a href=\"https:\/\/globalportalnews.com\/es\/noticias-politica-uk\/elecciones-parciales-makerfield-2026\/\">Elecciones parciales en Makerfield 2026: fecha, candidatos, encuestas y \u00faltimas noticias<\/a><\/h2>\r\n\t\t\t\r\n\t\t\t<div class=\"cs-entry__post-meta\" ><div class=\"cs-meta-author\"><span class=\"cs-meta-author-by\">by<\/span><a class=\"cs-meta-author-link url fn n\" href=\"https:\/\/globalportalnews.com\/es\/author\/globalportalnewsgmail-com\/\"><span class=\"cs-meta-author-name\">Global Portal News<\/span><\/a><\/div><div class=\"cs-meta-date\">29 de mayo de 2026<\/div><\/div>\t\t<\/div>\r\n\t<\/div>\r\n<\/article>\r\n\t\t\t\t\t\t\t\t<\/div>\r\n\t\t\t\t\t\t\t<\/div>\r\n\t\t\t\t\t\t<\/div>\r\n\t\t\t\t\t\t\t\t<\/section>\r\n\t\t\t\t\t\t<\/div>\n\t\t\t\t<\/div>\n\t\t\t\t<div class=\"elementor-element elementor-element-a26caa9 cs-dividerhorizontal cs-divider-laptophorizontal cs-divider-tablethorizontal cs-divider-mobilehorizontal elementor-widget elementor-widget-cs-divider\" data-id=\"a26caa9\" data-element_type=\"widget\" data-e-type=\"widget\" data-widget_type=\"cs-divider.default\">\n\t\t\t\t<div class=\"elementor-widget-container\">\n\t\t\t\t\t\t\t<section class=\"cs-divider cs-divider-horizontal\"><\/section>\r\n\t\t\t\t\t\t<\/div>\n\t\t\t\t<\/div>\n\t\t\t\t<div class=\"elementor-element elementor-element-6410fc0 elementor-widget elementor-widget-cs-posts\" data-id=\"6410fc0\" data-element_type=\"widget\" data-e-type=\"widget\" data-widget_type=\"cs-posts.default\">\n\t\t\t\t<div class=\"elementor-widget-container\">\n\t\t\t\t\t\t\t\t<section class=\"cs-posts cs-posts__standard\">\r\n\t\t\t\t\t\t\t\t\t\t<div class=\"cs-posts-area cs-posts-area-elementor \" data-posts-area=\"\">\r\n\t\t\t\t\t\t\t<div class=\"cs-posts-area__outer\">\r\n\t\t\t\t\t\t\t\t<div\r\n\t\t\t\t\t\t\t\tclass=\"cs-posts-area__main cs-posts-area__main-divider\"\r\n\t\t\t\t\t\t\t\tdata-pc=\"2\"\r\n\t\t\t\t\t\t\t\tdata-lt=\"2\"\r\n\t\t\t\t\t\t\t\tdata-tb=\"2\"\r\n\t\t\t\t\t\t\t\tdata-mb=\"1\"\r\n\t\t\t\t\t\t\t\t>\r\n\t\t\t\t\t\t\t\t\t\r\n<article class=\"post-5217 post type-post status-publish format-standard has-post-thumbnail category-noticias-politica-uk cs-entry cs-video-wrap\">\r\n\t<div class=\"cs-entry__outer\">\r\n\t\t\r\n\t\t<div class=\"cs-entry__inner cs-entry__content\">\r\n\r\n\t\t\t<div class=\"cs-entry__post-meta\" ><div class=\"cs-meta-category\"><ul class=\"post-categories\">\n\t<li><a href=\"https:\/\/globalportalnews.com\/es\/.\/noticias-politica-uk\/\" rel=\"category tag\">Pol\u00edtica del Reino Unido<\/a><\/li><\/ul><\/div><\/div>\r\n\t\t\t<h2 class=\"cs-entry__title\"><a href=\"https:\/\/globalportalnews.com\/es\/noticias-politica-uk\/tony-blair-critica-keir-starmer-crisis-partido-laborista\/\">Tony Blair carga contra Keir Starmer y alerta de una posible derrota electoral del Laborismo<\/a><\/h2>\r\n\t\t\t\r\n\t\t\t<div class=\"cs-entry__post-meta\" ><div class=\"cs-meta-author\"><span class=\"cs-meta-author-by\">by<\/span><a class=\"cs-meta-author-link url fn n\" href=\"https:\/\/globalportalnews.com\/es\/author\/globalportalnewsgmail-com\/\"><span class=\"cs-meta-author-name\">Global Portal News<\/span><\/a><\/div><div class=\"cs-meta-date\">27 de mayo de 2026<\/div><\/div>\t\t<\/div>\r\n\t<\/div>\r\n<\/article>\r\n\r\n<article class=\"post-5203 post type-post status-publish format-standard has-post-thumbnail category-noticias-uk cs-entry cs-video-wrap\">\r\n\t<div class=\"cs-entry__outer\">\r\n\t\t\r\n\t\t<div class=\"cs-entry__inner cs-entry__content\">\r\n\r\n\t\t\t<div class=\"cs-entry__post-meta\" ><div class=\"cs-meta-category\"><ul class=\"post-categories\">\n\t<li><a href=\"https:\/\/globalportalnews.com\/es\/.\/noticias-uk\/\" rel=\"category tag\">Noticias del Reino Unido en Espa\u00f1ol<\/a><\/li><\/ul><\/div><\/div>\r\n\t\t\t<h2 class=\"cs-entry__title\"><a href=\"https:\/\/globalportalnews.com\/es\/noticias-uk\/reino-unido-record-historico-calor-mayo-noche-tropical-londres\/\">Reino Unido rompe el r\u00e9cord hist\u00f3rico de calor en mayo tras una noche tropical in\u00e9dita en Londres<\/a><\/h2>\r\n\t\t\t\r\n\t\t\t<div class=\"cs-entry__post-meta\" ><div class=\"cs-meta-author\"><span class=\"cs-meta-author-by\">by<\/span><a class=\"cs-meta-author-link url fn n\" href=\"https:\/\/globalportalnews.com\/es\/author\/globalportalnewsgmail-com\/\"><span class=\"cs-meta-author-name\">Global Portal News<\/span><\/a><\/div><div class=\"cs-meta-date\">26 de mayo de 2026<\/div><\/div>\t\t<\/div>\r\n\t<\/div>\r\n<\/article>\r\n\r\n<article class=\"post-5191 post type-post status-publish format-standard has-post-thumbnail category-noticias-uk cs-entry cs-video-wrap\">\r\n\t<div class=\"cs-entry__outer\">\r\n\t\t\r\n\t\t<div class=\"cs-entry__inner cs-entry__content\">\r\n\r\n\t\t\t<div class=\"cs-entry__post-meta\" ><div class=\"cs-meta-category\"><ul class=\"post-categories\">\n\t<li><a href=\"https:\/\/globalportalnews.com\/es\/.\/noticias-uk\/\" rel=\"category tag\">Noticias del Reino Unido en Espa\u00f1ol<\/a><\/li><\/ul><\/div><\/div>\r\n\t\t\t<h2 class=\"cs-entry__title\"><a href=\"https:\/\/globalportalnews.com\/es\/noticias-uk\/ola-calor-historica-reino-unido-londres-record-mayo\/\">Ola de calor hist\u00f3rica en Reino Unido: Londres podr\u00eda alcanzar 35 grados en el mayo m\u00e1s caluroso jam\u00e1s registrado<\/a><\/h2>\r\n\t\t\t\r\n\t\t\t<div class=\"cs-entry__post-meta\" ><div class=\"cs-meta-author\"><span class=\"cs-meta-author-by\">by<\/span><a class=\"cs-meta-author-link url fn n\" href=\"https:\/\/globalportalnews.com\/es\/author\/globalportalnewsgmail-com\/\"><span class=\"cs-meta-author-name\">Global Portal News<\/span><\/a><\/div><div class=\"cs-meta-date\">25 de mayo de 2026<\/div><\/div>\t\t<\/div>\r\n\t<\/div>\r\n<\/article>\r\n\r\n<article class=\"post-5175 post type-post status-publish format-standard has-post-thumbnail category-noticias-politica-uk cs-entry cs-video-wrap\">\r\n\t<div class=\"cs-entry__outer\">\r\n\t\t\r\n\t\t<div class=\"cs-entry__inner cs-entry__content\">\r\n\r\n\t\t\t<div class=\"cs-entry__post-meta\" ><div class=\"cs-meta-category\"><ul class=\"post-categories\">\n\t<li><a href=\"https:\/\/globalportalnews.com\/es\/.\/noticias-politica-uk\/\" rel=\"category tag\">Pol\u00edtica del Reino Unido<\/a><\/li><\/ul><\/div><\/div>\r\n\t\t\t<h2 class=\"cs-entry__title\"><a href=\"https:\/\/globalportalnews.com\/es\/noticias-politica-uk\/encuestas-makerfield-elecciones-parciales-sondeos-andy-burnham-reform-uk\/\">Encuestas elecciones parciales en Makerfield: Andy Burnham lidera los sondeos por la m\u00ednima en una ajustada carrera con Reform UK<\/a><\/h2>\r\n\t\t\t\r\n\t\t\t<div class=\"cs-entry__post-meta\" ><div class=\"cs-meta-author\"><span class=\"cs-meta-author-by\">by<\/span><a class=\"cs-meta-author-link url fn n\" href=\"https:\/\/globalportalnews.com\/es\/author\/globalportalnewsgmail-com\/\"><span class=\"cs-meta-author-name\">Global Portal News<\/span><\/a><\/div><div class=\"cs-meta-date\">24 de mayo de 2026<\/div><\/div>\t\t<\/div>\r\n\t<\/div>\r\n<\/article>\r\n\t\t\t\t\t\t\t\t<\/div>\r\n\t\t\t\t\t\t\t<\/div>\r\n\t\t\t\t\t\t<\/div>\r\n\t\t\t\t\t\t\t\t<\/section>\r\n\t\t\t\t\t\t<\/div>\n\t\t\t\t<\/div>\n\t\t\t\t<\/div>\n\t\t\t\t<\/div>\n\t\t\t\t<div class=\"elementor-element elementor-element-8fbc9c9 cs-dividerhorizontal cs-divider-laptophorizontal cs-divider-tablethorizontal cs-divider-mobilehorizontal elementor-widget elementor-widget-cs-divider\" data-id=\"8fbc9c9\" data-element_type=\"widget\" data-e-type=\"widget\" data-widget_type=\"cs-divider.default\">\n\t\t\t\t<div class=\"elementor-widget-container\">\n\t\t\t\t\t\t\t<section class=\"cs-divider cs-divider-horizontal\"><\/section>\r\n\t\t\t\t\t\t<\/div>\n\t\t\t\t<\/div>\n\t\t\t\t\t<\/div>\n\t\t\t\t<\/div>\n\t\t<div class=\"elementor-element elementor-element-aec7441 e-flex e-con-boxed e-con e-parent\" data-id=\"aec7441\" data-element_type=\"container\" data-e-type=\"container\">\n\t\t\t\t\t<div class=\"e-con-inner\">\n\t\t\t\t<div class=\"elementor-element elementor-element-c86cc9a elementor-widget elementor-widget-cs-heading\" data-id=\"c86cc9a\" data-element_type=\"widget\" data-e-type=\"widget\" data-widget_type=\"cs-heading.default\">\n\t\t\t\t<div class=\"elementor-widget-container\">\n\t\t\t\t\t\t\t\t\t\t<section class=\"cs-heading\">\r\n\t\t\t\t<div class=\"cs-heading__container \">\r\n\t\t\t\t\t<h2 class=\"cs-heading__content\">\r\n\t\t\t\t\t\tM\u00e1s Compartidos\t\t\t\t\t<\/h2>\r\n\r\n\t\t\t\t\t\t\t\t\t<\/div>\r\n\t\t\t<\/section>\r\n\t\t\t\t\t\t\t\t<\/div>\n\t\t\t\t<\/div>\n\t\t<div class=\"elementor-element elementor-element-88dc57d e-con-full e-flex e-con e-child\" data-id=\"88dc57d\" data-element_type=\"container\" data-e-type=\"container\">\n\t\t<div class=\"elementor-element elementor-element-304be8e e-con-full e-flex e-con e-child\" data-id=\"304be8e\" data-element_type=\"container\" data-e-type=\"container\">\n\t\t\t\t<div class=\"elementor-element elementor-element-2182ff3 elementor-widget elementor-widget-cs-posts\" data-id=\"2182ff3\" data-element_type=\"widget\" data-e-type=\"widget\" data-widget_type=\"cs-posts.default\">\n\t\t\t\t<div class=\"elementor-widget-container\">\n\t\t\t\t\t\t\t\t<section class=\"cs-posts cs-posts__standard\">\r\n\t\t\t\t\t\t\t\t\t\t<div class=\"cs-posts-area cs-posts-area-elementor \" data-posts-area=\"\">\r\n\t\t\t\t\t\t\t<div class=\"cs-posts-area__outer\">\r\n\t\t\t\t\t\t\t\t<div\r\n\t\t\t\t\t\t\t\tclass=\"cs-posts-area__main\"\r\n\t\t\t\t\t\t\t\tdata-pc=\"1\"\r\n\t\t\t\t\t\t\t\tdata-lt=\"1\"\r\n\t\t\t\t\t\t\t\tdata-tb=\"1\"\r\n\t\t\t\t\t\t\t\tdata-mb=\"1\"\r\n\t\t\t\t\t\t\t\t>\r\n\t\t\t\t\t\t\t\t\t\r\n<article class=\"post-5157 post type-post status-publish format-standard has-post-thumbnail category-noticias-politica-uk tag-andres-mountbatten-windsor cs-entry cs-video-wrap\">\r\n\t<div class=\"cs-entry__outer\">\r\n\t\t\t\t\t<div class=\"cs-entry__inner cs-entry__overlay cs-entry__thumbnail cs-overlay-ratio cs-ratio-landscape-16-9\">\r\n\r\n\t\t\t\t<div class=\"cs-overlay-background\">\r\n\t\t\t\t\t<img loading=\"lazy\" decoding=\"async\" width=\"332\" height=\"187\" src=\"https:\/\/globalportalnews.com\/es\/wp-content\/uploads\/sites\/2\/2026\/02\/Prince_Andrew_at_the_National_Memorial_Arboretum-332x187.webp\" class=\"attachment-csco-thumbnail-uncropped size-csco-thumbnail-uncropped wp-post-image\" alt=\"El pr\u00edncipe Andr\u00e9s en el National Memorial Arboretum, Alrewas, 1 de septiembre de 2011\" srcset=\"https:\/\/globalportalnews.com\/es\/wp-content\/uploads\/sites\/2\/2026\/02\/Prince_Andrew_at_the_National_Memorial_Arboretum-332x187.webp 332w, https:\/\/globalportalnews.com\/es\/wp-content\/uploads\/sites\/2\/2026\/02\/Prince_Andrew_at_the_National_Memorial_Arboretum-300x169.webp 300w, https:\/\/globalportalnews.com\/es\/wp-content\/uploads\/sites\/2\/2026\/02\/Prince_Andrew_at_the_National_Memorial_Arboretum-1024x576.webp 1024w, https:\/\/globalportalnews.com\/es\/wp-content\/uploads\/sites\/2\/2026\/02\/Prince_Andrew_at_the_National_Memorial_Arboretum-768x432.webp 768w, https:\/\/globalportalnews.com\/es\/wp-content\/uploads\/sites\/2\/2026\/02\/Prince_Andrew_at_the_National_Memorial_Arboretum-1536x864.webp 1536w, https:\/\/globalportalnews.com\/es\/wp-content\/uploads\/sites\/2\/2026\/02\/Prince_Andrew_at_the_National_Memorial_Arboretum-664x374.webp 664w, https:\/\/globalportalnews.com\/es\/wp-content\/uploads\/sites\/2\/2026\/02\/Prince_Andrew_at_the_National_Memorial_Arboretum-688x387.webp 688w, https:\/\/globalportalnews.com\/es\/wp-content\/uploads\/sites\/2\/2026\/02\/Prince_Andrew_at_the_National_Memorial_Arboretum-1376x774.webp 1376w, https:\/\/globalportalnews.com\/es\/wp-content\/uploads\/sites\/2\/2026\/02\/Prince_Andrew_at_the_National_Memorial_Arboretum-1044x587.webp 1044w, https:\/\/globalportalnews.com\/es\/wp-content\/uploads\/sites\/2\/2026\/02\/Prince_Andrew_at_the_National_Memorial_Arboretum-1400x788.webp 1400w, https:\/\/globalportalnews.com\/es\/wp-content\/uploads\/sites\/2\/2026\/02\/Prince_Andrew_at_the_National_Memorial_Arboretum.webp 1920w\" sizes=\"(max-width: 332px) 100vw, 332px\" \/>\t\t\t\t\t<img loading=\"lazy\" decoding=\"async\" width=\"1044\" height=\"587\" src=\"https:\/\/globalportalnews.com\/es\/wp-content\/uploads\/sites\/2\/2026\/02\/Prince_Andrew_at_the_National_Memorial_Arboretum-1044x587.webp\" class=\"attachment-csco-large size-csco-large wp-post-image\" alt=\"El pr\u00edncipe Andr\u00e9s en el National Memorial Arboretum, Alrewas, 1 de septiembre de 2011\" srcset=\"https:\/\/globalportalnews.com\/es\/wp-content\/uploads\/sites\/2\/2026\/02\/Prince_Andrew_at_the_National_Memorial_Arboretum-1044x587.webp 1044w, https:\/\/globalportalnews.com\/es\/wp-content\/uploads\/sites\/2\/2026\/02\/Prince_Andrew_at_the_National_Memorial_Arboretum-300x169.webp 300w, https:\/\/globalportalnews.com\/es\/wp-content\/uploads\/sites\/2\/2026\/02\/Prince_Andrew_at_the_National_Memorial_Arboretum-1024x576.webp 1024w, https:\/\/globalportalnews.com\/es\/wp-content\/uploads\/sites\/2\/2026\/02\/Prince_Andrew_at_the_National_Memorial_Arboretum-768x432.webp 768w, https:\/\/globalportalnews.com\/es\/wp-content\/uploads\/sites\/2\/2026\/02\/Prince_Andrew_at_the_National_Memorial_Arboretum-1536x864.webp 1536w, https:\/\/globalportalnews.com\/es\/wp-content\/uploads\/sites\/2\/2026\/02\/Prince_Andrew_at_the_National_Memorial_Arboretum-332x187.webp 332w, https:\/\/globalportalnews.com\/es\/wp-content\/uploads\/sites\/2\/2026\/02\/Prince_Andrew_at_the_National_Memorial_Arboretum-664x374.webp 664w, https:\/\/globalportalnews.com\/es\/wp-content\/uploads\/sites\/2\/2026\/02\/Prince_Andrew_at_the_National_Memorial_Arboretum-688x387.webp 688w, https:\/\/globalportalnews.com\/es\/wp-content\/uploads\/sites\/2\/2026\/02\/Prince_Andrew_at_the_National_Memorial_Arboretum-1376x774.webp 1376w, https:\/\/globalportalnews.com\/es\/wp-content\/uploads\/sites\/2\/2026\/02\/Prince_Andrew_at_the_National_Memorial_Arboretum-1400x788.webp 1400w, https:\/\/globalportalnews.com\/es\/wp-content\/uploads\/sites\/2\/2026\/02\/Prince_Andrew_at_the_National_Memorial_Arboretum.webp 1920w\" sizes=\"(max-width: 1044px) 100vw, 1044px\" \/>\t\t\t\t<\/div>\r\n\r\n\t\t\t\t\r\n\t\t\t\t\r\n\t\t\t\t<a href=\"https:\/\/globalportalnews.com\/es\/noticias-politica-uk\/investigacion-ex-principe-andres-delitos-sexuales-corrupcion\/\" class=\"cs-overlay-link\" title=\"La polic\u00eda brit\u00e1nica ampl\u00eda la investigaci\u00f3n contra el ex pr\u00edncipe Andr\u00e9s por posibles delitos sexuales y corrupci\u00f3n\"><\/a>\r\n\t\t\t<\/div>\r\n\t\t\r\n\t\t<div class=\"cs-entry__inner cs-entry__content\">\r\n\r\n\t\t\t<div class=\"cs-entry__post-meta\" ><div class=\"cs-meta-category\"><ul class=\"post-categories\">\n\t<li><a href=\"https:\/\/globalportalnews.com\/es\/.\/noticias-politica-uk\/\" rel=\"category tag\">Pol\u00edtica del Reino Unido<\/a><\/li><\/ul><\/div><\/div>\r\n\t\t\t<h2 class=\"cs-entry__title\"><a href=\"https:\/\/globalportalnews.com\/es\/noticias-politica-uk\/investigacion-ex-principe-andres-delitos-sexuales-corrupcion\/\">La polic\u00eda brit\u00e1nica ampl\u00eda la investigaci\u00f3n contra el ex pr\u00edncipe Andr\u00e9s por posibles delitos sexuales y corrupci\u00f3n<\/a><\/h2>\r\n\t\t\t\t\t\t\t\t<div class=\"cs-entry__excerpt\">\r\n\t\t\t\t\t\tLa polic\u00eda brit\u00e1nica ampl\u00eda la investigaci\u00f3n contra el ex pr\u00edncipe Andr\u00e9s y busca nuevos testimonios sobre presuntos delitos sexuales, corrupci\u00f3n y abuso de poder.\t\t\t\t\t<\/div>\r\n\t\t\t\t\t\r\n\t\t\t<div class=\"cs-entry__post-meta\" ><div class=\"cs-meta-author\"><span class=\"cs-meta-author-by\">by<\/span><a class=\"cs-meta-author-link url fn n\" href=\"https:\/\/globalportalnews.com\/es\/author\/globalportalnewsgmail-com\/\"><span class=\"cs-meta-author-name\">Global Portal News<\/span><\/a><\/div><\/div>\t\t<\/div>\r\n\t<\/div>\r\n<\/article>\r\n\t\t\t\t\t\t\t\t<\/div>\r\n\t\t\t\t\t\t\t<\/div>\r\n\t\t\t\t\t\t<\/div>\r\n\t\t\t\t\t\t\t\t<\/section>\r\n\t\t\t\t\t\t<\/div>\n\t\t\t\t<\/div>\n\t\t\t\t<\/div>\n\t\t\t\t<div class=\"elementor-element elementor-element-cc8e85b cs-dividervertical cs-divider-laptophorizontal cs-divider-tablethorizontal cs-divider-mobilehorizontal elementor-widget elementor-widget-cs-divider\" data-id=\"cc8e85b\" data-element_type=\"widget\" data-e-type=\"widget\" data-widget_type=\"cs-divider.default\">\n\t\t\t\t<div class=\"elementor-widget-container\">\n\t\t\t\t\t\t\t<section class=\"cs-divider cs-divider-vertical\"><\/section>\r\n\t\t\t\t\t\t<\/div>\n\t\t\t\t<\/div>\n\t\t<div class=\"elementor-element elementor-element-7ec4952 e-con-full e-flex e-con e-child\" data-id=\"7ec4952\" data-element_type=\"container\" data-e-type=\"container\">\n\t\t\t\t<div class=\"elementor-element elementor-element-0d5e317 elementor-widget elementor-widget-cs-posts\" data-id=\"0d5e317\" data-element_type=\"widget\" data-e-type=\"widget\" data-widget_type=\"cs-posts.default\">\n\t\t\t\t<div class=\"elementor-widget-container\">\n\t\t\t\t\t\t\t\t<section class=\"cs-posts cs-posts__horizontal\">\r\n\t\t\t\t\t\t\t\t\t\t<div class=\"cs-posts-area cs-posts-area-elementor \" data-posts-area=\"\">\r\n\t\t\t\t\t\t\t<div class=\"cs-posts-area__outer\">\r\n\t\t\t\t\t\t\t\t<div\r\n\t\t\t\t\t\t\t\tclass=\"cs-posts-area__main cs-posts-area__main-divider\"\r\n\t\t\t\t\t\t\t\tdata-pc=\"1\"\r\n\t\t\t\t\t\t\t\tdata-lt=\"2\"\r\n\t\t\t\t\t\t\t\tdata-tb=\"1\"\r\n\t\t\t\t\t\t\t\tdata-mb=\"1\"\r\n\t\t\t\t\t\t\t\t>\r\n\t\t\t\t\t\t\t\t\t\r\n<article class=\"post-5128 post type-post status-publish format-standard has-post-thumbnail category-noticias-politica-uk tag-keir-starmer cs-entry cs-video-wrap\">\r\n\t<div class=\"cs-entry__outer cs-entry__outer-medium cs-entry__outer-thumbnail-right\">\r\n\t\t\t\t\t<div class=\"cs-entry__inner cs-entry__overlay cs-entry__thumbnail cs-overlay-ratio cs-ratio-landscape-16-9\">\r\n\r\n\t\t\t\t<div class=\"cs-overlay-background\">\r\n\t\t\t\t\t<img loading=\"lazy\" decoding=\"async\" width=\"332\" height=\"187\" src=\"https:\/\/globalportalnews.com\/es\/wp-content\/uploads\/sites\/2\/2026\/05\/Prime_Minister_Keir_Starmer_visits_Holy_Trinity_Primary_School_55204398301-332x187.webp\" class=\"attachment-csco-thumbnail-uncropped size-csco-thumbnail-uncropped wp-post-image\" alt=\"Foto de Keir Starmer con Andy Burnham y Angela Rayner juntos\" srcset=\"https:\/\/globalportalnews.com\/es\/wp-content\/uploads\/sites\/2\/2026\/05\/Prime_Minister_Keir_Starmer_visits_Holy_Trinity_Primary_School_55204398301-332x187.webp 332w, https:\/\/globalportalnews.com\/es\/wp-content\/uploads\/sites\/2\/2026\/05\/Prime_Minister_Keir_Starmer_visits_Holy_Trinity_Primary_School_55204398301-300x169.webp 300w, https:\/\/globalportalnews.com\/es\/wp-content\/uploads\/sites\/2\/2026\/05\/Prime_Minister_Keir_Starmer_visits_Holy_Trinity_Primary_School_55204398301-1024x576.webp 1024w, https:\/\/globalportalnews.com\/es\/wp-content\/uploads\/sites\/2\/2026\/05\/Prime_Minister_Keir_Starmer_visits_Holy_Trinity_Primary_School_55204398301-768x432.webp 768w, https:\/\/globalportalnews.com\/es\/wp-content\/uploads\/sites\/2\/2026\/05\/Prime_Minister_Keir_Starmer_visits_Holy_Trinity_Primary_School_55204398301-1536x864.webp 1536w, https:\/\/globalportalnews.com\/es\/wp-content\/uploads\/sites\/2\/2026\/05\/Prime_Minister_Keir_Starmer_visits_Holy_Trinity_Primary_School_55204398301-664x374.webp 664w, https:\/\/globalportalnews.com\/es\/wp-content\/uploads\/sites\/2\/2026\/05\/Prime_Minister_Keir_Starmer_visits_Holy_Trinity_Primary_School_55204398301-688x387.webp 688w, https:\/\/globalportalnews.com\/es\/wp-content\/uploads\/sites\/2\/2026\/05\/Prime_Minister_Keir_Starmer_visits_Holy_Trinity_Primary_School_55204398301-1376x774.webp 1376w, https:\/\/globalportalnews.com\/es\/wp-content\/uploads\/sites\/2\/2026\/05\/Prime_Minister_Keir_Starmer_visits_Holy_Trinity_Primary_School_55204398301-1044x587.webp 1044w, https:\/\/globalportalnews.com\/es\/wp-content\/uploads\/sites\/2\/2026\/05\/Prime_Minister_Keir_Starmer_visits_Holy_Trinity_Primary_School_55204398301-1400x788.webp 1400w, https:\/\/globalportalnews.com\/es\/wp-content\/uploads\/sites\/2\/2026\/05\/Prime_Minister_Keir_Starmer_visits_Holy_Trinity_Primary_School_55204398301.webp 1920w\" sizes=\"(max-width: 332px) 100vw, 332px\" \/>\t\t\t\t\t<img loading=\"lazy\" decoding=\"async\" width=\"332\" height=\"186\" src=\"https:\/\/globalportalnews.com\/es\/wp-content\/uploads\/sites\/2\/2026\/05\/Prime_Minister_Keir_Starmer_visits_Holy_Trinity_Primary_School_55204398301-332x186.webp\" class=\"attachment-csco-thumbnail size-csco-thumbnail wp-post-image\" alt=\"Foto de Keir Starmer con Andy Burnham y Angela Rayner juntos\" srcset=\"https:\/\/globalportalnews.com\/es\/wp-content\/uploads\/sites\/2\/2026\/05\/Prime_Minister_Keir_Starmer_visits_Holy_Trinity_Primary_School_55204398301-332x187.webp 332w, https:\/\/globalportalnews.com\/es\/wp-content\/uploads\/sites\/2\/2026\/05\/Prime_Minister_Keir_Starmer_visits_Holy_Trinity_Primary_School_55204398301-300x169.webp 300w, https:\/\/globalportalnews.com\/es\/wp-content\/uploads\/sites\/2\/2026\/05\/Prime_Minister_Keir_Starmer_visits_Holy_Trinity_Primary_School_55204398301-1024x576.webp 1024w, https:\/\/globalportalnews.com\/es\/wp-content\/uploads\/sites\/2\/2026\/05\/Prime_Minister_Keir_Starmer_visits_Holy_Trinity_Primary_School_55204398301-768x432.webp 768w, https:\/\/globalportalnews.com\/es\/wp-content\/uploads\/sites\/2\/2026\/05\/Prime_Minister_Keir_Starmer_visits_Holy_Trinity_Primary_School_55204398301-1536x864.webp 1536w, https:\/\/globalportalnews.com\/es\/wp-content\/uploads\/sites\/2\/2026\/05\/Prime_Minister_Keir_Starmer_visits_Holy_Trinity_Primary_School_55204398301-664x374.webp 664w, https:\/\/globalportalnews.com\/es\/wp-content\/uploads\/sites\/2\/2026\/05\/Prime_Minister_Keir_Starmer_visits_Holy_Trinity_Primary_School_55204398301-688x387.webp 688w, https:\/\/globalportalnews.com\/es\/wp-content\/uploads\/sites\/2\/2026\/05\/Prime_Minister_Keir_Starmer_visits_Holy_Trinity_Primary_School_55204398301-1376x774.webp 1376w, https:\/\/globalportalnews.com\/es\/wp-content\/uploads\/sites\/2\/2026\/05\/Prime_Minister_Keir_Starmer_visits_Holy_Trinity_Primary_School_55204398301-1044x587.webp 1044w, https:\/\/globalportalnews.com\/es\/wp-content\/uploads\/sites\/2\/2026\/05\/Prime_Minister_Keir_Starmer_visits_Holy_Trinity_Primary_School_55204398301-1400x788.webp 1400w, https:\/\/globalportalnews.com\/es\/wp-content\/uploads\/sites\/2\/2026\/05\/Prime_Minister_Keir_Starmer_visits_Holy_Trinity_Primary_School_55204398301.webp 1920w\" sizes=\"(max-width: 332px) 100vw, 332px\" \/>\t\t\t\t<\/div>\r\n\r\n\t\t\t\t\r\n\t\t\t\t\r\n\t\t\t\t<a href=\"https:\/\/globalportalnews.com\/es\/noticias-politica-uk\/encuesta-labour-burnham-starmer-elecciones-2029\/\" class=\"cs-overlay-link\" title=\"Encuesta en el Partido Laborista: Andy Burnham supera a Keir Starmer como favorito para ganar las elecciones de 2029\"><\/a>\r\n\t\t\t<\/div>\r\n\t\t\r\n\t\t<div class=\"cs-entry__inner cs-entry__content cs-entry__content-horizontal\">\r\n\t\t\t<div class=\"cs-entry__post-meta\" ><div class=\"cs-meta-category\"><ul class=\"post-categories\">\n\t<li><a href=\"https:\/\/globalportalnews.com\/es\/.\/noticias-politica-uk\/\" rel=\"category tag\">Pol\u00edtica del Reino Unido<\/a><\/li><\/ul><\/div><\/div>\r\n\t\t\t<h2 class=\"cs-entry__title\"><a href=\"https:\/\/globalportalnews.com\/es\/noticias-politica-uk\/encuesta-labour-burnham-starmer-elecciones-2029\/\">Encuesta en el Partido Laborista: Andy Burnham supera a Keir Starmer como favorito para ganar las elecciones de 2029<\/a><\/h2>\r\n\t\t\t\r\n\t\t\t<div class=\"cs-entry__post-meta\" ><div class=\"cs-meta-author\"><span class=\"cs-meta-author-by\">by<\/span><a class=\"cs-meta-author-link url fn n\" href=\"https:\/\/globalportalnews.com\/es\/author\/globalportalnewsgmail-com\/\"><span class=\"cs-meta-author-name\">Global Portal News<\/span><\/a><\/div><div class=\"cs-meta-date\">19 de mayo de 2026<\/div><\/div>\t\t<\/div>\r\n\t<\/div>\r\n<\/article>\r\n\r\n<article class=\"post-5112 post type-post status-publish format-standard has-post-thumbnail category-noticias-politica-uk cs-entry cs-video-wrap\">\r\n\t<div class=\"cs-entry__outer cs-entry__outer-medium cs-entry__outer-thumbnail-right\">\r\n\t\t\t\t\t<div class=\"cs-entry__inner cs-entry__overlay cs-entry__thumbnail cs-overlay-ratio cs-ratio-landscape-16-9\">\r\n\r\n\t\t\t\t<div class=\"cs-overlay-background\">\r\n\t\t\t\t\t<img loading=\"lazy\" decoding=\"async\" width=\"332\" height=\"222\" src=\"https:\/\/globalportalnews.com\/es\/wp-content\/uploads\/sites\/2\/2026\/02\/Prime_Minister_Keir_Starmer_NHS_10_Year_Plan_Consultation_in_London_United_Kingdom_on_21_October_2024_-_20-332x222.webp\" class=\"attachment-csco-thumbnail-uncropped size-csco-thumbnail-uncropped wp-post-image\" alt=\"Londres, Reino Unido. El primer ministro Keir Starmer y el secretario de Salud y Asistencia Social, Wes Streeting, inauguran la Consulta del Plan Decenal del NHS en el Centro Dockside del Servicio de Ambulancias de Londres. Fotograf\u00eda de Simon Dawson \/ n.\u00ba 10 de Downing Street.\" srcset=\"https:\/\/globalportalnews.com\/es\/wp-content\/uploads\/sites\/2\/2026\/02\/Prime_Minister_Keir_Starmer_NHS_10_Year_Plan_Consultation_in_London_United_Kingdom_on_21_October_2024_-_20-332x222.webp 332w, https:\/\/globalportalnews.com\/es\/wp-content\/uploads\/sites\/2\/2026\/02\/Prime_Minister_Keir_Starmer_NHS_10_Year_Plan_Consultation_in_London_United_Kingdom_on_21_October_2024_-_20-300x200.webp 300w, https:\/\/globalportalnews.com\/es\/wp-content\/uploads\/sites\/2\/2026\/02\/Prime_Minister_Keir_Starmer_NHS_10_Year_Plan_Consultation_in_London_United_Kingdom_on_21_October_2024_-_20-1024x683.webp 1024w, https:\/\/globalportalnews.com\/es\/wp-content\/uploads\/sites\/2\/2026\/02\/Prime_Minister_Keir_Starmer_NHS_10_Year_Plan_Consultation_in_London_United_Kingdom_on_21_October_2024_-_20-768x512.webp 768w, https:\/\/globalportalnews.com\/es\/wp-content\/uploads\/sites\/2\/2026\/02\/Prime_Minister_Keir_Starmer_NHS_10_Year_Plan_Consultation_in_London_United_Kingdom_on_21_October_2024_-_20-664x443.webp 664w, https:\/\/globalportalnews.com\/es\/wp-content\/uploads\/sites\/2\/2026\/02\/Prime_Minister_Keir_Starmer_NHS_10_Year_Plan_Consultation_in_London_United_Kingdom_on_21_October_2024_-_20-688x459.webp 688w, https:\/\/globalportalnews.com\/es\/wp-content\/uploads\/sites\/2\/2026\/02\/Prime_Minister_Keir_Starmer_NHS_10_Year_Plan_Consultation_in_London_United_Kingdom_on_21_October_2024_-_20-1044x697.webp 1044w, https:\/\/globalportalnews.com\/es\/wp-content\/uploads\/sites\/2\/2026\/02\/Prime_Minister_Keir_Starmer_NHS_10_Year_Plan_Consultation_in_London_United_Kingdom_on_21_October_2024_-_20.webp 1280w\" sizes=\"(max-width: 332px) 100vw, 332px\" \/>\t\t\t\t\t<img loading=\"lazy\" decoding=\"async\" width=\"332\" height=\"186\" src=\"https:\/\/globalportalnews.com\/es\/wp-content\/uploads\/sites\/2\/2026\/02\/Prime_Minister_Keir_Starmer_NHS_10_Year_Plan_Consultation_in_London_United_Kingdom_on_21_October_2024_-_20-332x186.webp\" class=\"attachment-csco-thumbnail size-csco-thumbnail wp-post-image\" alt=\"Londres, Reino Unido. El primer ministro Keir Starmer y el secretario de Salud y Asistencia Social, Wes Streeting, inauguran la Consulta del Plan Decenal del NHS en el Centro Dockside del Servicio de Ambulancias de Londres. Fotograf\u00eda de Simon Dawson \/ n.\u00ba 10 de Downing Street.\" srcset=\"https:\/\/globalportalnews.com\/es\/wp-content\/uploads\/sites\/2\/2026\/02\/Prime_Minister_Keir_Starmer_NHS_10_Year_Plan_Consultation_in_London_United_Kingdom_on_21_October_2024_-_20-332x186.webp 332w, https:\/\/globalportalnews.com\/es\/wp-content\/uploads\/sites\/2\/2026\/02\/Prime_Minister_Keir_Starmer_NHS_10_Year_Plan_Consultation_in_London_United_Kingdom_on_21_October_2024_-_20-664x372.webp 664w, https:\/\/globalportalnews.com\/es\/wp-content\/uploads\/sites\/2\/2026\/02\/Prime_Minister_Keir_Starmer_NHS_10_Year_Plan_Consultation_in_London_United_Kingdom_on_21_October_2024_-_20-688x387.webp 688w, https:\/\/globalportalnews.com\/es\/wp-content\/uploads\/sites\/2\/2026\/02\/Prime_Minister_Keir_Starmer_NHS_10_Year_Plan_Consultation_in_London_United_Kingdom_on_21_October_2024_-_20-1044x587.webp 1044w\" sizes=\"(max-width: 332px) 100vw, 332px\" \/>\t\t\t\t<\/div>\r\n\r\n\t\t\t\t\r\n\t\t\t\t\r\n\t\t\t\t<a href=\"https:\/\/globalportalnews.com\/es\/noticias-politica-uk\/wes-streeting-brexit-partido-laborista-regreso-union-europea\/\" class=\"cs-overlay-link\" title=\"Wes Streeting reabre la guerra del Brexit y acerca al Partido Laborista al regreso a la Uni\u00f3n Europea\"><\/a>\r\n\t\t\t<\/div>\r\n\t\t\r\n\t\t<div class=\"cs-entry__inner cs-entry__content cs-entry__content-horizontal\">\r\n\t\t\t<div class=\"cs-entry__post-meta\" ><div class=\"cs-meta-category\"><ul class=\"post-categories\">\n\t<li><a href=\"https:\/\/globalportalnews.com\/es\/.\/noticias-politica-uk\/\" rel=\"category tag\">Pol\u00edtica del Reino Unido<\/a><\/li><\/ul><\/div><\/div>\r\n\t\t\t<h2 class=\"cs-entry__title\"><a href=\"https:\/\/globalportalnews.com\/es\/noticias-politica-uk\/wes-streeting-brexit-partido-laborista-regreso-union-europea\/\">Wes Streeting reabre la guerra del Brexit y acerca al Partido Laborista al regreso a la Uni\u00f3n Europea<\/a><\/h2>\r\n\t\t\t\r\n\t\t\t<div class=\"cs-entry__post-meta\" ><div class=\"cs-meta-author\"><span class=\"cs-meta-author-by\">by<\/span><a class=\"cs-meta-author-link url fn n\" href=\"https:\/\/globalportalnews.com\/es\/author\/globalportalnewsgmail-com\/\"><span class=\"cs-meta-author-name\">Global Portal News<\/span><\/a><\/div><div class=\"cs-meta-date\">17 de mayo de 2026<\/div><\/div>\t\t<\/div>\r\n\t<\/div>\r\n<\/article>\r\n\t\t\t\t\t\t\t\t<\/div>\r\n\t\t\t\t\t\t\t<\/div>\r\n\t\t\t\t\t\t<\/div>\r\n\t\t\t\t\t\t\t\t<\/section>\r\n\t\t\t\t\t\t<\/div>\n\t\t\t\t<\/div>\n\t\t\t\t<div class=\"elementor-element elementor-element-ba619f9 cs-dividerhorizontal cs-divider-laptophorizontal cs-divider-tablethorizontal cs-divider-mobilehorizontal elementor-widget elementor-widget-cs-divider\" data-id=\"ba619f9\" data-element_type=\"widget\" data-e-type=\"widget\" data-widget_type=\"cs-divider.default\">\n\t\t\t\t<div class=\"elementor-widget-container\">\n\t\t\t\t\t\t\t<section class=\"cs-divider cs-divider-horizontal\"><\/section>\r\n\t\t\t\t\t\t<\/div>\n\t\t\t\t<\/div>\n\t\t\t\t<div class=\"elementor-element elementor-element-1923eb5 elementor-widget elementor-widget-cs-posts\" data-id=\"1923eb5\" data-element_type=\"widget\" data-e-type=\"widget\" data-widget_type=\"cs-posts.default\">\n\t\t\t\t<div class=\"elementor-widget-container\">\n\t\t\t\t\t\t\t\t<section class=\"cs-posts cs-posts__standard\">\r\n\t\t\t\t\t\t\t\t\t\t<div class=\"cs-posts-area cs-posts-area-elementor \" data-posts-area=\"\">\r\n\t\t\t\t\t\t\t<div class=\"cs-posts-area__outer\">\r\n\t\t\t\t\t\t\t\t<div\r\n\t\t\t\t\t\t\t\tclass=\"cs-posts-area__main cs-posts-area__main-divider\"\r\n\t\t\t\t\t\t\t\tdata-pc=\"2\"\r\n\t\t\t\t\t\t\t\tdata-lt=\"2\"\r\n\t\t\t\t\t\t\t\tdata-tb=\"2\"\r\n\t\t\t\t\t\t\t\tdata-mb=\"1\"\r\n\t\t\t\t\t\t\t\t>\r\n\t\t\t\t\t\t\t\t\t\r\n<article class=\"post-5102 post type-post status-publish format-standard has-post-thumbnail category-noticias-politica-uk cs-entry cs-video-wrap\">\r\n\t<div class=\"cs-entry__outer\">\r\n\t\t\r\n\t\t<div class=\"cs-entry__inner cs-entry__content\">\r\n\r\n\t\t\t<div class=\"cs-entry__post-meta\" ><div class=\"cs-meta-category\"><ul class=\"post-categories\">\n\t<li><a href=\"https:\/\/globalportalnews.com\/es\/.\/noticias-politica-uk\/\" rel=\"category tag\">Pol\u00edtica del Reino Unido<\/a><\/li><\/ul><\/div><\/div>\r\n\t\t\t<h2 class=\"cs-entry__title\"><a href=\"https:\/\/globalportalnews.com\/es\/noticias-politica-uk\/elecciones-parciales-makerfield-andy-burnham-starmer\/\">Elecciones parciales en Makerfield: qu\u00e9 son, cu\u00e1ndo se vota y por qu\u00e9 Andy Burnham amenaza a Starmer<\/a><\/h2>\r\n\t\t\t\r\n\t\t\t<div class=\"cs-entry__post-meta\" ><div class=\"cs-meta-author\"><span class=\"cs-meta-author-by\">by<\/span><a class=\"cs-meta-author-link url fn n\" href=\"https:\/\/globalportalnews.com\/es\/author\/globalportalnewsgmail-com\/\"><span class=\"cs-meta-author-name\">Global Portal News<\/span><\/a><\/div><div class=\"cs-meta-date\">15 de mayo de 2026<\/div><\/div>\t\t<\/div>\r\n\t<\/div>\r\n<\/article>\r\n\r\n<article class=\"post-5083 post type-post status-publish format-standard has-post-thumbnail category-noticias-politica-uk cs-entry cs-video-wrap\">\r\n\t<div class=\"cs-entry__outer\">\r\n\t\t\r\n\t\t<div class=\"cs-entry__inner cs-entry__content\">\r\n\r\n\t\t\t<div class=\"cs-entry__post-meta\" ><div class=\"cs-meta-category\"><ul class=\"post-categories\">\n\t<li><a href=\"https:\/\/globalportalnews.com\/es\/.\/noticias-politica-uk\/\" rel=\"category tag\">Pol\u00edtica del Reino Unido<\/a><\/li><\/ul><\/div><\/div>\r\n\t\t\t<h2 class=\"cs-entry__title\"><a href=\"https:\/\/globalportalnews.com\/es\/noticias-politica-uk\/primarias-partido-laborista-keir-starmer-sustituto\/\">C\u00f3mo funcionan las primarias del Partido Laborista y qu\u00e9 necesita Keir Starmer para seguir como primer ministro<\/a><\/h2>\r\n\t\t\t\r\n\t\t\t<div class=\"cs-entry__post-meta\" ><div class=\"cs-meta-author\"><span class=\"cs-meta-author-by\">by<\/span><a class=\"cs-meta-author-link url fn n\" href=\"https:\/\/globalportalnews.com\/es\/author\/globalportalnewsgmail-com\/\"><span class=\"cs-meta-author-name\">Global Portal News<\/span><\/a><\/div><div class=\"cs-meta-date\">15 de mayo de 2026<\/div><\/div>\t\t<\/div>\r\n\t<\/div>\r\n<\/article>\r\n\r\n<article class=\"post-5016 post type-post status-publish format-standard has-post-thumbnail category-noticias-politica-uk tag-keir-starmer cs-entry cs-video-wrap\">\r\n\t<div class=\"cs-entry__outer\">\r\n\t\t\r\n\t\t<div class=\"cs-entry__inner cs-entry__content\">\r\n\r\n\t\t\t<div class=\"cs-entry__post-meta\" ><div class=\"cs-meta-category\"><ul class=\"post-categories\">\n\t<li><a href=\"https:\/\/globalportalnews.com\/es\/.\/noticias-politica-uk\/\" rel=\"category tag\">Pol\u00edtica del Reino Unido<\/a><\/li><\/ul><\/div><\/div>\r\n\t\t\t<h2 class=\"cs-entry__title\"><a href=\"https:\/\/globalportalnews.com\/es\/noticias-politica-uk\/reino-unido-directo-wes-streeting-dimision-liderazgo-laborista\/\">Reino Unido, en directo: Dimisi\u00f3n de Wes Streeting y el desaf\u00edo a Keir Starmer por el liderazgo laborista<\/a><\/h2>\r\n\t\t\t\r\n\t\t\t<div class=\"cs-entry__post-meta\" ><div class=\"cs-meta-author\"><span class=\"cs-meta-author-by\">by<\/span><a class=\"cs-meta-author-link url fn n\" href=\"https:\/\/globalportalnews.com\/es\/author\/globalportalnewsgmail-com\/\"><span class=\"cs-meta-author-name\">Global Portal News<\/span><\/a><\/div><div class=\"cs-meta-date\">14 de mayo de 2026<\/div><\/div>\t\t<\/div>\r\n\t<\/div>\r\n<\/article>\r\n\r\n<article class=\"post-4989 post type-post status-publish format-standard has-post-thumbnail category-noticias-politica-uk tag-keir-starmer cs-entry cs-video-wrap\">\r\n\t<div class=\"cs-entry__outer\">\r\n\t\t\r\n\t\t<div class=\"cs-entry__inner cs-entry__content\">\r\n\r\n\t\t\t<div class=\"cs-entry__post-meta\" ><div class=\"cs-meta-category\"><ul class=\"post-categories\">\n\t<li><a href=\"https:\/\/globalportalnews.com\/es\/.\/noticias-politica-uk\/\" rel=\"category tag\">Pol\u00edtica del Reino Unido<\/a><\/li><\/ul><\/div><\/div>\r\n\t\t\t<h2 class=\"cs-entry__title\"><a href=\"https:\/\/globalportalnews.com\/es\/noticias-politica-uk\/wes-streeting-dimision-desafio-keir-starmer-laborista\/\">Wes Streeting prepara su dimisi\u00f3n para desafiar a Keir Starmer en el liderazgo laborista<\/a><\/h2>\r\n\t\t\t\r\n\t\t\t<div class=\"cs-entry__post-meta\" ><div class=\"cs-meta-author\"><span class=\"cs-meta-author-by\">by<\/span><a class=\"cs-meta-author-link url fn n\" href=\"https:\/\/globalportalnews.com\/es\/author\/globalportalnewsgmail-com\/\"><span class=\"cs-meta-author-name\">Global Portal News<\/span><\/a><\/div><div class=\"cs-meta-date\">13 de mayo de 2026<\/div><\/div>\t\t<\/div>\r\n\t<\/div>\r\n<\/article>\r\n\t\t\t\t\t\t\t\t<\/div>\r\n\t\t\t\t\t\t\t<\/div>\r\n\t\t\t\t\t\t<\/div>\r\n\t\t\t\t\t\t\t\t<\/section>\r\n\t\t\t\t\t\t<\/div>\n\t\t\t\t<\/div>\n\t\t\t\t<\/div>\n\t\t\t\t<\/div>\n\t\t\t\t<div class=\"elementor-element elementor-element-b22c1e2 cs-dividerhorizontal cs-divider-laptophorizontal cs-divider-tablethorizontal cs-divider-mobilehorizontal elementor-widget elementor-widget-cs-divider\" data-id=\"b22c1e2\" data-element_type=\"widget\" data-e-type=\"widget\" data-widget_type=\"cs-divider.default\">\n\t\t\t\t<div class=\"elementor-widget-container\">\n\t\t\t\t\t\t\t<section class=\"cs-divider cs-divider-horizontal\"><\/section>\r\n\t\t\t\t\t\t<\/div>\n\t\t\t\t<\/div>\n\t\t\t\t\t<\/div>\n\t\t\t\t<\/div>\n\t\t<div class=\"elementor-element elementor-element-c6e48e8 e-flex e-con-boxed e-con e-parent\" data-id=\"c6e48e8\" data-element_type=\"container\" data-e-type=\"container\">\n\t\t\t\t\t<div class=\"e-con-inner\">\n\t\t\t\t<div class=\"elementor-element elementor-element-a8a9f6b elementor-widget elementor-widget-cs-heading\" data-id=\"a8a9f6b\" data-element_type=\"widget\" data-e-type=\"widget\" data-widget_type=\"cs-heading.default\">\n\t\t\t\t<div class=\"elementor-widget-container\">\n\t\t\t\t\t\t\t\t\t\t<section class=\"cs-heading\">\r\n\t\t\t\t<div class=\"cs-heading__container \">\r\n\t\t\t\t\t<h2 class=\"cs-heading__content\">\r\n\t\t\t\t\t\tEn Profundidad\t\t\t\t\t<\/h2>\r\n\r\n\t\t\t\t\t\t\t\t\t<\/div>\r\n\t\t\t<\/section>\r\n\t\t\t\t\t\t\t\t<\/div>\n\t\t\t\t<\/div>\n\t\t\t\t<div class=\"elementor-element elementor-element-cb256d4 elementor-widget elementor-widget-cs-posts\" data-id=\"cb256d4\" data-element_type=\"widget\" data-e-type=\"widget\" data-widget_type=\"cs-posts.default\">\n\t\t\t\t<div class=\"elementor-widget-container\">\n\t\t\t\t\t\t\t\t<section class=\"cs-posts cs-posts__standard\">\r\n\t\t\t\t\t\t\t\t\t\t<div class=\"cs-posts-area cs-posts-area-elementor \" data-posts-area=\"\">\r\n\t\t\t\t\t\t\t<div class=\"cs-posts-area__outer\">\r\n\t\t\t\t\t\t\t\t<div\r\n\t\t\t\t\t\t\t\tclass=\"cs-posts-area__main\"\r\n\t\t\t\t\t\t\t\tdata-pc=\"4\"\r\n\t\t\t\t\t\t\t\tdata-lt=\"2\"\r\n\t\t\t\t\t\t\t\tdata-tb=\"2\"\r\n\t\t\t\t\t\t\t\tdata-mb=\"1\"\r\n\t\t\t\t\t\t\t\t>\r\n\t\t\t\t\t\t\t\t\t\r\n<article class=\"post-4974 post type-post status-publish format-standard has-post-thumbnail category-noticias-politica-uk tag-keir-starmer cs-entry cs-video-wrap\">\r\n\t<div class=\"cs-entry__outer\">\r\n\t\t\t\t\t<div class=\"cs-entry__inner cs-entry__overlay cs-entry__thumbnail cs-overlay-ratio cs-ratio-landscape-16-9\">\r\n\r\n\t\t\t\t<div class=\"cs-overlay-background\">\r\n\t\t\t\t\t<img loading=\"lazy\" decoding=\"async\" width=\"332\" height=\"187\" src=\"https:\/\/globalportalnews.com\/es\/wp-content\/uploads\/sites\/2\/2026\/03\/Prime_Minister_Keir_Starmer_vists_troops_on_the_HMS_Iron_Duke_54210963808-332x187.webp\" class=\"attachment-csco-thumbnail-uncropped size-csco-thumbnail-uncropped wp-post-image\" alt=\"17\/12\/2024. Tallinn, Estonia. Prime Minister Keir Starmer visits troops on the HMS Iron Duke after attending the Joint Expeditionary Force in Tallinn. Picture by Simon Dawson \/ No 10 Downing Street\" srcset=\"https:\/\/globalportalnews.com\/es\/wp-content\/uploads\/sites\/2\/2026\/03\/Prime_Minister_Keir_Starmer_vists_troops_on_the_HMS_Iron_Duke_54210963808-332x187.webp 332w, https:\/\/globalportalnews.com\/es\/wp-content\/uploads\/sites\/2\/2026\/03\/Prime_Minister_Keir_Starmer_vists_troops_on_the_HMS_Iron_Duke_54210963808-300x169.webp 300w, https:\/\/globalportalnews.com\/es\/wp-content\/uploads\/sites\/2\/2026\/03\/Prime_Minister_Keir_Starmer_vists_troops_on_the_HMS_Iron_Duke_54210963808-1024x575.webp 1024w, https:\/\/globalportalnews.com\/es\/wp-content\/uploads\/sites\/2\/2026\/03\/Prime_Minister_Keir_Starmer_vists_troops_on_the_HMS_Iron_Duke_54210963808-768x432.webp 768w, https:\/\/globalportalnews.com\/es\/wp-content\/uploads\/sites\/2\/2026\/03\/Prime_Minister_Keir_Starmer_vists_troops_on_the_HMS_Iron_Duke_54210963808-1536x863.webp 1536w, https:\/\/globalportalnews.com\/es\/wp-content\/uploads\/sites\/2\/2026\/03\/Prime_Minister_Keir_Starmer_vists_troops_on_the_HMS_Iron_Duke_54210963808-664x373.webp 664w, https:\/\/globalportalnews.com\/es\/wp-content\/uploads\/sites\/2\/2026\/03\/Prime_Minister_Keir_Starmer_vists_troops_on_the_HMS_Iron_Duke_54210963808-688x387.webp 688w, https:\/\/globalportalnews.com\/es\/wp-content\/uploads\/sites\/2\/2026\/03\/Prime_Minister_Keir_Starmer_vists_troops_on_the_HMS_Iron_Duke_54210963808-1376x774.webp 1376w, https:\/\/globalportalnews.com\/es\/wp-content\/uploads\/sites\/2\/2026\/03\/Prime_Minister_Keir_Starmer_vists_troops_on_the_HMS_Iron_Duke_54210963808-1044x587.webp 1044w, https:\/\/globalportalnews.com\/es\/wp-content\/uploads\/sites\/2\/2026\/03\/Prime_Minister_Keir_Starmer_vists_troops_on_the_HMS_Iron_Duke_54210963808-1400x787.webp 1400w, https:\/\/globalportalnews.com\/es\/wp-content\/uploads\/sites\/2\/2026\/03\/Prime_Minister_Keir_Starmer_vists_troops_on_the_HMS_Iron_Duke_54210963808.webp 1920w\" sizes=\"(max-width: 332px) 100vw, 332px\" \/>\t\t\t\t\t<img loading=\"lazy\" decoding=\"async\" width=\"688\" height=\"387\" src=\"https:\/\/globalportalnews.com\/es\/wp-content\/uploads\/sites\/2\/2026\/03\/Prime_Minister_Keir_Starmer_vists_troops_on_the_HMS_Iron_Duke_54210963808-688x387.webp\" class=\"attachment-csco-medium size-csco-medium wp-post-image\" alt=\"17\/12\/2024. Tallinn, Estonia. Prime Minister Keir Starmer visits troops on the HMS Iron Duke after attending the Joint Expeditionary Force in Tallinn. Picture by Simon Dawson \/ No 10 Downing Street\" srcset=\"https:\/\/globalportalnews.com\/es\/wp-content\/uploads\/sites\/2\/2026\/03\/Prime_Minister_Keir_Starmer_vists_troops_on_the_HMS_Iron_Duke_54210963808-688x387.webp 688w, https:\/\/globalportalnews.com\/es\/wp-content\/uploads\/sites\/2\/2026\/03\/Prime_Minister_Keir_Starmer_vists_troops_on_the_HMS_Iron_Duke_54210963808-300x169.webp 300w, https:\/\/globalportalnews.com\/es\/wp-content\/uploads\/sites\/2\/2026\/03\/Prime_Minister_Keir_Starmer_vists_troops_on_the_HMS_Iron_Duke_54210963808-1024x575.webp 1024w, https:\/\/globalportalnews.com\/es\/wp-content\/uploads\/sites\/2\/2026\/03\/Prime_Minister_Keir_Starmer_vists_troops_on_the_HMS_Iron_Duke_54210963808-768x432.webp 768w, https:\/\/globalportalnews.com\/es\/wp-content\/uploads\/sites\/2\/2026\/03\/Prime_Minister_Keir_Starmer_vists_troops_on_the_HMS_Iron_Duke_54210963808-1536x863.webp 1536w, https:\/\/globalportalnews.com\/es\/wp-content\/uploads\/sites\/2\/2026\/03\/Prime_Minister_Keir_Starmer_vists_troops_on_the_HMS_Iron_Duke_54210963808-332x187.webp 332w, https:\/\/globalportalnews.com\/es\/wp-content\/uploads\/sites\/2\/2026\/03\/Prime_Minister_Keir_Starmer_vists_troops_on_the_HMS_Iron_Duke_54210963808-664x373.webp 664w, https:\/\/globalportalnews.com\/es\/wp-content\/uploads\/sites\/2\/2026\/03\/Prime_Minister_Keir_Starmer_vists_troops_on_the_HMS_Iron_Duke_54210963808-1376x774.webp 1376w, https:\/\/globalportalnews.com\/es\/wp-content\/uploads\/sites\/2\/2026\/03\/Prime_Minister_Keir_Starmer_vists_troops_on_the_HMS_Iron_Duke_54210963808-1044x587.webp 1044w, https:\/\/globalportalnews.com\/es\/wp-content\/uploads\/sites\/2\/2026\/03\/Prime_Minister_Keir_Starmer_vists_troops_on_the_HMS_Iron_Duke_54210963808-1400x787.webp 1400w, https:\/\/globalportalnews.com\/es\/wp-content\/uploads\/sites\/2\/2026\/03\/Prime_Minister_Keir_Starmer_vists_troops_on_the_HMS_Iron_Duke_54210963808.webp 1920w\" sizes=\"(max-width: 688px) 100vw, 688px\" \/>\t\t\t\t<\/div>\r\n\r\n\t\t\t\t\r\n\t\t\t\t\r\n\t\t\t\t<a href=\"https:\/\/globalportalnews.com\/es\/noticias-politica-uk\/keir-starmer-sustitutos-partido-laborista\/\" class=\"cs-overlay-link\" title=\"Qui\u00e9n podr\u00eda sustituir a Keir Starmer como primer ministro brit\u00e1nico: crisis en el Partido Laborista\"><\/a>\r\n\t\t\t<\/div>\r\n\t\t\r\n\t\t<div class=\"cs-entry__inner cs-entry__content\">\r\n\r\n\t\t\t<div class=\"cs-entry__post-meta\" ><div class=\"cs-meta-category\"><ul class=\"post-categories\">\n\t<li><a href=\"https:\/\/globalportalnews.com\/es\/.\/noticias-politica-uk\/\" rel=\"category tag\">Pol\u00edtica del Reino Unido<\/a><\/li><\/ul><\/div><\/div>\r\n\t\t\t<h2 class=\"cs-entry__title\"><a href=\"https:\/\/globalportalnews.com\/es\/noticias-politica-uk\/keir-starmer-sustitutos-partido-laborista\/\">Qui\u00e9n podr\u00eda sustituir a Keir Starmer como primer ministro brit\u00e1nico: crisis en el Partido Laborista<\/a><\/h2>\r\n\t\t\t\r\n\t\t\t<div class=\"cs-entry__post-meta\" ><div class=\"cs-meta-author\"><span class=\"cs-meta-author-by\">by<\/span><a class=\"cs-meta-author-link url fn n\" href=\"https:\/\/globalportalnews.com\/es\/author\/globalportalnewsgmail-com\/\"><span class=\"cs-meta-author-name\">Global Portal News<\/span><\/a><\/div><div class=\"cs-meta-date\">13 de mayo de 2026<\/div><\/div>\t\t<\/div>\r\n\t<\/div>\r\n<\/article>\r\n\r\n<article class=\"post-4936 post type-post status-publish format-standard has-post-thumbnail category-noticias-politica-uk tag-keir-starmer cs-entry cs-video-wrap\">\r\n\t<div class=\"cs-entry__outer\">\r\n\t\t\t\t\t<div class=\"cs-entry__inner cs-entry__overlay cs-entry__thumbnail cs-overlay-ratio cs-ratio-landscape-16-9\">\r\n\r\n\t\t\t\t<div class=\"cs-overlay-background\">\r\n\t\t\t\t\t<img loading=\"lazy\" decoding=\"async\" width=\"332\" height=\"187\" src=\"https:\/\/globalportalnews.com\/es\/wp-content\/uploads\/sites\/2\/2026\/02\/Keir_starmer_in_downing_st_on_day_of_election_with_supporters_in_background-332x187.webp\" class=\"attachment-csco-thumbnail-uncropped size-csco-thumbnail-uncropped wp-post-image\" alt=\"Keir Starmer pronuncia su primer discurso como Primer Ministro desde Downing Street.\" srcset=\"https:\/\/globalportalnews.com\/es\/wp-content\/uploads\/sites\/2\/2026\/02\/Keir_starmer_in_downing_st_on_day_of_election_with_supporters_in_background-332x187.webp 332w, https:\/\/globalportalnews.com\/es\/wp-content\/uploads\/sites\/2\/2026\/02\/Keir_starmer_in_downing_st_on_day_of_election_with_supporters_in_background-300x169.webp 300w, https:\/\/globalportalnews.com\/es\/wp-content\/uploads\/sites\/2\/2026\/02\/Keir_starmer_in_downing_st_on_day_of_election_with_supporters_in_background-1024x576.webp 1024w, https:\/\/globalportalnews.com\/es\/wp-content\/uploads\/sites\/2\/2026\/02\/Keir_starmer_in_downing_st_on_day_of_election_with_supporters_in_background-768x432.webp 768w, https:\/\/globalportalnews.com\/es\/wp-content\/uploads\/sites\/2\/2026\/02\/Keir_starmer_in_downing_st_on_day_of_election_with_supporters_in_background-1536x864.webp 1536w, https:\/\/globalportalnews.com\/es\/wp-content\/uploads\/sites\/2\/2026\/02\/Keir_starmer_in_downing_st_on_day_of_election_with_supporters_in_background-664x374.webp 664w, https:\/\/globalportalnews.com\/es\/wp-content\/uploads\/sites\/2\/2026\/02\/Keir_starmer_in_downing_st_on_day_of_election_with_supporters_in_background-688x387.webp 688w, https:\/\/globalportalnews.com\/es\/wp-content\/uploads\/sites\/2\/2026\/02\/Keir_starmer_in_downing_st_on_day_of_election_with_supporters_in_background-1376x774.webp 1376w, https:\/\/globalportalnews.com\/es\/wp-content\/uploads\/sites\/2\/2026\/02\/Keir_starmer_in_downing_st_on_day_of_election_with_supporters_in_background-1044x587.webp 1044w, https:\/\/globalportalnews.com\/es\/wp-content\/uploads\/sites\/2\/2026\/02\/Keir_starmer_in_downing_st_on_day_of_election_with_supporters_in_background-1400x788.webp 1400w, https:\/\/globalportalnews.com\/es\/wp-content\/uploads\/sites\/2\/2026\/02\/Keir_starmer_in_downing_st_on_day_of_election_with_supporters_in_background.webp 1920w\" sizes=\"(max-width: 332px) 100vw, 332px\" \/>\t\t\t\t\t<img loading=\"lazy\" decoding=\"async\" width=\"688\" height=\"387\" src=\"https:\/\/globalportalnews.com\/es\/wp-content\/uploads\/sites\/2\/2026\/02\/Keir_starmer_in_downing_st_on_day_of_election_with_supporters_in_background-688x387.webp\" class=\"attachment-csco-medium size-csco-medium wp-post-image\" alt=\"Keir Starmer pronuncia su primer discurso como Primer Ministro desde Downing Street.\" srcset=\"https:\/\/globalportalnews.com\/es\/wp-content\/uploads\/sites\/2\/2026\/02\/Keir_starmer_in_downing_st_on_day_of_election_with_supporters_in_background-688x387.webp 688w, https:\/\/globalportalnews.com\/es\/wp-content\/uploads\/sites\/2\/2026\/02\/Keir_starmer_in_downing_st_on_day_of_election_with_supporters_in_background-300x169.webp 300w, https:\/\/globalportalnews.com\/es\/wp-content\/uploads\/sites\/2\/2026\/02\/Keir_starmer_in_downing_st_on_day_of_election_with_supporters_in_background-1024x576.webp 1024w, https:\/\/globalportalnews.com\/es\/wp-content\/uploads\/sites\/2\/2026\/02\/Keir_starmer_in_downing_st_on_day_of_election_with_supporters_in_background-768x432.webp 768w, https:\/\/globalportalnews.com\/es\/wp-content\/uploads\/sites\/2\/2026\/02\/Keir_starmer_in_downing_st_on_day_of_election_with_supporters_in_background-1536x864.webp 1536w, https:\/\/globalportalnews.com\/es\/wp-content\/uploads\/sites\/2\/2026\/02\/Keir_starmer_in_downing_st_on_day_of_election_with_supporters_in_background-332x187.webp 332w, https:\/\/globalportalnews.com\/es\/wp-content\/uploads\/sites\/2\/2026\/02\/Keir_starmer_in_downing_st_on_day_of_election_with_supporters_in_background-664x374.webp 664w, https:\/\/globalportalnews.com\/es\/wp-content\/uploads\/sites\/2\/2026\/02\/Keir_starmer_in_downing_st_on_day_of_election_with_supporters_in_background-1376x774.webp 1376w, https:\/\/globalportalnews.com\/es\/wp-content\/uploads\/sites\/2\/2026\/02\/Keir_starmer_in_downing_st_on_day_of_election_with_supporters_in_background-1044x587.webp 1044w, https:\/\/globalportalnews.com\/es\/wp-content\/uploads\/sites\/2\/2026\/02\/Keir_starmer_in_downing_st_on_day_of_election_with_supporters_in_background-1400x788.webp 1400w, https:\/\/globalportalnews.com\/es\/wp-content\/uploads\/sites\/2\/2026\/02\/Keir_starmer_in_downing_st_on_day_of_election_with_supporters_in_background.webp 1920w\" sizes=\"(max-width: 688px) 100vw, 688px\" \/>\t\t\t\t<\/div>\r\n\r\n\t\t\t\t\r\n\t\t\t\t\r\n\t\t\t\t<a href=\"https:\/\/globalportalnews.com\/es\/noticias-politica-uk\/keir-starmer-no-dimite-ultima-hora-crisis-gobierno\/\" class=\"cs-overlay-link\" title=\"Keir Starmer no dimite: \u00faltima hora de la crisis pol\u00edtica y reuni\u00f3n urgente del Gobierno brit\u00e1nico\"><\/a>\r\n\t\t\t<\/div>\r\n\t\t\r\n\t\t<div class=\"cs-entry__inner cs-entry__content\">\r\n\r\n\t\t\t<div class=\"cs-entry__post-meta\" ><div class=\"cs-meta-category\"><ul class=\"post-categories\">\n\t<li><a href=\"https:\/\/globalportalnews.com\/es\/.\/noticias-politica-uk\/\" rel=\"category tag\">Pol\u00edtica del Reino Unido<\/a><\/li><\/ul><\/div><\/div>\r\n\t\t\t<h2 class=\"cs-entry__title\"><a href=\"https:\/\/globalportalnews.com\/es\/noticias-politica-uk\/keir-starmer-no-dimite-ultima-hora-crisis-gobierno\/\">Keir Starmer no dimite: \u00faltima hora de la crisis pol\u00edtica y reuni\u00f3n urgente del Gobierno brit\u00e1nico<\/a><\/h2>\r\n\t\t\t\r\n\t\t\t<div class=\"cs-entry__post-meta\" ><div class=\"cs-meta-author\"><span class=\"cs-meta-author-by\">by<\/span><a class=\"cs-meta-author-link url fn n\" href=\"https:\/\/globalportalnews.com\/es\/author\/globalportalnewsgmail-com\/\"><span class=\"cs-meta-author-name\">Global Portal News<\/span><\/a><\/div><div class=\"cs-meta-date\">12 de mayo de 2026<\/div><\/div>\t\t<\/div>\r\n\t<\/div>\r\n<\/article>\r\n\r\n<article class=\"post-4921 post type-post status-publish format-standard has-post-thumbnail category-noticias-politica-uk cs-entry cs-video-wrap\">\r\n\t<div class=\"cs-entry__outer\">\r\n\t\t\t\t\t<div class=\"cs-entry__inner cs-entry__overlay cs-entry__thumbnail cs-overlay-ratio cs-ratio-landscape-16-9\">\r\n\r\n\t\t\t\t<div class=\"cs-overlay-background\">\r\n\t\t\t\t\t<img loading=\"lazy\" decoding=\"async\" width=\"332\" height=\"187\" src=\"https:\/\/globalportalnews.com\/es\/wp-content\/uploads\/sites\/2\/2026\/04\/Meeting_between_Ursula_von_der_Leyen_President_of_the_European_Commission__Keir_Starmer_British_Prime_Minister_-_2025-332x187.webp\" class=\"attachment-csco-thumbnail-uncropped size-csco-thumbnail-uncropped wp-post-image\" alt=\"Del 20 al 23 de noviembre de 2025, Ursula von der Leyen, presidenta de la Comisi\u00f3n Europea, viaj\u00f3 a Johannesburgo, Sud\u00e1frica, para participar en la Cumbre del G20. En la fotograf\u00eda aparece junto a Keir Starmer, primer ministro brit\u00e1nico.\" srcset=\"https:\/\/globalportalnews.com\/es\/wp-content\/uploads\/sites\/2\/2026\/04\/Meeting_between_Ursula_von_der_Leyen_President_of_the_European_Commission__Keir_Starmer_British_Prime_Minister_-_2025-332x187.webp 332w, https:\/\/globalportalnews.com\/es\/wp-content\/uploads\/sites\/2\/2026\/04\/Meeting_between_Ursula_von_der_Leyen_President_of_the_European_Commission__Keir_Starmer_British_Prime_Minister_-_2025-300x169.webp 300w, https:\/\/globalportalnews.com\/es\/wp-content\/uploads\/sites\/2\/2026\/04\/Meeting_between_Ursula_von_der_Leyen_President_of_the_European_Commission__Keir_Starmer_British_Prime_Minister_-_2025-1024x576.webp 1024w, https:\/\/globalportalnews.com\/es\/wp-content\/uploads\/sites\/2\/2026\/04\/Meeting_between_Ursula_von_der_Leyen_President_of_the_European_Commission__Keir_Starmer_British_Prime_Minister_-_2025-768x432.webp 768w, https:\/\/globalportalnews.com\/es\/wp-content\/uploads\/sites\/2\/2026\/04\/Meeting_between_Ursula_von_der_Leyen_President_of_the_European_Commission__Keir_Starmer_British_Prime_Minister_-_2025-1536x864.webp 1536w, https:\/\/globalportalnews.com\/es\/wp-content\/uploads\/sites\/2\/2026\/04\/Meeting_between_Ursula_von_der_Leyen_President_of_the_European_Commission__Keir_Starmer_British_Prime_Minister_-_2025-664x374.webp 664w, https:\/\/globalportalnews.com\/es\/wp-content\/uploads\/sites\/2\/2026\/04\/Meeting_between_Ursula_von_der_Leyen_President_of_the_European_Commission__Keir_Starmer_British_Prime_Minister_-_2025-688x387.webp 688w, https:\/\/globalportalnews.com\/es\/wp-content\/uploads\/sites\/2\/2026\/04\/Meeting_between_Ursula_von_der_Leyen_President_of_the_European_Commission__Keir_Starmer_British_Prime_Minister_-_2025-1376x774.webp 1376w, https:\/\/globalportalnews.com\/es\/wp-content\/uploads\/sites\/2\/2026\/04\/Meeting_between_Ursula_von_der_Leyen_President_of_the_European_Commission__Keir_Starmer_British_Prime_Minister_-_2025-1044x587.webp 1044w, https:\/\/globalportalnews.com\/es\/wp-content\/uploads\/sites\/2\/2026\/04\/Meeting_between_Ursula_von_der_Leyen_President_of_the_European_Commission__Keir_Starmer_British_Prime_Minister_-_2025-1400x788.webp 1400w, https:\/\/globalportalnews.com\/es\/wp-content\/uploads\/sites\/2\/2026\/04\/Meeting_between_Ursula_von_der_Leyen_President_of_the_European_Commission__Keir_Starmer_British_Prime_Minister_-_2025.webp 1920w\" sizes=\"(max-width: 332px) 100vw, 332px\" \/>\t\t\t\t\t<img loading=\"lazy\" decoding=\"async\" width=\"688\" height=\"387\" src=\"https:\/\/globalportalnews.com\/es\/wp-content\/uploads\/sites\/2\/2026\/04\/Meeting_between_Ursula_von_der_Leyen_President_of_the_European_Commission__Keir_Starmer_British_Prime_Minister_-_2025-688x387.webp\" class=\"attachment-csco-medium size-csco-medium wp-post-image\" alt=\"Del 20 al 23 de noviembre de 2025, Ursula von der Leyen, presidenta de la Comisi\u00f3n Europea, viaj\u00f3 a Johannesburgo, Sud\u00e1frica, para participar en la Cumbre del G20. En la fotograf\u00eda aparece junto a Keir Starmer, primer ministro brit\u00e1nico.\" srcset=\"https:\/\/globalportalnews.com\/es\/wp-content\/uploads\/sites\/2\/2026\/04\/Meeting_between_Ursula_von_der_Leyen_President_of_the_European_Commission__Keir_Starmer_British_Prime_Minister_-_2025-688x387.webp 688w, https:\/\/globalportalnews.com\/es\/wp-content\/uploads\/sites\/2\/2026\/04\/Meeting_between_Ursula_von_der_Leyen_President_of_the_European_Commission__Keir_Starmer_British_Prime_Minister_-_2025-300x169.webp 300w, https:\/\/globalportalnews.com\/es\/wp-content\/uploads\/sites\/2\/2026\/04\/Meeting_between_Ursula_von_der_Leyen_President_of_the_European_Commission__Keir_Starmer_British_Prime_Minister_-_2025-1024x576.webp 1024w, https:\/\/globalportalnews.com\/es\/wp-content\/uploads\/sites\/2\/2026\/04\/Meeting_between_Ursula_von_der_Leyen_President_of_the_European_Commission__Keir_Starmer_British_Prime_Minister_-_2025-768x432.webp 768w, https:\/\/globalportalnews.com\/es\/wp-content\/uploads\/sites\/2\/2026\/04\/Meeting_between_Ursula_von_der_Leyen_President_of_the_European_Commission__Keir_Starmer_British_Prime_Minister_-_2025-1536x864.webp 1536w, https:\/\/globalportalnews.com\/es\/wp-content\/uploads\/sites\/2\/2026\/04\/Meeting_between_Ursula_von_der_Leyen_President_of_the_European_Commission__Keir_Starmer_British_Prime_Minister_-_2025-332x187.webp 332w, https:\/\/globalportalnews.com\/es\/wp-content\/uploads\/sites\/2\/2026\/04\/Meeting_between_Ursula_von_der_Leyen_President_of_the_European_Commission__Keir_Starmer_British_Prime_Minister_-_2025-664x374.webp 664w, https:\/\/globalportalnews.com\/es\/wp-content\/uploads\/sites\/2\/2026\/04\/Meeting_between_Ursula_von_der_Leyen_President_of_the_European_Commission__Keir_Starmer_British_Prime_Minister_-_2025-1376x774.webp 1376w, https:\/\/globalportalnews.com\/es\/wp-content\/uploads\/sites\/2\/2026\/04\/Meeting_between_Ursula_von_der_Leyen_President_of_the_European_Commission__Keir_Starmer_British_Prime_Minister_-_2025-1044x587.webp 1044w, https:\/\/globalportalnews.com\/es\/wp-content\/uploads\/sites\/2\/2026\/04\/Meeting_between_Ursula_von_der_Leyen_President_of_the_European_Commission__Keir_Starmer_British_Prime_Minister_-_2025-1400x788.webp 1400w, https:\/\/globalportalnews.com\/es\/wp-content\/uploads\/sites\/2\/2026\/04\/Meeting_between_Ursula_von_der_Leyen_President_of_the_European_Commission__Keir_Starmer_British_Prime_Minister_-_2025.webp 1920w\" sizes=\"(max-width: 688px) 100vw, 688px\" \/>\t\t\t\t<\/div>\r\n\r\n\t\t\t\t\r\n\t\t\t\t\r\n\t\t\t\t<a href=\"https:\/\/globalportalnews.com\/es\/noticias-politica-uk\/union-europea-cede-reino-unido-exportacion-animales-vivos-brexit\/\" class=\"cs-overlay-link\" title=\"La Uni\u00f3n Europea permitir\u00e1 a Reino Unido mantener el veto a la exportaci\u00f3n de animales vivos en un nuevo acercamiento tras el Brexit\"><\/a>\r\n\t\t\t<\/div>\r\n\t\t\r\n\t\t<div class=\"cs-entry__inner cs-entry__content\">\r\n\r\n\t\t\t<div class=\"cs-entry__post-meta\" ><div class=\"cs-meta-category\"><ul class=\"post-categories\">\n\t<li><a href=\"https:\/\/globalportalnews.com\/es\/.\/noticias-politica-uk\/\" rel=\"category tag\">Pol\u00edtica del Reino Unido<\/a><\/li><\/ul><\/div><\/div>\r\n\t\t\t<h2 class=\"cs-entry__title\"><a href=\"https:\/\/globalportalnews.com\/es\/noticias-politica-uk\/union-europea-cede-reino-unido-exportacion-animales-vivos-brexit\/\">La Uni\u00f3n Europea permitir\u00e1 a Reino Unido mantener el veto a la exportaci\u00f3n de animales vivos en un nuevo acercamiento tras el Brexit<\/a><\/h2>\r\n\t\t\t\r\n\t\t\t<div class=\"cs-entry__post-meta\" ><div class=\"cs-meta-author\"><span class=\"cs-meta-author-by\">by<\/span><a class=\"cs-meta-author-link url fn n\" href=\"https:\/\/globalportalnews.com\/es\/author\/globalportalnewsgmail-com\/\"><span class=\"cs-meta-author-name\">Global Portal News<\/span><\/a><\/div><div class=\"cs-meta-date\">11 de mayo de 2026<\/div><\/div>\t\t<\/div>\r\n\t<\/div>\r\n<\/article>\r\n\r\n<article class=\"post-4898 post type-post status-publish format-standard has-post-thumbnail category-noticias-politica-uk cs-entry cs-video-wrap\">\r\n\t<div class=\"cs-entry__outer\">\r\n\t\t\t\t\t<div class=\"cs-entry__inner cs-entry__overlay cs-entry__thumbnail cs-overlay-ratio cs-ratio-landscape-16-9\">\r\n\r\n\t\t\t\t<div class=\"cs-overlay-background\">\r\n\t\t\t\t\t<img loading=\"lazy\" decoding=\"async\" width=\"332\" height=\"187\" src=\"https:\/\/globalportalnews.com\/es\/wp-content\/uploads\/sites\/2\/2026\/05\/Camden_Town_9-332x187.webp\" class=\"attachment-csco-thumbnail-uncropped size-csco-thumbnail-uncropped wp-post-image\" alt=\"Camden Town, Londres, Reino Unido.\" srcset=\"https:\/\/globalportalnews.com\/es\/wp-content\/uploads\/sites\/2\/2026\/05\/Camden_Town_9-332x187.webp 332w, https:\/\/globalportalnews.com\/es\/wp-content\/uploads\/sites\/2\/2026\/05\/Camden_Town_9-300x169.webp 300w, https:\/\/globalportalnews.com\/es\/wp-content\/uploads\/sites\/2\/2026\/05\/Camden_Town_9-1024x576.webp 1024w, https:\/\/globalportalnews.com\/es\/wp-content\/uploads\/sites\/2\/2026\/05\/Camden_Town_9-768x432.webp 768w, https:\/\/globalportalnews.com\/es\/wp-content\/uploads\/sites\/2\/2026\/05\/Camden_Town_9-1536x864.webp 1536w, https:\/\/globalportalnews.com\/es\/wp-content\/uploads\/sites\/2\/2026\/05\/Camden_Town_9-664x374.webp 664w, https:\/\/globalportalnews.com\/es\/wp-content\/uploads\/sites\/2\/2026\/05\/Camden_Town_9-688x387.webp 688w, https:\/\/globalportalnews.com\/es\/wp-content\/uploads\/sites\/2\/2026\/05\/Camden_Town_9-1376x774.webp 1376w, https:\/\/globalportalnews.com\/es\/wp-content\/uploads\/sites\/2\/2026\/05\/Camden_Town_9-1044x587.webp 1044w, https:\/\/globalportalnews.com\/es\/wp-content\/uploads\/sites\/2\/2026\/05\/Camden_Town_9-1400x788.webp 1400w, https:\/\/globalportalnews.com\/es\/wp-content\/uploads\/sites\/2\/2026\/05\/Camden_Town_9.webp 1920w\" sizes=\"(max-width: 332px) 100vw, 332px\" \/>\t\t\t\t\t<img loading=\"lazy\" decoding=\"async\" width=\"688\" height=\"387\" src=\"https:\/\/globalportalnews.com\/es\/wp-content\/uploads\/sites\/2\/2026\/05\/Camden_Town_9-688x387.webp\" class=\"attachment-csco-medium size-csco-medium wp-post-image\" alt=\"Camden Town, Londres, Reino Unido.\" srcset=\"https:\/\/globalportalnews.com\/es\/wp-content\/uploads\/sites\/2\/2026\/05\/Camden_Town_9-688x387.webp 688w, https:\/\/globalportalnews.com\/es\/wp-content\/uploads\/sites\/2\/2026\/05\/Camden_Town_9-300x169.webp 300w, https:\/\/globalportalnews.com\/es\/wp-content\/uploads\/sites\/2\/2026\/05\/Camden_Town_9-1024x576.webp 1024w, https:\/\/globalportalnews.com\/es\/wp-content\/uploads\/sites\/2\/2026\/05\/Camden_Town_9-768x432.webp 768w, https:\/\/globalportalnews.com\/es\/wp-content\/uploads\/sites\/2\/2026\/05\/Camden_Town_9-1536x864.webp 1536w, https:\/\/globalportalnews.com\/es\/wp-content\/uploads\/sites\/2\/2026\/05\/Camden_Town_9-332x187.webp 332w, https:\/\/globalportalnews.com\/es\/wp-content\/uploads\/sites\/2\/2026\/05\/Camden_Town_9-664x374.webp 664w, https:\/\/globalportalnews.com\/es\/wp-content\/uploads\/sites\/2\/2026\/05\/Camden_Town_9-1376x774.webp 1376w, https:\/\/globalportalnews.com\/es\/wp-content\/uploads\/sites\/2\/2026\/05\/Camden_Town_9-1044x587.webp 1044w, https:\/\/globalportalnews.com\/es\/wp-content\/uploads\/sites\/2\/2026\/05\/Camden_Town_9-1400x788.webp 1400w, https:\/\/globalportalnews.com\/es\/wp-content\/uploads\/sites\/2\/2026\/05\/Camden_Town_9.webp 1920w\" sizes=\"(max-width: 688px) 100vw, 688px\" \/>\t\t\t\t<\/div>\r\n\r\n\t\t\t\t\r\n\t\t\t\t\r\n\t\t\t\t<a href=\"https:\/\/globalportalnews.com\/es\/noticias-politica-uk\/resultados-elecciones-locales-londres-2026-definitivos-barrios\/\" class=\"cs-overlay-link\" title=\"Resultados elecciones locales Londres 2026: resultados definitivos completos por barrios y qui\u00e9n gan\u00f3 en el recuento final\"><\/a>\r\n\t\t\t<\/div>\r\n\t\t\r\n\t\t<div class=\"cs-entry__inner cs-entry__content\">\r\n\r\n\t\t\t<div class=\"cs-entry__post-meta\" ><div class=\"cs-meta-category\"><ul class=\"post-categories\">\n\t<li><a href=\"https:\/\/globalportalnews.com\/es\/.\/noticias-politica-uk\/\" rel=\"category tag\">Pol\u00edtica del Reino Unido<\/a><\/li><\/ul><\/div><\/div>\r\n\t\t\t<h2 class=\"cs-entry__title\"><a href=\"https:\/\/globalportalnews.com\/es\/noticias-politica-uk\/resultados-elecciones-locales-londres-2026-definitivos-barrios\/\">Resultados elecciones locales Londres 2026: resultados definitivos completos por barrios y qui\u00e9n gan\u00f3 en el recuento final<\/a><\/h2>\r\n\t\t\t\r\n\t\t\t<div class=\"cs-entry__post-meta\" ><div class=\"cs-meta-author\"><span class=\"cs-meta-author-by\">by<\/span><a class=\"cs-meta-author-link url fn n\" href=\"https:\/\/globalportalnews.com\/es\/author\/globalportalnewsgmail-com\/\"><span class=\"cs-meta-author-name\">Global Portal News<\/span><\/a><\/div><div class=\"cs-meta-date\">11 de mayo de 2026<\/div><\/div>\t\t<\/div>\r\n\t<\/div>\r\n<\/article>\r\n\t\t\t\t\t\t\t\t<\/div>\r\n\t\t\t\t\t\t\t<\/div>\r\n\t\t\t\t\t\t<\/div>\r\n\t\t\t\t\t\t\t\t<\/section>\r\n\t\t\t\t\t\t<\/div>\n\t\t\t\t<\/div>\n\t\t\t\t<div class=\"elementor-element elementor-element-f549152 cs-dividerhorizontal cs-divider-laptophorizontal cs-divider-tablethorizontal cs-divider-mobilehorizontal elementor-widget elementor-widget-cs-divider\" data-id=\"f549152\" data-element_type=\"widget\" data-e-type=\"widget\" data-widget_type=\"cs-divider.default\">\n\t\t\t\t<div class=\"elementor-widget-container\">\n\t\t\t\t\t\t\t<section class=\"cs-divider cs-divider-horizontal\"><\/section>\r\n\t\t\t\t\t\t<\/div>\n\t\t\t\t<\/div>\n\t\t\t\t<div class=\"elementor-element elementor-element-f28a039 elementor-widget elementor-widget-cs-posts\" data-id=\"f28a039\" data-element_type=\"widget\" data-e-type=\"widget\" data-widget_type=\"cs-posts.default\">\n\t\t\t\t<div class=\"elementor-widget-container\">\n\t\t\t\t\t\t\t\t<section class=\"cs-posts cs-posts__standard\">\r\n\t\t\t\t\t\t\t\t\t\t<div class=\"cs-posts-area cs-posts-area-elementor \" data-posts-area=\"\">\r\n\t\t\t\t\t\t\t<div class=\"cs-posts-area__outer\">\r\n\t\t\t\t\t\t\t\t<div\r\n\t\t\t\t\t\t\t\tclass=\"cs-posts-area__main cs-posts-area__main-divider\"\r\n\t\t\t\t\t\t\t\tdata-pc=\"4\"\r\n\t\t\t\t\t\t\t\tdata-lt=\"2\"\r\n\t\t\t\t\t\t\t\tdata-tb=\"2\"\r\n\t\t\t\t\t\t\t\tdata-mb=\"1\"\r\n\t\t\t\t\t\t\t\t>\r\n\t\t\t\t\t\t\t\t\t\r\n<article class=\"post-4849 post type-post status-publish format-standard has-post-thumbnail category-noticias-politica-uk cs-entry cs-video-wrap\">\r\n\t<div class=\"cs-entry__outer\">\r\n\t\t\r\n\t\t<div class=\"cs-entry__inner cs-entry__content\">\r\n\r\n\t\t\t<div class=\"cs-entry__post-meta\" ><div class=\"cs-meta-category\"><ul class=\"post-categories\">\n\t<li><a href=\"https:\/\/globalportalnews.com\/es\/.\/noticias-politica-uk\/\" rel=\"category tag\">Pol\u00edtica del Reino Unido<\/a><\/li><\/ul><\/div><\/div>\r\n\t\t\t<h2 class=\"cs-entry__title\"><a href=\"https:\/\/globalportalnews.com\/es\/noticias-politica-uk\/resultados-elecciones-locales-inglaterra-2026-definitivos\/\">Resultados elecciones locales Inglaterra 2026: resultados definitivos, ayuntamientos y qui\u00e9n gan\u00f3 en el recuento final<\/a><\/h2>\r\n\t\t\t\r\n\t\t\t<div class=\"cs-entry__post-meta\" ><div class=\"cs-meta-author\"><span class=\"cs-meta-author-by\">by<\/span><a class=\"cs-meta-author-link url fn n\" href=\"https:\/\/globalportalnews.com\/es\/author\/globalportalnewsgmail-com\/\"><span class=\"cs-meta-author-name\">Global Portal News<\/span><\/a><\/div><\/div>\t\t<\/div>\r\n\t<\/div>\r\n<\/article>\r\n\r\n<article class=\"post-4653 post type-post status-publish format-standard has-post-thumbnail category-noticias-politica-uk cs-entry cs-video-wrap\">\r\n\t<div class=\"cs-entry__outer\">\r\n\t\t\r\n\t\t<div class=\"cs-entry__inner cs-entry__content\">\r\n\r\n\t\t\t<div class=\"cs-entry__post-meta\" ><div class=\"cs-meta-category\"><ul class=\"post-categories\">\n\t<li><a href=\"https:\/\/globalportalnews.com\/es\/.\/noticias-politica-uk\/\" rel=\"category tag\">Pol\u00edtica del Reino Unido<\/a><\/li><\/ul><\/div><\/div>\r\n\t\t\t<h2 class=\"cs-entry__title\"><a href=\"https:\/\/globalportalnews.com\/es\/noticias-politica-uk\/resultados-parlamento-gales-2026-directo\/\">Resultados elecciones al Parlamento Gal\u00e9s 2026, escrutinio en directo y \u00faltima hora en Gales<\/a><\/h2>\r\n\t\t\t\r\n\t\t\t<div class=\"cs-entry__post-meta\" ><div class=\"cs-meta-author\"><span class=\"cs-meta-author-by\">by<\/span><a class=\"cs-meta-author-link url fn n\" href=\"https:\/\/globalportalnews.com\/es\/author\/globalportalnewsgmail-com\/\"><span class=\"cs-meta-author-name\">Global Portal News<\/span><\/a><\/div><\/div>\t\t<\/div>\r\n\t<\/div>\r\n<\/article>\r\n\r\n<article class=\"post-4646 post type-post status-publish format-standard has-post-thumbnail category-noticias-politica-uk cs-entry cs-video-wrap\">\r\n\t<div class=\"cs-entry__outer\">\r\n\t\t\r\n\t\t<div class=\"cs-entry__inner cs-entry__content\">\r\n\r\n\t\t\t<div class=\"cs-entry__post-meta\" ><div class=\"cs-meta-category\"><ul class=\"post-categories\">\n\t<li><a href=\"https:\/\/globalportalnews.com\/es\/.\/noticias-politica-uk\/\" rel=\"category tag\">Pol\u00edtica del Reino Unido<\/a><\/li><\/ul><\/div><\/div>\r\n\t\t\t<h2 class=\"cs-entry__title\"><a href=\"https:\/\/globalportalnews.com\/es\/noticias-politica-uk\/resultados-parlamento-escoces-2026-directo\/\">Resultados elecciones al Parlamento Escoc\u00e9s 2026, escrutinio en directo y \u00faltima hora en Escocia<\/a><\/h2>\r\n\t\t\t\r\n\t\t\t<div class=\"cs-entry__post-meta\" ><div class=\"cs-meta-author\"><span class=\"cs-meta-author-by\">by<\/span><a class=\"cs-meta-author-link url fn n\" href=\"https:\/\/globalportalnews.com\/es\/author\/globalportalnewsgmail-com\/\"><span class=\"cs-meta-author-name\">Global Portal News<\/span><\/a><\/div><\/div>\t\t<\/div>\r\n\t<\/div>\r\n<\/article>\r\n\r\n<article class=\"post-4506 post type-post status-publish format-standard has-post-thumbnail category-noticias-politica-uk cs-entry cs-video-wrap\">\r\n\t<div class=\"cs-entry__outer\">\r\n\t\t\r\n\t\t<div class=\"cs-entry__inner cs-entry__content\">\r\n\r\n\t\t\t<div class=\"cs-entry__post-meta\" ><div class=\"cs-meta-category\"><ul class=\"post-categories\">\n\t<li><a href=\"https:\/\/globalportalnews.com\/es\/.\/noticias-politica-uk\/\" rel=\"category tag\">Pol\u00edtica del Reino Unido<\/a><\/li><\/ul><\/div><\/div>\r\n\t\t\t<h2 class=\"cs-entry__title\"><a href=\"https:\/\/globalportalnews.com\/es\/noticias-politica-uk\/elecciones-reino-unido-2026-resultados-en-directo\/\">Elecciones Reino Unido 2026 resultados en directo elecciones locales, regionales, municipales y \u00faltima hora<\/a><\/h2>\r\n\t\t\t\r\n\t\t\t<div class=\"cs-entry__post-meta\" ><div class=\"cs-meta-author\"><span class=\"cs-meta-author-by\">by<\/span><a class=\"cs-meta-author-link url fn n\" href=\"https:\/\/globalportalnews.com\/es\/author\/globalportalnewsgmail-com\/\"><span class=\"cs-meta-author-name\">Global Portal News<\/span><\/a><\/div><\/div>\t\t<\/div>\r\n\t<\/div>\r\n<\/article>\r\n\t\t\t\t\t\t\t\t<\/div>\r\n\t\t\t\t\t\t\t<\/div>\r\n\t\t\t\t\t\t<\/div>\r\n\t\t\t\t\t\t\t\t<\/section>\r\n\t\t\t\t\t\t<\/div>\n\t\t\t\t<\/div>\n\t\t\t\t<div class=\"elementor-element elementor-element-4b32d49 cs-dividerhorizontal cs-divider-laptophorizontal cs-divider-tablethorizontal cs-divider-mobilehorizontal elementor-widget elementor-widget-cs-divider\" data-id=\"4b32d49\" data-element_type=\"widget\" data-e-type=\"widget\" data-widget_type=\"cs-divider.default\">\n\t\t\t\t<div class=\"elementor-widget-container\">\n\t\t\t\t\t\t\t<section class=\"cs-divider cs-divider-horizontal\"><\/section>\r\n\t\t\t\t\t\t<\/div>\n\t\t\t\t<\/div>\n\t\t\t\t\t<\/div>\n\t\t\t\t<\/div>\n\t\t\t\t<\/div>\n\t\t","protected":false},"excerpt":{"rendered":"\u00daltimas Noticias Pol\u00edtica del Reino Unido \u00bfEs legal la eutanasia en Reino Unido? Escocia rechaza la ley y&hellip;","protected":false},"author":1,"featured_media":0,"parent":0,"menu_order":0,"comment_status":"closed","ping_status":"closed","template":"elementor_header_footer","meta":{"csco_display_header_overlay":false,"csco_singular_sidebar":"disabled","csco_page_header_type":"none","csco_page_load_nextpost":"","csco_post_video_location":[],"csco_post_video_location_hash":"","csco_post_video_url":"","csco_post_video_bg_start_time":0,"csco_post_video_bg_end_time":0,"footnotes":""},"class_list":{"0":"post-6","1":"page","2":"type-page","3":"status-publish","5":"cs-entry","6":"cs-video-wrap"},"yoast_head":"<!-- This site is optimized with the Yoast SEO plugin v24.5 - https:\/\/yoast.com\/wordpress\/plugins\/seo\/ -->\n<title>Actualidad del Reino Unido en Espa\u00f1ol | Noticias y An\u00e1lisis<\/title>\n<meta name=\"description\" content=\"Portal informativo con la actualidad del Reino Unido en espa\u00f1ol. Pol\u00edtica, econom\u00eda, cultura y cobertura diaria actualizada.\" \/>\n<meta name=\"robots\" content=\"index, follow, max-snippet:-1, max-image-preview:large, max-video-preview:-1\" \/>\n<link rel=\"canonical\" href=\"https:\/\/globalportalnews.com\/es\/\" \/>\n<meta property=\"og:locale\" content=\"es_ES\" \/>\n<meta property=\"og:type\" content=\"article\" \/>\n<meta property=\"og:title\" content=\"Actualidad del Reino Unido en Espa\u00f1ol | Noticias y An\u00e1lisis\" \/>\n<meta property=\"og:description\" content=\"Portal informativo con la actualidad del Reino Unido en espa\u00f1ol. Pol\u00edtica, econom\u00eda, cultura y cobertura diaria actualizada.\" \/>\n<meta property=\"og:url\" content=\"https:\/\/globalportalnews.com\/es\/\" \/>\n<meta property=\"og:site_name\" content=\"GPN en Espa\u00f1ol\" \/>\n<meta property=\"article:modified_time\" content=\"2026-08-19T09:54:02+00:00\" \/>\n<meta property=\"og:image\" content=\"https:\/\/globalportalnews.com\/es\/wp-content\/uploads\/sites\/2\/2026\/03\/Scottish_Parliament_Debating_Chamber_3-332x187.webp\" \/>\n<meta name=\"twitter:card\" content=\"summary_large_image\" \/>\n<meta name=\"twitter:label1\" content=\"Tiempo de lectura\" \/>\n\t<meta name=\"twitter:data1\" content=\"29 minutos\" \/>\n<script type=\"application\/ld+json\" class=\"yoast-schema-graph\">{\"@context\":\"https:\/\/schema.org\",\"@graph\":[{\"@type\":\"WebPage\",\"@id\":\"https:\/\/globalportalnews.com\/es\/\",\"url\":\"https:\/\/globalportalnews.com\/es\/\",\"name\":\"Actualidad del Reino Unido en Espa\u00f1ol | Noticias y An\u00e1lisis\",\"isPartOf\":{\"@id\":\"https:\/\/globalportalnews.com\/es\/#website\"},\"primaryImageOfPage\":{\"@id\":\"https:\/\/globalportalnews.com\/es\/#primaryimage\"},\"image\":{\"@id\":\"https:\/\/globalportalnews.com\/es\/#primaryimage\"},\"thumbnailUrl\":\"https:\/\/globalportalnews.com\/es\/wp-content\/uploads\/sites\/2\/2026\/03\/Scottish_Parliament_Debating_Chamber_3-332x187.webp\",\"datePublished\":\"2023-12-18T05:23:16+00:00\",\"dateModified\":\"2026-08-19T09:54:02+00:00\",\"description\":\"Portal informativo con la actualidad del Reino Unido en espa\u00f1ol. Pol\u00edtica, econom\u00eda, cultura y cobertura diaria actualizada.\",\"breadcrumb\":{\"@id\":\"https:\/\/globalportalnews.com\/es\/#breadcrumb\"},\"inLanguage\":\"es\",\"potentialAction\":[{\"@type\":\"ReadAction\",\"target\":[\"https:\/\/globalportalnews.com\/es\/\"]}]},{\"@type\":\"ImageObject\",\"inLanguage\":\"es\",\"@id\":\"https:\/\/globalportalnews.com\/es\/#primaryimage\",\"url\":\"https:\/\/globalportalnews.com\/es\/wp-content\/uploads\/sites\/2\/2026\/03\/Scottish_Parliament_Debating_Chamber_3-332x187.webp\",\"contentUrl\":\"https:\/\/globalportalnews.com\/es\/wp-content\/uploads\/sites\/2\/2026\/03\/Scottish_Parliament_Debating_Chamber_3-332x187.webp\"},{\"@type\":\"BreadcrumbList\",\"@id\":\"https:\/\/globalportalnews.com\/es\/#breadcrumb\",\"itemListElement\":[{\"@type\":\"ListItem\",\"position\":1,\"name\":\"Home\",\"item\":\"https:\/\/globalportalnews.com\/es\/\"},{\"@type\":\"ListItem\",\"position\":2,\"name\":\"Homepage\"}]},{\"@type\":\"WebSite\",\"@id\":\"https:\/\/globalportalnews.com\/es\/#website\",\"url\":\"https:\/\/globalportalnews.com\/es\/\",\"name\":\"GPN en Espa\u00f1ol\",\"description\":\"\",\"potentialAction\":[{\"@type\":\"SearchAction\",\"target\":{\"@type\":\"EntryPoint\",\"urlTemplate\":\"https:\/\/globalportalnews.com\/es\/?s={search_term_string}\"},\"query-input\":{\"@type\":\"PropertyValueSpecification\",\"valueRequired\":true,\"valueName\":\"search_term_string\"}}],\"inLanguage\":\"es\"}]}<\/script>\n<!-- \/ Yoast SEO plugin. -->","yoast_head_json":{"title":"Actualidad del Reino Unido en Espa\u00f1ol | Noticias y An\u00e1lisis","description":"Portal informativo con la actualidad del Reino Unido en espa\u00f1ol. Pol\u00edtica, econom\u00eda, cultura y cobertura diaria actualizada.","robots":{"index":"index","follow":"follow","max-snippet":"max-snippet:-1","max-image-preview":"max-image-preview:large","max-video-preview":"max-video-preview:-1"},"canonical":"https:\/\/globalportalnews.com\/es\/","og_locale":"es_ES","og_type":"article","og_title":"Actualidad del Reino Unido en Espa\u00f1ol | Noticias y An\u00e1lisis","og_description":"Portal informativo con la actualidad del Reino Unido en espa\u00f1ol. Pol\u00edtica, econom\u00eda, cultura y cobertura diaria actualizada.","og_url":"https:\/\/globalportalnews.com\/es\/","og_site_name":"GPN en Espa\u00f1ol","article_modified_time":"2026-08-19T09:54:02+00:00","og_image":[{"url":"https:\/\/globalportalnews.com\/es\/wp-content\/uploads\/sites\/2\/2026\/03\/Scottish_Parliament_Debating_Chamber_3-332x187.webp","type":"","width":"","height":""}],"twitter_card":"summary_large_image","twitter_misc":{"Tiempo de lectura":"29 minutos"},"schema":{"@context":"https:\/\/schema.org","@graph":[{"@type":"WebPage","@id":"https:\/\/globalportalnews.com\/es\/","url":"https:\/\/globalportalnews.com\/es\/","name":"Actualidad del Reino Unido en Espa\u00f1ol | Noticias y An\u00e1lisis","isPartOf":{"@id":"https:\/\/globalportalnews.com\/es\/#website"},"primaryImageOfPage":{"@id":"https:\/\/globalportalnews.com\/es\/#primaryimage"},"image":{"@id":"https:\/\/globalportalnews.com\/es\/#primaryimage"},"thumbnailUrl":"https:\/\/globalportalnews.com\/es\/wp-content\/uploads\/sites\/2\/2026\/03\/Scottish_Parliament_Debating_Chamber_3-332x187.webp","datePublished":"2023-12-18T05:23:16+00:00","dateModified":"2026-08-19T09:54:02+00:00","description":"Portal informativo con la actualidad del Reino Unido en espa\u00f1ol. Pol\u00edtica, econom\u00eda, cultura y cobertura diaria actualizada.","breadcrumb":{"@id":"https:\/\/globalportalnews.com\/es\/#breadcrumb"},"inLanguage":"es","potentialAction":[{"@type":"ReadAction","target":["https:\/\/globalportalnews.com\/es\/"]}]},{"@type":"ImageObject","inLanguage":"es","@id":"https:\/\/globalportalnews.com\/es\/#primaryimage","url":"https:\/\/globalportalnews.com\/es\/wp-content\/uploads\/sites\/2\/2026\/03\/Scottish_Parliament_Debating_Chamber_3-332x187.webp","contentUrl":"https:\/\/globalportalnews.com\/es\/wp-content\/uploads\/sites\/2\/2026\/03\/Scottish_Parliament_Debating_Chamber_3-332x187.webp"},{"@type":"BreadcrumbList","@id":"https:\/\/globalportalnews.com\/es\/#breadcrumb","itemListElement":[{"@type":"ListItem","position":1,"name":"Home","item":"https:\/\/globalportalnews.com\/es\/"},{"@type":"ListItem","position":2,"name":"Homepage"}]},{"@type":"WebSite","@id":"https:\/\/globalportalnews.com\/es\/#website","url":"https:\/\/globalportalnews.com\/es\/","name":"GPN en Espa\u00f1ol","description":"","potentialAction":[{"@type":"SearchAction","target":{"@type":"EntryPoint","urlTemplate":"https:\/\/globalportalnews.com\/es\/?s={search_term_string}"},"query-input":{"@type":"PropertyValueSpecification","valueRequired":true,"valueName":"search_term_string"}}],"inLanguage":"es"}]}},"_links":{"self":[{"href":"https:\/\/globalportalnews.com\/es\/wp-json\/wp\/v2\/pages\/6","targetHints":{"allow":["GET"]}}],"collection":[{"href":"https:\/\/globalportalnews.com\/es\/wp-json\/wp\/v2\/pages"}],"about":[{"href":"https:\/\/globalportalnews.com\/es\/wp-json\/wp\/v2\/types\/page"}],"author":[{"embeddable":true,"href":"https:\/\/globalportalnews.com\/es\/wp-json\/wp\/v2\/users\/1"}],"replies":[{"embeddable":true,"href":"https:\/\/globalportalnews.com\/es\/wp-json\/wp\/v2\/comments?post=6"}],"version-history":[{"count":493,"href":"https:\/\/globalportalnews.com\/es\/wp-json\/wp\/v2\/pages\/6\/revisions"}],"predecessor-version":[{"id":5817,"href":"https:\/\/globalportalnews.com\/es\/wp-json\/wp\/v2\/pages\/6\/revisions\/5817"}],"wp:attachment":[{"href":"https:\/\/globalportalnews.com\/es\/wp-json\/wp\/v2\/media?parent=6"}],"curies":[{"name":"wp","href":"https:\/\/api.w.org\/{rel}","templated":true}]}}